{"id":12106,"date":"2025-01-27T10:56:34","date_gmt":"2025-01-27T13:56:34","guid":{"rendered":"https:\/\/www.univ-guyane.fr\/international\/venir-a-l-universite-de-guyane-copy\/"},"modified":"2025-04-10T10:05:12","modified_gmt":"2025-04-10T13:05:12","slug":"partir-a-l-etranger","status":"publish","type":"page","link":"https:\/\/www.univ-guyane.fr\/en\/international\/partir-a-l-etranger\/","title":{"rendered":"Going abroad"},"content":{"rendered":"\n\t\t<div id=\"fws_69f2aaf565f61\"  data-column-margin=\"default\" data-midnight=\"dark\"  class=\"wpb_row vc_row-fluid vc_row\"  style=\"padding-top: 0px; padding-bottom: 0px; \"><div class=\"row-bg-wrap\" data-bg-animation=\"none\" data-bg-animation-delay=\"\" data-bg-overlay=\"false\"><div class=\"inner-wrap row-bg-layer\" ><div class=\"row-bg viewport-desktop\"  style=\"\"><\/div><\/div><\/div><div class=\"row_col_wrap_12 col span_12 dark left\">\n\t<div  class=\"vc_col-sm-9 wpb_column column_container vc_column_container col no-extra-padding inherit_tablet inherit_phone \"  data-padding-pos=\"all\" data-has-bg-color=\"false\" data-bg-color=\"\" data-bg-opacity=\"1\" data-animation=\"\" data-delay=\"0\" >\n\t\t<div class=\"vc_column-inner\" >\n\t\t\t<div class=\"wpb_wrapper\">\n\t\t\t\t<div class=\"img-with-aniamtion-wrap \" data-max-width=\"100%\" data-max-width-mobile=\"default\" data-border-radius=\"5px\" data-shadow=\"none\" data-animation=\"none\" >\n      <div class=\"inner\">\n        <div class=\"hover-wrap\" data-hover-animation=\"zoom-crop\"> \n          <div class=\"hover-wrap-inner\">\n            <img decoding=\"async\" class=\"img-with-animation skip-lazy\" data-delay=\"0\" height=\"1080\" width=\"1920\" data-animation=\"none\" src=\"https:\/\/www.univ-guyane.fr\/wp-content\/uploads\/international-par-a-l-etranger.jpg\" alt=\"Partir \u00e0 l&#039;\u00e9tranger\" srcset=\"https:\/\/www.univ-guyane.fr\/wp-content\/uploads\/international-par-a-l-etranger.jpg 1920w, https:\/\/www.univ-guyane.fr\/wp-content\/uploads\/international-par-a-l-etranger-300x169.jpg 300w, https:\/\/www.univ-guyane.fr\/wp-content\/uploads\/international-par-a-l-etranger-1024x576.jpg 1024w, https:\/\/www.univ-guyane.fr\/wp-content\/uploads\/international-par-a-l-etranger-768x432.jpg 768w, https:\/\/www.univ-guyane.fr\/wp-content\/uploads\/international-par-a-l-etranger-1536x864.jpg 1536w, https:\/\/www.univ-guyane.fr\/wp-content\/uploads\/international-par-a-l-etranger-18x10.jpg 18w\" sizes=\"(max-width: 1920px) 100vw, 1920px\" \/>\n          <\/div>\n        <\/div>\n        \n      <\/div>\n    <\/div><div id=\"fws_69f2aaf566a97\" data-midnight=\"\" data-column-margin=\"default\" class=\"wpb_row vc_row-fluid vc_row inner_row\"  style=\"\"><div class=\"row-bg-wrap\"> <div class=\"row-bg\" ><\/div> <\/div><div class=\"row_col_wrap_12_inner col span_12  left\">\n\t<div  class=\"vc_col-sm-12 wpb_column column_container vc_column_container col child_column border_left_desktop_30px border_top_desktop_30px border_right_desktop_30px border_bottom_desktop_30px border_color_f5f5f5 border_style_solid left_padding_desktop_30px top_padding_desktop_30px right_padding_desktop_30px bottom_padding_desktop_30px \"   data-padding-pos=\"all\" data-has-bg-color=\"false\" data-bg-color=\"\" data-bg-opacity=\"1\" data-animation=\"\" data-delay=\"0\" >\n\t\t<div class=\"vc_column-inner\" >\n\t\t<div class=\"wpb_wrapper\">\n\t\t\t\n<div class=\"wpb_text_column wpb_content_element \" >\n\t<p><span class=\"ug_dropcap\">P<\/span>artir en s\u00e9jour d\u2019\u00e9tudes, de recherche ou de stage \u00e0 l\u2019\u00e9tranger offre de nombreux avantages\u202f: enrichissement culturel, am\u00e9lioration des comp\u00e9tences linguistiques, adaptation et opportunit\u00e9s professionnelles. Le Bureau des Relations Internationales (BRI) et les r\u00e9f\u00e9rents internationaux sont l\u00e0 pour vous accompagner.<\/p>\n<\/div>\n\n\n\n\n\t\t<\/div> \n\t<\/div>\n\t<\/div> \n<\/div><\/div><div class=\"toggles accordion\" data-br=\"\" data-starting=\"closed\" data-style=\"minimal\"><div class=\"toggle accent-color\" data-inner-wrap=\"true\"><h3 class=\"toggle-title\"><a href=\"#\" role=\"button\" class=\"nectar-inherit-h3 toggle-heading\"><i role=\"presentation\" class=\"fa fa-plus\"><\/i>Etudiants<\/a><\/h3><div><div class=\"inner-toggle-wrap\">\n<div class=\"wpb_text_column wpb_content_element \" >\n\t<h3><strong>Comment candidater pour partir \u00e0 l&rsquo;\u00e9tranger ?<\/strong><\/h3>\n<p>Si vous r\u00eavez de partir \u00e0 l&rsquo;\u00e9tranger dans le cadre de vos \u00e9tudes, voici les \u00e9tapes essentielles :<\/p>\n<ol>\n<li><strong>Explorez les destinations propos\u00e9es<\/strong> : consultez les options disponibles et identifiez celles qui correspondent \u00e0 vos ambitions acad\u00e9miques.<\/li>\n<li><strong>Assistez aux r\u00e9unions d\u2019information semestrielles<\/strong> : ces sessions vous guideront dans votre d\u00e9marche.<\/li>\n<li><strong>Contactez votre r\u00e9f\u00e9rent international<\/strong> : pr\u00e9sentez votre projet et obtenez des conseils adapt\u00e9s \u00e0 votre parcours.<\/li>\n<li><strong>Compl\u00e9tez votre dossier de candidature<\/strong> : incluez les documents requis, tels que votre CV, lettre de motivation et relev\u00e9s de notes.<\/li>\n<li><strong>Entretien et \u00e9valuation<\/strong> : apr\u00e8s une pr\u00e9s\u00e9lection par le Bureau des Relations Internationales (BRI), un entretien \u00e9valuera votre motivation et vos comp\u00e9tences linguistiques.<\/li>\n<\/ol>\n<h3><strong>Partir \u00e0 l&rsquo;\u00e9tranger avec Erasmus+<\/strong><\/h3>\n<p>Gr\u00e2ce au programme Erasmus+, l\u2019Universit\u00e9 de Guyane (UG) offre l\u2019opportunit\u00e9 d\u2019\u00e9tudier dans une universit\u00e9 europ\u00e9enne pendant 1 ou 2 semestres.<\/p>\n<p><strong>Conditions d\u2019\u00e9ligibilit\u00e9<\/strong> :<\/p>\n<ul>\n<li>\u00catre inscrit \u00e0 l\u2019UG.<\/li>\n<li>Avoir valid\u00e9 au moins 60 cr\u00e9dits ECTS.<\/li>\n<li>Justifier d\u2019un niveau B1 dans la langue d\u2019enseignement de l\u2019universit\u00e9 d\u2019accueil.<\/li>\n<li>Soumettre un dossier complet.<\/li>\n<\/ul>\n<p><strong>Calendrier \u00e0 respecter<\/strong> :<\/p>\n<ul>\n<li><strong>D\u00e9p\u00f4t des candidatures<\/strong> : avant le 1er avril pour le 1er semestre, ou avant le 1er octobre pour le 2nd semestre.<\/li>\n<li><strong>Pr\u00e9paration<\/strong> : signature du Grant Agreement, test linguistique OLS, et pr\u00e9paration du Learning Agreement.<\/li>\n<li><strong>Mobilit\u00e9<\/strong> : gestion administrative et modifications \u00e9ventuelles des cours sur place.<\/li>\n<li><strong>Post-mobilit\u00e9<\/strong> : validation des documents, second test OLS et r\u00e9daction d\u2019un rapport Erasmus+.<\/li>\n<\/ul>\n<p>\ud83d\udca1 <strong>Astuce<\/strong> : pr\u00e9parez votre projet au moins un an \u00e0 l\u2019avance pour maximiser vos chances.<\/p>\n<h3>\u00c9tudier hors Europe : autres opportunit\u00e9s pour partir \u00e0 l&rsquo;\u00e9tranger<\/h3>\n<p>L\u2019Universit\u00e9 de Guyane propose \u00e9galement des partenariats avec des universit\u00e9s \u00e0 l\u2019international en dehors de l\u2019Europe.<\/p>\n<ul>\n<li><strong>Conditions d\u2019\u00e9ligibilit\u00e9 et calendrier<\/strong> : similaires \u00e0 Erasmus+, avec des dates limites au <strong>15 mars<\/strong> pour le 1er semestre et au <strong>15 septembre<\/strong> pour le 2nd semestre.<\/li>\n<\/ul>\n<h3>Accompagnement pour les \u00e9tudiants en situation de handicap<\/h3>\n<p>Un financement sp\u00e9cifique est disponible pour faciliter la mobilit\u00e9 des \u00e9tudiants en situation de handicap. Ce soutien peut inclure des solutions d\u2019h\u00e9bergement adapt\u00e9es, des aides mat\u00e9rielles, etc. Il est conseill\u00e9 de contacter le BRI au moins 6 semaines avant votre d\u00e9part pour anticiper les besoins.<\/p>\n<hr \/>\n<p>Avec ces programmes, partir \u00e0 l&rsquo;\u00e9tranger devient une r\u00e9alit\u00e9 \u00e0 port\u00e9e de main. Que ce soit en Europe avec Erasmus+ ou dans d\u2019autres r\u00e9gions du monde, l\u2019Universit\u00e9 de Guyane vous accompagne \u00e0 chaque \u00e9tape pour enrichir votre parcours acad\u00e9mique. \ud83c\udf0d<\/p>\n<\/div>\n\n\n\n<\/div><\/div><\/div><div class=\"toggle accent-color\" data-inner-wrap=\"true\"><h3 class=\"toggle-title\"><a href=\"#\" role=\"button\" class=\"nectar-inherit-h3 toggle-heading\"><i role=\"presentation\" class=\"fa fa-plus\"><\/i>Personnels<\/a><\/h3><div><div class=\"inner-toggle-wrap\">\n<div class=\"wpb_text_column wpb_content_element \" >\n\t<h4>Partir \u00e0 l\u2019\u00e9tranger en tant que personnel de l\u2019Universit\u00e9 de Guyane (UG)<\/h4>\n<p>Dans un contexte universitaire de plus en plus globalis\u00e9, partir \u00e0 l&rsquo;\u00e9tranger devient une opportunit\u00e9 cl\u00e9 pour les personnels de l&rsquo;Universit\u00e9 de Guyane (UG). Que vous soyez enseignant ou membre du personnel administratif, partir \u00e0 l\u2019\u00e9tranger vous permet de d\u00e9velopper de nouvelles comp\u00e9tences, d\u2019\u00e9largir vos horizons professionnels et d\u2019enrichir votre pratique quotidienne.<\/p>\n<h4>Pourquoi partir \u00e0 l\u2019\u00e9tranger ?<\/h4>\n<ul>\n<li><strong>D\u00e9velopper des comp\u00e9tences professionnelles et interculturelles<\/strong>.<\/li>\n<li><strong>Am\u00e9liorer ses comp\u00e9tences linguistiques<\/strong>.<\/li>\n<li><strong>D\u00e9couvrir de nouvelles opportunit\u00e9s professionnelles<\/strong>.<\/li>\n<li><strong>Enrichir sa pratique quotidienne<\/strong> gr\u00e2ce \u00e0 de nouvelles perspectives.<\/li>\n<\/ul>\n<p>L\u2019UG soutient activement ces exp\u00e9riences internationales \u00e0 travers une politique de coop\u00e9ration ambitieuse, avec des partenaires en Europe, en Am\u00e9rique du Nord et du Sud, ainsi qu\u2019en Afrique.<\/p>\n<h4>Qui peut partir \u00e0 l\u2019\u00e9tranger ?<\/h4>\n<p>Les mobilit\u00e9s internationales sont ouvertes aux enseignants et aux personnels administratifs, qu&rsquo;ils soient titulaires ou contractuels.<\/p>\n<h4><strong>Les mobilit\u00e9s Erasmus+<\/strong><\/h4>\n<p><em>Pour les enseignants :<\/em><br \/>\nLes enseignants peuvent partir en mobilit\u00e9 STA (Staff Teaching Assignment) pour dispenser des cours dans une universit\u00e9 partenaire en Europe.<\/p>\n<ul>\n<li>Minimum de 8 heures de cours dans la langue locale ou en anglais.<\/li>\n<li>Possibilit\u00e9 de combiner formation et enseignement (minimum 4 heures d\u2019enseignement).<\/li>\n<\/ul>\n<p><em>Pour le personnel administratif :<\/em><br \/>\nLe personnel administratif peut participer \u00e0 une mobilit\u00e9 STT (Staff Training Mobility) via une Staff Week.<br \/>\nLes offres de mobilit\u00e9 sont disponibles sur la plateforme iMotion. Une candidature valid\u00e9e par l&rsquo;UG permet d\u2019obtenir une bourse Erasmus+.<\/p>\n<h4>Particularit\u00e9s :<\/h4>\n<ul>\n<li>Les conf\u00e9rences ne sont pas \u00e9ligibles dans le cadre de ces mobilit\u00e9s.<\/li>\n<li>Des fonds sp\u00e9cifiques sont disponibles pour les personnels en situation de handicap (h\u00e9bergement, accompagnement, mat\u00e9riel, etc.).<\/li>\n<\/ul>\n<h4>Mobilit\u00e9s hors Europe<\/h4>\n<p>L&rsquo;Universit\u00e9 de Guyane propose \u00e9galement des mobilit\u00e9s hors Europe pour des missions de formation, d&rsquo;enseignement ou de r\u00e9seautage.<br \/>\nLe projet doit \u00eatre valid\u00e9 par la composante concern\u00e9e et coordonn\u00e9 avec le Bureau des Relations Internationales (BRI).<\/p>\n<h4>Pr\u00e9parer votre mobilit\u00e9<\/h4>\n<p>Pour une exp\u00e9rience r\u00e9ussie, voici quelques \u00e9tapes \u00e0 suivre :<\/p>\n<ul>\n<li><strong>Consultez Mapped<\/strong> : un outil pour conna\u00eetre l\u2019accessibilit\u00e9 des campus.<\/li>\n<li><strong>Renseignez-vous sur les pays<\/strong> via le site de l\u2019Agence Europ\u00e9enne.<\/li>\n<li><strong>Consultez les documents utiles<\/strong> (Fiche de candidature, Notice mobilit\u00e9 personnel) disponibles \u00e0 c\u00f4t\u00e9 de cette page.<\/li>\n<\/ul>\n<p>Pour toute question, contactez le <strong>Bureau des Relations Internationales (BRI)<\/strong> : <a rel=\"noopener\">international@univ-guyane.fr<\/a>.<\/p>\n<\/div>\n\n\n\n<\/div><\/div><\/div><div class=\"toggle accent-color\" data-inner-wrap=\"true\"><h3 class=\"toggle-title\"><a href=\"#\" role=\"button\" class=\"nectar-inherit-h3 toggle-heading\"><i role=\"presentation\" class=\"fa fa-plus\"><\/i>Partenaires<\/a><\/h3><div><div class=\"inner-toggle-wrap\"><div class=\"vc_separator wpb_content_element vc_separator_align_center vc_sep_width_100 vc_sep_border_width_10 vc_sep_pos_align_center vc_sep_color_grey vc_custom_1744290305981 wpb_content_element vc_separator-has-text\" ><span class=\"vc_sep_holder vc_sep_holder_l\"><span class=\"vc_sep_line\"><\/span><\/span><h4>Erasmus - Europe<\/h4><span class=\"vc_sep_holder vc_sep_holder_r\"><span class=\"vc_sep_line\"><\/span><\/span>\n<\/div><div id=\"fws_69f2aaf5691cd\" data-midnight=\"\" data-column-margin=\"default\" class=\"wpb_row vc_row-fluid vc_row inner_row\"  style=\"\"><div class=\"row-bg-wrap\"> <div class=\"row-bg\" ><\/div> <\/div><div class=\"row_col_wrap_12_inner col span_12  left\">\n\t<div  class=\"vc_col-sm-6 wpb_column column_container vc_column_container col child_column no-extra-padding inherit_tablet inherit_phone \"   data-padding-pos=\"all\" data-has-bg-color=\"false\" data-bg-color=\"\" data-bg-opacity=\"1\" data-animation=\"\" data-delay=\"0\" >\n\t\t<div class=\"vc_column-inner\" >\n\t\t<div class=\"wpb_wrapper\">\n\t\t\t\n<div class=\"wpb_text_column wpb_content_element \" >\n\t<p><strong>Allemagne<br \/>\n<\/strong><a href=\"https:\/www.fu-berlin.de\/en\/index.html\" target=\"_blank\" rel=\"noopener\">FUB \u2013 Freie Universitat Berlin<\/a> &#8211; LSH SJE<br \/>\n<a href=\"https:\/www.uni-bremen.de\/\" target=\"_blank\" rel=\"noopener\">Universit\u00e9 de Br\u00eame<\/a> &#8211; SJE<br \/>\n<a href=\"https:\/www.uni-bielefeld.de\/\" target=\"_blank\" rel=\"noopener\">Universit\u00e9 de Bielefeld<\/a> &#8211; SJE<br \/>\n<a href=\"https:\/www.uni-mannheim.de\/\" target=\"_blank\" rel=\"noopener\">Universit\u00e9 de Mannheim<\/a> &#8211; LSH<\/p>\n<p><strong>Belgique<br \/>\n<\/strong><a href=\"https:\/www.ulb.be\/\" target=\"_blank\" rel=\"noopener\">Universit\u00e9 Libre de Bruxelles<\/a> &#8211; ST<br \/>\n<a href=\"https:\/www.vub.be\/\" target=\"_blank\" rel=\"noopener\">Vrije Universit\u00e9 de Bruxelles<\/a> &#8211; ST<br \/>\n<a href=\"https:\/www.vub.be\/\" target=\"_blank\" rel=\"noopener\">Haute Ecole Lucia de Brouck\u00e8re<\/a> &#8211; ST SJE INSPE IUT<\/p>\n<p><strong>Croatie<\/strong><br \/>\n<a href=\"http:\/www.unizg.hr\/homepage\/\" target=\"_blank\" rel=\"noopener\">Universit\u00e9 de Zagreb<\/a> &#8211; ST<\/p>\n<p><strong>Espagne<br \/>\n<\/strong><a href=\"https:\/www.uca.es\/cadix\/?lang=fr\" target=\"_blank\" rel=\"noopener\">Universit\u00e9 de Cad\u00edz<\/a> &#8211; LSH SJE<br \/>\n<a href=\"https:\/www.ull.es\/\" target=\"_blank\" rel=\"noopener\">Universidad de La Laguna<\/a> &#8211; LSH, SJE, INSPE<br \/>\n<a href=\"https:\/www.ulpgc.es\/\" target=\"_blank\" rel=\"noopener\">Universit\u00e9 de Las Palmas de Gran Canaria<\/a> &#8211; LSH<br \/>\n<a href=\"https:\/www.ucm.es\/\" target=\"_blank\" rel=\"noopener\">Universidad Complutense de Madrid<\/a> &#8211; ST<\/p>\n<p><strong>Estonie<br \/>\n<\/strong><a href=\"https:\/\/www.tlu.ee\/en\" target=\"_blank\" rel=\"noopener\">Universit\u00e9 de Tallinn<\/a> &#8211; LSH ST<\/p>\n<p><strong>Hongrie<br \/>\n<\/strong><a href=\"https:\/u-szeged.hu\/english\" target=\"_blank\" rel=\"noopener\">Universit\u00e9 de Szeged<\/a> &#8211; LSH ST<br \/>\n<a href=\"http:\/international.uni-sopron.hu\/home\" target=\"_blank\" rel=\"noopener\">University of Sopron<\/a> &#8211; ST<\/p>\n<p><strong>Irlande<br \/>\n<\/strong><a href=\"http:\/www.ucd.ie\/\" target=\"_blank\" rel=\"noopener\">UCD \u2013 University College of Dublin<\/a> &#8211; LSH<\/p>\n<\/div>\n\n\n\n\n\t\t<\/div> \n\t<\/div>\n\t<\/div> \n\n\t<div  class=\"vc_col-sm-6 wpb_column column_container vc_column_container col child_column no-extra-padding inherit_tablet inherit_phone \"   data-padding-pos=\"all\" data-has-bg-color=\"false\" data-bg-color=\"\" data-bg-opacity=\"1\" data-animation=\"\" data-delay=\"0\" >\n\t\t<div class=\"vc_column-inner\" >\n\t\t<div class=\"wpb_wrapper\">\n\t\t\t\n<div class=\"wpb_text_column wpb_content_element \" >\n\t<p><strong>Italie<br \/>\n<\/strong><a href=\"https:\/unige.it\/en\" target=\"_blank\" rel=\"noopener\">Universit\u00e9 de G\u00eanes<\/a> &#8211; LSH<br \/>\n<a href=\"https:\/www.unifi.it\/\" target=\"_blank\" rel=\"noopener\">Universit\u00e9 de Florence<\/a> &#8211; LSH ST<br \/>\n<a href=\"https:\/en.unito.it\/unito-en-quelques-lignes\" target=\"_blank\" rel=\"noopener\">Universit\u00e9 de Turin<\/a> &#8211; ST<br \/>\n<a href=\"http:\/www.uniroma3.it\/en\/\" target=\"_blank\" rel=\"noopener\">Universit\u00e9 de Rome III<\/a> &#8211; ST<\/p>\n<p><strong>Lithuanie<br \/>\n<\/strong><a href=\"https:\/\/www.vu.lt\/en\/\" target=\"_blank\" rel=\"noopener\">Universit\u00e9 de Vilnius<\/a><\/p>\n<p><strong>Pologne<br \/>\n<\/strong><a href=\"http:\/international.amu.edu.pl\/\" target=\"_blank\" rel=\"noopener\">Universit\u00e9 de Pozna\u0144<\/a> &#8211; LSH ST SJE INSPE IUT<br \/>\n<a href=\"https:\/uni.wroc.pl\/\" target=\"_blank\" rel=\"noopener\">Universit\u00e9 Wroclaw<\/a> &#8211; LSH ST<\/p>\n<p><strong>Portugal<br \/>\n<\/strong><a href=\"https:\/international.uac.pt\/\" target=\"_blank\" rel=\"noopener\">Universit\u00e9 des A\u00e7ores<\/a> &#8211; LSH ST SJE INSPE IUT<br \/>\n<a href=\"https:\/www.ufp.pt\/\" target=\"_blank\" rel=\"noopener\">Universit\u00e9 Fernando Pessoa<\/a> &#8211; LSH<br \/>\n<a href=\"https:\/www.ulisboa.pt\/en\" target=\"_blank\" rel=\"noopener\">Universit\u00e9 Lisbone<\/a> &#8211; LSH<br \/>\n<a href=\"https:\/www.uma.pt\/en\/\" target=\"_blank\" rel=\"noopener\">Universit\u00e9 de Mad\u00e8re<\/a> &#8211; LSH SJE ST INSPE<\/p>\n<p><strong>R\u00e9publique Tch\u00e8que<br \/>\n<\/strong><a href=\"https:\/cuni.cz\/UKEN-3.html\" target=\"_blank\" rel=\"noopener\">Universit\u00e9 de Charles<\/a> &#8211; LSH<\/p>\n<p><strong>Roumanie<br \/>\n<\/strong><a href=\"https:\/www.ubbcluj.ro\/en\/\" target=\"_blank\" rel=\"noopener\">Universit\u00e9 de Babyes-Bolyai<\/a> &#8211; LSH ST<\/p>\n<p><strong>Slov\u00e9nie<br \/>\n<\/strong><a href=\"https:\/\/www.uni-lj.si\/en\/university\" target=\"_blank\" rel=\"noopener\">Universit\u00e9 de Ljubljana<\/a> &#8211; LSH ST<\/p>\n<p><strong>Su\u00e8de<br \/>\n<\/strong><a href=\"https:\/\/lnu.se\/en\/\" target=\"_blank\" rel=\"noopener\">Linnaeus University<\/a> &#8211; ST<\/p>\n<\/div>\n\n\n\n\n\t\t<\/div> \n\t<\/div>\n\t<\/div> \n<\/div><\/div><div class=\"vc_separator wpb_content_element vc_separator_align_center vc_sep_width_100 vc_sep_border_width_10 vc_sep_pos_align_center vc_sep_color_grey vc_custom_1744290235846 wpb_content_element vc_separator-has-text\" ><span class=\"vc_sep_holder vc_sep_holder_l\"><span class=\"vc_sep_line\"><\/span><\/span><h4>Hors Europe<\/h4><span class=\"vc_sep_holder vc_sep_holder_r\"><span class=\"vc_sep_line\"><\/span><\/span>\n<\/div><div id=\"fws_69f2aaf5696c8\" data-midnight=\"\" data-column-margin=\"default\" class=\"wpb_row vc_row-fluid vc_row inner_row\"  style=\"\"><div class=\"row-bg-wrap\"> <div class=\"row-bg\" ><\/div> <\/div><div class=\"row_col_wrap_12_inner col span_12  left\">\n\t<div  class=\"vc_col-sm-6 wpb_column column_container vc_column_container col child_column no-extra-padding inherit_tablet inherit_phone \"   data-padding-pos=\"all\" data-has-bg-color=\"false\" data-bg-color=\"\" data-bg-opacity=\"1\" data-animation=\"\" data-delay=\"0\" >\n\t\t<div class=\"vc_column-inner\" >\n\t\t<div class=\"wpb_wrapper\">\n\t\t\t\n<div class=\"wpb_text_column wpb_content_element \" >\n\t<h4><strong>Afrique<\/strong><\/h4>\n<p><strong>B\u00e9nin<br \/>\n<\/strong><a href=\"https:\/uac.bj\/\" target=\"_blank\" rel=\"noopener\">Universit\u00e9 d\u2019Abomey-Cavali (UAC)<\/a><\/p>\n<p><strong>Maroc<br \/>\n<\/strong><a href=\"http:\/www.univh2c.ma\/\" target=\"_blank\" rel=\"noopener\">Universit\u00e9 Hassan II<\/a><\/p>\n<p><strong>S\u00e9n\u00e9gal<br \/>\n<\/strong><a href=\"https:\/www.ucad.sn\/\" target=\"_blank\" rel=\"noopener\">Universit\u00e9 Cheick Anta Diop de Dakar<\/a><\/p>\n<hr \/>\n<h4>Am\u00e9rique du Nord<\/h4>\n<p><strong>Canada<\/strong><br \/>\n<a href=\"https:\/www.uqac.ca\/\" target=\"_blank\" rel=\"noopener\">Universit\u00e9 du Qu\u00e9bec \u00e0 Chicoutimi (UQAC)<\/a><\/p>\n<p><strong>Mexique<br \/>\n<\/strong><a href=\"https:\/www.uv.mx\/\" target=\"_blank\" rel=\"noopener\">Universidad Veracruzana<\/a><\/p>\n<\/div>\n\n\n\n\n\t\t<\/div> \n\t<\/div>\n\t<\/div> \n\n\t<div  class=\"vc_col-sm-6 wpb_column column_container vc_column_container col child_column no-extra-padding inherit_tablet inherit_phone \"   data-padding-pos=\"all\" data-has-bg-color=\"false\" data-bg-color=\"\" data-bg-opacity=\"1\" data-animation=\"\" data-delay=\"0\" >\n\t\t<div class=\"vc_column-inner\" >\n\t\t<div class=\"wpb_wrapper\">\n\t\t\t\n<div class=\"wpb_text_column wpb_content_element \" >\n\t<h4>Am\u00e9rique du Sud<\/h4>\n<p><strong>Br\u00e9sil<br \/>\n<\/strong>Universit\u00e9 de l\u2019Etat d\u2019Amapa (UEAP)<br \/>\n<a href=\"https:\/www.uema.br\/\" target=\"_blank\" rel=\"noopener\">Universit\u00e9 d\u2019Etat du Maranhao (UEMA)<\/a><br \/>\n<a href=\"https:\/portal.ufcg.edu.br\/\" target=\"_blank\" rel=\"noopener\">Universit\u00e9 de Campina Grande<\/a><br \/>\n<a href=\"http:\/www.unifap.br\/\" target=\"_blank\" rel=\"noopener\">Universit\u00e9 F\u00e9d\u00e9rale de l\u2019Amapa (UNIFAP)<\/a><br \/>\n<!--Service social de l\u2019Industrie (SESI)\/ Service national de l\u2019apprentissage industriel (SENAI) Fundacao de Amparo a Pesquisa do Estado de Sao Paulo ( FAPESP) Universidade De S\u00e3o Paulo (USP)--><\/p>\n<p><strong>Colombie<\/strong><br \/>\n<a href=\"https:\/www.urosario.edu.co\/\" target=\"_blank\" rel=\"noopener\">Universit\u00e9 del Rosario<\/a><br \/>\n<a href=\"https:\/unal.edu.co\/\" target=\"_blank\" rel=\"noopener\">Universidad Nacional de Colombia (UNAL)<\/a><\/p>\n<p><strong>Suriname<br \/>\n<\/strong><a href=\"https:\/www.uvs.edu\/\" target=\"_blank\" rel=\"noopener\">Universit\u00e9 Anton de Kom du Suriname (AdeKUS)<\/a><\/p>\n<p><strong>Guyana<br \/>\n<\/strong><a href=\"https:\/www.uog.edu.gy\/\" target=\"_blank\" rel=\"noopener\">Universit\u00e9 du Guyana<\/a><\/p>\n<\/div>\n\n\n\n\n\t\t<\/div> \n\t<\/div>\n\t<\/div> \n<\/div><\/div><\/div><\/div><\/div><div class=\"toggle accent-color\" data-inner-wrap=\"true\"><h3 class=\"toggle-title\"><a href=\"#\" role=\"button\" class=\"nectar-inherit-h3 toggle-heading\"><i role=\"presentation\" class=\"fa fa-plus\"><\/i>Financements<\/a><\/h3><div><div class=\"inner-toggle-wrap\"><div id=\"fws_69f2aaf569cd9\" data-midnight=\"\" data-column-margin=\"default\" class=\"wpb_row vc_row-fluid vc_row inner_row vc_row-o-equal-height vc_row-flex\"  style=\"\"><div class=\"row-bg-wrap\"> <div class=\"row-bg\" ><\/div> <\/div><div class=\"row_col_wrap_12_inner col span_12  left\">\n\t<div style=\"\" class=\"vc_col-sm-6 wpb_column column_container vc_column_container col child_column left_padding_desktop_30px top_padding_desktop_30px right_padding_desktop_30px bottom_padding_desktop_30px \"  data-using-bg=\"true\" data-border-radius=\"5px\" data-padding-pos=\"all\" data-has-bg-color=\"true\" data-bg-color=\"#f5f5f5\" data-bg-opacity=\"1\" data-animation=\"\" data-delay=\"0\" >\n\t\t<div class=\"vc_column-inner\" ><div class=\"column-bg-overlay-wrap column-bg-layer\" data-bg-animation=\"none\"><div class=\"column-bg-overlay\" style=\"opacity: 1; background-color: #f5f5f5;\"><\/div><\/div>\n\t\t<div class=\"wpb_wrapper\">\n\t\t\t\n<div class=\"wpb_text_column wpb_content_element \" >\n\t<h4>Erasmus<\/h4>\n<p>Soutien individuel : 786\u20ac\/mois*<br \/>\nAllocation voyage : de 820 \u00e0 1500\u20ac\/mois<br \/>\nCandidature : BRI<br \/>\nSp\u00e9cificit\u00e9s : s\u00e9lection sur crit\u00e8res acad\u00e9miques.<\/p>\n<\/div>\n\n\n\n\n\t\t<\/div> \n\t<\/div>\n\t<\/div> \n\n\t<div style=\"\" class=\"vc_col-sm-6 wpb_column column_container vc_column_container col child_column left_padding_desktop_30px top_padding_desktop_30px right_padding_desktop_30px bottom_padding_desktop_30px \"  data-using-bg=\"true\" data-border-radius=\"5px\" data-padding-pos=\"all\" data-has-bg-color=\"true\" data-bg-color=\"#f5f5f5\" data-bg-opacity=\"1\" data-animation=\"\" data-delay=\"0\" >\n\t\t<div class=\"vc_column-inner\" ><div class=\"column-bg-overlay-wrap column-bg-layer\" data-bg-animation=\"none\"><div class=\"column-bg-overlay\" style=\"opacity: 1; background-color: #f5f5f5;\"><\/div><\/div>\n\t\t<div class=\"wpb_wrapper\">\n\t\t\t\n<div class=\"wpb_text_column wpb_content_element \" >\n\t<h4>AMI<\/h4>\n<p>Soutien individuel : 400\u20ac\/mois<br \/>\nAllocation voyage : non.<br \/>\nCandidature : BRI<br \/>\nSp\u00e9cificit\u00e9s : \u00e9tudiants boursiers uniquement (CROUS)<\/p>\n<\/div>\n\n\n\n\n\t\t<\/div> \n\t<\/div>\n\t<\/div> \n<\/div><\/div>\n<div class=\"wpb_text_column wpb_content_element \" >\n\t<p>*montant variable en fonction des conventions<\/p>\n<p>La bourse n\u2019est qu\u2019un COMPL\u00c9MENT financier. Il vous appartient de pr\u00e9parer financi\u00e8rement votre mobilit\u00e9 (\u00e9conomies, job \u00e9tudiants, etc).<\/p>\n<p>La bourse <strong>AMI (Aide \u00e0 la Mobilit\u00e9 Internationale<\/strong>) est une aide financi\u00e8re accord\u00e9e aux \u00e9tudiants boursiers effectuant une partie de leurs \u00e9tudes ou un stage \u00e0 l\u2019\u00e9tranger dans le cadre de programmes comme Erasmus+. Attribu\u00e9e sous conditions de ressources, cette bourse est cumulable avec d&rsquo;autres aides comme celles du programme Erasmus. Les \u00e9tudiants inscrits dans un \u00e9tablissement d&rsquo;enseignement sup\u00e9rieur \u00e9ligible, peuvent candidater. Ils doivent b\u00e9n\u00e9ficier d&rsquo;une bourse sur crit\u00e8res sociaux ou \u00eatre dans une situation similaire.<\/p>\n<\/div>\n\n\n\n<\/div><\/div><\/div><div class=\"toggle accent-color\" data-inner-wrap=\"true\"><h3 class=\"toggle-title\"><a href=\"#\" role=\"button\" class=\"nectar-inherit-h3 toggle-heading\"><i role=\"presentation\" class=\"fa fa-plus\"><\/i>Contact<\/a><\/h3><div><div class=\"inner-toggle-wrap\">\n<div class=\"wpb_text_column wpb_content_element \" >\n\t<p>Tel : 594 594 29 79 17<\/p>\n<div class='fluentform ff-inherit-theme-style fluentform_wrapper_37'><form data-form_id=\"37\" id=\"fluentform_37\" class=\"frm-fluent-form fluent_form_37 ff-el-form-top ff_form_instance_37_1 ff-form-loading ffs_inherit_theme\" data-form_instance=\"ff_form_instance_37_1\" method=\"POST\" data-turnstile_key=\"0x4AAAAAAAXVTyiqFRuFu0rs\" ><fieldset  style=\"border: none!important;margin: 0!important;padding: 0!important;background-color: transparent!important;box-shadow: none!important;outline: none!important; min-inline-size: 100%;\">\n                    <legend class=\"ff_screen_reader_title\" style=\"display: block; margin: 0!important;padding: 0!important;height: 0!important;text-indent: -999999px;width: 0!important;overflow:hidden;\">Relations internationales (#37)<\/legend><input type='hidden' name='__fluent_form_embded_post_id' value='12106' \/><input type=\"hidden\" id=\"_fluentform_37_fluentformnonce\" name=\"_fluentform_37_fluentformnonce\" value=\"03bf0c5ecc\" \/><input type=\"hidden\" name=\"_wp_http_referer\" value=\"\/en\/wp-json\/wp\/v2\/pages\/12106\" \/><div data-type=\"name-element\" data-name=\"name_0\" class=\" ff-field_container ff-name-field-wrapper\" ><div class='ff-t-container'><div class='ff-t-cell '><div class='ff-el-group  ff-el-form-top'><div class='ff-el-input--content'><input type=\"text\" name=\"name_0[first_name]\" id=\"ff_37_name_0_first_name_\" class=\"ff-el-form-control\" placeholder=\"Pr\u00e9nom\" aria-invalid=\"false\" aria-required=true><\/div><\/div><\/div><div class='ff-t-cell '><div class='ff-el-group  ff-el-form-top'><div class='ff-el-input--content'><input type=\"text\" name=\"name_0[last_name]\" id=\"ff_37_name_0_last_name_\" class=\"ff-el-form-control\" placeholder=\"Nom\" aria-invalid=\"false\" aria-required=true><\/div><\/div><\/div><\/div><\/div><div data-name=\"ff_cn_id_1\"  class='ff-t-container ff-column-container ff_columns_total_2 '><div class='ff-t-cell ff-t-column-1' style='flex-basis: 50%;'><div class='ff-el-group'><div class=\"ff-el-input--label ff-el-is-required asterisk-right\"><label for='ff_37_email_1' id='label_ff_37_email_1' aria-label=\"E-mail\">E-mail<\/label><\/div><div class='ff-el-input--content'><input type=\"email\" name=\"email_1\" class=\"ff-el-form-control\" id=\"ff_37_email_1\" placeholder=\"@\" data-name=\"email_1\"  aria-invalid=\"false\" aria-required=true><\/div><\/div><\/div><div class='ff-t-cell ff-t-column-2' style='flex-basis: 50%;'><div class='ff-el-group'><div class=\"ff-el-input--label asterisk-right\"><label for='ff_37_phone_9' id='label_ff_37_phone_9' aria-label=\"T\u00e9l\u00e9phone\">T\u00e9l\u00e9phone<\/label><\/div><div class='ff-el-input--content'><input name=\"phone_9\" id=\"ff_37_phone_9\" class=\"ff-el-form-control ff-el-phone ff_el_with_extended_validation\" placeholder=\"0694 ...\" type=\"tel\" data-name=\"phone_9\" inputmode=\"tel\"  aria-invalid='false' aria-required=false><\/div><\/div><\/div><\/div><div class='ff-el-group'><div class=\"ff-el-input--label ff-el-is-required asterisk-right\"><label for='ff_37_textarea_2' id='label_ff_37_textarea_2' aria-label=\"Message\">Message<\/label><\/div><div class='ff-el-input--content'><textarea aria-required=\"true\" aria-labelledby=\"label_ff_37_textarea_2\" name=\"textarea_2\" class=\"ff-el-form-control\" id=\"ff_37_textarea_2\" placeholder=\"Votre message ici\" rows=\"10\" cols=\"2\" data-name=\"textarea_2\" ><\/textarea><\/div><\/div><div class='ff-el-group ' ><div class='ff-el-input--content'><div data-fluent_id='37' name='cf-turnstile-response'><div\n\t\tdata-sitekey='0x4AAAAAAAXVTyiqFRuFu0rs'\n\t\tdata-theme='light'\n\t\tid='fluentform-turnstile-37-1'\n\t\tclass='ff-el-turnstile cf-turnstile'\n\t\tdata-appearance='always'><\/div><\/div><\/div><\/div><div class='ff-el-group ff-text-left ff_submit_btn_wrapper'><button type=\"submit\" class=\"ff-btn ff-btn-submit ff-btn-md ff_btn_no_style\"  aria-label=\"Envoyer\">Envoyer<\/button><\/div><\/fieldset><\/form><div id='fluentform_37_errors' class='ff-errors-in-stack ff_form_instance_37_1 ff-form-loading_errors ff_form_instance_37_1_errors'><\/div><\/div>            <script type=\"text\/javascript\">\n                window.fluent_form_ff_form_instance_37_1 = {\"id\":\"37\",\"settings\":{\"layout\":{\"labelPlacement\":\"top\",\"helpMessagePlacement\":\"with_label\",\"errorMessagePlacement\":\"inline\"},\"restrictions\":{\"denyEmptySubmission\":{\"enabled\":false}}},\"form_instance\":\"ff_form_instance_37_1\",\"form_id_selector\":\"fluentform_37\",\"rules\":{\"name_0[first_name]\":{\"required\":{\"value\":true,\"message\":\"Ce champ est obligatoire\",\"global\":false,\"global_message\":\"Ce champ est obligatoire\"}},\"name_0[]\":{\"required\":{\"value\":false,\"message\":\"Ce champ est obligatoire\",\"global\":false,\"global_message\":\"Ce champ est obligatoire\"}},\"name_0[last_name]\":{\"required\":{\"value\":true,\"message\":\"Ce champ est obligatoire\",\"global\":false,\"global_message\":\"Ce champ est obligatoire\"}},\"email_1\":{\"required\":{\"value\":true,\"message\":\"This field is required\",\"global\":false,\"global_message\":\"Ce champ est obligatoire\"},\"email\":{\"value\":1,\"message\":\"This field must contain a valid email\",\"global\":false,\"global_message\":\"Ce champ doit contenir un e-mail valide\"}},\"phone_9\":{\"required\":{\"value\":false,\"message\":\"Ce champ est obligatoire\",\"global\":false,\"global_message\":\"Ce champ est obligatoire\"},\"valid_phone_number\":{\"value\":true,\"message\":\"Le num\\u00e9ro de t\\u00e9l\\u00e9phone est invalide\",\"global\":false,\"global_message\":\"Le num\\u00e9ro de t\\u00e9l\\u00e9phone n'est pas valide\"}},\"textarea_2\":{\"required\":{\"value\":true,\"message\":\"This field is required\",\"global\":false,\"global_message\":\"Ce champ est obligatoire\"}},\"cf-turnstile-response\":[]},\"debounce_time\":300};\n                            <\/script>\n            \n<\/div>\n\n\n\n<\/div><\/div><\/div><\/div>\n\t\t\t<\/div> \n\t\t<\/div>\n\t<\/div> \n\n\t<div  class=\"vc_col-sm-3 wpb_column column_container vc_column_container col no-extra-padding inherit_tablet inherit_phone \"  data-padding-pos=\"all\" data-has-bg-color=\"false\" data-bg-color=\"\" data-bg-opacity=\"1\" data-animation=\"\" data-delay=\"0\" >\n\t\t<div class=\"vc_column-inner\" >\n\t\t\t<div class=\"wpb_wrapper\">\n\t\t\t\t<div class=\"templatera_shortcode\">\n\t\t<div id=\"fws_69f2aaf56c56c\"  data-column-margin=\"default\" data-midnight=\"dark\"  class=\"wpb_row vc_row-fluid vc_row\"  style=\"padding-top: 0px; padding-bottom: 0px; \"><div class=\"row-bg-wrap\" data-bg-animation=\"none\" data-bg-animation-delay=\"\" data-bg-overlay=\"false\"><div class=\"inner-wrap row-bg-layer\" ><div class=\"row-bg viewport-desktop\"  style=\"\"><\/div><\/div><\/div><div class=\"row_col_wrap_12 col span_12 dark left\">\n\t<div  class=\"vc_col-sm-12 infos-structure wpb_column column_container vc_column_container col border_left_desktop_1px border_color_cccccc border_style_solid left_padding_desktop_30px \"  data-padding-pos=\"all\" data-has-bg-color=\"false\" data-bg-color=\"\" data-bg-opacity=\"1\" data-animation=\"\" data-delay=\"0\" >\n\t\t<div class=\"vc_column-inner\" >\n\t\t\t<div class=\"wpb_wrapper\">\n\t\t\t\t\n<div class=\"wpb_text_column wpb_content_element \" >\n\t<h2>BRI<\/h2>\n<h3>Bureau des Relations Internationales<\/h3>\n<\/div>\n\n\n\n<div class=\"toggles accordion\" data-br=\"\" data-starting=\"closed\" data-style=\"minimal\"><div class=\"toggle accent-color\" data-inner-wrap=\"true\"><h3 class=\"toggle-title\"><a href=\"#\" role=\"button\" class=\"toggle-heading\"><i role=\"presentation\" class=\"fa fa-plus\"><\/i>Bureau<\/a><\/h3><div><div class=\"inner-toggle-wrap\">\n<div class=\"wpb_text_column wpb_content_element \" >\n\t<p><span dir=\"ltr\" role=\"presentation\">M. Rosuel LIMA-PEREIRA<\/span><br \/>\n<em>Vice-Pr\u00e9sident en charge des Relations Internationales<\/em><\/p>\n<p><span dir=\"ltr\" role=\"presentation\">Mme Giulia MANERA<\/span><br \/>\n<em>Vice-Pr\u00e9sidente en charge des Relations Internationales<\/em><br \/>\n\u2014<br \/>\nM. R\u00e9my DEZELUS<br \/>\n<em>Reponsables des Relations internationales<\/em><\/p>\n<p>Mme Honorine SAMSON<br \/>\n<em>Charg\u00e9e de Relations Internationales zone Am\u00e9riques Amazonie<\/em><\/p>\n<\/div>\n\n\n\n<\/div><\/div><\/div><div class=\"toggle accent-color\" data-inner-wrap=\"true\"><h3 class=\"toggle-title\"><a href=\"#\" role=\"button\" class=\"toggle-heading\"><i role=\"presentation\" class=\"fa fa-plus\"><\/i>R\u00e9f\u00e9rents<\/a><\/h3><div><div class=\"inner-toggle-wrap\">\n<div class=\"wpb_text_column wpb_content_element \" >\n\t<p><a href=\"mailto:ahmed.mulla@univ-guyane.fr\">M. Ahmed MULLA<\/a><br \/>\n<em>DFR Lettres et Sciences Humaines<\/em><br \/>\n\u2014<br \/>\n<a href=\"mailto:alexandre.casanova@univ-guyane.fr\">M. Alexandre Casanova<\/a><br \/>\n<em>DFR Sciences et Technologies<\/em><br \/>\n\u2014<br \/>\n<a href=\"mailto:carole.hassoun@univ-guyane.fr\">Mme Carole HASSOUN<\/a><br \/>\n<em>DFR Sciences Juridiques et Economiques<\/em><br \/>\n\u2014<br \/>\n<a href=\"mailto:andjoua.aka@univ-guyane.fr\">Mme Andjoua AKA<\/a><br \/>\n<em>IUT de Kourou<\/em><br \/>\n\u2014<br \/>\n<a href=\"mailto:carole.racon@inspe-guyane.fr\">M. Carole RACON<\/a><br \/>\n<em>INSPE<\/em><br \/>\n\u2014<br \/>\nM. Mathieu NACHER<br \/>\n<em>UFR Sant\u00e9<\/em><\/p>\n<\/div>\n\n\n\n<\/div><\/div><\/div><div class=\"toggle accent-color\" data-inner-wrap=\"true\"><h3 class=\"toggle-title\"><a href=\"#\" role=\"button\" class=\"toggle-heading\"><i role=\"presentation\" class=\"fa fa-plus\"><\/i>Documents<\/a><\/h3><div><div class=\"inner-toggle-wrap\">\n<div class=\"wpb_text_column wpb_content_element \" >\n\t<p><strong>\u00c9tudiants partants de l'UG<br \/>\n<\/strong>L'universit\u00e9 partenaire vous enverra les <a href=\"https:\/\/www.univ-guyane.fr\/ugfm\/?dir=docs%2Finternational%2Fpartir-etudiants\" target=\"_blank\" rel=\"noopener\">documents<\/a> n\u00e9cessaires \u00e0 remplir ainsi que des informations d\u00e9taill\u00e9es sur l'institution d'accueil.<\/p>\n<p><strong>\u00c9tudiants arrivants \u00e0 l'UG<\/strong><br \/>\nVous trouverez ci-dessous les liens vers les <a href=\"https:\/\/www.univ-guyane.fr\/ugfm\/?dir=docs%2Finternational%2Fvenir-a-l-unversite-de-guyane\" target=\"_blank\" rel=\"noopener\">documents<\/a> utiles \u00e0 votre arriv\u00e9e.<\/p>\n<\/div>\n\n\n\n<\/div><\/div><\/div><\/div>\n\t\t\t<\/div> \n\t\t<\/div>\n\t<\/div> \n<\/div><\/div><\/div><div  class=\"vc_wp_custommenu wpb_content_element ug_sidebar-menu\"><div class=\"widget widget_nav_menu\"><div class=\"menu-international-container\"><ul id=\"menu-international\" class=\"menu\"><li id=\"menu-item-12149\" class=\"menu-item menu-item-type-post_type menu-item-object-page menu-item-12149\"><a href=\"https:\/\/www.univ-guyane.fr\/en\/international\/\">International<\/a><\/li>\n<li id=\"menu-item-12154\" class=\"menu-item menu-item-type-post_type menu-item-object-page menu-item-12154\"><a href=\"https:\/\/www.univ-guyane.fr\/en\/international\/venir-a-l-universite-de-guyane\/\">Venir \u00e0 l\u2019Universit\u00e9 de Guyane<\/a><\/li>\n<li id=\"menu-item-12153\" class=\"menu-item menu-item-type-post_type menu-item-object-page menu-item-12153\"><a href=\"https:\/\/www.univ-guyane.fr\/en\/international\/partir-a-l-etranger\/\">Partir \u00e0 l\u2019\u00e9tranger<\/a><\/li>\n<li id=\"menu-item-12152\" class=\"menu-item menu-item-type-post_type menu-item-object-page menu-item-12152\"><a href=\"https:\/\/www.univ-guyane.fr\/en\/international\/nos-reseaux\/\">Nos r\u00e9seaux<\/a><\/li>\n<li id=\"menu-item-12151\" class=\"menu-item menu-item-type-post_type menu-item-object-page menu-item-12151\"><a href=\"https:\/\/www.univ-guyane.fr\/en\/international\/tropimundo\/\">Tropimundo<\/a><\/li>\n<li id=\"menu-item-12150\" class=\"menu-item menu-item-type-post_type menu-item-object-page menu-item-12150\"><a href=\"https:\/\/www.univ-guyane.fr\/en\/international\/temoignages\/\">T\u00e9moignages<\/a><\/li>\n<\/ul><\/div><\/div><\/div>\n\t\t\t<\/div> \n\t\t<\/div>\n\t<\/div> \n<\/div><\/div>\n\t\t<div id=\"fws_69f2aaf56f275\"  data-column-margin=\"custom\" data-midnight=\"dark\"  class=\"wpb_row vc_row-fluid vc_row full-width-section has-row-bg-color HEEEEEEEEEEEE top_margin_120px\"  style=\"padding-top: 60px; padding-bottom: 150px; --row-bg-color: #f5f5f5;\"><div class=\"row-bg-wrap\" data-bg-animation=\"none\" data-bg-animation-delay=\"\" data-bg-overlay=\"false\"><div class=\"inner-wrap row-bg-layer\" ><div class=\"row-bg viewport-desktop using-bg-color\"  style=\"background-color: #f5f5f5; \"><\/div><\/div><\/div><div class=\"row_col_wrap_12 col span_12 dark left\">\n\t<div  class=\"vc_col-sm-12 wpb_column column_container vc_column_container col\"  data-padding-pos=\"all\" data-has-bg-color=\"false\" data-bg-color=\"\" data-bg-opacity=\"1\" data-animation=\"\" data-delay=\"0\" >\n\t\t<div class=\"vc_column-inner\" >\n\t\t\t<div class=\"wpb_wrapper\">\n\t\t\t\t<div id=\"fws_69f2aaf56f48e\" data-midnight=\"\" data-column-margin=\"default\" class=\"wpb_row vc_row-fluid vc_row inner_row\"  style=\"\"><div class=\"row-bg-wrap\"> <div class=\"row-bg\" ><\/div> <\/div><div class=\"row_col_wrap_12_inner col span_12  left\">\n\t<div  class=\"vc_col-sm-12 wpb_column column_container vc_column_container col child_column no-extra-padding inherit_tablet inherit_phone \"   data-padding-pos=\"all\" data-has-bg-color=\"false\" data-bg-color=\"\" data-bg-opacity=\"1\" data-animation=\"\" data-delay=\"0\" >\n\t\t<div class=\"vc_column-inner\" >\n\t\t<div class=\"wpb_wrapper\">\n\t\t\t<div class=\"nectar-split-heading  font_line_height_1px \" data-align=\"default\" data-m-align=\"inherit\" data-text-effect=\"none\" data-animation-type=\"line-reveal-by-space\" data-animation-delay=\"150\" data-animation-offset=\"50\" data-m-rm-animation=\"true\" data-stagger=\"true\" data-custom-font-size=\"true\" data-has-fit-text=\"true\" style=\"font-size: 13.6vw; line-height: 14.96vw;\"><h2 style=\" color: rgba(103,108,117,0.2);\">International<\/h2><\/div><div class='nectar-post-grid-wrap text-color-light spacing-10px' data-el-settings='{\"post_type\":\"custom\",\"pagination\":\"none\",\"image_size\":\"large\",\"parallax_scrolling\":\"yes\",\"aspect_ratio_image_size\":\"\",\"category_position\":\"default\",\"category_display\":\"default\",\"display_categories\":\"0\",\"display_excerpt\":\"0\",\"excerpt_length\":\"20\",\"content_next_to_image_excerpt_pos\":\"default\",\"display_date\":\"0\",\"display_estimated_reading_time\":\"0\",\"display_author\":\"0\",\"author_functionality\":\"default\",\"author_position\":\"default\",\"color_overlay\":\"#000000\",\"color_overlay_opacity\":\"0.2\",\"color_overlay_hover_opacity\":\"0.1\",\"card_bg_color\":\"\",\"grid_style\":\"content_overlaid\",\"hover_effect\":\"zoom\",\"post_title_overlay\":\"\",\"heading_tag\":\"default\",\"heading_tag_render\":\"default\",\"enable_gallery_lightbox\":\"0\",\"remove_links\":\"0\",\"category_style\":\"underline\",\"overlay_secondary_project_image\":\"\",\"vertical_list_hover_effect\":\"none\",\"vertical_list_read_more\":\"\",\"vertical_list_read_more_style\":\"text\",\"read_more_button\":\"0\",\"animation\":\"none\",\"custom_fields\":\"\",\"custom_fields_location\":\"before_post_meta\",\"display_type\":\"grid\",\"text_content_layout\":\"all_bottom_left\"}' data-style='content_overlaid' data-query='{\"post_type\":\"custom\",\"posts_per_page\":\"-1\",\"order\":\"ASC\",\"orderby\":\"title\",\"offset\":\"0\",\"cpt_name\":\"page\",\"custom_query_tax\":\"269\",\"ignore_sticky_posts\":\"\",\"exclude_current_post\":\"\"}' data-load-more-color='black' data-load-more-text='Load More'><div class=\"nectar-post-grid-filters\" data-active-color=\"default\" data-align=\"default\" data-animation=\"none\" data-sortable=\"\"><div><a href=\"#\" class=\"active all-filter\" data-filter=\"269\" data-total-count=\"5\">All<\/a><a href=\"#\" data-filter=\"269\" data-total-count=\"5\">International<\/a><\/div><\/div><div class=\"nectar-post-grid text-opacity-1 text-opacity-hover-1 category-position-before-title \" data-indicator=\"\" data-indicator-style=\"default\" data-indicator-text-color=\"#fff\" data-indicator-color=\"#000\" data-indicator-text=\"View\" data-columns=\"3\" data-hover-effect=\"zoom\" data-text-style=\"default\" data-border-radius=\"5px\" data-grid-item-height=\"30vh\" data-grid-spacing=\"10px\" data-text-layout=\"all_bottom_left\" data-text-color=\"light\" data-text-hover-color=\"light\" data-shadow-hover=\"\" data-animation=\"none\" data-animation-stagger=\"90\" data-cat-click=\"default\" style=\"--post-grid-border-radius:5px;\" ><div class=\"nectar-post-grid-item\" data-post-id=\"12093\" data-has-img=\"true\"> <div class=\"inner\"><div class=\"nectar-post-grid-item-bg-wrap\"><div class=\"nectar-el-parallax-scroll__wrap\"><div class=\"nectar-el-parallax-scroll\" data-scroll-animation=\"true\" data-scroll-animation-mobile=\"true\" data-scroll-animation-intensity=\"-0.75\" data-scroll-animation-lerp=\"1\"><div class=\"nectar-post-grid-item-bg-wrap-inner\"><div class=\"nectar-post-grid-item-bg\"><img decoding=\"async\" width=\"1024\" height=\"576\" src=\"https:\/\/www.univ-guyane.fr\/wp-content\/uploads\/international-2025-universite-de-guyane-1024x576.jpg\" class=\"attachment-large size-large wp-post-image\" alt=\"International\" srcset=\"https:\/\/www.univ-guyane.fr\/wp-content\/uploads\/international-2025-universite-de-guyane-1024x576.jpg 1024w, https:\/\/www.univ-guyane.fr\/wp-content\/uploads\/international-2025-universite-de-guyane-300x169.jpg 300w, https:\/\/www.univ-guyane.fr\/wp-content\/uploads\/international-2025-universite-de-guyane-768x432.jpg 768w, https:\/\/www.univ-guyane.fr\/wp-content\/uploads\/international-2025-universite-de-guyane-1536x864.jpg 1536w, https:\/\/www.univ-guyane.fr\/wp-content\/uploads\/international-2025-universite-de-guyane-18x10.jpg 18w, https:\/\/www.univ-guyane.fr\/wp-content\/uploads\/international-2025-universite-de-guyane.jpg 1920w\" sizes=\"(max-width: 1024px) 100vw, 1024px\" \/><\/div><\/div><\/div><\/div><\/div><div class=\"bg-overlay\" style=\" background-color: #000000;\" data-opacity=\"0.2\" data-hover-opacity=\"0.1\"><\/div><div class=\"content\"><a class=\"nectar-post-grid-link\" href=\"https:\/\/www.univ-guyane.fr\/en\/international\/\" ><span class=\"screen-reader-text\">International<\/span><\/a><div class=\"item-main\"><h3 class=\"post-heading\"><span>International<\/span><\/h3><\/div><\/div><\/div><\/div><div class=\"nectar-post-grid-item\" data-post-id=\"12120\" data-has-img=\"true\"> <div class=\"inner\"><div class=\"nectar-post-grid-item-bg-wrap\"><div class=\"nectar-el-parallax-scroll__wrap\"><div class=\"nectar-el-parallax-scroll\" data-scroll-animation=\"true\" data-scroll-animation-mobile=\"true\" data-scroll-animation-intensity=\"-0.75\" data-scroll-animation-lerp=\"1\"><div class=\"nectar-post-grid-item-bg-wrap-inner\"><div class=\"nectar-post-grid-item-bg\"><img decoding=\"async\" width=\"1024\" height=\"576\" src=\"https:\/\/www.univ-guyane.fr\/wp-content\/uploads\/international-nos-reseaux-1024x576.jpg\" class=\"attachment-large size-large wp-post-image\" alt=\"Nos r\u00e9seaux\" srcset=\"https:\/\/www.univ-guyane.fr\/wp-content\/uploads\/international-nos-reseaux-1024x576.jpg 1024w, https:\/\/www.univ-guyane.fr\/wp-content\/uploads\/international-nos-reseaux-300x169.jpg 300w, https:\/\/www.univ-guyane.fr\/wp-content\/uploads\/international-nos-reseaux-768x432.jpg 768w, https:\/\/www.univ-guyane.fr\/wp-content\/uploads\/international-nos-reseaux-1536x864.jpg 1536w, https:\/\/www.univ-guyane.fr\/wp-content\/uploads\/international-nos-reseaux-18x10.jpg 18w, https:\/\/www.univ-guyane.fr\/wp-content\/uploads\/international-nos-reseaux.jpg 1920w\" sizes=\"(max-width: 1024px) 100vw, 1024px\" \/><\/div><\/div><\/div><\/div><\/div><div class=\"bg-overlay\" style=\" background-color: #000000;\" data-opacity=\"0.2\" data-hover-opacity=\"0.1\"><\/div><div class=\"content\"><a class=\"nectar-post-grid-link\" href=\"https:\/\/www.univ-guyane.fr\/en\/international\/nos-reseaux\/\" ><span class=\"screen-reader-text\">Nos r\u00e9seaux<\/span><\/a><div class=\"item-main\"><h3 class=\"post-heading\"><span>Nos r\u00e9seaux<\/span><\/h3><\/div><\/div><\/div><\/div><div class=\"nectar-post-grid-item\" data-post-id=\"12106\" data-has-img=\"true\"> <div class=\"inner\"><div class=\"nectar-post-grid-item-bg-wrap\"><div class=\"nectar-el-parallax-scroll__wrap\"><div class=\"nectar-el-parallax-scroll\" data-scroll-animation=\"true\" data-scroll-animation-mobile=\"true\" data-scroll-animation-intensity=\"-0.75\" data-scroll-animation-lerp=\"1\"><div class=\"nectar-post-grid-item-bg-wrap-inner\"><div class=\"nectar-post-grid-item-bg\"><img decoding=\"async\" width=\"1024\" height=\"576\" src=\"https:\/\/www.univ-guyane.fr\/wp-content\/uploads\/international-par-a-l-etranger-1024x576.jpg\" class=\"attachment-large size-large wp-post-image\" alt=\"Partir \u00e0 l&#039;\u00e9tranger\" srcset=\"https:\/\/www.univ-guyane.fr\/wp-content\/uploads\/international-par-a-l-etranger-1024x576.jpg 1024w, https:\/\/www.univ-guyane.fr\/wp-content\/uploads\/international-par-a-l-etranger-300x169.jpg 300w, https:\/\/www.univ-guyane.fr\/wp-content\/uploads\/international-par-a-l-etranger-768x432.jpg 768w, https:\/\/www.univ-guyane.fr\/wp-content\/uploads\/international-par-a-l-etranger-1536x864.jpg 1536w, https:\/\/www.univ-guyane.fr\/wp-content\/uploads\/international-par-a-l-etranger-18x10.jpg 18w, https:\/\/www.univ-guyane.fr\/wp-content\/uploads\/international-par-a-l-etranger.jpg 1920w\" sizes=\"(max-width: 1024px) 100vw, 1024px\" \/><\/div><\/div><\/div><\/div><\/div><div class=\"bg-overlay\" style=\" background-color: #000000;\" data-opacity=\"0.2\" data-hover-opacity=\"0.1\"><\/div><div class=\"content\"><a class=\"nectar-post-grid-link\" href=\"https:\/\/www.univ-guyane.fr\/en\/international\/partir-a-l-etranger\/\" ><span class=\"screen-reader-text\">Partir \u00e0 l&rsquo;\u00e9tranger<\/span><\/a><div class=\"item-main\"><h3 class=\"post-heading\"><span>Partir \u00e0 l&rsquo;\u00e9tranger<\/span><\/h3><\/div><\/div><\/div><\/div><div class=\"nectar-post-grid-item\" data-post-id=\"12135\" data-has-img=\"true\"> <div class=\"inner\"><div class=\"nectar-post-grid-item-bg-wrap\"><div class=\"nectar-el-parallax-scroll__wrap\"><div class=\"nectar-el-parallax-scroll\" data-scroll-animation=\"true\" data-scroll-animation-mobile=\"true\" data-scroll-animation-intensity=\"-0.75\" data-scroll-animation-lerp=\"1\"><div class=\"nectar-post-grid-item-bg-wrap-inner\"><div class=\"nectar-post-grid-item-bg\"><img decoding=\"async\" width=\"1024\" height=\"576\" src=\"https:\/\/www.univ-guyane.fr\/wp-content\/uploads\/international-tropimundo-erasmus-mundus-1024x576.jpg\" class=\"attachment-large size-large wp-post-image\" alt=\"Tropimundo erasmus mundus\" srcset=\"https:\/\/www.univ-guyane.fr\/wp-content\/uploads\/international-tropimundo-erasmus-mundus-1024x576.jpg 1024w, https:\/\/www.univ-guyane.fr\/wp-content\/uploads\/international-tropimundo-erasmus-mundus-300x169.jpg 300w, https:\/\/www.univ-guyane.fr\/wp-content\/uploads\/international-tropimundo-erasmus-mundus-768x432.jpg 768w, https:\/\/www.univ-guyane.fr\/wp-content\/uploads\/international-tropimundo-erasmus-mundus-1536x864.jpg 1536w, https:\/\/www.univ-guyane.fr\/wp-content\/uploads\/international-tropimundo-erasmus-mundus-18x10.jpg 18w, https:\/\/www.univ-guyane.fr\/wp-content\/uploads\/international-tropimundo-erasmus-mundus.jpg 1920w\" sizes=\"(max-width: 1024px) 100vw, 1024px\" \/><\/div><\/div><\/div><\/div><\/div><div class=\"bg-overlay\" style=\" background-color: #000000;\" data-opacity=\"0.2\" data-hover-opacity=\"0.1\"><\/div><div class=\"content\"><a class=\"nectar-post-grid-link\" href=\"https:\/\/www.univ-guyane.fr\/en\/international\/tropimundo\/\" ><span class=\"screen-reader-text\">Tropimundo<\/span><\/a><div class=\"item-main\"><h3 class=\"post-heading\"><span>Tropimundo<\/span><\/h3><\/div><\/div><\/div><\/div><div class=\"nectar-post-grid-item\" data-post-id=\"12100\" data-has-img=\"true\"> <div class=\"inner\"><div class=\"nectar-post-grid-item-bg-wrap\"><div class=\"nectar-el-parallax-scroll__wrap\"><div class=\"nectar-el-parallax-scroll\" data-scroll-animation=\"true\" data-scroll-animation-mobile=\"true\" data-scroll-animation-intensity=\"-0.75\" data-scroll-animation-lerp=\"1\"><div class=\"nectar-post-grid-item-bg-wrap-inner\"><div class=\"nectar-post-grid-item-bg\"><img decoding=\"async\" width=\"1024\" height=\"576\" src=\"https:\/\/www.univ-guyane.fr\/wp-content\/uploads\/international-venir-a-l-univesite-de-guyane-1024x576.jpg\" class=\"attachment-large size-large wp-post-image\" alt=\"Venir \u00e0 l&#039;universit\u00e9 de Guyane\" srcset=\"https:\/\/www.univ-guyane.fr\/wp-content\/uploads\/international-venir-a-l-univesite-de-guyane-1024x576.jpg 1024w, https:\/\/www.univ-guyane.fr\/wp-content\/uploads\/international-venir-a-l-univesite-de-guyane-300x169.jpg 300w, https:\/\/www.univ-guyane.fr\/wp-content\/uploads\/international-venir-a-l-univesite-de-guyane-768x432.jpg 768w, https:\/\/www.univ-guyane.fr\/wp-content\/uploads\/international-venir-a-l-univesite-de-guyane-1536x864.jpg 1536w, https:\/\/www.univ-guyane.fr\/wp-content\/uploads\/international-venir-a-l-univesite-de-guyane-18x10.jpg 18w, https:\/\/www.univ-guyane.fr\/wp-content\/uploads\/international-venir-a-l-univesite-de-guyane.jpg 1920w\" sizes=\"(max-width: 1024px) 100vw, 1024px\" \/><\/div><\/div><\/div><\/div><\/div><div class=\"bg-overlay\" style=\" background-color: #000000;\" data-opacity=\"0.2\" data-hover-opacity=\"0.1\"><\/div><div class=\"content\"><a class=\"nectar-post-grid-link\" href=\"https:\/\/www.univ-guyane.fr\/en\/international\/venir-a-l-universite-de-guyane\/\" ><span class=\"screen-reader-text\">Venir \u00e0 l\u2019Universit\u00e9 de Guyane<\/span><\/a><div class=\"item-main\"><h3 class=\"post-heading\"><span>Venir \u00e0 l\u2019Universit\u00e9 de Guyane<\/span><\/h3><\/div><\/div><\/div><\/div><\/div><\/div>\n\t\t<\/div> \n\t<\/div>\n\t<\/div> \n<\/div><\/div>\n\t\t\t<\/div> \n\t\t<\/div>\n\t<\/div> \n<\/div><\/div>\n","protected":false},"excerpt":{"rendered":"Studying at the University of French Guiana: a unique international experience with Erasmus+ and Campus...","protected":false},"author":1,"featured_media":12107,"parent":12093,"menu_order":0,"comment_status":"closed","ping_status":"closed","template":"","meta":{"iawp_total_views":6713,"footnotes":""},"categories":[269],"tags":[],"class_list":{"0":"post-12106","1":"page","2":"type-page","3":"status-publish","4":"has-post-thumbnail","6":"category-international-2"},"yoast_head":"<!-- This site is optimized with the Yoast SEO plugin v27.5 - https:\/\/yoast.com\/product\/yoast-seo-wordpress\/ -->\n<title>Partir \u00e0 l&#039;\u00e9tranger &#8212; Universit\u00e9 de Guyane<\/title>\n<meta name=\"description\" content=\"Venez \u00e9tudier \u00e0 l&#039;Universit\u00e9 de Guyane et vivez une exp\u00e9rience internationale unique avec Erasmus+ et Campus France.\" \/>\n<meta name=\"robots\" content=\"index, follow, max-snippet:-1, max-image-preview:large, max-video-preview:-1\" \/>\n<link rel=\"canonical\" href=\"https:\/\/www.univ-guyane.fr\/en\/international\/partir-a-l-etranger\/\" \/>\n<meta property=\"og:locale\" content=\"en_GB\" \/>\n<meta property=\"og:type\" content=\"article\" \/>\n<meta property=\"og:title\" content=\"Partir \u00e0 l&#039;\u00e9tranger &#8212; Universit\u00e9 de Guyane\" \/>\n<meta property=\"og:description\" content=\"Venez \u00e9tudier \u00e0 l&#039;Universit\u00e9 de Guyane et vivez une exp\u00e9rience internationale unique avec Erasmus+ et Campus France.\" \/>\n<meta property=\"og:url\" content=\"https:\/\/www.univ-guyane.fr\/en\/international\/partir-a-l-etranger\/\" \/>\n<meta property=\"og:site_name\" content=\"Universit\u00e9 de Guyane\" \/>\n<meta property=\"article:publisher\" content=\"https:\/\/www.facebook.com\/univguyane\" \/>\n<meta property=\"article:modified_time\" content=\"2025-04-10T13:05:12+00:00\" \/>\n<meta property=\"og:image\" content=\"https:\/\/www.univ-guyane.fr\/wp-content\/uploads\/international-par-a-l-etranger.jpg\" \/>\n\t<meta property=\"og:image:width\" content=\"1920\" \/>\n\t<meta property=\"og:image:height\" content=\"1080\" \/>\n\t<meta property=\"og:image:type\" content=\"image\/jpeg\" \/>\n<meta name=\"twitter:card\" content=\"summary_large_image\" \/>\n<meta name=\"twitter:site\" content=\"@univguyane\" \/>\n<meta name=\"twitter:label1\" content=\"Estimated reading time\" \/>\n\t<meta name=\"twitter:data1\" content=\"7 minutes\" \/>\n<script type=\"application\/ld+json\" class=\"yoast-schema-graph\">{\"@context\":\"https:\\\/\\\/schema.org\",\"@graph\":[{\"@type\":\"WebPage\",\"@id\":\"https:\\\/\\\/www.univ-guyane.fr\\\/international\\\/partir-a-l-etranger\\\/\",\"url\":\"https:\\\/\\\/www.univ-guyane.fr\\\/international\\\/partir-a-l-etranger\\\/\",\"name\":\"Partir \u00e0 l'\u00e9tranger &#8212; Universit\u00e9 de Guyane\",\"isPartOf\":{\"@id\":\"https:\\\/\\\/www.univ-guyane.fr\\\/#website\"},\"primaryImageOfPage\":{\"@id\":\"https:\\\/\\\/www.univ-guyane.fr\\\/international\\\/partir-a-l-etranger\\\/#primaryimage\"},\"image\":{\"@id\":\"https:\\\/\\\/www.univ-guyane.fr\\\/international\\\/partir-a-l-etranger\\\/#primaryimage\"},\"thumbnailUrl\":\"https:\\\/\\\/www.univ-guyane.fr\\\/wp-content\\\/uploads\\\/international-par-a-l-etranger.jpg\",\"datePublished\":\"2025-01-27T13:56:34+00:00\",\"dateModified\":\"2025-04-10T13:05:12+00:00\",\"description\":\"Venez \u00e9tudier \u00e0 l'Universit\u00e9 de Guyane et vivez une exp\u00e9rience internationale unique avec Erasmus+ et Campus France.\",\"breadcrumb\":{\"@id\":\"https:\\\/\\\/www.univ-guyane.fr\\\/international\\\/partir-a-l-etranger\\\/#breadcrumb\"},\"inLanguage\":\"en-GB\",\"potentialAction\":[{\"@type\":\"ReadAction\",\"target\":[\"https:\\\/\\\/www.univ-guyane.fr\\\/international\\\/partir-a-l-etranger\\\/\"]}]},{\"@type\":\"ImageObject\",\"inLanguage\":\"en-GB\",\"@id\":\"https:\\\/\\\/www.univ-guyane.fr\\\/international\\\/partir-a-l-etranger\\\/#primaryimage\",\"url\":\"https:\\\/\\\/www.univ-guyane.fr\\\/wp-content\\\/uploads\\\/international-par-a-l-etranger.jpg\",\"contentUrl\":\"https:\\\/\\\/www.univ-guyane.fr\\\/wp-content\\\/uploads\\\/international-par-a-l-etranger.jpg\",\"width\":1920,\"height\":1080,\"caption\":\"Partir \u00e0 l'\u00e9tranger\"},{\"@type\":\"BreadcrumbList\",\"@id\":\"https:\\\/\\\/www.univ-guyane.fr\\\/international\\\/partir-a-l-etranger\\\/#breadcrumb\",\"itemListElement\":[{\"@type\":\"ListItem\",\"position\":1,\"name\":\"Accueil\",\"item\":\"https:\\\/\\\/www.univ-guyane.fr\\\/\"},{\"@type\":\"ListItem\",\"position\":2,\"name\":\"International\",\"item\":\"https:\\\/\\\/www.univ-guyane.fr\\\/international\\\/\"},{\"@type\":\"ListItem\",\"position\":3,\"name\":\"Partir \u00e0 l&rsquo;\u00e9tranger\"}]},{\"@type\":\"WebSite\",\"@id\":\"https:\\\/\\\/www.univ-guyane.fr\\\/#website\",\"url\":\"https:\\\/\\\/www.univ-guyane.fr\\\/\",\"name\":\"Universit\u00e9 de Guyane\",\"description\":\"Au c\u0153ur de l&#039;amazonie\",\"publisher\":{\"@id\":\"https:\\\/\\\/www.univ-guyane.fr\\\/#organization\"},\"alternateName\":\"UG\",\"potentialAction\":[{\"@type\":\"SearchAction\",\"target\":{\"@type\":\"EntryPoint\",\"urlTemplate\":\"https:\\\/\\\/www.univ-guyane.fr\\\/?s={search_term_string}\"},\"query-input\":{\"@type\":\"PropertyValueSpecification\",\"valueRequired\":true,\"valueName\":\"search_term_string\"}}],\"inLanguage\":\"en-GB\"},{\"@type\":\"Organization\",\"@id\":\"https:\\\/\\\/www.univ-guyane.fr\\\/#organization\",\"name\":\"Universit\u00e9 de Guyane\",\"alternateName\":\"UG\",\"url\":\"https:\\\/\\\/www.univ-guyane.fr\\\/\",\"logo\":{\"@type\":\"ImageObject\",\"inLanguage\":\"en-GB\",\"@id\":\"https:\\\/\\\/www.univ-guyane.fr\\\/#\\\/schema\\\/logo\\\/image\\\/\",\"url\":\"https:\\\/\\\/www.univ-guyane.fr\\\/wp-content\\\/uploads\\\/2024\\\/05\\\/f.png\",\"contentUrl\":\"https:\\\/\\\/www.univ-guyane.fr\\\/wp-content\\\/uploads\\\/2024\\\/05\\\/f.png\",\"width\":1024,\"height\":1024,\"caption\":\"Universit\u00e9 de Guyane\"},\"image\":{\"@id\":\"https:\\\/\\\/www.univ-guyane.fr\\\/#\\\/schema\\\/logo\\\/image\\\/\"},\"sameAs\":[\"https:\\\/\\\/www.facebook.com\\\/univguyane\",\"https:\\\/\\\/x.com\\\/univguyane\",\"https:\\\/\\\/gf.linkedin.com\\\/school\\\/universite-de-guyane\\\/\",\"https:\\\/\\\/www.instagram.com\\\/univ_guyane\\\/\"]}]}<\/script>\n<!-- \/ Yoast SEO plugin. -->","yoast_head_json":{"title":"Going abroad - Universit\u00e9 de Guyane","description":"Come and study at the University of Guyana and enjoy a unique international experience with Erasmus+ and Campus France.","robots":{"index":"index","follow":"follow","max-snippet":"max-snippet:-1","max-image-preview":"max-image-preview:large","max-video-preview":"max-video-preview:-1"},"canonical":"https:\/\/www.univ-guyane.fr\/en\/international\/partir-a-l-etranger\/","og_locale":"en_GB","og_type":"article","og_title":"Partir \u00e0 l'\u00e9tranger &#8212; Universit\u00e9 de Guyane","og_description":"Venez \u00e9tudier \u00e0 l'Universit\u00e9 de Guyane et vivez une exp\u00e9rience internationale unique avec Erasmus+ et Campus France.","og_url":"https:\/\/www.univ-guyane.fr\/en\/international\/partir-a-l-etranger\/","og_site_name":"Universit\u00e9 de Guyane","article_publisher":"https:\/\/www.facebook.com\/univguyane","article_modified_time":"2025-04-10T13:05:12+00:00","og_image":[{"width":1920,"height":1080,"url":"https:\/\/www.univ-guyane.fr\/wp-content\/uploads\/international-par-a-l-etranger.jpg","type":"image\/jpeg"}],"twitter_card":"summary_large_image","twitter_site":"@univguyane","twitter_misc":{"Estimated reading time":"7 minutes"},"schema":{"@context":"https:\/\/schema.org","@graph":[{"@type":"WebPage","@id":"https:\/\/www.univ-guyane.fr\/international\/partir-a-l-etranger\/","url":"https:\/\/www.univ-guyane.fr\/international\/partir-a-l-etranger\/","name":"Going abroad - Universit\u00e9 de Guyane","isPartOf":{"@id":"https:\/\/www.univ-guyane.fr\/#website"},"primaryImageOfPage":{"@id":"https:\/\/www.univ-guyane.fr\/international\/partir-a-l-etranger\/#primaryimage"},"image":{"@id":"https:\/\/www.univ-guyane.fr\/international\/partir-a-l-etranger\/#primaryimage"},"thumbnailUrl":"https:\/\/www.univ-guyane.fr\/wp-content\/uploads\/international-par-a-l-etranger.jpg","datePublished":"2025-01-27T13:56:34+00:00","dateModified":"2025-04-10T13:05:12+00:00","description":"Come and study at the University of Guyana and enjoy a unique international experience with Erasmus+ and Campus France.","breadcrumb":{"@id":"https:\/\/www.univ-guyane.fr\/international\/partir-a-l-etranger\/#breadcrumb"},"inLanguage":"en-GB","potentialAction":[{"@type":"ReadAction","target":["https:\/\/www.univ-guyane.fr\/international\/partir-a-l-etranger\/"]}]},{"@type":"ImageObject","inLanguage":"en-GB","@id":"https:\/\/www.univ-guyane.fr\/international\/partir-a-l-etranger\/#primaryimage","url":"https:\/\/www.univ-guyane.fr\/wp-content\/uploads\/international-par-a-l-etranger.jpg","contentUrl":"https:\/\/www.univ-guyane.fr\/wp-content\/uploads\/international-par-a-l-etranger.jpg","width":1920,"height":1080,"caption":"Partir \u00e0 l'\u00e9tranger"},{"@type":"BreadcrumbList","@id":"https:\/\/www.univ-guyane.fr\/international\/partir-a-l-etranger\/#breadcrumb","itemListElement":[{"@type":"ListItem","position":1,"name":"Accueil","item":"https:\/\/www.univ-guyane.fr\/"},{"@type":"ListItem","position":2,"name":"International","item":"https:\/\/www.univ-guyane.fr\/international\/"},{"@type":"ListItem","position":3,"name":"Partir \u00e0 l&rsquo;\u00e9tranger"}]},{"@type":"WebSite","@id":"https:\/\/www.univ-guyane.fr\/#website","url":"https:\/\/www.univ-guyane.fr\/","name":"University of Guyana","description":"In the heart of Amazonia","publisher":{"@id":"https:\/\/www.univ-guyane.fr\/#organization"},"alternateName":"UG","potentialAction":[{"@type":"SearchAction","target":{"@type":"EntryPoint","urlTemplate":"https:\/\/www.univ-guyane.fr\/?s={search_term_string}"},"query-input":{"@type":"PropertyValueSpecification","valueRequired":true,"valueName":"search_term_string"}}],"inLanguage":"en-GB"},{"@type":"Organization","@id":"https:\/\/www.univ-guyane.fr\/#organization","name":"University of Guyana","alternateName":"UG","url":"https:\/\/www.univ-guyane.fr\/","logo":{"@type":"ImageObject","inLanguage":"en-GB","@id":"https:\/\/www.univ-guyane.fr\/#\/schema\/logo\/image\/","url":"https:\/\/www.univ-guyane.fr\/wp-content\/uploads\/2024\/05\/f.png","contentUrl":"https:\/\/www.univ-guyane.fr\/wp-content\/uploads\/2024\/05\/f.png","width":1024,"height":1024,"caption":"Universit\u00e9 de Guyane"},"image":{"@id":"https:\/\/www.univ-guyane.fr\/#\/schema\/logo\/image\/"},"sameAs":["https:\/\/www.facebook.com\/univguyane","https:\/\/x.com\/univguyane","https:\/\/gf.linkedin.com\/school\/universite-de-guyane\/","https:\/\/www.instagram.com\/univ_guyane\/"]}]}},"_links":{"self":[{"href":"https:\/\/www.univ-guyane.fr\/en\/wp-json\/wp\/v2\/pages\/12106","targetHints":{"allow":["GET"]}}],"collection":[{"href":"https:\/\/www.univ-guyane.fr\/en\/wp-json\/wp\/v2\/pages"}],"about":[{"href":"https:\/\/www.univ-guyane.fr\/en\/wp-json\/wp\/v2\/types\/page"}],"author":[{"embeddable":true,"href":"https:\/\/www.univ-guyane.fr\/en\/wp-json\/wp\/v2\/users\/1"}],"replies":[{"embeddable":true,"href":"https:\/\/www.univ-guyane.fr\/en\/wp-json\/wp\/v2\/comments?post=12106"}],"version-history":[{"count":15,"href":"https:\/\/www.univ-guyane.fr\/en\/wp-json\/wp\/v2\/pages\/12106\/revisions"}],"predecessor-version":[{"id":12674,"href":"https:\/\/www.univ-guyane.fr\/en\/wp-json\/wp\/v2\/pages\/12106\/revisions\/12674"}],"up":[{"embeddable":true,"href":"https:\/\/www.univ-guyane.fr\/en\/wp-json\/wp\/v2\/pages\/12093"}],"wp:featuredmedia":[{"embeddable":true,"href":"https:\/\/www.univ-guyane.fr\/en\/wp-json\/wp\/v2\/media\/12107"}],"wp:attachment":[{"href":"https:\/\/www.univ-guyane.fr\/en\/wp-json\/wp\/v2\/media?parent=12106"}],"wp:term":[{"taxonomy":"category","embeddable":true,"href":"https:\/\/www.univ-guyane.fr\/en\/wp-json\/wp\/v2\/categories?post=12106"},{"taxonomy":"post_tag","embeddable":true,"href":"https:\/\/www.univ-guyane.fr\/en\/wp-json\/wp\/v2\/tags?post=12106"}],"curies":[{"name":"wp","href":"https:\/\/api.w.org\/{rel}","templated":true}]}}