{"id":7629,"date":"2024-05-27T16:11:06","date_gmt":"2024-05-27T19:11:06","guid":{"rendered":"https:\/\/www.univ-guyane.fr\/?page_id=7629"},"modified":"2024-05-29T14:43:36","modified_gmt":"2024-05-29T17:43:36","slug":"master-meef-conseiller-principal-deducation","status":"publish","type":"page","link":"https:\/\/www.univ-guyane.fr\/en\/choisir-sa-formation\/inspe\/master-meef-conseiller-principal-deducation\/","title":{"rendered":"Master MEEF Principal Education Adviser"},"content":{"rendered":"\n\t\t<div id=\"fws_69f30de17dbcb\"  data-column-margin=\"default\" data-midnight=\"dark\"  class=\"wpb_row vc_row-fluid vc_row\"  style=\"padding-top: 0px; padding-bottom: 0px; \"><div class=\"row-bg-wrap\" data-bg-animation=\"none\" data-bg-animation-delay=\"\" data-bg-overlay=\"false\"><div class=\"inner-wrap row-bg-layer\" ><div class=\"row-bg viewport-desktop\"  style=\"\"><\/div><\/div><\/div><div class=\"row_col_wrap_12 col span_12 dark left\">\n\t<div  class=\"vc_col-sm-9 wpb_column column_container vc_column_container col no-extra-padding inherit_tablet inherit_phone \"  data-padding-pos=\"all\" data-has-bg-color=\"false\" data-bg-color=\"\" data-bg-opacity=\"1\" data-animation=\"\" data-delay=\"0\" >\n\t\t<div class=\"vc_column-inner\" >\n\t\t\t<div class=\"wpb_wrapper\">\n\t\t\t\t<div class=\"templatera_shortcode\"><style type=\"text\/css\" data-type=\"vc_shortcodes-custom-css\">.vc_custom_1715531519075{margin-top: 20px !important;margin-bottom: 20px !important;padding-top: 30px !important;padding-right: 30px !important;padding-bottom: 30px !important;padding-left: 30px !important;background-color: #ffe9ac !important;}<\/style><\/div>\n<div class=\"wpb_text_column wpb_content_element  vc_custom_1716836598032\" >\n\t<p><strong>Composante :<\/strong> INSPE<br \/>\n<strong>Domaine :\u00a0<\/strong>SHS<br \/>\n<strong>Mention :\u00a0<\/strong>M\u00e9tiers de l\u2019Enseignement de l\u2019\u00c9ducation et de la Formation (Encadrement \u00e9ducatif)<br \/>\n<strong>Sp\u00e9cialit\u00e9 :\u00a0<\/strong>Conseiller Principal d\u2019\u00c9ducation<br \/>\n<strong>Nature\u00a0:\u00a0<\/strong>\u00a0Formation\u00a0initiale dipl\u00f4mante.<strong><br \/>\nNiveau de sortie\u00a0:<\/strong>\u00a0BAC + 5<br \/>\n<strong>Lieu\u00a0:<\/strong>\u00a0Cayenne (Campus Universitaire de Troubiran)<\/p>\n<\/div>\n\n\n\n<div class=\"toggles accordion\" data-br=\"\" data-starting=\"closed\" data-style=\"minimal\"><div class=\"toggle accent-color\" data-inner-wrap=\"true\"><h3 class=\"toggle-title\"><a href=\"#\" role=\"button\" class=\"nectar-inherit-h3 toggle-heading\"><i role=\"presentation\" class=\"fa fa-plus\"><\/i>Objectifs<\/a><\/h3><div><div class=\"inner-toggle-wrap\">\n<div class=\"wpb_text_column wpb_content_element \" >\n\t<ul style=\"font-weight: 400\">\n<li>Pr\u00e9parer aux \u00e9preuves \u00e9crites et orales du concours externe de recrutement de conseillers principaux d\u2019\u00e9ducation (CPE)<\/li>\n<li>Assurer une formation professionnelle au m\u00e9tier de Conseiller Principal d\u2019Education<\/li>\n<li>Initier \u00e0 la recherche<\/li>\n<li>D\u00e9couverte des structures socio-\u00e9ducatives du territoire<\/li>\n<\/ul>\n<\/div>\n\n\n\n<\/div><\/div><\/div><div class=\"toggle accent-color\" data-inner-wrap=\"true\"><h3 class=\"toggle-title\"><a href=\"#\" role=\"button\" class=\"nectar-inherit-h3 toggle-heading\"><i role=\"presentation\" class=\"fa fa-plus\"><\/i>Comp\u00e9tences vis\u00e9es<\/a><\/h3><div><div class=\"inner-toggle-wrap\">\n<div class=\"wpb_text_column wpb_content_element \" >\n\t<p style=\"font-weight: 400\"><strong>Comp\u00e9tences transversales<\/strong><\/p>\n<ul style=\"font-weight: 400\">\n<li>Acqu\u00e9rir une culture professionnelle commune<\/li>\n<li>Prendre en compte l\u2019adolescent dans sa diversit\u00e9<\/li>\n<li>Etre acteur au sein de la communaut\u00e9 \u00e9ducative ou de la structure socio-\u00e9ducative<\/li>\n<li>Ma\u00eetriser les outils num\u00e9riques et les utiliser dans ses pratiques professionnelles<\/li>\n<li>Pratiquer l\u2019analyse r\u00e9flexive<\/li>\n<\/ul>\n<p style=\"font-weight: 400\"><strong>Comp\u00e9tences Scientifiques et Techniques<\/strong><\/p>\n<ul style=\"font-weight: 400\">\n<li>Appr\u00e9hender la d\u00e9marche de la recherche<\/li>\n<li>Appliquer la m\u00e9thodologie de la conduite de projet<\/li>\n<li>Communiquer en situation professionnelle<\/li>\n<li>Identification des besoins de formation des \u00e9quipes et proposition<\/li>\n<\/ul>\n<p style=\"font-weight: 400\"><strong>Comp\u00e9tences disciplinaires sp\u00e9cifiques<\/strong><\/p>\n<ul style=\"font-weight: 400\">\n<li>Piloter un service<\/li>\n<li>Manager des \u00e9quipes pluri cat\u00e9gorielles<\/li>\n<li>Op\u00e9rationnaliser les missions du CPE<\/li>\n<li>Mettre en \u0153uvre les politiques \u00e9ducatives<\/li>\n<li>Mettre en \u0153uvre des partenariats internes et externes<\/li>\n<li>F\u00e9d\u00e9rer les diff\u00e9rents acteurs autour de projets \u00e9ducatifs<\/li>\n<\/ul>\n<\/div>\n\n\n\n<\/div><\/div><\/div><div class=\"toggle accent-color\" data-inner-wrap=\"true\"><h3 class=\"toggle-title\"><a href=\"#\" role=\"button\" class=\"nectar-inherit-h3 toggle-heading\"><i role=\"presentation\" class=\"fa fa-plus\"><\/i>Admission<\/a><\/h3><div><div class=\"inner-toggle-wrap\">\n<div class=\"wpb_text_column wpb_content_element \" >\n\t<div>\n<p><strong><span lang=\"FR\">Niveau de recrutement :<\/span><\/strong><span lang=\"FR\"> Bac +3 (pour le Master 1) et Bac+4 (pour le Master 2)<i><br \/>\n<\/i><strong>Accessible en : <\/strong>Formation initiale et en alternance (master2)<\/span><\/p>\n<\/div>\n<div>\n<p><strong><span lang=\"FR\">Formation requise<\/span><\/strong><\/p>\n<\/div>\n<div>\n<p><strong><span lang=\"FR\">Master 1\u00a0:<\/span><\/strong><span lang=\"FR\">\u00a0\u00catre titulaire d\u2019un dipl\u00f4me bac+3 ou d\u2019un titre \u00e9quivalent. Cette formation est accessible aux \u00e9tudiants issus des disciplines suivantes : Sciences de l\u2019\u00e9ducation, Droit, Lettres modernes, Histoire, Administration \u00e9conomique et sociale (AES) ou d\u2019autres fili\u00e8res (sur \u00e9tude de dossier et du projet de l\u2019\u00e9tudiant) ou par validation des acquis personnels et professionnels (VAPP).<\/span><\/p>\n<\/div>\n<div>\n<p><strong><span lang=\"FR\">Master 2\u00a0:<\/span><\/strong><span lang=\"FR\"> L\u2019acc\u00e8s \u00e0 la deuxi\u00e8me ann\u00e9e est de plein droit pour tout \u00e9tudiant\u00a0ayant valid\u00e9 la premi\u00e8re ann\u00e9e du master MEEF 2nd degr\u00e9 CPE et titulaire d\u2019un M1 admis au concours CPE.<\/span><\/p>\n<\/div>\n<div>\n<p><strong><span lang=\"FR\">Conditions d\u2019admission<\/span><\/strong><\/p>\n<\/div>\n<div>\n<p><span lang=\"FR\">Les admissions se font sur dossier.<\/span><\/p>\n<\/div>\n<div>\n<p><strong><span lang=\"FR\">Inscriptions<\/span><\/strong><\/p>\n<\/div>\n<div>\n<p><span lang=\"FR\">Les instructions concernant la proc\u00e9dure de candidature sont affich\u00e9es sur le site de l\u2019INSPE durant la campagne annuelle d\u2019admission. Le d\u00e9p\u00f4t des candidatures et l\u2019inscription administrative se font en ligne.<\/span><\/p>\n<\/div>\n<div>\n<p><span lang=\"EN-US\">Site web <\/span><span lang=\"FR\"><a href=\"https:\/\/www.monmaster.gouv.fr\/\"><span lang=\"EN-US\">https:\/\/www.monmaster.gouv.fr\/<\/span><\/a><\/span><\/p>\n<\/div>\n<\/div>\n\n\n\n<\/div><\/div><\/div><div class=\"toggle accent-color\" data-inner-wrap=\"true\"><h3 class=\"toggle-title\"><a href=\"#\" role=\"button\" class=\"nectar-inherit-h3 toggle-heading\"><i role=\"presentation\" class=\"fa fa-plus\"><\/i>Programme<\/a><\/h3><div><div class=\"inner-toggle-wrap\"><div id=\"fws_69f30de17f9d8\" data-midnight=\"\" data-column-margin=\"default\" class=\"wpb_row vc_row-fluid vc_row inner_row\"  style=\"\"><div class=\"row-bg-wrap\"> <div class=\"row-bg\" ><\/div> <\/div><div class=\"row_col_wrap_12_inner col span_12  left\">\n\t<div  class=\"vc_col-sm-6 wpb_column column_container vc_column_container col child_column no-extra-padding inherit_tablet inherit_phone \"   data-padding-pos=\"all\" data-has-bg-color=\"false\" data-bg-color=\"\" data-bg-opacity=\"1\" data-animation=\"\" data-delay=\"0\" >\n\t\t<div class=\"vc_column-inner\" >\n\t\t<div class=\"wpb_wrapper\">\n\t\t\t\n<div class=\"wpb_text_column wpb_content_element \" >\n\t<p style=\"font-weight: 400\"><strong>Master 1 &#8211; Semestre 1<\/strong><\/p>\n<p style=\"font-weight: 400\">UEO 1 Acqu\u00e9rir une culture professionnelle commune. 62H, 7,5 ECTS<br \/>\nUEP1.1 Vie scolaire et l\u00e9gislation 1. 62H, 7 ECTS<br \/>\nUEP1.2 Les publics en contextes 1. 36H, 3 ECTS<br \/>\nUEP1.3 Probl\u00e9matisation des questions \u00e9ducatives 1. 74H, 9,5 ECTS<br \/>\nUEC 1 LVE. 18H, 1,5 ECTS<br \/>\nUEC 2 Utilisation et mise en \u0153uvre du num\u00e9rique dans les enseignements-apprentissages. 12H, 1,5 ECTS<\/p>\n<p style=\"font-weight: 400\"><strong>Semestre 2<\/strong><\/p>\n<p style=\"font-weight: 400\">UEO 2 \u00catre acteur au sein de la communaut\u00e9\u0301 \u00e9ducative. 52H, 8 ECTS<br \/>\nUEP2.1 Vie scolaire et mise en situation professionnelle 2. 38H, 8 ECTS<br \/>\nUEP2.2 Les publics en contexte 2. 36H, 4 ECTS<br \/>\nUEP2.3 Proble\u0301matisation des questions e\u0301ducatives 2. 70H, 7 ECTS<br \/>\nUEC 3 LVE. 18H, 1,5 ECTS<br \/>\nUEC 4 Utilisation et mise en \u0153uvre du num\u00e9rique dans les enseignements-apprentissages. 12H, 1,5 ECTS<\/p>\n<\/div>\n\n\n\n\n\t\t<\/div> \n\t<\/div>\n\t<\/div> \n\n\t<div  class=\"vc_col-sm-6 wpb_column column_container vc_column_container col child_column no-extra-padding inherit_tablet inherit_phone \"   data-padding-pos=\"all\" data-has-bg-color=\"false\" data-bg-color=\"\" data-bg-opacity=\"1\" data-animation=\"\" data-delay=\"0\" >\n\t\t<div class=\"vc_column-inner\" >\n\t\t<div class=\"wpb_wrapper\">\n\t\t\t\n<div class=\"wpb_text_column wpb_content_element \" >\n\t<p style=\"font-weight: 400\"><strong>Master 2 &#8211; Semestre 3<\/strong><\/p>\n<p style=\"font-weight: 400\">UEO3 Prendre en compte l\u2019\u00e9l\u00e8ve dans sa diversit\u00e9\u0301. 42H, 5 ECTS<br \/>\nUEP3.1 Contextualisation et culture professionnelle. 56H, 10 ECTS<br \/>\nUEP3.2 Proble\u0301matisation des questions e\u0301ducatives 3. 82H, 12 ECTS<br \/>\nUEC 5 LVE. 18H, 1,5 ECTS<br \/>\nUEC 6 Utilisation et mise en \u0153uvre du num\u00e9rique dans les enseignements-apprentissages. 12H, 1,5 ECTS<\/p>\n<p style=\"font-weight: 400\"><strong>\u00a0<\/strong><\/p>\n<p style=\"font-weight: 400\"><strong>Semestre 4<\/strong><\/p>\n<p style=\"font-weight: 400\">UEO 4 Se professionnaliser et agir en contexte. 36H, 13,5 ECTS<br \/>\nUEP4.3 Pratique professionnelle 3. 30H, 6,5 ECTS<br \/>\nUEP4.4 Communication professionnelle. 58H, 10 ECTS<\/p>\n<\/div>\n\n\n\n\n\t\t<\/div> \n\t<\/div>\n\t<\/div> \n<\/div><\/div><div id=\"fws_69f30de17fdc4\" data-midnight=\"\" data-column-margin=\"default\" class=\"wpb_row vc_row-fluid vc_row inner_row\"  style=\"\"><div class=\"row-bg-wrap\"> <div class=\"row-bg\" ><\/div> <\/div><div class=\"row_col_wrap_12_inner col span_12  left\">\n\t<div  class=\"vc_col-sm-12 wpb_column column_container vc_column_container col child_column no-extra-padding inherit_tablet inherit_phone \"   data-padding-pos=\"all\" data-has-bg-color=\"false\" data-bg-color=\"\" data-bg-opacity=\"1\" data-animation=\"\" data-delay=\"0\" >\n\t\t<div class=\"vc_column-inner\" >\n\t\t<div class=\"wpb_wrapper\">\n\t\t\t\n<div class=\"wpb_text_column wpb_content_element \" >\n\t<p><strong>Stage<\/strong><\/p>\n<p style=\"font-weight: 400\">Le master 1 peut \u00eatre fait en alternance pour les \u00e9tudiants dont les dossiers sont s\u00e9lectionn\u00e9s\u00a0; en ce cas, l\u2019\u00e9tudiant est en stage deux semaines par mois, en coll\u00e8ge ou en lyc\u00e9e. Il passe progressivement de l\u2019observation \u00e0 la pratique accompagn\u00e9e.<\/p>\n<p style=\"font-weight: 400\">En cursus ordinaire, les M1 et les M2 font chaque semestre un stage de deux semaines dans un \u00e9tablissement scolaire avec un CPE tuteur. Le premier stage de M1 repose d\u2019abord sur de l\u2019observation\u00a0; les autres stages sont des stages de pratique accompagn\u00e9e.<\/p>\n<\/div>\n\n\n\n\n\t\t<\/div> \n\t<\/div>\n\t<\/div> \n<\/div><\/div><\/div><\/div><\/div><div class=\"toggle accent-color\" data-inner-wrap=\"true\"><h3 class=\"toggle-title\"><a href=\"#\" role=\"button\" class=\"nectar-inherit-h3 toggle-heading\"><i role=\"presentation\" class=\"fa fa-plus\"><\/i>D\u00e9bouch\u00e9s<\/a><\/h3><div><div class=\"inner-toggle-wrap\">\n<div class=\"wpb_text_column wpb_content_element \" >\n\t<p style=\"font-weight: 400\"><strong>D\u00e9bouch\u00e9s professionnels<\/strong><\/p>\n<ul style=\"font-weight: 400\">\n<li>Conseiller \/ Conseill\u00e8re Principal(e) d\u2019\u00c9ducation<\/li>\n<li>Direction de service au sein de structure territoriale<\/li>\n<li>Direction d\u2019\u00e9tablissement \u00e0 caract\u00e8re socio-\u00e9ducatif<\/li>\n<\/ul>\n<p style=\"font-weight: 400\"><strong>Secteurs d\u2019activit\u00e9s<\/strong><\/p>\n<ul style=\"font-weight: 400\">\n<li>\u00c9ducation nationale<\/li>\n<li>\u00c9tablissements \u00e0 caract\u00e8re socio-\u00e9ducatif<\/li>\n<\/ul>\n<\/div>\n\n\n\n<\/div><\/div><\/div><div class=\"toggle accent-color\" data-inner-wrap=\"true\"><h3 class=\"toggle-title\"><a href=\"#\" role=\"button\" class=\"nectar-inherit-h3 toggle-heading\"><i role=\"presentation\" class=\"fa fa-plus\"><\/i>Contact<\/a><\/h3><div><div class=\"inner-toggle-wrap\"><div class=\"templatera_shortcode\">\n\t\t<div id=\"fws_69f30de180891\"  data-column-margin=\"default\" data-midnight=\"dark\"  class=\"wpb_row vc_row-fluid vc_row\"  style=\"padding-top: 0px; padding-bottom: 0px; \"><div class=\"row-bg-wrap\" data-bg-animation=\"none\" data-bg-animation-delay=\"\" data-bg-overlay=\"false\"><div class=\"inner-wrap row-bg-layer\" ><div class=\"row-bg viewport-desktop\"  style=\"\"><\/div><\/div><\/div><div class=\"row_col_wrap_12 col span_12 dark left\">\n\t<div  class=\"vc_col-sm-12 wpb_column column_container vc_column_container col no-extra-padding inherit_tablet inherit_phone \"  data-padding-pos=\"all\" data-has-bg-color=\"false\" data-bg-color=\"\" data-bg-opacity=\"1\" data-animation=\"\" data-delay=\"0\" >\n\t\t<div class=\"vc_column-inner\" >\n\t\t\t<div class=\"wpb_wrapper\">\n\t\t\t\t<div id=\"map_69f30de180c68\" style=\"height: 520px;\" class=\"nectar-leaflet-map\" data-infowindow-start-open=\"1\" data-dark-color-scheme=\"\" data-marker-style=\"default\" data-nectar-marker-color=\"accent-color\" data-ultra-flat=\"\" data-greyscale=\"\" data-extra-color=\"\" data-enable-animation=\"false\" data-enable-zoom=\"\" data-zoom-level=\"17\" data-center-lat=\"4.932\" data-center-lng=\"-52.301\" data-marker-img=\"\"><\/div><div class=\"map_69f30de180c68 map-marker-list\"><div class=\"map-marker\" data-marker-image-width=\"50\" data-marker-image-height=\"50\" data-lat=\"4.932\" data-lng=\"-52.301\" data-mapinfo=\"Universit\u00e9 de Guyane\"><\/div><\/div>\n<div class=\"wpb_text_column wpb_content_element \" >\n\t<div class='fluentform ff-inherit-theme-style fluentform_wrapper_9'><form data-form_id=\"9\" id=\"fluentform_9\" class=\"frm-fluent-form fluent_form_9 ff-el-form-top ff_form_instance_9_1 ff-form-loading ffs_inherit_theme\" data-form_instance=\"ff_form_instance_9_1\" method=\"POST\" data-turnstile_key=\"0x4AAAAAAAXVTyiqFRuFu0rs\" ><fieldset  style=\"border: none!important;margin: 0!important;padding: 0!important;background-color: transparent!important;box-shadow: none!important;outline: none!important; min-inline-size: 100%;\">\n                    <legend class=\"ff_screen_reader_title\" style=\"display: block; margin: 0!important;padding: 0!important;height: 0!important;text-indent: -999999px;width: 0!important;overflow:hidden;\">DFPU-contact<\/legend><input type='hidden' name='__fluent_form_embded_post_id' value='7629' \/><input type=\"hidden\" id=\"_fluentform_9_fluentformnonce\" name=\"_fluentform_9_fluentformnonce\" value=\"03bf0c5ecc\" \/><input type=\"hidden\" name=\"_wp_http_referer\" value=\"\/en\/wp-json\/wp\/v2\/pages\/7629\" \/><div data-type=\"name-element\" data-name=\"name_0\" class=\" ff-field_container ff-name-field-wrapper\" ><div class='ff-t-container'><div class='ff-t-cell '><div class='ff-el-group  ff-el-form-top'><div class=\"ff-el-input--label ff-el-is-required asterisk-right\"><label for='ff_9_name_0_first_name_' id='label_ff_9_name_0_first_name_' >Pr\u00e9nom<\/label><\/div><div class='ff-el-input--content'><input type=\"text\" name=\"name_0[first_name]\" id=\"ff_9_name_0_first_name_\" class=\"ff-el-form-control\" placeholder=\"ex. Pierre\" aria-invalid=\"false\" aria-required=true><\/div><\/div><\/div><div class='ff-t-cell '><div class='ff-el-group  ff-el-form-top'><div class=\"ff-el-input--label ff-el-is-required asterisk-right\"><label for='ff_9_name_0_last_name_' id='label_ff_9_name_0_last_name_' >Nom<\/label><\/div><div class='ff-el-input--content'><input type=\"text\" name=\"name_0[last_name]\" id=\"ff_9_name_0_last_name_\" class=\"ff-el-form-control\" placeholder=\"ex. PIROGUI\" aria-invalid=\"false\" aria-required=true><\/div><\/div><\/div><\/div><\/div><div data-name=\"ff_cn_id_1\"  class='ff-t-container ff-column-container ff_columns_total_2 '><div class='ff-t-cell ff-t-column-1' style='flex-basis: 50%;'><div class='ff-el-group'><div class=\"ff-el-input--label ff-el-is-required asterisk-right\"><label for='ff_9_email_1' id='label_ff_9_email_1' aria-label=\"E-mail\">E-mail<\/label><\/div><div class='ff-el-input--content'><input type=\"email\" name=\"email_1\" class=\"ff-el-form-control\" id=\"ff_9_email_1\" placeholder=\"@\" data-name=\"email_1\"  aria-invalid=\"false\" aria-required=true><\/div><\/div><\/div><div class='ff-t-cell ff-t-column-2' style='flex-basis: 50%;'><div class='ff-el-group'><div class=\"ff-el-input--label asterisk-right\"><label for='ff_9_phone_9' id='label_ff_9_phone_9' aria-label=\"T\u00e9l\u00e9phone\">T\u00e9l\u00e9phone<\/label><\/div><div class='ff-el-input--content'><input name=\"phone_9\" id=\"ff_9_phone_9\" class=\"ff-el-form-control ff-el-phone ff_el_with_extended_validation\" placeholder=\"0694 ...\" type=\"tel\" data-name=\"phone_9\" inputmode=\"tel\"  aria-invalid='false' aria-required=false><\/div><\/div><\/div><\/div><div class='ff-el-group'><div class=\"ff-el-input--label ff-el-is-required asterisk-right\"><label for='ff_9_input_text' id='label_ff_9_input_text' aria-label=\"Intitul\u00e9 de la formation\">Intitul\u00e9 de la formation<\/label><\/div><div class='ff-el-input--content'><input type=\"text\" name=\"input_text\" class=\"ff-el-form-control\" data-name=\"input_text\" id=\"ff_9_input_text\"  aria-invalid=\"false\" aria-required=true><\/div><\/div><div class='ff-el-group'><div class=\"ff-el-input--label ff-el-is-required asterisk-right\"><label for='ff_9_textarea_2' id='label_ff_9_textarea_2' aria-label=\"Message\">Message<\/label><\/div><div class='ff-el-input--content'><textarea aria-required=\"true\" aria-labelledby=\"label_ff_9_textarea_2\" name=\"textarea_2\" class=\"ff-el-form-control\" id=\"ff_9_textarea_2\" placeholder=\"Votre message ici\" rows=\"10\" cols=\"2\" data-name=\"textarea_2\" ><\/textarea><\/div><\/div><div class='ff-el-group ' ><div class='ff-el-input--content'><div data-fluent_id='9' name='cf-turnstile-response'><div\n\t\tdata-sitekey='0x4AAAAAAAXVTyiqFRuFu0rs'\n\t\tdata-theme='light'\n\t\tid='fluentform-turnstile-9-1'\n\t\tclass='ff-el-turnstile cf-turnstile'\n\t\tdata-appearance='always'><\/div><\/div><\/div><\/div><div class='ff-el-group ff-text-left ff_submit_btn_wrapper'><button type=\"submit\" class=\"ff-btn ff-btn-submit ff-btn-md ff_btn_no_style\"  aria-label=\"Envoyer\">Envoyer<\/button><\/div><\/fieldset><\/form><div id='fluentform_9_errors' class='ff-errors-in-stack ff_form_instance_9_1 ff-form-loading_errors ff_form_instance_9_1_errors'><\/div><\/div>            <script type=\"text\/javascript\">\n                window.fluent_form_ff_form_instance_9_1 = {\"id\":\"9\",\"settings\":{\"layout\":{\"labelPlacement\":\"top\",\"helpMessagePlacement\":\"with_label\",\"errorMessagePlacement\":\"inline\"},\"restrictions\":{\"denyEmptySubmission\":{\"enabled\":false}}},\"form_instance\":\"ff_form_instance_9_1\",\"form_id_selector\":\"fluentform_9\",\"rules\":{\"name_0[first_name]\":{\"required\":{\"value\":true,\"message\":\"Ce champ est obligatoire\",\"global\":false,\"global_message\":\"Ce champ est obligatoire\"}},\"name_0[]\":{\"required\":{\"value\":false,\"message\":\"Ce champ est obligatoire\",\"global\":false,\"global_message\":\"Ce champ est obligatoire\"}},\"name_0[last_name]\":{\"required\":{\"value\":true,\"message\":\"Ce champ est obligatoire\",\"global\":false,\"global_message\":\"Ce champ est obligatoire\"}},\"email_1\":{\"required\":{\"value\":true,\"message\":\"This field is required\",\"global\":false,\"global_message\":\"Ce champ est obligatoire\"},\"email\":{\"value\":1,\"message\":\"This field must contain a valid email\",\"global\":false,\"global_message\":\"Ce champ doit contenir un e-mail valide\"}},\"phone_9\":{\"required\":{\"value\":false,\"message\":\"Ce champ est obligatoire\",\"global\":false,\"global_message\":\"Ce champ est obligatoire\"},\"valid_phone_number\":{\"value\":true,\"message\":\"Le num\\u00e9ro de t\\u00e9l\\u00e9phone est invalide\",\"global\":false,\"global_message\":\"Le num\\u00e9ro de t\\u00e9l\\u00e9phone n'est pas valide\"}},\"input_text\":{\"required\":{\"value\":true,\"message\":\"Ce champ est obligatoire\",\"global_message\":\"Ce champ est obligatoire\",\"global\":true}},\"textarea_2\":{\"required\":{\"value\":true,\"message\":\"This field is required\",\"global\":false,\"global_message\":\"Ce champ est obligatoire\"}},\"cf-turnstile-response\":[]},\"debounce_time\":300};\n                            <\/script>\n            \n<\/div>\n\n\n\n\n\t\t\t<\/div> \n\t\t<\/div>\n\t<\/div> \n<\/div><\/div><\/div><\/div><\/div><\/div><\/div><div class=\"templatera_shortcode\">\n\t\t<div id=\"fws_69f30de182f8b\"  data-column-margin=\"default\" data-midnight=\"dark\"  class=\"wpb_row vc_row-fluid vc_row\"  style=\"padding-top: 0px; padding-bottom: 0px; \"><div class=\"row-bg-wrap\" data-bg-animation=\"none\" data-bg-animation-delay=\"\" data-bg-overlay=\"false\"><div class=\"inner-wrap row-bg-layer\" ><div class=\"row-bg viewport-desktop\"  style=\"\"><\/div><\/div><\/div><div class=\"row_col_wrap_12 col span_12 dark left\">\n\t<div  class=\"vc_col-sm-12 wpb_column column_container vc_column_container col no-extra-padding inherit_tablet inherit_phone \"  data-padding-pos=\"all\" data-has-bg-color=\"false\" data-bg-color=\"\" data-bg-opacity=\"1\" data-animation=\"\" data-delay=\"0\" >\n\t\t<div class=\"vc_column-inner\" >\n\t\t\t<div class=\"wpb_wrapper\">\n\t\t\t\t<div class='nectar-post-grid-wrap inspe-font-color text-color-dark spacing-10px' data-el-settings='{\"post_type\":\"custom\",\"pagination\":\"none\",\"image_size\":\"large\",\"parallax_scrolling\":\"\",\"aspect_ratio_image_size\":\"\",\"category_position\":\"default\",\"category_display\":\"default\",\"display_categories\":\"0\",\"display_excerpt\":\"0\",\"excerpt_length\":\"20\",\"content_next_to_image_excerpt_pos\":\"default\",\"display_date\":\"0\",\"display_estimated_reading_time\":\"0\",\"display_author\":\"0\",\"author_functionality\":\"default\",\"author_position\":\"default\",\"color_overlay\":\"\",\"color_overlay_opacity\":\"1\",\"color_overlay_hover_opacity\":\"0.7\",\"card_bg_color\":\"\",\"grid_style\":\"content_overlaid\",\"hover_effect\":\"zoom\",\"post_title_overlay\":\"\",\"heading_tag\":\"default\",\"heading_tag_render\":\"default\",\"enable_gallery_lightbox\":\"0\",\"remove_links\":\"0\",\"category_style\":\"underline\",\"overlay_secondary_project_image\":\"\",\"vertical_list_hover_effect\":\"none\",\"vertical_list_read_more\":\"\",\"vertical_list_read_more_style\":\"text\",\"read_more_button\":\"0\",\"animation\":\"zoom-out-reveal\",\"custom_fields\":\"\",\"custom_fields_location\":\"\",\"display_type\":\"grid\",\"text_content_layout\":\"all_bottom_left\"}' data-style='content_overlaid' data-query='{\"post_type\":\"custom\",\"posts_per_page\":\"-1\",\"order\":\"DESC\",\"orderby\":\"title\",\"offset\":\"0\",\"cpt_name\":\"page\",\"custom_query_tax\":\"160\",\"ignore_sticky_posts\":\"\",\"exclude_current_post\":\"\"}' data-load-more-color='black' data-load-more-text='Load More'><div class=\"nectar-post-grid-filters\" data-active-color=\"default\" data-align=\"default\" data-animation=\"zoom-out-reveal\" data-sortable=\"\"><div><a href=\"#\" class=\"active all-filter\" data-filter=\"160\" data-total-count=\"10\">All<\/a><a href=\"#\" data-filter=\"160\" data-total-count=\"10\">INSPE<\/a><\/div><\/div><div class=\"nectar-post-grid custom_font_size_20px text-opacity-1 text-opacity-hover-1 category-position-before-title \" data-indicator=\"\" data-indicator-style=\"default\" data-indicator-text-color=\"#fff\" data-indicator-color=\"#000\" data-indicator-text=\"View\" data-columns=\"2\" data-hover-effect=\"zoom\" data-text-style=\"default\" data-border-radius=\"5px\" data-grid-item-height=\"30vh\" data-grid-spacing=\"10px\" data-text-layout=\"all_bottom_left\" data-text-color=\"dark\" data-text-hover-color=\"dark\" data-shadow-hover=\"\" data-animation=\"zoom-out-reveal\" data-animation-stagger=\"90\" data-cat-click=\"default\" style=\"--post-grid-border-radius:5px;\" ><div class=\"nectar-post-grid-item\" data-post-id=\"7605\" data-has-img=\"true\"> <div class=\"inner\"><div class=\"nectar-post-grid-item-bg-wrap\"><div class=\"nectar-post-grid-item-bg-wrap-inner\"><div class=\"nectar-post-grid-item-bg\"><img decoding=\"async\" width=\"600\" height=\"600\" src=\"https:\/\/www.univ-guyane.fr\/wp-content\/uploads\/formations-inspe-universite-de-guyane-min-thumb.svg\" class=\"attachment-large size-large wp-post-image\" alt=\"couleur INSPE\" \/><\/div><\/div><\/div><div class=\"bg-overlay\"  data-opacity=\"1\" data-hover-opacity=\"0.7\"><\/div><div class=\"content\"><a class=\"nectar-post-grid-link\" href=\"https:\/\/www.univ-guyane.fr\/en\/choisir-sa-formation\/inspe\/master-meef-professeurs-des-ecoles\/\" ><span class=\"screen-reader-text\">Master MEEF Professeurs des \u00e9coles<\/span><\/a><div class=\"item-main\"><h3 class=\"post-heading\"><div class=\"nectar-split-heading custom-trigger\" data-align=\"default\" data-m-align=\"inherit\" data-text-effect=\"default\" data-animation-type=\"line-reveal-by-space\" data-animation-delay=\"\" data-animation-offset=\"\" data-m-rm-animation=\"\" data-stagger=\"true\"><p>Master MEEF Professeurs des \u00e9coles<\/p><\/div><\/h3><\/div><\/div><\/div><\/div><div class=\"nectar-post-grid-item\" data-post-id=\"7641\" data-has-img=\"true\"> <div class=\"inner\"><div class=\"nectar-post-grid-item-bg-wrap\"><div class=\"nectar-post-grid-item-bg-wrap-inner\"><div class=\"nectar-post-grid-item-bg\"><img decoding=\"async\" width=\"600\" height=\"600\" src=\"https:\/\/www.univ-guyane.fr\/wp-content\/uploads\/formations-inspe-universite-de-guyane-min-thumb.svg\" class=\"attachment-large size-large wp-post-image\" alt=\"couleur INSPE\" \/><\/div><\/div><\/div><div class=\"bg-overlay\"  data-opacity=\"1\" data-hover-opacity=\"0.7\"><\/div><div class=\"content\"><a class=\"nectar-post-grid-link\" href=\"https:\/\/www.univ-guyane.fr\/en\/choisir-sa-formation\/inspe\/master-meef-professeur-de-lycees-et-colleges-mathematiques\/\" ><span class=\"screen-reader-text\">Master MEEF Professeur de Lyc\u00e9es et Coll\u00e8ges Math\u00e9matiques<\/span><\/a><div class=\"item-main\"><h3 class=\"post-heading\"><div class=\"nectar-split-heading custom-trigger\" data-align=\"default\" data-m-align=\"inherit\" data-text-effect=\"default\" data-animation-type=\"line-reveal-by-space\" data-animation-delay=\"\" data-animation-offset=\"\" data-m-rm-animation=\"\" data-stagger=\"true\"><p>Master MEEF Professeur de Lyc\u00e9es et Coll\u00e8ges Math\u00e9matiques<\/p><\/div><\/h3><\/div><\/div><\/div><\/div><div class=\"nectar-post-grid-item\" data-post-id=\"7637\" data-has-img=\"true\"> <div class=\"inner\"><div class=\"nectar-post-grid-item-bg-wrap\"><div class=\"nectar-post-grid-item-bg-wrap-inner\"><div class=\"nectar-post-grid-item-bg\"><img decoding=\"async\" width=\"600\" height=\"600\" src=\"https:\/\/www.univ-guyane.fr\/wp-content\/uploads\/formations-inspe-universite-de-guyane-min-thumb.svg\" class=\"attachment-large size-large wp-post-image\" alt=\"couleur INSPE\" \/><\/div><\/div><\/div><div class=\"bg-overlay\"  data-opacity=\"1\" data-hover-opacity=\"0.7\"><\/div><div class=\"content\"><a class=\"nectar-post-grid-link\" href=\"https:\/\/www.univ-guyane.fr\/en\/choisir-sa-formation\/inspe\/master-meef-professeur-de-lycees-et-colleges-lettres-modernes\/\" ><span class=\"screen-reader-text\">Master MEEF Professeur de Lyc\u00e9es et Coll\u00e8ges Lettres Modernes<\/span><\/a><div class=\"item-main\"><h3 class=\"post-heading\"><div class=\"nectar-split-heading custom-trigger\" data-align=\"default\" data-m-align=\"inherit\" data-text-effect=\"default\" data-animation-type=\"line-reveal-by-space\" data-animation-delay=\"\" data-animation-offset=\"\" data-m-rm-animation=\"\" data-stagger=\"true\"><p>Master MEEF Professeur de Lyc\u00e9es et Coll\u00e8ges Lettres Modernes<\/p><\/div><\/h3><\/div><\/div><\/div><\/div><div class=\"nectar-post-grid-item\" data-post-id=\"7634\" data-has-img=\"true\"> <div class=\"inner\"><div class=\"nectar-post-grid-item-bg-wrap\"><div class=\"nectar-post-grid-item-bg-wrap-inner\"><div class=\"nectar-post-grid-item-bg\"><img decoding=\"async\" width=\"600\" height=\"600\" src=\"https:\/\/www.univ-guyane.fr\/wp-content\/uploads\/formations-inspe-universite-de-guyane-min-thumb.svg\" class=\"attachment-large size-large wp-post-image\" alt=\"couleur INSPE\" \/><\/div><\/div><\/div><div class=\"bg-overlay\"  data-opacity=\"1\" data-hover-opacity=\"0.7\"><\/div><div class=\"content\"><a class=\"nectar-post-grid-link\" href=\"https:\/\/www.univ-guyane.fr\/en\/choisir-sa-formation\/inspe\/master-meef-professeur-de-lycees-et-colleges-anglais\/\" ><span class=\"screen-reader-text\">Master MEEF Professeur de Lyc\u00e9es et Coll\u00e8ges Anglais<\/span><\/a><div class=\"item-main\"><h3 class=\"post-heading\"><div class=\"nectar-split-heading custom-trigger\" data-align=\"default\" data-m-align=\"inherit\" data-text-effect=\"default\" data-animation-type=\"line-reveal-by-space\" data-animation-delay=\"\" data-animation-offset=\"\" data-m-rm-animation=\"\" data-stagger=\"true\"><p>Master MEEF Professeur de Lyc\u00e9es et Coll\u00e8ges Anglais<\/p><\/div><\/h3><\/div><\/div><\/div><\/div><div class=\"nectar-post-grid-item\" data-post-id=\"7618\" data-has-img=\"true\"> <div class=\"inner\"><div class=\"nectar-post-grid-item-bg-wrap\"><div class=\"nectar-post-grid-item-bg-wrap-inner\"><div class=\"nectar-post-grid-item-bg\"><img decoding=\"async\" width=\"600\" height=\"600\" src=\"https:\/\/www.univ-guyane.fr\/wp-content\/uploads\/formations-inspe-universite-de-guyane-min-thumb.svg\" class=\"attachment-large size-large wp-post-image\" alt=\"couleur INSPE\" \/><\/div><\/div><\/div><div class=\"bg-overlay\"  data-opacity=\"1\" data-hover-opacity=\"0.7\"><\/div><div class=\"content\"><a class=\"nectar-post-grid-link\" href=\"https:\/\/www.univ-guyane.fr\/en\/choisir-sa-formation\/inspe\/master-meef-pratique-et-ingenierie-de-leducation-du-travail-et-de-laction-social\/\" ><span class=\"screen-reader-text\">Master MEEF Pratique et Ing\u00e9nierie de l\u2019\u00c9ducation, du Travail et de l\u2019Action Social<\/span><\/a><div class=\"item-main\"><h3 class=\"post-heading\"><div class=\"nectar-split-heading custom-trigger\" data-align=\"default\" data-m-align=\"inherit\" data-text-effect=\"default\" data-animation-type=\"line-reveal-by-space\" data-animation-delay=\"\" data-animation-offset=\"\" data-m-rm-animation=\"\" data-stagger=\"true\"><p>Master MEEF Pratique et Ing\u00e9nierie de l\u2019\u00c9ducation, du Travail et de l\u2019Action Social<\/p><\/div><\/h3><\/div><\/div><\/div><\/div><div class=\"nectar-post-grid-item\" data-post-id=\"7632\" data-has-img=\"true\"> <div class=\"inner\"><div class=\"nectar-post-grid-item-bg-wrap\"><div class=\"nectar-post-grid-item-bg-wrap-inner\"><div class=\"nectar-post-grid-item-bg\"><img decoding=\"async\" width=\"600\" height=\"600\" src=\"https:\/\/www.univ-guyane.fr\/wp-content\/uploads\/formations-inspe-universite-de-guyane-min-thumb.svg\" class=\"attachment-large size-large wp-post-image\" alt=\"couleur INSPE\" \/><\/div><\/div><\/div><div class=\"bg-overlay\"  data-opacity=\"1\" data-hover-opacity=\"0.7\"><\/div><div class=\"content\"><a class=\"nectar-post-grid-link\" href=\"https:\/\/www.univ-guyane.fr\/en\/choisir-sa-formation\/inspe\/master-meef-ingenierie-de-la-communication-et-de-la-mediation-scientifique\/\" ><span class=\"screen-reader-text\">Master MEEF Ing\u00e9nierie de la Communication et de la M\u00e9diation Scientifique<\/span><\/a><div class=\"item-main\"><h3 class=\"post-heading\"><div class=\"nectar-split-heading custom-trigger\" data-align=\"default\" data-m-align=\"inherit\" data-text-effect=\"default\" data-animation-type=\"line-reveal-by-space\" data-animation-delay=\"\" data-animation-offset=\"\" data-m-rm-animation=\"\" data-stagger=\"true\"><p>Master MEEF Ing\u00e9nierie de la Communication et de la M\u00e9diation Scientifique<\/p><\/div><\/h3><\/div><\/div><\/div><\/div><div class=\"nectar-post-grid-item\" data-post-id=\"7612\" data-has-img=\"true\"> <div class=\"inner\"><div class=\"nectar-post-grid-item-bg-wrap\"><div class=\"nectar-post-grid-item-bg-wrap-inner\"><div class=\"nectar-post-grid-item-bg\"><img decoding=\"async\" width=\"600\" height=\"600\" src=\"https:\/\/www.univ-guyane.fr\/wp-content\/uploads\/formations-inspe-universite-de-guyane-min-thumb.svg\" class=\"attachment-large size-large wp-post-image\" alt=\"couleur INSPE\" \/><\/div><\/div><\/div><div class=\"bg-overlay\"  data-opacity=\"1\" data-hover-opacity=\"0.7\"><\/div><div class=\"content\"><a class=\"nectar-post-grid-link\" href=\"https:\/\/www.univ-guyane.fr\/en\/choisir-sa-formation\/inspe\/master-meef-histoire-geographie\/\" ><span class=\"screen-reader-text\">Master MEEF Histoire-g\u00e9ographie<\/span><\/a><div class=\"item-main\"><h3 class=\"post-heading\"><div class=\"nectar-split-heading custom-trigger\" data-align=\"default\" data-m-align=\"inherit\" data-text-effect=\"default\" data-animation-type=\"line-reveal-by-space\" data-animation-delay=\"\" data-animation-offset=\"\" data-m-rm-animation=\"\" data-stagger=\"true\"><p>Master MEEF Histoire-g\u00e9ographie<\/p><\/div><\/h3><\/div><\/div><\/div><\/div><div class=\"nectar-post-grid-item\" data-post-id=\"7629\" data-has-img=\"true\"> <div class=\"inner\"><div class=\"nectar-post-grid-item-bg-wrap\"><div class=\"nectar-post-grid-item-bg-wrap-inner\"><div class=\"nectar-post-grid-item-bg\"><img decoding=\"async\" width=\"600\" height=\"600\" src=\"https:\/\/www.univ-guyane.fr\/wp-content\/uploads\/formations-inspe-universite-de-guyane-min-thumb.svg\" class=\"attachment-large size-large wp-post-image\" alt=\"couleur INSPE\" \/><\/div><\/div><\/div><div class=\"bg-overlay\"  data-opacity=\"1\" data-hover-opacity=\"0.7\"><\/div><div class=\"content\"><a class=\"nectar-post-grid-link\" href=\"https:\/\/www.univ-guyane.fr\/en\/choisir-sa-formation\/inspe\/master-meef-conseiller-principal-deducation\/\" ><span class=\"screen-reader-text\">Master MEEF Conseiller principal d&rsquo;\u00e9ducation<\/span><\/a><div class=\"item-main\"><h3 class=\"post-heading\"><div class=\"nectar-split-heading custom-trigger\" data-align=\"default\" data-m-align=\"inherit\" data-text-effect=\"default\" data-animation-type=\"line-reveal-by-space\" data-animation-delay=\"\" data-animation-offset=\"\" data-m-rm-animation=\"\" data-stagger=\"true\"><p>Master MEEF Conseiller principal d&rsquo;\u00e9ducation<\/p><\/div><\/h3><\/div><\/div><\/div><\/div><div class=\"nectar-post-grid-item\" data-post-id=\"13116\" data-has-img=\"true\"> <div class=\"inner\"><div class=\"nectar-post-grid-item-bg-wrap\"><div class=\"nectar-post-grid-item-bg-wrap-inner\"><div class=\"nectar-post-grid-item-bg\"><img decoding=\"async\" width=\"600\" height=\"600\" src=\"https:\/\/www.univ-guyane.fr\/wp-content\/uploads\/formations-inspe-universite-de-guyane-min-thumb.svg\" class=\"attachment-large size-large wp-post-image\" alt=\"couleur INSPE\" \/><\/div><\/div><\/div><div class=\"bg-overlay\"  data-opacity=\"1\" data-hover-opacity=\"0.7\"><\/div><div class=\"content\"><a class=\"nectar-post-grid-link\" href=\"https:\/\/www.univ-guyane.fr\/en\/choisir-sa-formation\/formation-continue\/du-professorat-des-ecoles\/\" ><span class=\"screen-reader-text\">DU Professorat des \u00c9coles<\/span><\/a><div class=\"item-main\"><h3 class=\"post-heading\"><div class=\"nectar-split-heading custom-trigger\" data-align=\"default\" data-m-align=\"inherit\" data-text-effect=\"default\" data-animation-type=\"line-reveal-by-space\" data-animation-delay=\"\" data-animation-offset=\"\" data-m-rm-animation=\"\" data-stagger=\"true\"><p>DU Professorat des \u00c9coles<\/p><\/div><\/h3><\/div><\/div><\/div><\/div><div class=\"nectar-post-grid-item\" data-post-id=\"13112\" data-has-img=\"true\"> <div class=\"inner\"><div class=\"nectar-post-grid-item-bg-wrap\"><div class=\"nectar-post-grid-item-bg-wrap-inner\"><div class=\"nectar-post-grid-item-bg\"><img decoding=\"async\" width=\"600\" height=\"600\" src=\"https:\/\/www.univ-guyane.fr\/wp-content\/uploads\/formations-inspe-universite-de-guyane-min-thumb.svg\" class=\"attachment-large size-large wp-post-image\" alt=\"couleur INSPE\" \/><\/div><\/div><\/div><div class=\"bg-overlay\"  data-opacity=\"1\" data-hover-opacity=\"0.7\"><\/div><div class=\"content\"><a class=\"nectar-post-grid-link\" href=\"https:\/\/www.univ-guyane.fr\/en\/choisir-sa-formation\/formation-continue\/du-conseiller-principal-deducation\/\" ><span class=\"screen-reader-text\">DU Conseiller Principal d\u2019\u00c9ducation<\/span><\/a><div class=\"item-main\"><h3 class=\"post-heading\"><div class=\"nectar-split-heading custom-trigger\" data-align=\"default\" data-m-align=\"inherit\" data-text-effect=\"default\" data-animation-type=\"line-reveal-by-space\" data-animation-delay=\"\" data-animation-offset=\"\" data-m-rm-animation=\"\" data-stagger=\"true\"><p>DU Conseiller Principal d\u2019\u00c9ducation<\/p><\/div><\/h3><\/div><\/div><\/div><\/div><\/div><\/div>\n\t\t\t<\/div> \n\t\t<\/div>\n\t<\/div> \n<\/div><\/div><\/div>\n\t\t\t<\/div> \n\t\t<\/div>\n\t<\/div> \n\n\t<div  class=\"vc_col-sm-3 wpb_column column_container vc_column_container col no-extra-padding inherit_tablet inherit_phone \"  data-padding-pos=\"all\" data-has-bg-color=\"false\" data-bg-color=\"\" data-bg-opacity=\"1\" data-animation=\"\" data-delay=\"0\" >\n\t\t<div class=\"vc_column-inner\" >\n\t\t\t<div class=\"wpb_wrapper\">\n\t\t\t\t<div class=\"templatera_shortcode\">\n\t\t<div id=\"fws_69f30de187946\"  data-column-margin=\"default\" data-midnight=\"dark\"  class=\"wpb_row vc_row-fluid vc_row\"  style=\"padding-top: 0px; padding-bottom: 0px; \"><div class=\"row-bg-wrap\" data-bg-animation=\"none\" data-bg-animation-delay=\"\" data-bg-overlay=\"false\"><div class=\"inner-wrap row-bg-layer\" ><div class=\"row-bg viewport-desktop\"  style=\"\"><\/div><\/div><\/div><div class=\"row_col_wrap_12 col span_12 dark left\">\n\t<div  class=\"vc_col-sm-12 infos-structure wpb_column column_container vc_column_container col border_left_desktop_1px border_color_cccccc border_style_solid left_padding_desktop_30px \"  data-padding-pos=\"all\" data-has-bg-color=\"false\" data-bg-color=\"\" data-bg-opacity=\"1\" data-animation=\"\" data-delay=\"0\" >\n\t\t<div class=\"vc_column-inner\" >\n\t\t\t<div class=\"wpb_wrapper\">\n\t\t\t\t\n<div class=\"wpb_text_column wpb_content_element \" >\n\t<h2>INSP\u00c9<\/h2>\n<h3>Institut National Sup\u00e9rieur du Professorat et de l\u2019\u00c9ducation<\/h3>\n<\/div>\n\n\n\n<div class=\"toggles accordion\" data-br=\"\" data-starting=\"closed\" data-style=\"minimal\"><div class=\"toggle accent-color\" data-inner-wrap=\"true\"><h3 class=\"toggle-title\"><a href=\"#\" role=\"button\" class=\"toggle-heading\"><i role=\"presentation\" class=\"fa fa-plus\"><\/i>Direction<\/a><\/h3><div><div class=\"inner-toggle-wrap\">\n<div class=\"wpb_text_column wpb_content_element \" >\n\t<p>Ren\u00e9-Serge de NEEF<br \/>\n<em>Directeur <\/em><br \/>\n\u2014<br \/>\nMme Marie-Felide FAFARD<br \/>\n<em>Directrice adjointe<\/em><br \/>\n\u2014<br \/>\nTh\u00e9ophile M\u00c9HINTO<br \/>\n<em>Directeur adjoint<\/em><br \/>\n\u2014<br \/>\nMme Isabel TRAVECEDO<br \/>\nAssistante de direction<\/p>\n<\/div>\n\n\n\n<\/div><\/div><\/div><div class=\"toggle accent-color\" data-inner-wrap=\"true\"><h3 class=\"toggle-title\"><a href=\"#\" role=\"button\" class=\"toggle-heading\"><i role=\"presentation\" class=\"fa fa-plus\"><\/i>Scolarit\u00e9<\/a><\/h3><div><div class=\"inner-toggle-wrap\">\n<div class=\"wpb_text_column wpb_content_element \" >\n\t<p>Mme Mathilde SABAYO<br \/>\n<em>Responsable P\u00f4le scolarit\u00e9 et examens<\/em><br \/>\n\u2014<br \/>\nMme Loriane BISWANE<br \/>\n<em>Secr\u00e9taire p\u00e9dagogique<\/em><br \/>\n\u2014<br \/>\nMme Elodie FAUBERT<br \/>\n<em>Secr\u00e9taire p\u00e9dagogique<\/em><\/p>\n<\/div>\n\n\n\n<\/div><\/div><\/div><div class=\"toggle accent-color\" data-inner-wrap=\"true\"><h3 class=\"toggle-title\"><a href=\"#\" role=\"button\" class=\"toggle-heading\"><i role=\"presentation\" class=\"fa fa-plus\"><\/i>Administration<\/a><\/h3><div><div class=\"inner-toggle-wrap\">\n<div class=\"wpb_text_column wpb_content_element \" >\n\t<p>Mme Louisiane PERREIRA<br \/>\n<em>Responsable P\u00f4le EDT\/Gestion des heures\/RH<\/em><br \/>\n\u2014<br \/>\nMme Stella LEONARD<br \/>\n<em>Adjointe administrative polyvalente<\/em><br \/>\n\u2014<br \/>\nMme Isabelle BOUDOT-SABATIER<br \/>\n<em>Gestionnaire p\u00f4le transversal : comptable, financi\u00e8re et logistique<\/em><br \/>\n\u2014<br \/>\nMme H\u00e9rina DORMILUS<br \/>\n<em>Agente polyvalente SLM<\/em><\/p>\n<\/div>\n\n\n\n<\/div><\/div><\/div><div class=\"toggle accent-color\" data-inner-wrap=\"true\"><h3 class=\"toggle-title\"><a href=\"#\" role=\"button\" class=\"toggle-heading\"><i role=\"presentation\" class=\"fa fa-plus\"><\/i>Fili\u00e8res<\/a><\/h3><div><div class=\"inner-toggle-wrap\">\n<div class=\"wpb_text_column wpb_content_element \" >\n\t<p>Mme Roc\u00edo MUNGUIA AGUILAR<br \/>\n<em>Responsable de la mention 1er degr\u00e9<\/em><br \/>\n\u2014<br \/>\nM. Lo\u00efc MARIE-MAGDELEINE<br \/>\n<em>Responsable de parcours MEEF anglais 2nd degr\u00e9<\/em><br \/>\n\u2014<br \/>\nM. Jean MOOMOU<br \/>\n<em>Responsable de parcours MEEF histoire-g\u00e9ographie 2nd degr\u00e9<\/em><br \/>\n\u2014<br \/>\nMme Am\u00e9lie GUIANVARC\u2019H<br \/>\n\u2014<br \/>\nMme Martine BUFFET<br \/>\n<em>Responsables de parcours MEEF lettres modernes 2nd degr\u00e9<\/em><\/p>\n<p>M. William DIMBOUR<br \/>\n<em>Responsable de parcours MEEF math\u00e9matiques 2nd degr\u00e9<\/em><br \/>\n\u2014<br \/>\nMme Isabelle HIDAIR-KRIVSKY<br \/>\n<em>Responsable de parcours MEEF PIETAS - Pratique et ing\u00e9nierie de l\u2019\u00e9ducation, du travail et de l\u2019action social <\/em><br \/>\n\u2014<br \/>\nMme Jeannine HO-A-SIM<br \/>\n<em>Responsable de parcours MEEF Conseiller principal d\u2019\u00e9ducation<\/em><br \/>\n\u2014<br \/>\nM. Th\u00e9ophile M\u00c9HINTO<br \/>\n<em>Responsable de parcours MEEF ICMS \u2013 Ing\u00e9nierie de la communication et de la m\u00e9diation social<\/em><\/p>\n<\/div>\n\n\n\n<\/div><\/div><\/div><div class=\"toggle accent-color\" data-inner-wrap=\"true\"><h3 class=\"toggle-title\"><a href=\"#\" role=\"button\" class=\"toggle-heading\"><i role=\"presentation\" class=\"fa fa-plus\"><\/i>R\u00e9ception<\/a><\/h3><div><div class=\"inner-toggle-wrap\">\n<div class=\"wpb_text_column wpb_content_element \" >\n\t<p>B\u00e2timent A<br \/>\nCampus de Troubiran<br \/>\n97300 Cayenne<\/p>\n<\/div>\n\n\n\n<\/div><\/div><\/div><\/div>\n\t\t\t<\/div> \n\t\t<\/div>\n\t<\/div> \n<\/div><\/div><\/div>\n\t\t\t<\/div> \n\t\t<\/div>\n\t<\/div> \n<\/div><\/div>\n","protected":false},"excerpt":{"rendered":"Component : Education Sciences Field: Principal Education Adviser (CPE) Specialism: Education Nature...","protected":false},"author":1,"featured_media":7759,"parent":6127,"menu_order":0,"comment_status":"closed","ping_status":"closed","template":"","meta":{"iawp_total_views":1569,"footnotes":""},"categories":[217,118,160,86],"tags":[],"class_list":{"0":"post-7629","1":"page","2":"type-page","3":"status-publish","4":"has-post-thumbnail","6":"category-cayenne-formations","7":"category-enseignement-et-formation","8":"category-inspe-formations","9":"category-master"},"yoast_head":"<!-- This site is optimized with the Yoast SEO plugin v27.5 - https:\/\/yoast.com\/product\/yoast-seo-wordpress\/ -->\n<title>Master MEEF Conseiller principal d&#039;\u00e9ducation &#8212; Universit\u00e9 de Guyane<\/title>\n<meta name=\"robots\" content=\"index, follow, max-snippet:-1, max-image-preview:large, max-video-preview:-1\" \/>\n<link rel=\"canonical\" href=\"https:\/\/www.univ-guyane.fr\/en\/choisir-sa-formation\/inspe\/master-meef-conseiller-principal-deducation\/\" \/>\n<meta property=\"og:locale\" content=\"en_GB\" \/>\n<meta property=\"og:type\" content=\"article\" \/>\n<meta property=\"og:title\" content=\"Master MEEF Conseiller principal d&#039;\u00e9ducation &#8212; Universit\u00e9 de Guyane\" \/>\n<meta property=\"og:url\" content=\"https:\/\/www.univ-guyane.fr\/en\/choisir-sa-formation\/inspe\/master-meef-conseiller-principal-deducation\/\" \/>\n<meta property=\"og:site_name\" content=\"Universit\u00e9 de Guyane\" \/>\n<meta property=\"article:publisher\" content=\"https:\/\/www.facebook.com\/univguyane\" \/>\n<meta property=\"article:modified_time\" content=\"2024-05-29T17:43:36+00:00\" \/>\n<meta property=\"og:image\" content=\"https:\/\/www.univ-guyane.fr\/wp-content\/uploads\/www-site-universite-de-guyane.jpg\" \/>\n\t<meta property=\"og:image:width\" content=\"1200\" \/>\n\t<meta property=\"og:image:height\" content=\"653\" \/>\n\t<meta property=\"og:image:type\" content=\"image\/jpeg\" \/>\n<meta name=\"twitter:card\" content=\"summary_large_image\" \/>\n<meta name=\"twitter:site\" content=\"@univguyane\" \/>\n<meta name=\"twitter:label1\" content=\"Estimated reading time\" \/>\n\t<meta name=\"twitter:data1\" content=\"5 minutes\" \/>\n<script type=\"application\/ld+json\" class=\"yoast-schema-graph\">{\"@context\":\"https:\\\/\\\/schema.org\",\"@graph\":[{\"@type\":\"WebPage\",\"@id\":\"https:\\\/\\\/www.univ-guyane.fr\\\/choisir-sa-formation\\\/inspe\\\/master-meef-conseiller-principal-deducation\\\/\",\"url\":\"https:\\\/\\\/www.univ-guyane.fr\\\/choisir-sa-formation\\\/inspe\\\/master-meef-conseiller-principal-deducation\\\/\",\"name\":\"Master MEEF Conseiller principal d'\u00e9ducation &#8212; Universit\u00e9 de Guyane\",\"isPartOf\":{\"@id\":\"https:\\\/\\\/www.univ-guyane.fr\\\/#website\"},\"primaryImageOfPage\":{\"@id\":\"https:\\\/\\\/www.univ-guyane.fr\\\/choisir-sa-formation\\\/inspe\\\/master-meef-conseiller-principal-deducation\\\/#primaryimage\"},\"image\":{\"@id\":\"https:\\\/\\\/www.univ-guyane.fr\\\/choisir-sa-formation\\\/inspe\\\/master-meef-conseiller-principal-deducation\\\/#primaryimage\"},\"thumbnailUrl\":\"https:\\\/\\\/www.univ-guyane.fr\\\/wp-content\\\/uploads\\\/formations-inspe-universite-de-guyane-min-thumb.svg\",\"datePublished\":\"2024-05-27T19:11:06+00:00\",\"dateModified\":\"2024-05-29T17:43:36+00:00\",\"breadcrumb\":{\"@id\":\"https:\\\/\\\/www.univ-guyane.fr\\\/choisir-sa-formation\\\/inspe\\\/master-meef-conseiller-principal-deducation\\\/#breadcrumb\"},\"inLanguage\":\"en-GB\",\"potentialAction\":[{\"@type\":\"ReadAction\",\"target\":[\"https:\\\/\\\/www.univ-guyane.fr\\\/choisir-sa-formation\\\/inspe\\\/master-meef-conseiller-principal-deducation\\\/\"]}]},{\"@type\":\"ImageObject\",\"inLanguage\":\"en-GB\",\"@id\":\"https:\\\/\\\/www.univ-guyane.fr\\\/choisir-sa-formation\\\/inspe\\\/master-meef-conseiller-principal-deducation\\\/#primaryimage\",\"url\":\"https:\\\/\\\/www.univ-guyane.fr\\\/wp-content\\\/uploads\\\/formations-inspe-universite-de-guyane-min-thumb.svg\",\"contentUrl\":\"https:\\\/\\\/www.univ-guyane.fr\\\/wp-content\\\/uploads\\\/formations-inspe-universite-de-guyane-min-thumb.svg\",\"caption\":\"couleur INSPE\"},{\"@type\":\"BreadcrumbList\",\"@id\":\"https:\\\/\\\/www.univ-guyane.fr\\\/choisir-sa-formation\\\/inspe\\\/master-meef-conseiller-principal-deducation\\\/#breadcrumb\",\"itemListElement\":[{\"@type\":\"ListItem\",\"position\":1,\"name\":\"Accueil\",\"item\":\"https:\\\/\\\/www.univ-guyane.fr\\\/\"},{\"@type\":\"ListItem\",\"position\":2,\"name\":\"Choisir sa formation\",\"item\":\"https:\\\/\\\/www.univ-guyane.fr\\\/choisir-sa-formation\\\/\"},{\"@type\":\"ListItem\",\"position\":3,\"name\":\"Institut National Sup\u00e9rieur du Professorat et de l&rsquo;\u00c9ducation &#8211; INSP\u00c9\",\"item\":\"https:\\\/\\\/www.univ-guyane.fr\\\/choisir-sa-formation\\\/inspe\\\/\"},{\"@type\":\"ListItem\",\"position\":4,\"name\":\"Master MEEF Conseiller principal d&rsquo;\u00e9ducation\"}]},{\"@type\":\"WebSite\",\"@id\":\"https:\\\/\\\/www.univ-guyane.fr\\\/#website\",\"url\":\"https:\\\/\\\/www.univ-guyane.fr\\\/\",\"name\":\"Universit\u00e9 de Guyane\",\"description\":\"Au c\u0153ur de l&#039;amazonie\",\"publisher\":{\"@id\":\"https:\\\/\\\/www.univ-guyane.fr\\\/#organization\"},\"alternateName\":\"UG\",\"potentialAction\":[{\"@type\":\"SearchAction\",\"target\":{\"@type\":\"EntryPoint\",\"urlTemplate\":\"https:\\\/\\\/www.univ-guyane.fr\\\/?s={search_term_string}\"},\"query-input\":{\"@type\":\"PropertyValueSpecification\",\"valueRequired\":true,\"valueName\":\"search_term_string\"}}],\"inLanguage\":\"en-GB\"},{\"@type\":\"Organization\",\"@id\":\"https:\\\/\\\/www.univ-guyane.fr\\\/#organization\",\"name\":\"Universit\u00e9 de Guyane\",\"alternateName\":\"UG\",\"url\":\"https:\\\/\\\/www.univ-guyane.fr\\\/\",\"logo\":{\"@type\":\"ImageObject\",\"inLanguage\":\"en-GB\",\"@id\":\"https:\\\/\\\/www.univ-guyane.fr\\\/#\\\/schema\\\/logo\\\/image\\\/\",\"url\":\"https:\\\/\\\/www.univ-guyane.fr\\\/wp-content\\\/uploads\\\/2024\\\/05\\\/f.png\",\"contentUrl\":\"https:\\\/\\\/www.univ-guyane.fr\\\/wp-content\\\/uploads\\\/2024\\\/05\\\/f.png\",\"width\":1024,\"height\":1024,\"caption\":\"Universit\u00e9 de Guyane\"},\"image\":{\"@id\":\"https:\\\/\\\/www.univ-guyane.fr\\\/#\\\/schema\\\/logo\\\/image\\\/\"},\"sameAs\":[\"https:\\\/\\\/www.facebook.com\\\/univguyane\",\"https:\\\/\\\/x.com\\\/univguyane\",\"https:\\\/\\\/gf.linkedin.com\\\/school\\\/universite-de-guyane\\\/\",\"https:\\\/\\\/www.instagram.com\\\/univ_guyane\\\/\"]}]}<\/script>\n<!-- \/ Yoast SEO plugin. -->","yoast_head_json":{"title":"Master MEEF Conseiller principal d'\u00e9ducation - University of Guyana","robots":{"index":"index","follow":"follow","max-snippet":"max-snippet:-1","max-image-preview":"max-image-preview:large","max-video-preview":"max-video-preview:-1"},"canonical":"https:\/\/www.univ-guyane.fr\/en\/choisir-sa-formation\/inspe\/master-meef-conseiller-principal-deducation\/","og_locale":"en_GB","og_type":"article","og_title":"Master MEEF Conseiller principal d'\u00e9ducation &#8212; Universit\u00e9 de Guyane","og_url":"https:\/\/www.univ-guyane.fr\/en\/choisir-sa-formation\/inspe\/master-meef-conseiller-principal-deducation\/","og_site_name":"Universit\u00e9 de Guyane","article_publisher":"https:\/\/www.facebook.com\/univguyane","article_modified_time":"2024-05-29T17:43:36+00:00","og_image":[{"width":1200,"height":653,"url":"https:\/\/www.univ-guyane.fr\/wp-content\/uploads\/www-site-universite-de-guyane.jpg","type":"image\/jpeg"}],"twitter_card":"summary_large_image","twitter_site":"@univguyane","twitter_misc":{"Estimated reading time":"5 minutes"},"schema":{"@context":"https:\/\/schema.org","@graph":[{"@type":"WebPage","@id":"https:\/\/www.univ-guyane.fr\/choisir-sa-formation\/inspe\/master-meef-conseiller-principal-deducation\/","url":"https:\/\/www.univ-guyane.fr\/choisir-sa-formation\/inspe\/master-meef-conseiller-principal-deducation\/","name":"Master MEEF Conseiller principal d'\u00e9ducation - University of Guyana","isPartOf":{"@id":"https:\/\/www.univ-guyane.fr\/#website"},"primaryImageOfPage":{"@id":"https:\/\/www.univ-guyane.fr\/choisir-sa-formation\/inspe\/master-meef-conseiller-principal-deducation\/#primaryimage"},"image":{"@id":"https:\/\/www.univ-guyane.fr\/choisir-sa-formation\/inspe\/master-meef-conseiller-principal-deducation\/#primaryimage"},"thumbnailUrl":"https:\/\/www.univ-guyane.fr\/wp-content\/uploads\/formations-inspe-universite-de-guyane-min-thumb.svg","datePublished":"2024-05-27T19:11:06+00:00","dateModified":"2024-05-29T17:43:36+00:00","breadcrumb":{"@id":"https:\/\/www.univ-guyane.fr\/choisir-sa-formation\/inspe\/master-meef-conseiller-principal-deducation\/#breadcrumb"},"inLanguage":"en-GB","potentialAction":[{"@type":"ReadAction","target":["https:\/\/www.univ-guyane.fr\/choisir-sa-formation\/inspe\/master-meef-conseiller-principal-deducation\/"]}]},{"@type":"ImageObject","inLanguage":"en-GB","@id":"https:\/\/www.univ-guyane.fr\/choisir-sa-formation\/inspe\/master-meef-conseiller-principal-deducation\/#primaryimage","url":"https:\/\/www.univ-guyane.fr\/wp-content\/uploads\/formations-inspe-universite-de-guyane-min-thumb.svg","contentUrl":"https:\/\/www.univ-guyane.fr\/wp-content\/uploads\/formations-inspe-universite-de-guyane-min-thumb.svg","caption":"couleur INSPE"},{"@type":"BreadcrumbList","@id":"https:\/\/www.univ-guyane.fr\/choisir-sa-formation\/inspe\/master-meef-conseiller-principal-deducation\/#breadcrumb","itemListElement":[{"@type":"ListItem","position":1,"name":"Accueil","item":"https:\/\/www.univ-guyane.fr\/"},{"@type":"ListItem","position":2,"name":"Choisir sa formation","item":"https:\/\/www.univ-guyane.fr\/choisir-sa-formation\/"},{"@type":"ListItem","position":3,"name":"Institut National Sup\u00e9rieur du Professorat et de l&rsquo;\u00c9ducation &#8211; INSP\u00c9","item":"https:\/\/www.univ-guyane.fr\/choisir-sa-formation\/inspe\/"},{"@type":"ListItem","position":4,"name":"Master MEEF Conseiller principal d&rsquo;\u00e9ducation"}]},{"@type":"WebSite","@id":"https:\/\/www.univ-guyane.fr\/#website","url":"https:\/\/www.univ-guyane.fr\/","name":"University of Guyana","description":"In the heart of Amazonia","publisher":{"@id":"https:\/\/www.univ-guyane.fr\/#organization"},"alternateName":"UG","potentialAction":[{"@type":"SearchAction","target":{"@type":"EntryPoint","urlTemplate":"https:\/\/www.univ-guyane.fr\/?s={search_term_string}"},"query-input":{"@type":"PropertyValueSpecification","valueRequired":true,"valueName":"search_term_string"}}],"inLanguage":"en-GB"},{"@type":"Organization","@id":"https:\/\/www.univ-guyane.fr\/#organization","name":"University of Guyana","alternateName":"UG","url":"https:\/\/www.univ-guyane.fr\/","logo":{"@type":"ImageObject","inLanguage":"en-GB","@id":"https:\/\/www.univ-guyane.fr\/#\/schema\/logo\/image\/","url":"https:\/\/www.univ-guyane.fr\/wp-content\/uploads\/2024\/05\/f.png","contentUrl":"https:\/\/www.univ-guyane.fr\/wp-content\/uploads\/2024\/05\/f.png","width":1024,"height":1024,"caption":"Universit\u00e9 de Guyane"},"image":{"@id":"https:\/\/www.univ-guyane.fr\/#\/schema\/logo\/image\/"},"sameAs":["https:\/\/www.facebook.com\/univguyane","https:\/\/x.com\/univguyane","https:\/\/gf.linkedin.com\/school\/universite-de-guyane\/","https:\/\/www.instagram.com\/univ_guyane\/"]}]}},"_links":{"self":[{"href":"https:\/\/www.univ-guyane.fr\/en\/wp-json\/wp\/v2\/pages\/7629","targetHints":{"allow":["GET"]}}],"collection":[{"href":"https:\/\/www.univ-guyane.fr\/en\/wp-json\/wp\/v2\/pages"}],"about":[{"href":"https:\/\/www.univ-guyane.fr\/en\/wp-json\/wp\/v2\/types\/page"}],"author":[{"embeddable":true,"href":"https:\/\/www.univ-guyane.fr\/en\/wp-json\/wp\/v2\/users\/1"}],"replies":[{"embeddable":true,"href":"https:\/\/www.univ-guyane.fr\/en\/wp-json\/wp\/v2\/comments?post=7629"}],"version-history":[{"count":2,"href":"https:\/\/www.univ-guyane.fr\/en\/wp-json\/wp\/v2\/pages\/7629\/revisions"}],"predecessor-version":[{"id":7631,"href":"https:\/\/www.univ-guyane.fr\/en\/wp-json\/wp\/v2\/pages\/7629\/revisions\/7631"}],"up":[{"embeddable":true,"href":"https:\/\/www.univ-guyane.fr\/en\/wp-json\/wp\/v2\/pages\/6127"}],"wp:featuredmedia":[{"embeddable":true,"href":"https:\/\/www.univ-guyane.fr\/en\/wp-json\/wp\/v2\/media\/7759"}],"wp:attachment":[{"href":"https:\/\/www.univ-guyane.fr\/en\/wp-json\/wp\/v2\/media?parent=7629"}],"wp:term":[{"taxonomy":"category","embeddable":true,"href":"https:\/\/www.univ-guyane.fr\/en\/wp-json\/wp\/v2\/categories?post=7629"},{"taxonomy":"post_tag","embeddable":true,"href":"https:\/\/www.univ-guyane.fr\/en\/wp-json\/wp\/v2\/tags?post=7629"}],"curies":[{"name":"wp","href":"https:\/\/api.w.org\/{rel}","templated":true}]}}