{"id":13939,"date":"2026-01-21T14:10:52","date_gmt":"2026-01-21T17:10:52","guid":{"rendered":"https:\/\/www.univ-guyane.fr\/?page_id=13939"},"modified":"2026-01-21T15:16:21","modified_gmt":"2026-01-21T18:16:21","slug":"du-thrapeutiques-anti-infectieuses-en-antilles-guyane","status":"publish","type":"page","link":"https:\/\/www.univ-guyane.fr\/nl\/choisir-sa-formation\/ufr-sante\/du-thrapeutiques-anti-infectieuses-en-antilles-guyane\/","title":{"rendered":"DU Anti-infectietherapie\u00ebn in Frans West-Indi\u00eb en Guyana"},"content":{"rendered":"\n\t\t<div id=\"fws_69f0d3645019b\"  data-column-margin=\"default\" data-midnight=\"dark\"  class=\"wpb_row vc_row-fluid vc_row\"  style=\"padding-top: 0px; padding-bottom: 0px; \"><div class=\"row-bg-wrap\" data-bg-animation=\"none\" data-bg-animation-delay=\"\" data-bg-overlay=\"false\"><div class=\"inner-wrap row-bg-layer\" ><div class=\"row-bg viewport-desktop\"  style=\"\"><\/div><\/div><\/div><div class=\"row_col_wrap_12 col span_12 dark left\">\n\t<div  class=\"vc_col-sm-9 wpb_column column_container vc_column_container col no-extra-padding inherit_tablet inherit_phone flex_gap_desktop_10px \"  data-padding-pos=\"all\" data-has-bg-color=\"false\" data-bg-color=\"\" data-bg-opacity=\"1\" data-animation=\"\" data-delay=\"0\" >\n\t\t<div class=\"vc_column-inner\" >\n\t\t\t<div class=\"wpb_wrapper\">\n\t\t\t\t<div class=\"templatera_shortcode\"><\/div><div id=\"fws_69f0d36450ec4\" data-midnight=\"\" data-column-margin=\"default\" class=\"wpb_row vc_row-fluid vc_row inner_row\"  style=\"\"><div class=\"row-bg-wrap\"> <div class=\"row-bg\" ><\/div> <\/div><div class=\"row_col_wrap_12_inner col span_12  left\">\n\t<div style=\"\" class=\"vc_col-sm-12 wpb_column column_container vc_column_container col child_column left_padding_desktop_30px top_padding_desktop_30px right_padding_desktop_30px bottom_padding_desktop_30px flex_gap_desktop_10px \"  data-using-bg=\"true\" data-border-radius=\"5px\" data-padding-pos=\"all\" data-has-bg-color=\"true\" data-bg-color=\"#f5f5f5\" data-bg-opacity=\"1\" data-animation=\"\" data-delay=\"0\" >\n\t\t<div class=\"vc_column-inner\" ><div class=\"column-bg-overlay-wrap column-bg-layer\" data-bg-animation=\"none\"><div class=\"column-bg-overlay\" style=\"opacity: 1; background-color: #f5f5f5;\"><\/div><\/div>\n\t\t<div class=\"wpb_wrapper\">\n\t\t\t\n<div class=\"wpb_text_column wpb_content_element \" >\n\t<div class=\"wpb_text_column wpb_content_element vc_custom_1669084876923\">\n<div class=\"wpb_wrapper\">\n<p><strong>Domaine :<\/strong> UFR SMS<br \/>\n<strong>Mention :<\/strong> M\u00e9decine<br \/>\n<strong>Sp\u00e9cialit\u00e9 :<\/strong> IDE<br \/>\n<strong>Nature :<\/strong> Formation dipl\u00f4mante<br \/>\n<strong>Niveau de sortie :<\/strong> BAC+3<br \/>\n<strong>Lieu :<\/strong> CHC Cayenne<br \/>\nSite internet : www.univ-guyane.fr<\/p>\n<\/div>\n<\/div>\n<\/div>\n\n\n\n\n\t\t<\/div> \n\t<\/div>\n\t<\/div> \n<\/div><\/div>\n<div class=\"wpb_text_column wpb_content_element  vc_custom_1769019376409\" >\n\t<p><strong>D\u00e9p\u00f4t des candidatures de pr\u00e9-inscription (eCandidat) :<\/strong> Du 19 janvier au 6 f\u00e9vrier 2026<br \/>\n<strong>S\u00e9lection des candidats :<\/strong> Du 9 au 10 f\u00e9vrier 2026<br \/>\n<strong>Inscriptions administratives et paiements :<\/strong> Du 11 f\u00e9vrier au 20 f\u00e9vrier 2026<br \/>\n<strong>D\u00e9but des cours :<\/strong><\/p>\n<ul>\n<li>Semaine 1 : du 23 au 27 f\u00e9vrier 2026<\/li>\n<li>Semaine 2 : du 18 au 22 mai 2026<\/li>\n<\/ul>\n<p><strong>Fin des cours :<\/strong> 22 mai 2026<br \/>\n<strong>Date des examens (session 1) :<\/strong> 26 juin 2026<br \/>\n<strong>Date des examens (session 2) :<\/strong> 25 septembre 2026<\/p>\n<\/div>\n\n\n\n<div class=\"toggles accordion\" data-br=\"\" data-starting=\"closed\" data-style=\"minimal\"><div class=\"toggle accent-color\" data-inner-wrap=\"true\"><h3 class=\"toggle-title\"><a href=\"#\" role=\"button\" class=\"nectar-inherit-h3 toggle-heading\"><i role=\"presentation\" class=\"fa fa-plus\"><\/i>Objectifs<\/a><\/h3><div><div class=\"inner-toggle-wrap\">\n<div class=\"wpb_text_column wpb_content_element \" >\n\t<ol>\n<li>Conna\u00eetre les grandes familles d\u2019anti-infectieux, leurs principales indications et effets secondaires ind\u00e9sirables<\/li>\n<li>Conna\u00eetre le traitement anti-infectieux des principales pathologies infectieuses, tropicales et non tropicales Conna\u00eetre les risques du m\u00e9susage des antibiotiques, en particulier en terme d\u2019antibio-r\u00e9sistance.<\/li>\n<\/ol>\n<\/div>\n\n\n\n<\/div><\/div><\/div><div class=\"toggle accent-color\" data-inner-wrap=\"true\"><h3 class=\"toggle-title\"><a href=\"#\" role=\"button\" class=\"nectar-inherit-h3 toggle-heading\"><i role=\"presentation\" class=\"fa fa-plus\"><\/i>Comp\u00e9tences vis\u00e9es<\/a><\/h3><div><div class=\"inner-toggle-wrap\">\n<div class=\"wpb_text_column wpb_content_element \" >\n\t<ol>\n<li>Au terme de la formation, l\u2019apprenant doit \u00eatre sensibilis\u00e9 \u00e0 l\u2019importance du \u00ab prescrire juste \u00bb en antibioth\u00e9rapie.<\/li>\n<li>Il devra avoir des connaissances en la mati\u00e8re lui permettant de prescrire et de surveiller une antibioth\u00e9rapie de fa\u00e7on autonome tout en sachant quand et o\u00f9 demander un avis sp\u00e9cifique.<\/li>\n<\/ol>\n<\/div>\n\n\n\n<\/div><\/div><\/div><div class=\"toggle accent-color\" data-inner-wrap=\"true\"><h3 class=\"toggle-title\"><a href=\"#\" role=\"button\" class=\"nectar-inherit-h3 toggle-heading\"><i role=\"presentation\" class=\"fa fa-plus\"><\/i>Admission<\/a><\/h3><div><div class=\"inner-toggle-wrap\">\n<div class=\"wpb_text_column wpb_content_element \" >\n\t<section aria-labelledby=\"acces-du-title\">\n<h2 id=\"acces-du-title\">Acc\u00e8s au DU<\/h2>\n<section><strong>FI \u2013 Formation initiale<\/strong><em>Public vis\u00e9<\/em><\/p>\n<ul>\n<li>\u00c9tudiants inscrits en 3<sup>e<\/sup> cycle d\u2019\u00e9tudes m\u00e9dicales<\/li>\n<li>\u00c9tudiants inscrits en 3<sup>e<\/sup> cycle d\u2019\u00e9tudes pharmaceutiques<\/li>\n<\/ul>\n<p><em>Pr\u00e9requis<\/em><\/p>\n<ul>\n<li>Aucun<\/li>\n<\/ul>\n<\/section>\n<section><strong>RE \u2013 Reprise d\u2019\u00e9tudes<\/strong><em>Public vis\u00e9<\/em><\/p>\n<ul>\n<li>M\u00e9decins sp\u00e9cialistes et g\u00e9n\u00e9ralistes extrahospitaliers<\/li>\n<li>Pharmaciens<\/li>\n<li>Autres publics<\/li>\n<\/ul>\n<p><em>Pr\u00e9requis<\/em><\/p>\n<ul>\n<li>\u00catre titulaire d\u2019un dipl\u00f4me de Docteur en M\u00e9decine ou en Pharmacie<\/li>\n<li>Si besoin :\n<ul>\n<li>Entretien pr\u00e9alable avec les responsables de l\u2019enseignement<\/li>\n<li>Entretien requis uniquement pour les \u00ab autres publics \u00bb<\/li>\n<\/ul>\n<\/li>\n<\/ul>\n<\/section>\n<section><strong>FC \u2013 Formation continue<\/strong><em>Public vis\u00e9<\/em><\/p>\n<ul>\n<li>M\u00e9decins sp\u00e9cialistes et g\u00e9n\u00e9ralistes extrahospitaliers<\/li>\n<li>Pharmaciens<\/li>\n<li>Autres publics<\/li>\n<\/ul>\n<p><em>Pr\u00e9requis<\/em><\/p>\n<ul>\n<li>\u00catre titulaire d\u2019un dipl\u00f4me de Docteur en M\u00e9decine ou en Pharmacie<\/li>\n<li>Si besoin :\n<ul>\n<li>Entretien pr\u00e9alable avec les responsables de l\u2019enseignement<\/li>\n<li>Entretien requis uniquement pour les \u00ab autres publics \u00bb<\/li>\n<\/ul>\n<\/li>\n<\/ul>\n<hr \/>\n<p>Les autres publics ne disposant pas de pr\u00e9requis (ex : Repr\u00e9sentants de l\u2019industrie pharmaceutique) peuvent se porter candidats au titre de la Validation des Acquis de l\u2019exp\u00e9rience (VAP) (D\u00e9cret n\u00b02013-756 du 19 ao\u00fbt 2013).<\/p>\n<p><strong>L\u2019acc\u00e8s \u00e0 la formation sans diplomation<\/strong><br \/>\nLes candidatures des personnes relevant des autres publics, qui ne satisfont pas aux conditions \u00e9num\u00e9r\u00e9es ci-dessus (pr\u00e9requis), seront examin\u00e9es apr\u00e8s un entretien pr\u00e9alable avec les responsables de l&rsquo;enseignement.<br \/>\nCes apprenants ne seront pas soumis \u00e0 l&rsquo;examen terminal et recevront une attestation de formation.<br \/>\n<strong><br \/>\nConditions d\u2019admission<\/strong><br \/>\nL\u2019admission sur dossier comprend le CV, les dipl\u00f4mes acquis ainsi qu\u2019une lettre de motivation expliquant notamment le projet professionnel. Une commission de s\u00e9lection statuera sur l\u2019ensemble des dossiers avec une parit\u00e9 pour les candidats m\u00e9dicaux et non m\u00e9dicaux. Le nombre de places par ann\u00e9e universitaire est fix\u00e9e \u00e0 30.<br \/>\n<strong><br \/>\nInscription<\/strong><br \/>\nLes instructions concernant la proc\u00e9dure de candidature sont affich\u00e9es sur le site de \u00a0\u00a0\u00a0\u00a0\u00a0 l\u2019Universit\u00e9 de Guyane durant la campagne annuelle d\u2019admission. Le d\u00e9p\u00f4t des \u00a0\u00a0\u00a0\u00a0 candidatures et l\u2019inscription administrative se font en ligne.<\/p>\n<\/section>\n<\/section>\n<\/div>\n\n\n\n<\/div><\/div><\/div><div class=\"toggle accent-color\" data-inner-wrap=\"true\"><h3 class=\"toggle-title\"><a href=\"#\" role=\"button\" class=\"nectar-inherit-h3 toggle-heading\"><i role=\"presentation\" class=\"fa fa-plus\"><\/i>Programme<\/a><\/h3><div><div class=\"inner-toggle-wrap\"><div id=\"fws_69f0d3645317b\" data-midnight=\"\" data-column-margin=\"default\" class=\"wpb_row vc_row-fluid vc_row inner_row\"  style=\"\"><div class=\"row-bg-wrap\"> <div class=\"row-bg\" ><\/div> <\/div><div class=\"row_col_wrap_12_inner col span_12  left\">\n\t<div  class=\"vc_col-sm-6 wpb_column column_container vc_column_container col child_column no-extra-padding inherit_tablet inherit_phone flex_gap_desktop_10px \"   data-padding-pos=\"all\" data-has-bg-color=\"false\" data-bg-color=\"\" data-bg-opacity=\"1\" data-animation=\"\" data-delay=\"0\" >\n\t\t<div class=\"vc_column-inner\" >\n\t\t<div class=\"wpb_wrapper\">\n\t\t\t\n<div class=\"wpb_text_column wpb_content_element \" >\n\t<p><strong>UE1 : Principes g\u00e9n\u00e9raux de l\u2019antibioth\u00e9rapie<\/strong><\/p>\n<ul>\n<li>9h00-9h30 : introduction. Pr Olivier Lesens<\/li>\n<li>9h30-10h : La 1\/2h du pharmacien : grandes familles d\u2019antibiotiques et principaux spectres utiles. Dr Vincent Sainte-Rose<\/li>\n<li>10h-11h30 : les grandes \u00e9tapes de la prescription avec cas cliniques interactifs. Pr Olivier Lesens, Dr Alessia Melzani<\/li>\n<li>11h30 &#8211; 12h30 : Lecture interpr\u00e9tative des antibiogrammes \u00e0 partir de situations cliniques et nouvelles d\u00e9nominations posologiques. Dr Vincent Sainterose, Dr Fouzia Sariak, Dr Karamba Sylla, Dr Alessia Melzani<\/li>\n<\/ul>\n<p><strong>UE 2 : zoonoses<\/strong><\/p>\n<ul>\n<li>14h-14h30 : prise en charge de la maladie de Lyme. Dr Morgane BOURNE WATRIN<\/li>\n<li>14h30-15h : prise en charge de la brucellose. Dr Alessia MELZAN<\/li>\n<li>15h-15h30 : prise en charge de la fi\u00e8vre Q. Pr Lo\u00efc EPELBOIN<\/li>\n<li>15h30-16h : prise en charge de la bartonnelose. Pr Lo\u00efc EPELBOIN<\/li>\n<li>16h-16h30 : prise en charge de la tular\u00e9mie. Pr Lo\u00efc EPELBOIN<\/li>\n<li>16h30-17h : prise en charge de la leptospirose. Dr Paul LE TURNIER<\/li>\n<\/ul>\n<p><strong>UE 3: parasitoses<\/strong><\/p>\n<ul>\n<li>9h-9h30 : La 1\/2h du pharmacien. Principaux anti-parasitaires<\/li>\n<li>9h30-10h30 : traitement du paludisme<\/li>\n<li>10h30-11h : Miniconf : traitement des infections parasitaires chez l\u2019immuno-d\u00e9prim\u00e9<\/li>\n<li>11h-12h : cas cliniques interactifs, Infections digestives parasitaires<\/li>\n<\/ul>\n<p><strong>UE 4 : Infections c\u00e9r\u00e9brales<\/strong><\/p>\n<ul>\n<li>9h-9h30 : La 1\/2h du pharmacien : anti-infectieux dans les m\u00e9ningites et m\u00e9ningo-enc\u00e9phalites. Dr Paul Le Turnier<\/li>\n<li>9h30-11h: M\u00e9ningite, m\u00e9ningo-enc\u00e9phalite, cas cliniques interactifs. Dr Paul Le Turnier<\/li>\n<li>12h00-12h30, miniconf : abc\u00e8s c\u00e9r\u00e9braux, infections c\u00e9r\u00e9brales sur mat\u00e9riel. Dr Paul Le Turnier<\/li>\n<li>11h-12h, miniconf : antibioth\u00e9rapie dans les chocs septiques. Pr Atem Kallel<\/li>\n<\/ul>\n<p><strong>UE 5 : dermohypodermites<\/strong><\/p>\n<ul>\n<li>14h00-15h00 : dermohypodermites infectieuses (cas cliniques interactifs). Dr Morgane Bourne<\/li>\n<li>15h00-15h30: miniconf : morsures. Dr Morgane Bourne<\/li>\n<li>15h30-16h30 : particularit\u00e9s des infections cutan\u00e9es en zone tropicale (cas cliniques interactifs). Dr Morgane Bourne<\/li>\n<li>16h30-17h : miniconf : antibioth\u00e9rapie dans les escarres. Dr Morgane Bourne<\/li>\n<\/ul>\n<p><strong>UE 6 : Antifongiques<\/strong><\/p>\n<ul>\n<li>9h00-9h30 : La 1\/2h du pharmacien : principaux antifongiques. Dr Fr\u00e9d\u00e9gonde About<\/li>\n<li>9h30 \u2013 10h00: miniconf : Fong\u00e9mie. Dr Fr\u00e9d\u00e9gonde About<\/li>\n<li>10h-11h30: Cas clinique interactifs infection. fongique de l\u2019ID et de l\u2019immunocomp\u00e9tent. Dr Fr\u00e9d\u00e9gonde About<\/li>\n<li>11h30-12h00: miniconf : traitement de l\u2019histoplasmose. Dr Fr\u00e9d\u00e9gonde About<\/li>\n<\/ul>\n<p><strong>UE 7 : Infections urinaires, IST<\/strong><\/p>\n<ul>\n<li>14h00-14h30 : La 1\/2h du pharmacien : antibiotiques des infections urinaires (basses et hautes) et dans les IST<\/li>\n<li>14h30-15h00 : Miniconf : Recommandations Infections urinaires<\/li>\n<li>15h00-16h00 : Infections urinaires. Cas cliniques interactifs<\/li>\n<li>16h00- 17h00 : Traitement des IST. Cas cliniques interactifs<\/li>\n<\/ul>\n<p><strong>UE 8 : Antibiotiques \u00e0 l\u2019heure de l\u2019antibior\u00e9sistance<\/strong><\/p>\n<ul>\n<li>9h-9h30 : La 1\/2h du pharmacien : antibiotiques dans les infections \u00e0 BMR<\/li>\n<li>9h30-10h: miniconf : carbap\u00e9n\u00e9mases<\/li>\n<li>10h-11h30 : Cas cliniques interactifs infections \u00e0 BMR \/BLSE<\/li>\n<li>11h30-12h00 : miniconf :\u00a0 Recommandations BMR<\/li>\n<\/ul>\n<p><strong>UE 9 : Infection VIH, antiviraux<\/strong><\/p>\n<ul>\n<li>14h00-14h30 : La 1\/2h du pharmacien : principaux antir\u00e9troviraux<\/li>\n<li>14h30-16h : Cas cliniques VIH<\/li>\n<li>15h30 \u2013 16h00 : miniconf : antiviraux (hors anti-r\u00e9troviraux)<\/li>\n<li>16h00-17h00: Infections virales de l\u2019immunod\u00e9prim\u00e9, (CMV, EBV, VZV)<\/li>\n<\/ul>\n<p><strong>UE 10 : Infections digestives<\/strong><\/p>\n<ul>\n<li>9h-9h30 : La 1\/2h du pharmacien : principaux antibiotiques dans les infections digestives<\/li>\n<li>9h30-10h : Miniconf : recommandations dans les infections \u00e0 C difficile<\/li>\n<li>10h-10h30 : Miniconf : infections digestives secondaires<\/li>\n<li>10h30-12h00 : cas cliniques interactifs, Infections digestives bact\u00e9riennes<\/li>\n<\/ul>\n<\/div>\n\n\n\n\n\t\t<\/div> \n\t<\/div>\n\t<\/div> \n\n\t<div  class=\"vc_col-sm-6 wpb_column column_container vc_column_container col child_column no-extra-padding inherit_tablet inherit_phone flex_gap_desktop_10px \"   data-padding-pos=\"all\" data-has-bg-color=\"false\" data-bg-color=\"\" data-bg-opacity=\"1\" data-animation=\"\" data-delay=\"0\" >\n\t\t<div class=\"vc_column-inner\" >\n\t\t<div class=\"wpb_wrapper\">\n\t\t\t\n<div class=\"wpb_text_column wpb_content_element \" >\n\t<p><strong>UE 11 : m\u00e9canismes de r\u00e9sistance, pharmacodynamie, ESI des antibiotiques<\/strong><\/p>\n<ul>\n<li>14h-15h : Introduction \u00e0 la pharmacocin\u00e9tique et pharmacodynamique<\/li>\n<li>15h-16h : principaux m\u00e9canismes de r\u00e9sistance aux antibiotiques<\/li>\n<li>16h-17h : Cas clinique interactifs, effets secondaires des antibiotiques et interactions m\u00e9dicamenteuses<\/li>\n<\/ul>\n<p><strong>UE 12 : Infections pulmonaires (partie 1)<\/strong><\/p>\n<ul>\n<li>9h-9h30 : La 1\/2h du pharmacien : antibiotiques des infections respiratoires. Dr Samuel Markowicz<\/li>\n<li>9h30-10h, miniconf : conduite \u00e0 tenir devant une infection respiratoire en zone tropicale. Dr Samuel Markowicz<\/li>\n<li>10h-10h30, miniconf : recommandation Infections respiratoires. Dr Samuel Markowicz<\/li>\n<li>10h30-12h30: infections respiratoires (sauf tuberculose). Cas cliniques interactifs. Dr Samuel Markowicz, Dr Julien Coussement<\/li>\n<\/ul>\n<p><strong>UE 13 : Infections pulmonaires (partie 2)<\/strong><\/p>\n<ul>\n<li>14h-14h30 : La 1\/2h du pharmacien : anti-tuberculeux. Dr Kinda SCHEPERS<\/li>\n<li>14h30-16h : Tuberculose. Cas cliniques interactifs. Dr Kinda SCHEPERS<\/li>\n<li>16h-17h, miniconf : actinomycose, nocardiose, mycobact\u00e9ries atypiques. Dr Kinda SCHEPERS, Dr Julien COUSSEMENT<\/li>\n<li>17h-17h30, miniconf: antibioth\u00e9rapie dans les PAVM. Dr Jean-David POMMIER<\/li>\n<\/ul>\n<p><strong>UE 14 : Bact\u00e9ri\u00e9mie et endocardite<\/strong><br \/>\n9h-10h: infection sur cath\u00e9ter, cas cliniques interactifs. Dr Sandrine PEUGNY<br \/>\n10h-11h30: endocardite et bact\u00e9ri\u00e9mie, cas cliniques interactifs. Dr Elodie Curlier<br \/>\n11h30-12h00: miniconf\u00a0: Infection sur pace-maker. Dr Sandrine PEUGNY , Dr Elodie Curlier<\/p>\n<p><strong>UE 15 : Infections ost\u00e9o-articulaires<\/strong><\/p>\n<ul>\n<li>14h00-14h30 : La 1\/2h du pharmacien : antibiotiques dans les infections ost\u00e9o-articulaires. Dr Tanguy DEQUIDT<\/li>\n<li>14h30-15h30 : IOA sur mat\u00e9riel, cas cliniques interactifs. Dr Guillaume BARONNET<\/li>\n<li>15h30-16h30 : infection du pied diab\u00e9tique, cas cliniques interactifs. Dr Elodie CURLIER<\/li>\n<li>16h30-17h00 : miniconf : traitement des spondylodiscites. Dr Tanguy DEQUIDT<\/li>\n<\/ul>\n<p><strong>UE 16 : Epid\u00e9miologie hospitali\u00e8re<\/strong><\/p>\n<ul>\n<li>9h00 \u2013 9h30 : Risques li\u00e9s \u00e0 une mauvaise utilisation des antibiotiques. Dr Ma\u00efder COPPRY<\/li>\n<li>9h30-10h30 : Strat\u00e9gies d\u2019isolement. Gestion des patients \u00e0 risque infectieux. Cas cliniques interactifs. Dr Ma\u00efder COPPRY<\/li>\n<li>10h30-12h00 : Comment \u00e9valuer la consommation en antibiotiques ? Politique des \u00e9tablissements pour l\u2019utilisation des anti-infectieux. Dr Ma\u00efder COPPRY<\/li>\n<\/ul>\n<p><strong>UE 17 : Modalit\u00e9s d\u2019administration des antibiotiques<\/strong><\/p>\n<ul>\n<li>14h-14h30 : La 1\/2h du pharmacien : antibioth\u00e9rapie parent\u00e9rale ambulatoire. Dr Tanguy DEQUIDT<\/li>\n<li>14h30-15h : perfusions continues d\u2019antibiotiques. Dr Tanguy DEQUIDT<\/li>\n<li>15h-16h30 : Dur\u00e9e des antibioth\u00e9rapies (cas cliniques interactifs). Dr Samuel MARKOWICZ, Dr Julien COUSSEMENT<\/li>\n<li>16h30-17h00 : miniconf : particularit\u00e9s des antibioth\u00e9rapies en r\u00e9animation. Dr Jean-David POMMIER<\/li>\n<\/ul>\n<p><strong>UE 18 : antibioth\u00e9rapie en m\u00e9decine g\u00e9n\u00e9rale<\/strong><\/p>\n<ul>\n<li>9h-12h30 : Cas cliniques interactifs<\/li>\n<li>Infections urinaires<\/li>\n<li>Infection ORL de l\u2019adulte et de l\u2019enfant. Dr Guillaume BARONNET<\/li>\n<li>Infections respiratoires basses de l\u2019adulte et de l\u2019enfant. Dr Guillaume BARONNET<\/li>\n<li>Ur\u00e9trites et cervicites. Dr Guillaume BARONNET<\/li>\n<li>Infection \u00e0 HP de l\u2019adulte. Dr Marion WALLYN<\/li>\n<li>Diverticulite sigmoidienne. Dr Marion WALLYN<\/li>\n<li>Infections bact\u00e9riennes cutan\u00e9es. Dr Elodie CURLIER<\/li>\n<\/ul>\n<p><strong>UE 19 : 14h-17h<\/strong><\/p>\n<ul>\n<li>Corrections interactives des QCM d\u00e9livr\u00e9es en d\u00e9but de semaine (r\u00e9vision)<\/li>\n<\/ul>\n<\/div>\n\n\n\n\n\t\t<\/div> \n\t<\/div>\n\t<\/div> \n<\/div><\/div><div id=\"fws_69f0d364536ea\" data-midnight=\"\" data-column-margin=\"default\" class=\"wpb_row vc_row-fluid vc_row inner_row\"  style=\"\"><div class=\"row-bg-wrap\"> <div class=\"row-bg\" ><\/div> <\/div><div class=\"row_col_wrap_12_inner col span_12  left\">\n\t<div  class=\"vc_col-sm-12 wpb_column column_container vc_column_container col child_column no-extra-padding inherit_tablet inherit_phone flex_gap_desktop_10px \"   data-padding-pos=\"all\" data-has-bg-color=\"false\" data-bg-color=\"\" data-bg-opacity=\"1\" data-animation=\"\" data-delay=\"0\" >\n\t\t<div class=\"vc_column-inner\" >\n\t\t<div class=\"wpb_wrapper\">\n\t\t\t\n<div class=\"wpb_text_column wpb_content_element \" >\n\t<\/div>\n\n\n\n\n\t\t<\/div> \n\t<\/div>\n\t<\/div> \n<\/div><\/div><\/div><\/div><\/div><div class=\"toggle accent-color\" data-inner-wrap=\"true\"><h3 class=\"toggle-title\"><a href=\"#\" role=\"button\" class=\"nectar-inherit-h3 toggle-heading\"><i role=\"presentation\" class=\"fa fa-plus\"><\/i>D\u00e9bouch\u00e9s<\/a><\/h3><div><div class=\"inner-toggle-wrap\">\n<div class=\"wpb_text_column wpb_content_element \" >\n\t<p><strong>Secteurs d\u2019activit\u00e9s<\/strong><\/p>\n<ul>\n<li>Services hospitaliers<\/li>\n<li>M\u00e9decine humanitaire\/pratique en milieu isol\u00e9<\/li>\n<\/ul>\n<\/div>\n\n\n\n<\/div><\/div><\/div><div class=\"toggle accent-color\" data-inner-wrap=\"true\"><h3 class=\"toggle-title\"><a href=\"#\" role=\"button\" class=\"nectar-inherit-h3 toggle-heading\"><i role=\"presentation\" class=\"fa fa-plus\"><\/i>Contact<\/a><\/h3><div><div class=\"inner-toggle-wrap\"><div class=\"templatera_shortcode\">\n\t\t<div id=\"fws_69f0d364541ed\"  data-column-margin=\"default\" data-midnight=\"dark\"  class=\"wpb_row vc_row-fluid vc_row\"  style=\"padding-top: 0px; padding-bottom: 0px; \"><div class=\"row-bg-wrap\" data-bg-animation=\"none\" data-bg-animation-delay=\"\" data-bg-overlay=\"false\"><div class=\"inner-wrap row-bg-layer\" ><div class=\"row-bg viewport-desktop\"  style=\"\"><\/div><\/div><\/div><div class=\"row_col_wrap_12 col span_12 dark left\">\n\t<div  class=\"vc_col-sm-12 wpb_column column_container vc_column_container col no-extra-padding inherit_tablet inherit_phone \"  data-padding-pos=\"all\" data-has-bg-color=\"false\" data-bg-color=\"\" data-bg-opacity=\"1\" data-animation=\"\" data-delay=\"0\" >\n\t\t<div class=\"vc_column-inner\" >\n\t\t\t<div class=\"wpb_wrapper\">\n\t\t\t\t<div id=\"map_69f0d3645448a\" style=\"height: 520px;\" class=\"nectar-leaflet-map\" data-infowindow-start-open=\"1\" data-dark-color-scheme=\"\" data-marker-style=\"default\" data-nectar-marker-color=\"accent-color\" data-ultra-flat=\"\" data-greyscale=\"\" data-extra-color=\"\" data-enable-animation=\"false\" data-enable-zoom=\"\" data-zoom-level=\"17\" data-center-lat=\"4.932\" data-center-lng=\"-52.301\" data-marker-img=\"\"><\/div><div class=\"map_69f0d3645448a map-marker-list\"><div class=\"map-marker\" data-marker-image-width=\"50\" data-marker-image-height=\"50\" data-lat=\"4.932\" data-lng=\"-52.301\" data-mapinfo=\"Universit\u00e9 de Guyane\"><\/div><\/div>\n<div class=\"wpb_text_column wpb_content_element \" >\n\t<div class='fluentform ff-inherit-theme-style fluentform_wrapper_6'><form data-form_id=\"6\" id=\"fluentform_6\" class=\"frm-fluent-form fluent_form_6 ff-el-form-top ff_form_instance_6_1 ff-form-loading ffs_inherit_theme\" data-form_instance=\"ff_form_instance_6_1\" method=\"POST\" data-turnstile_key=\"0x4AAAAAAAXVTyiqFRuFu0rs\" ><fieldset  style=\"border: none!important;margin: 0!important;padding: 0!important;background-color: transparent!important;box-shadow: none!important;outline: none!important; min-inline-size: 100%;\">\n                    <legend class=\"ff_screen_reader_title\" style=\"display: block; margin: 0!important;padding: 0!important;height: 0!important;text-indent: -999999px;width: 0!important;overflow:hidden;\">Sant\u00e9-contact<\/legend><input type='hidden' name='__fluent_form_embded_post_id' value='13939' \/><input type=\"hidden\" id=\"_fluentform_6_fluentformnonce\" name=\"_fluentform_6_fluentformnonce\" value=\"55501ee637\" \/><input type=\"hidden\" name=\"_wp_http_referer\" value=\"\/nl\/wp-json\/wp\/v2\/pages\/13939\" \/><div data-type=\"name-element\" data-name=\"name_0\" class=\" ff-field_container ff-name-field-wrapper\" ><div class='ff-t-container'><div class='ff-t-cell '><div class='ff-el-group  ff-el-form-top'><div class='ff-el-input--content'><input type=\"text\" name=\"name_0[first_name]\" id=\"ff_6_name_0_first_name_\" class=\"ff-el-form-control\" placeholder=\"Pr\u00e9nom\" aria-invalid=\"false\" aria-required=true><\/div><\/div><\/div><div class='ff-t-cell '><div class='ff-el-group  ff-el-form-top'><div class='ff-el-input--content'><input type=\"text\" name=\"name_0[last_name]\" id=\"ff_6_name_0_last_name_\" class=\"ff-el-form-control\" placeholder=\"Nom\" aria-invalid=\"false\" aria-required=true><\/div><\/div><\/div><\/div><\/div><div data-name=\"ff_cn_id_1\"  class='ff-t-container ff-column-container ff_columns_total_2 '><div class='ff-t-cell ff-t-column-1' style='flex-basis: 50%;'><div class='ff-el-group'><div class=\"ff-el-input--label ff-el-is-required asterisk-right\"><label for='ff_6_email_1' id='label_ff_6_email_1' aria-label=\"E-mail\">E-mail<\/label><\/div><div class='ff-el-input--content'><input type=\"email\" name=\"email_1\" class=\"ff-el-form-control\" id=\"ff_6_email_1\" placeholder=\"@\" data-name=\"email_1\"  aria-invalid=\"false\" aria-required=true><\/div><\/div><\/div><div class='ff-t-cell ff-t-column-2' style='flex-basis: 50%;'><div class='ff-el-group'><div class=\"ff-el-input--label asterisk-right\"><label for='ff_6_phone_9' id='label_ff_6_phone_9' aria-label=\"T\u00e9l\u00e9phone\">T\u00e9l\u00e9phone<\/label><\/div><div class='ff-el-input--content'><input name=\"phone_9\" id=\"ff_6_phone_9\" class=\"ff-el-form-control ff-el-phone ff_el_with_extended_validation\" placeholder=\"0694 ...\" type=\"tel\" data-name=\"phone_9\" inputmode=\"tel\"  aria-invalid='false' aria-required=false><\/div><\/div><\/div><\/div><div class='ff-el-group'><div class=\"ff-el-input--label ff-el-is-required asterisk-right\"><label for='ff_6_textarea_2' id='label_ff_6_textarea_2' aria-label=\"Message\">Message<\/label><\/div><div class='ff-el-input--content'><textarea aria-required=\"true\" aria-labelledby=\"label_ff_6_textarea_2\" name=\"textarea_2\" class=\"ff-el-form-control\" id=\"ff_6_textarea_2\" placeholder=\"Votre message ici\" rows=\"10\" cols=\"2\" data-name=\"textarea_2\" ><\/textarea><\/div><\/div><div class='ff-el-group ' ><div class='ff-el-input--content'><div data-fluent_id='6' name='cf-turnstile-response'><div\n\t\tdata-sitekey='0x4AAAAAAAXVTyiqFRuFu0rs'\n\t\tdata-theme='light'\n\t\tid='fluentform-turnstile-6-1'\n\t\tclass='ff-el-turnstile cf-turnstile'\n\t\tdata-appearance='always'><\/div><\/div><\/div><\/div><div class='ff-el-group ff-text-left ff_submit_btn_wrapper'><button type=\"submit\" class=\"ff-btn ff-btn-submit ff-btn-md ff_btn_no_style\"  aria-label=\"Envoyer\">Envoyer<\/button><\/div><\/fieldset><\/form><div id='fluentform_6_errors' class='ff-errors-in-stack ff_form_instance_6_1 ff-form-loading_errors ff_form_instance_6_1_errors'><\/div><\/div>            <script type=\"text\/javascript\">\n                window.fluent_form_ff_form_instance_6_1 = {\"id\":\"6\",\"settings\":{\"layout\":{\"labelPlacement\":\"top\",\"helpMessagePlacement\":\"with_label\",\"errorMessagePlacement\":\"inline\"},\"restrictions\":{\"denyEmptySubmission\":{\"enabled\":false}}},\"form_instance\":\"ff_form_instance_6_1\",\"form_id_selector\":\"fluentform_6\",\"rules\":{\"name_0[first_name]\":{\"required\":{\"value\":true,\"message\":\"Ce champ est obligatoire\",\"global\":false,\"global_message\":\"Ce champ est obligatoire\"}},\"name_0[]\":{\"required\":{\"value\":false,\"message\":\"Ce champ est obligatoire\",\"global\":false,\"global_message\":\"Ce champ est obligatoire\"}},\"name_0[last_name]\":{\"required\":{\"value\":true,\"message\":\"Ce champ est obligatoire\",\"global\":false,\"global_message\":\"Ce champ est obligatoire\"}},\"email_1\":{\"required\":{\"value\":true,\"message\":\"This field is required\",\"global\":false,\"global_message\":\"Ce champ est obligatoire\"},\"email\":{\"value\":1,\"message\":\"This field must contain a valid email\",\"global\":false,\"global_message\":\"Ce champ doit contenir un e-mail valide\"}},\"phone_9\":{\"required\":{\"value\":false,\"message\":\"Ce champ est obligatoire\",\"global\":false,\"global_message\":\"Ce champ est obligatoire\"},\"valid_phone_number\":{\"value\":true,\"message\":\"Le num\\u00e9ro de t\\u00e9l\\u00e9phone est invalide\",\"global\":false,\"global_message\":\"Le num\\u00e9ro de t\\u00e9l\\u00e9phone n'est pas valide\"}},\"textarea_2\":{\"required\":{\"value\":true,\"message\":\"This field is required\",\"global\":false,\"global_message\":\"Ce champ est obligatoire\"}},\"cf-turnstile-response\":[]},\"debounce_time\":300};\n                            <\/script>\n            \n<\/div>\n\n\n\n\n\t\t\t<\/div> \n\t\t<\/div>\n\t<\/div> \n<\/div><\/div><\/div><\/div><\/div><\/div><\/div><div class=\"templatera_shortcode\">\n\t\t<div id=\"fws_69f0d3645627a\"  data-column-margin=\"default\" data-midnight=\"dark\"  class=\"wpb_row vc_row-fluid vc_row\"  style=\"padding-top: 0px; padding-bottom: 0px; \"><div class=\"row-bg-wrap\" data-bg-animation=\"none\" data-bg-animation-delay=\"\" data-bg-overlay=\"false\"><div class=\"inner-wrap row-bg-layer\" ><div class=\"row-bg viewport-desktop\"  style=\"\"><\/div><\/div><\/div><div class=\"row_col_wrap_12 col span_12 dark left\">\n\t<div  class=\"vc_col-sm-12 wpb_column column_container vc_column_container col no-extra-padding inherit_tablet inherit_phone \"  data-padding-pos=\"all\" data-has-bg-color=\"false\" data-bg-color=\"\" data-bg-opacity=\"1\" data-animation=\"\" data-delay=\"0\" >\n\t\t<div class=\"vc_column-inner\" >\n\t\t\t<div class=\"wpb_wrapper\">\n\t\t\t\t<div class='nectar-post-grid-wrap text-color-dark spacing-10px' data-el-settings='{\"post_type\":\"custom\",\"pagination\":\"none\",\"image_size\":\"large\",\"parallax_scrolling\":\"\",\"aspect_ratio_image_size\":\"\",\"category_position\":\"default\",\"category_display\":\"default\",\"display_categories\":\"0\",\"display_excerpt\":\"0\",\"excerpt_length\":\"20\",\"content_next_to_image_excerpt_pos\":\"default\",\"display_date\":\"0\",\"display_estimated_reading_time\":\"0\",\"display_author\":\"0\",\"author_functionality\":\"default\",\"author_position\":\"default\",\"color_overlay\":\"\",\"color_overlay_opacity\":\"1\",\"color_overlay_hover_opacity\":\"0.7\",\"card_bg_color\":\"\",\"grid_style\":\"content_overlaid\",\"hover_effect\":\"zoom\",\"post_title_overlay\":\"\",\"heading_tag\":\"default\",\"heading_tag_render\":\"default\",\"enable_gallery_lightbox\":\"0\",\"remove_links\":\"0\",\"category_style\":\"underline\",\"overlay_secondary_project_image\":\"\",\"vertical_list_hover_effect\":\"none\",\"vertical_list_read_more\":\"\",\"vertical_list_read_more_style\":\"text\",\"read_more_button\":\"0\",\"animation\":\"zoom-out-reveal\",\"custom_fields\":\"\",\"custom_fields_location\":\"\",\"display_type\":\"grid\",\"text_content_layout\":\"all_bottom_left\"}' data-style='content_overlaid' data-query='{\"post_type\":\"custom\",\"posts_per_page\":\"-1\",\"order\":\"DESC\",\"orderby\":\"title\",\"offset\":\"0\",\"cpt_name\":\"page\",\"custom_query_tax\":\"159\",\"ignore_sticky_posts\":\"\",\"exclude_current_post\":\"\"}' data-load-more-color='black' data-load-more-text='Load More'><div class=\"nectar-post-grid-filters\" data-active-color=\"default\" data-align=\"default\" data-animation=\"zoom-out-reveal\" data-sortable=\"\"><div><a href=\"#\" class=\"active all-filter\" data-filter=\"159\" data-total-count=\"12\">All<\/a><a href=\"#\" data-filter=\"159\" data-total-count=\"12\">Sant\u00e9<\/a><\/div><\/div><div class=\"nectar-post-grid custom_font_size_20px text-opacity-1 text-opacity-hover-1 category-position-before-title \" data-indicator=\"\" data-indicator-style=\"default\" data-indicator-text-color=\"#fff\" data-indicator-color=\"#000\" data-indicator-text=\"View\" data-columns=\"2\" data-hover-effect=\"zoom\" data-text-style=\"default\" data-border-radius=\"5px\" data-grid-item-height=\"30vh\" data-grid-spacing=\"10px\" data-text-layout=\"all_bottom_left\" data-text-color=\"dark\" data-text-hover-color=\"dark\" data-shadow-hover=\"\" data-animation=\"zoom-out-reveal\" data-animation-stagger=\"90\" data-cat-click=\"default\" style=\"--post-grid-border-radius:5px;\" ><div class=\"nectar-post-grid-item\" data-post-id=\"7331\" data-has-img=\"true\"> <div class=\"inner\"><div class=\"nectar-post-grid-item-bg-wrap\"><div class=\"nectar-post-grid-item-bg-wrap-inner\"><div class=\"nectar-post-grid-item-bg\"><img decoding=\"async\" width=\"600\" height=\"600\" src=\"https:\/\/www.univ-guyane.fr\/wp-content\/uploads\/formations-dfr-sante-universite-de-guyane-min-thumb.svg\" class=\"attachment-large size-large wp-post-image\" alt=\"couleur sant\u00e9\" \/><\/div><\/div><\/div><div class=\"bg-overlay\"  data-opacity=\"1\" data-hover-opacity=\"0.7\"><\/div><div class=\"content\"><a class=\"nectar-post-grid-link\" href=\"https:\/\/www.univ-guyane.fr\/nl\/choisir-sa-formation\/ufr-sante\/parcours-dacces-specifique-sante\/\" ><span class=\"screen-reader-text\">Parcours d\u2019Acc\u00e8s Sp\u00e9cifique Sant\u00e9<\/span><\/a><div class=\"item-main\"><h3 class=\"post-heading\"><div class=\"nectar-split-heading custom-trigger\" data-align=\"default\" data-m-align=\"inherit\" data-text-effect=\"default\" data-animation-type=\"line-reveal-by-space\" data-animation-delay=\"\" data-animation-offset=\"\" data-m-rm-animation=\"\" data-stagger=\"true\"><p>Parcours d\u2019Acc\u00e8s Sp\u00e9cifique Sant\u00e9<\/p><\/div><\/h3><\/div><\/div><\/div><\/div><div class=\"nectar-post-grid-item\" data-post-id=\"13939\" data-has-img=\"true\"> <div class=\"inner\"><div class=\"nectar-post-grid-item-bg-wrap\"><div class=\"nectar-post-grid-item-bg-wrap-inner\"><div class=\"nectar-post-grid-item-bg\"><img decoding=\"async\" width=\"600\" height=\"600\" src=\"https:\/\/www.univ-guyane.fr\/wp-content\/uploads\/formations-dfr-sante-universite-de-guyane-min-thumb.svg\" class=\"attachment-large size-large wp-post-image\" alt=\"couleur sant\u00e9\" \/><\/div><\/div><\/div><div class=\"bg-overlay\"  data-opacity=\"1\" data-hover-opacity=\"0.7\"><\/div><div class=\"content\"><a class=\"nectar-post-grid-link\" href=\"https:\/\/www.univ-guyane.fr\/nl\/choisir-sa-formation\/ufr-sante\/du-thrapeutiques-anti-infectieuses-en-antilles-guyane\/\" ><span class=\"screen-reader-text\">DU Th\u00e9rapeutiques anti-infectieuses\u00a0 en Antilles Guyane<\/span><\/a><div class=\"item-main\"><h3 class=\"post-heading\"><div class=\"nectar-split-heading custom-trigger\" data-align=\"default\" data-m-align=\"inherit\" data-text-effect=\"default\" data-animation-type=\"line-reveal-by-space\" data-animation-delay=\"\" data-animation-offset=\"\" data-m-rm-animation=\"\" data-stagger=\"true\"><p>DU Th\u00e9rapeutiques anti-infectieuses\u00a0 en Antilles Guyane<\/p><\/div><\/h3><\/div><\/div><\/div><\/div><div class=\"nectar-post-grid-item\" data-post-id=\"11096\" data-has-img=\"true\"> <div class=\"inner\"><div class=\"nectar-post-grid-item-bg-wrap\"><div class=\"nectar-post-grid-item-bg-wrap-inner\"><div class=\"nectar-post-grid-item-bg\"><img decoding=\"async\" width=\"600\" height=\"600\" src=\"https:\/\/www.univ-guyane.fr\/wp-content\/uploads\/formations-dfr-sante-universite-de-guyane-min-thumb.svg\" class=\"attachment-large size-large wp-post-image\" alt=\"couleur sant\u00e9\" \/><\/div><\/div><\/div><div class=\"bg-overlay\"  data-opacity=\"1\" data-hover-opacity=\"0.7\"><\/div><div class=\"content\"><a class=\"nectar-post-grid-link\" href=\"https:\/\/www.univ-guyane.fr\/nl\/choisir-sa-formation\/ufr-sante\/du-soins-infirmiers-en-reanimation\/\" ><span class=\"screen-reader-text\">DU Soins Infirmiers en R\u00e9animation (SIR)<\/span><\/a><div class=\"item-main\"><h3 class=\"post-heading\"><div class=\"nectar-split-heading custom-trigger\" data-align=\"default\" data-m-align=\"inherit\" data-text-effect=\"default\" data-animation-type=\"line-reveal-by-space\" data-animation-delay=\"\" data-animation-offset=\"\" data-m-rm-animation=\"\" data-stagger=\"true\"><p>DU Soins Infirmiers en R\u00e9animation (SIR)<\/p><\/div><\/h3><\/div><\/div><\/div><\/div><div class=\"nectar-post-grid-item\" data-post-id=\"7367\" data-has-img=\"true\"> <div class=\"inner\"><div class=\"nectar-post-grid-item-bg-wrap\"><div class=\"nectar-post-grid-item-bg-wrap-inner\"><div class=\"nectar-post-grid-item-bg\"><img decoding=\"async\" width=\"600\" height=\"600\" src=\"https:\/\/www.univ-guyane.fr\/wp-content\/uploads\/formations-dfr-sante-universite-de-guyane-min-thumb.svg\" class=\"attachment-large size-large wp-post-image\" alt=\"couleur sant\u00e9\" \/><\/div><\/div><\/div><div class=\"bg-overlay\"  data-opacity=\"1\" data-hover-opacity=\"0.7\"><\/div><div class=\"content\"><a class=\"nectar-post-grid-link\" href=\"https:\/\/www.univ-guyane.fr\/nl\/choisir-sa-formation\/ufr-sante\/du-prise-en-charge-des-soins-en-medecine-tropicale\/\" ><span class=\"screen-reader-text\">DU Prise en charge des soins en m\u00e9decine tropicale<\/span><\/a><div class=\"item-main\"><h3 class=\"post-heading\"><div class=\"nectar-split-heading custom-trigger\" data-align=\"default\" data-m-align=\"inherit\" data-text-effect=\"default\" data-animation-type=\"line-reveal-by-space\" data-animation-delay=\"\" data-animation-offset=\"\" data-m-rm-animation=\"\" data-stagger=\"true\"><p>DU Prise en charge des soins en m\u00e9decine tropicale<\/p><\/div><\/h3><\/div><\/div><\/div><\/div><div class=\"nectar-post-grid-item\" data-post-id=\"7387\" data-has-img=\"true\"> <div class=\"inner\"><div class=\"nectar-post-grid-item-bg-wrap\"><div class=\"nectar-post-grid-item-bg-wrap-inner\"><div class=\"nectar-post-grid-item-bg\"><img decoding=\"async\" width=\"600\" height=\"600\" src=\"https:\/\/www.univ-guyane.fr\/wp-content\/uploads\/formations-dfr-sante-universite-de-guyane-min-thumb.svg\" class=\"attachment-large size-large wp-post-image\" alt=\"couleur sant\u00e9\" \/><\/div><\/div><\/div><div class=\"bg-overlay\"  data-opacity=\"1\" data-hover-opacity=\"0.7\"><\/div><div class=\"content\"><a class=\"nectar-post-grid-link\" href=\"https:\/\/www.univ-guyane.fr\/nl\/choisir-sa-formation\/ufr-sante\/du-prevention-et-promotion-de-la-sante\/\" ><span class=\"screen-reader-text\">DU Pr\u00e9vention et Promotion de la Sant\u00e9<\/span><\/a><div class=\"item-main\"><h3 class=\"post-heading\"><div class=\"nectar-split-heading custom-trigger\" data-align=\"default\" data-m-align=\"inherit\" data-text-effect=\"default\" data-animation-type=\"line-reveal-by-space\" data-animation-delay=\"\" data-animation-offset=\"\" data-m-rm-animation=\"\" data-stagger=\"true\"><p>DU Pr\u00e9vention et Promotion de la Sant\u00e9<\/p><\/div><\/h3><\/div><\/div><\/div><\/div><div class=\"nectar-post-grid-item\" data-post-id=\"7391\" data-has-img=\"true\"> <div class=\"inner\"><div class=\"nectar-post-grid-item-bg-wrap\"><div class=\"nectar-post-grid-item-bg-wrap-inner\"><div class=\"nectar-post-grid-item-bg\"><img decoding=\"async\" width=\"600\" height=\"600\" src=\"https:\/\/www.univ-guyane.fr\/wp-content\/uploads\/formations-dfr-sante-universite-de-guyane-min-thumb.svg\" class=\"attachment-large size-large wp-post-image\" alt=\"couleur sant\u00e9\" \/><\/div><\/div><\/div><div class=\"bg-overlay\"  data-opacity=\"1\" data-hover-opacity=\"0.7\"><\/div><div class=\"content\"><a class=\"nectar-post-grid-link\" href=\"https:\/\/www.univ-guyane.fr\/nl\/choisir-sa-formation\/ufr-sante\/du-pediatrie-tropicale\/\" ><span class=\"screen-reader-text\">DU P\u00e9diatrie tropicale<\/span><\/a><div class=\"item-main\"><h3 class=\"post-heading\"><div class=\"nectar-split-heading custom-trigger\" data-align=\"default\" data-m-align=\"inherit\" data-text-effect=\"default\" data-animation-type=\"line-reveal-by-space\" data-animation-delay=\"\" data-animation-offset=\"\" data-m-rm-animation=\"\" data-stagger=\"true\"><p>DU P\u00e9diatrie tropicale<\/p><\/div><\/h3><\/div><\/div><\/div><\/div><div class=\"nectar-post-grid-item\" data-post-id=\"7385\" data-has-img=\"true\"> <div class=\"inner\"><div class=\"nectar-post-grid-item-bg-wrap\"><div class=\"nectar-post-grid-item-bg-wrap-inner\"><div class=\"nectar-post-grid-item-bg\"><img decoding=\"async\" width=\"600\" height=\"600\" src=\"https:\/\/www.univ-guyane.fr\/wp-content\/uploads\/formations-dfr-sante-universite-de-guyane-min-thumb.svg\" class=\"attachment-large size-large wp-post-image\" alt=\"couleur sant\u00e9\" \/><\/div><\/div><\/div><div class=\"bg-overlay\"  data-opacity=\"1\" data-hover-opacity=\"0.7\"><\/div><div class=\"content\"><a class=\"nectar-post-grid-link\" href=\"https:\/\/www.univ-guyane.fr\/nl\/choisir-sa-formation\/ufr-sante\/du-mediation-en-sante\/\" ><span class=\"screen-reader-text\">DU M\u00e9diation en Sant\u00e9<\/span><\/a><div class=\"item-main\"><h3 class=\"post-heading\"><div class=\"nectar-split-heading custom-trigger\" data-align=\"default\" data-m-align=\"inherit\" data-text-effect=\"default\" data-animation-type=\"line-reveal-by-space\" data-animation-delay=\"\" data-animation-offset=\"\" data-m-rm-animation=\"\" data-stagger=\"true\"><p>DU M\u00e9diation en Sant\u00e9<\/p><\/div><\/h3><\/div><\/div><\/div><\/div><div class=\"nectar-post-grid-item\" data-post-id=\"7374\" data-has-img=\"true\"> <div class=\"inner\"><div class=\"nectar-post-grid-item-bg-wrap\"><div class=\"nectar-post-grid-item-bg-wrap-inner\"><div class=\"nectar-post-grid-item-bg\"><img decoding=\"async\" width=\"600\" height=\"600\" src=\"https:\/\/www.univ-guyane.fr\/wp-content\/uploads\/formations-dfr-sante-universite-de-guyane-min-thumb.svg\" class=\"attachment-large size-large wp-post-image\" alt=\"couleur sant\u00e9\" \/><\/div><\/div><\/div><div class=\"bg-overlay\"  data-opacity=\"1\" data-hover-opacity=\"0.7\"><\/div><div class=\"content\"><a class=\"nectar-post-grid-link\" href=\"https:\/\/www.univ-guyane.fr\/nl\/choisir-sa-formation\/ufr-sante\/du-medecine-tropicale\/\" ><span class=\"screen-reader-text\">DU M\u00e9decine Tropicale<\/span><\/a><div class=\"item-main\"><h3 class=\"post-heading\"><div class=\"nectar-split-heading custom-trigger\" data-align=\"default\" data-m-align=\"inherit\" data-text-effect=\"default\" data-animation-type=\"line-reveal-by-space\" data-animation-delay=\"\" data-animation-offset=\"\" data-m-rm-animation=\"\" data-stagger=\"true\"><p>DU M\u00e9decine Tropicale<\/p><\/div><\/h3><\/div><\/div><\/div><\/div><div class=\"nectar-post-grid-item\" data-post-id=\"7343\" data-has-img=\"true\"> <div class=\"inner\"><div class=\"nectar-post-grid-item-bg-wrap\"><div class=\"nectar-post-grid-item-bg-wrap-inner\"><div class=\"nectar-post-grid-item-bg\"><img decoding=\"async\" width=\"600\" height=\"600\" src=\"https:\/\/www.univ-guyane.fr\/wp-content\/uploads\/formations-dfr-sante-universite-de-guyane-min-thumb.svg\" class=\"attachment-large size-large wp-post-image\" alt=\"couleur sant\u00e9\" \/><\/div><\/div><\/div><div class=\"bg-overlay\"  data-opacity=\"1\" data-hover-opacity=\"0.7\"><\/div><div class=\"content\"><a class=\"nectar-post-grid-link\" href=\"https:\/\/www.univ-guyane.fr\/nl\/choisir-sa-formation\/ufr-sante\/du-initiation-a-la-medecine-durgence\/\" ><span class=\"screen-reader-text\">DU Initiation \u00e0 la M\u00e9decine d\u2019Urgence<\/span><\/a><div class=\"item-main\"><h3 class=\"post-heading\"><div class=\"nectar-split-heading custom-trigger\" data-align=\"default\" data-m-align=\"inherit\" data-text-effect=\"default\" data-animation-type=\"line-reveal-by-space\" data-animation-delay=\"\" data-animation-offset=\"\" data-m-rm-animation=\"\" data-stagger=\"true\"><p>DU Initiation \u00e0 la M\u00e9decine d\u2019Urgence<\/p><\/div><\/h3><\/div><\/div><\/div><\/div><div class=\"nectar-post-grid-item\" data-post-id=\"7335\" data-has-img=\"true\"> <div class=\"inner\"><div class=\"nectar-post-grid-item-bg-wrap\"><div class=\"nectar-post-grid-item-bg-wrap-inner\"><div class=\"nectar-post-grid-item-bg\"><img decoding=\"async\" width=\"600\" height=\"600\" src=\"https:\/\/www.univ-guyane.fr\/wp-content\/uploads\/formations-dfr-sante-universite-de-guyane-min-thumb.svg\" class=\"attachment-large size-large wp-post-image\" alt=\"couleur sant\u00e9\" \/><\/div><\/div><\/div><div class=\"bg-overlay\"  data-opacity=\"1\" data-hover-opacity=\"0.7\"><\/div><div class=\"content\"><a class=\"nectar-post-grid-link\" href=\"https:\/\/www.univ-guyane.fr\/nl\/choisir-sa-formation\/ufr-sante\/du-dermatologie-tropicale\/\" ><span class=\"screen-reader-text\">DU Dermatologie Tropicale<\/span><\/a><div class=\"item-main\"><h3 class=\"post-heading\"><div class=\"nectar-split-heading custom-trigger\" data-align=\"default\" data-m-align=\"inherit\" data-text-effect=\"default\" data-animation-type=\"line-reveal-by-space\" data-animation-delay=\"\" data-animation-offset=\"\" data-m-rm-animation=\"\" data-stagger=\"true\"><p>DU Dermatologie Tropicale<\/p><\/div><\/h3><\/div><\/div><\/div><\/div><div class=\"nectar-post-grid-item\" data-post-id=\"7357\" data-has-img=\"true\"> <div class=\"inner\"><div class=\"nectar-post-grid-item-bg-wrap\"><div class=\"nectar-post-grid-item-bg-wrap-inner\"><div class=\"nectar-post-grid-item-bg\"><img decoding=\"async\" width=\"600\" height=\"600\" src=\"https:\/\/www.univ-guyane.fr\/wp-content\/uploads\/formations-dfr-sante-universite-de-guyane-min-thumb.svg\" class=\"attachment-large size-large wp-post-image\" alt=\"couleur sant\u00e9\" \/><\/div><\/div><\/div><div class=\"bg-overlay\"  data-opacity=\"1\" data-hover-opacity=\"0.7\"><\/div><div class=\"content\"><a class=\"nectar-post-grid-link\" href=\"https:\/\/www.univ-guyane.fr\/nl\/choisir-sa-formation\/ufr-sante\/3eme-annee-du-diplome-de-formation-generale-en-sciences-medicales\/\" ><span class=\"screen-reader-text\">3\u00e8me ann\u00e9e du Dipl\u00f4me de Formation G\u00e9n\u00e9rale en Sciences M\u00e9dicales<\/span><\/a><div class=\"item-main\"><h3 class=\"post-heading\"><div class=\"nectar-split-heading custom-trigger\" data-align=\"default\" data-m-align=\"inherit\" data-text-effect=\"default\" data-animation-type=\"line-reveal-by-space\" data-animation-delay=\"\" data-animation-offset=\"\" data-m-rm-animation=\"\" data-stagger=\"true\"><p>3\u00e8me ann\u00e9e du Dipl\u00f4me de Formation G\u00e9n\u00e9rale en Sciences M\u00e9dicales<\/p><\/div><\/h3><\/div><\/div><\/div><\/div><div class=\"nectar-post-grid-item\" data-post-id=\"7337\" data-has-img=\"true\"> <div class=\"inner\"><div class=\"nectar-post-grid-item-bg-wrap\"><div class=\"nectar-post-grid-item-bg-wrap-inner\"><div class=\"nectar-post-grid-item-bg\"><img decoding=\"async\" width=\"600\" height=\"600\" src=\"https:\/\/www.univ-guyane.fr\/wp-content\/uploads\/formations-dfr-sante-universite-de-guyane-min-thumb.svg\" class=\"attachment-large size-large wp-post-image\" alt=\"couleur sant\u00e9\" \/><\/div><\/div><\/div><div class=\"bg-overlay\"  data-opacity=\"1\" data-hover-opacity=\"0.7\"><\/div><div class=\"content\"><a class=\"nectar-post-grid-link\" href=\"https:\/\/www.univ-guyane.fr\/nl\/choisir-sa-formation\/ufr-sante\/2eme-annee-du-diplome-de-formation-generale-en-sciences-medicales\/\" ><span class=\"screen-reader-text\">2\u00e8me ann\u00e9e du Dipl\u00f4me de Formation G\u00e9n\u00e9rale en Sciences M\u00e9dicales<\/span><\/a><div class=\"item-main\"><h3 class=\"post-heading\"><div class=\"nectar-split-heading custom-trigger\" data-align=\"default\" data-m-align=\"inherit\" data-text-effect=\"default\" data-animation-type=\"line-reveal-by-space\" data-animation-delay=\"\" data-animation-offset=\"\" data-m-rm-animation=\"\" data-stagger=\"true\"><p>2\u00e8me ann\u00e9e du Dipl\u00f4me de Formation G\u00e9n\u00e9rale en Sciences M\u00e9dicales<\/p><\/div><\/h3><\/div><\/div><\/div><\/div><\/div><\/div>\n\t\t\t<\/div> \n\t\t<\/div>\n\t<\/div> \n<\/div><\/div><\/div>\n\t\t\t<\/div> \n\t\t<\/div>\n\t<\/div> \n\n\t<div  class=\"vc_col-sm-3 wpb_column column_container vc_column_container col no-extra-padding inherit_tablet inherit_phone flex_gap_desktop_10px \"  data-padding-pos=\"all\" data-has-bg-color=\"false\" data-bg-color=\"\" data-bg-opacity=\"1\" data-animation=\"\" data-delay=\"0\" >\n\t\t<div class=\"vc_column-inner\" >\n\t\t\t<div class=\"wpb_wrapper\">\n\t\t\t\t<div class=\"templatera_shortcode\">\n\t\t<div id=\"fws_69f0d3645ac4d\"  data-column-margin=\"default\" data-midnight=\"dark\"  class=\"wpb_row vc_row-fluid vc_row\"  style=\"padding-top: 0px; padding-bottom: 0px; \"><div class=\"row-bg-wrap\" data-bg-animation=\"none\" data-bg-animation-delay=\"\" data-bg-overlay=\"false\"><div class=\"inner-wrap row-bg-layer\" ><div class=\"row-bg viewport-desktop\"  style=\"\"><\/div><\/div><\/div><div class=\"row_col_wrap_12 col span_12 dark left\">\n\t<div  class=\"vc_col-sm-12 infos-structure wpb_column column_container vc_column_container col border_left_desktop_1px border_color_cccccc border_style_solid left_padding_desktop_30px \"  data-padding-pos=\"all\" data-has-bg-color=\"false\" data-bg-color=\"\" data-bg-opacity=\"1\" data-animation=\"\" data-delay=\"0\" >\n\t\t<div class=\"vc_column-inner\" >\n\t\t\t<div class=\"wpb_wrapper\">\n\t\t\t\t\n<div class=\"wpb_text_column wpb_content_element \" >\n\t<h2>Sant\u00e9<\/h2>\n<h3>UFR SMS <span style=\"display: block;font-size: 14px; font-weight: 500;\">Sciences M\u00e9dicales et de la Sant\u00e9<\/span><\/h3>\n<\/div>\n\n\n\n<div class=\"toggles accordion\" data-br=\"\" data-starting=\"closed\" data-style=\"minimal\"><div class=\"toggle accent-color\" data-inner-wrap=\"true\"><h3 class=\"toggle-title\"><a href=\"#\" role=\"button\" class=\"toggle-heading\"><i role=\"presentation\" class=\"fa fa-plus\"><\/i>Direction<\/a><\/h3><div><div class=\"inner-toggle-wrap\">\n<div class=\"wpb_text_column wpb_content_element \" >\n\t<p>Pr. Pierre COUPPIE<br \/>\n<em>Doyen<\/em><\/p>\n<p>Pr. Mathieu NACHER<br \/>\n<em>Vice -Doyen<\/em><\/p>\n<p>Mme Sandrine ADONIS<br \/>\n<em>Responsable Administratif et Financier<\/em><\/p>\n<p>Guillaume ICHER<br \/>\n<em>MCF Associ\u00e9 \u2013 Responsable du tutorat<\/em><\/p>\n<\/div>\n\n\n\n<\/div><\/div><\/div><div class=\"toggle accent-color\" data-inner-wrap=\"true\"><h3 class=\"toggle-title\"><a href=\"#\" role=\"button\" class=\"toggle-heading\"><i role=\"presentation\" class=\"fa fa-plus\"><\/i>Scolarit\u00e9<\/a><\/h3><div><div class=\"inner-toggle-wrap\">\n<div class=\"wpb_text_column wpb_content_element \" >\n\t<p>Mme Romy BAAL-OTHILY <em><br \/>\nCoordinatrice de la scolarit\u00e9<br \/>\n<\/em>T 0594 29 99 64<em><br \/>\n<\/em>\u2014<br \/>\nMme V\u00e9ronique KONOE<br \/>\n<em>Gestionnaire de scolarit\u00e9<br \/>\n<\/em>T 0594 27 27 24<br \/>\n\u2014<br \/>\nMme Victorine MAZONOE<br \/>\n<em>Gestionnaire de scolarit\u00e9<br \/>\n<\/em>T 0594 27 27 23<em><br \/>\n<\/em>\u2014<br \/>\nEndrow PHIBEL<br \/>\n<em>Appariteur<br \/>\n<\/em>T 0594 27 27 25<em><br \/>\n<\/em><\/p>\n<\/div>\n\n\n\n<\/div><\/div><\/div><div class=\"toggle accent-color\" data-inner-wrap=\"true\"><h3 class=\"toggle-title\"><a href=\"#\" role=\"button\" class=\"toggle-heading\"><i role=\"presentation\" class=\"fa fa-plus\"><\/i>R\u00e9ception<\/a><\/h3><div><div class=\"inner-toggle-wrap\">\n<div class=\"wpb_text_column wpb_content_element \" >\n\t<p>Campus de Troubiran<br \/>\nB\u00e2t. N<\/p>\n<\/div>\n\n\n\n<\/div><\/div><\/div><\/div>\n\t\t\t<\/div> \n\t\t<\/div>\n\t<\/div> \n<\/div><\/div><\/div>\n\t\t\t<\/div> \n\t\t<\/div>\n\t<\/div> \n<\/div><\/div>\n","protected":false},"excerpt":{"rendered":"Onderdeel : DFR Sant\u00e9 Vakgebied: Gezondheid Vermeld: 2e jaar Algemene Opleiding...","protected":false},"author":1,"featured_media":7757,"parent":6131,"menu_order":0,"comment_status":"closed","ping_status":"closed","template":"","meta":{"iawp_total_views":273,"footnotes":""},"categories":[217,88,215,159],"tags":[],"class_list":{"0":"post-13939","1":"page","2":"type-page","3":"status-publish","4":"has-post-thumbnail","6":"category-cayenne-formations","7":"category-du","8":"category-medical","9":"category-sante-formations"},"yoast_head":"<!-- This site is optimized with the Yoast SEO plugin v27.5 - https:\/\/yoast.com\/product\/yoast-seo-wordpress\/ -->\n<title>DU Th\u00e9rapeutiques anti-infectieuses\u00a0 en Antilles Guyane &#8212; Universit\u00e9 de Guyane<\/title>\n<meta name=\"description\" content=\"Enseigner les bases de la M\u00e9decine Intensive R\u00e9animation \u00e0 des soignants (IDE). Il vise \u00e0 apporter les bases th\u00e9oriques et techniques n\u00e9cessaires \u00e0 la prise en charge d\u2019un patient en R\u00e9animation\" \/>\n<meta name=\"robots\" content=\"index, follow, max-snippet:-1, max-image-preview:large, max-video-preview:-1\" \/>\n<link rel=\"canonical\" href=\"https:\/\/www.univ-guyane.fr\/nl\/choisir-sa-formation\/ufr-sante\/du-thrapeutiques-anti-infectieuses-en-antilles-guyane\/\" \/>\n<meta property=\"og:locale\" content=\"nl_NL\" \/>\n<meta property=\"og:type\" content=\"article\" \/>\n<meta property=\"og:title\" content=\"DU Th\u00e9rapeutiques anti-infectieuses\u00a0 en Antilles Guyane &#8212; Universit\u00e9 de Guyane\" \/>\n<meta property=\"og:description\" content=\"Enseigner les bases de la M\u00e9decine Intensive R\u00e9animation \u00e0 des soignants (IDE). Il vise \u00e0 apporter les bases th\u00e9oriques et techniques n\u00e9cessaires \u00e0 la prise en charge d\u2019un patient en R\u00e9animation\" \/>\n<meta property=\"og:url\" content=\"https:\/\/www.univ-guyane.fr\/nl\/choisir-sa-formation\/ufr-sante\/du-thrapeutiques-anti-infectieuses-en-antilles-guyane\/\" \/>\n<meta property=\"og:site_name\" content=\"Universit\u00e9 de Guyane\" \/>\n<meta property=\"article:publisher\" content=\"https:\/\/www.facebook.com\/univguyane\" \/>\n<meta property=\"article:modified_time\" content=\"2026-01-21T18:16:21+00:00\" \/>\n<meta property=\"og:image\" content=\"https:\/\/www.univ-guyane.fr\/wp-content\/uploads\/www-site-universite-de-guyane.jpg\" \/>\n\t<meta property=\"og:image:width\" content=\"1200\" \/>\n\t<meta property=\"og:image:height\" content=\"653\" \/>\n\t<meta property=\"og:image:type\" content=\"image\/jpeg\" \/>\n<meta name=\"twitter:card\" content=\"summary_large_image\" \/>\n<meta name=\"twitter:site\" content=\"@univguyane\" \/>\n<meta name=\"twitter:label1\" content=\"Geschatte leestijd\" \/>\n\t<meta name=\"twitter:data1\" content=\"7 minuten\" \/>\n<script type=\"application\/ld+json\" class=\"yoast-schema-graph\">{\"@context\":\"https:\\\/\\\/schema.org\",\"@graph\":[{\"@type\":\"WebPage\",\"@id\":\"https:\\\/\\\/www.univ-guyane.fr\\\/choisir-sa-formation\\\/ufr-sante\\\/du-thrapeutiques-anti-infectieuses-en-antilles-guyane\\\/\",\"url\":\"https:\\\/\\\/www.univ-guyane.fr\\\/choisir-sa-formation\\\/ufr-sante\\\/du-thrapeutiques-anti-infectieuses-en-antilles-guyane\\\/\",\"name\":\"DU Th\u00e9rapeutiques anti-infectieuses\u00a0 en Antilles Guyane &#8212; Universit\u00e9 de Guyane\",\"isPartOf\":{\"@id\":\"https:\\\/\\\/www.univ-guyane.fr\\\/#website\"},\"primaryImageOfPage\":{\"@id\":\"https:\\\/\\\/www.univ-guyane.fr\\\/choisir-sa-formation\\\/ufr-sante\\\/du-thrapeutiques-anti-infectieuses-en-antilles-guyane\\\/#primaryimage\"},\"image\":{\"@id\":\"https:\\\/\\\/www.univ-guyane.fr\\\/choisir-sa-formation\\\/ufr-sante\\\/du-thrapeutiques-anti-infectieuses-en-antilles-guyane\\\/#primaryimage\"},\"thumbnailUrl\":\"https:\\\/\\\/www.univ-guyane.fr\\\/wp-content\\\/uploads\\\/formations-dfr-sante-universite-de-guyane-min-thumb.svg\",\"datePublished\":\"2026-01-21T17:10:52+00:00\",\"dateModified\":\"2026-01-21T18:16:21+00:00\",\"description\":\"Enseigner les bases de la M\u00e9decine Intensive R\u00e9animation \u00e0 des soignants (IDE). Il vise \u00e0 apporter les bases th\u00e9oriques et techniques n\u00e9cessaires \u00e0 la prise en charge d\u2019un patient en R\u00e9animation\",\"breadcrumb\":{\"@id\":\"https:\\\/\\\/www.univ-guyane.fr\\\/choisir-sa-formation\\\/ufr-sante\\\/du-thrapeutiques-anti-infectieuses-en-antilles-guyane\\\/#breadcrumb\"},\"inLanguage\":\"nl-NL\",\"potentialAction\":[{\"@type\":\"ReadAction\",\"target\":[\"https:\\\/\\\/www.univ-guyane.fr\\\/choisir-sa-formation\\\/ufr-sante\\\/du-thrapeutiques-anti-infectieuses-en-antilles-guyane\\\/\"]}]},{\"@type\":\"ImageObject\",\"inLanguage\":\"nl-NL\",\"@id\":\"https:\\\/\\\/www.univ-guyane.fr\\\/choisir-sa-formation\\\/ufr-sante\\\/du-thrapeutiques-anti-infectieuses-en-antilles-guyane\\\/#primaryimage\",\"url\":\"https:\\\/\\\/www.univ-guyane.fr\\\/wp-content\\\/uploads\\\/formations-dfr-sante-universite-de-guyane-min-thumb.svg\",\"contentUrl\":\"https:\\\/\\\/www.univ-guyane.fr\\\/wp-content\\\/uploads\\\/formations-dfr-sante-universite-de-guyane-min-thumb.svg\",\"caption\":\"couleur sant\u00e9\"},{\"@type\":\"BreadcrumbList\",\"@id\":\"https:\\\/\\\/www.univ-guyane.fr\\\/choisir-sa-formation\\\/ufr-sante\\\/du-thrapeutiques-anti-infectieuses-en-antilles-guyane\\\/#breadcrumb\",\"itemListElement\":[{\"@type\":\"ListItem\",\"position\":1,\"name\":\"Accueil\",\"item\":\"https:\\\/\\\/www.univ-guyane.fr\\\/\"},{\"@type\":\"ListItem\",\"position\":2,\"name\":\"Choisir sa formation\",\"item\":\"https:\\\/\\\/www.univ-guyane.fr\\\/choisir-sa-formation\\\/\"},{\"@type\":\"ListItem\",\"position\":3,\"name\":\"Sant\u00e9\",\"item\":\"https:\\\/\\\/www.univ-guyane.fr\\\/choisir-sa-formation\\\/ufr-sante\\\/\"},{\"@type\":\"ListItem\",\"position\":4,\"name\":\"DU Th\u00e9rapeutiques anti-infectieuses\u00a0 en Antilles Guyane\"}]},{\"@type\":\"WebSite\",\"@id\":\"https:\\\/\\\/www.univ-guyane.fr\\\/#website\",\"url\":\"https:\\\/\\\/www.univ-guyane.fr\\\/\",\"name\":\"Universit\u00e9 de Guyane\",\"description\":\"Au c\u0153ur de l&#039;amazonie\",\"publisher\":{\"@id\":\"https:\\\/\\\/www.univ-guyane.fr\\\/#organization\"},\"alternateName\":\"UG\",\"potentialAction\":[{\"@type\":\"SearchAction\",\"target\":{\"@type\":\"EntryPoint\",\"urlTemplate\":\"https:\\\/\\\/www.univ-guyane.fr\\\/?s={search_term_string}\"},\"query-input\":{\"@type\":\"PropertyValueSpecification\",\"valueRequired\":true,\"valueName\":\"search_term_string\"}}],\"inLanguage\":\"nl-NL\"},{\"@type\":\"Organization\",\"@id\":\"https:\\\/\\\/www.univ-guyane.fr\\\/#organization\",\"name\":\"Universit\u00e9 de Guyane\",\"alternateName\":\"UG\",\"url\":\"https:\\\/\\\/www.univ-guyane.fr\\\/\",\"logo\":{\"@type\":\"ImageObject\",\"inLanguage\":\"nl-NL\",\"@id\":\"https:\\\/\\\/www.univ-guyane.fr\\\/#\\\/schema\\\/logo\\\/image\\\/\",\"url\":\"https:\\\/\\\/www.univ-guyane.fr\\\/wp-content\\\/uploads\\\/2024\\\/05\\\/f.png\",\"contentUrl\":\"https:\\\/\\\/www.univ-guyane.fr\\\/wp-content\\\/uploads\\\/2024\\\/05\\\/f.png\",\"width\":1024,\"height\":1024,\"caption\":\"Universit\u00e9 de Guyane\"},\"image\":{\"@id\":\"https:\\\/\\\/www.univ-guyane.fr\\\/#\\\/schema\\\/logo\\\/image\\\/\"},\"sameAs\":[\"https:\\\/\\\/www.facebook.com\\\/univguyane\",\"https:\\\/\\\/x.com\\\/univguyane\",\"https:\\\/\\\/gf.linkedin.com\\\/school\\\/universite-de-guyane\\\/\",\"https:\\\/\\\/www.instagram.com\\\/univ_guyane\\\/\"]}]}<\/script>\n<!-- \/ Yoast SEO plugin. -->","yoast_head_json":{"title":"DU Th\u00e9rapeutiques anti-infectieuses\u00a0 en Antilles Guyane &#8212; Universit\u00e9 de Guyane","description":"Enseigner les bases de la M\u00e9decine Intensive R\u00e9animation \u00e0 des soignants (IDE). Il vise \u00e0 apporter les bases th\u00e9oriques et techniques n\u00e9cessaires \u00e0 la prise en charge d\u2019un patient en R\u00e9animation","robots":{"index":"index","follow":"follow","max-snippet":"max-snippet:-1","max-image-preview":"max-image-preview:large","max-video-preview":"max-video-preview:-1"},"canonical":"https:\/\/www.univ-guyane.fr\/nl\/choisir-sa-formation\/ufr-sante\/du-thrapeutiques-anti-infectieuses-en-antilles-guyane\/","og_locale":"nl_NL","og_type":"article","og_title":"DU Th\u00e9rapeutiques anti-infectieuses\u00a0 en Antilles Guyane &#8212; Universit\u00e9 de Guyane","og_description":"Enseigner les bases de la M\u00e9decine Intensive R\u00e9animation \u00e0 des soignants (IDE). Il vise \u00e0 apporter les bases th\u00e9oriques et techniques n\u00e9cessaires \u00e0 la prise en charge d\u2019un patient en R\u00e9animation","og_url":"https:\/\/www.univ-guyane.fr\/nl\/choisir-sa-formation\/ufr-sante\/du-thrapeutiques-anti-infectieuses-en-antilles-guyane\/","og_site_name":"Universit\u00e9 de Guyane","article_publisher":"https:\/\/www.facebook.com\/univguyane","article_modified_time":"2026-01-21T18:16:21+00:00","og_image":[{"width":1200,"height":653,"url":"https:\/\/www.univ-guyane.fr\/wp-content\/uploads\/www-site-universite-de-guyane.jpg","type":"image\/jpeg"}],"twitter_card":"summary_large_image","twitter_site":"@univguyane","twitter_misc":{"Geschatte leestijd":"7 minuten"},"schema":{"@context":"https:\/\/schema.org","@graph":[{"@type":"WebPage","@id":"https:\/\/www.univ-guyane.fr\/choisir-sa-formation\/ufr-sante\/du-thrapeutiques-anti-infectieuses-en-antilles-guyane\/","url":"https:\/\/www.univ-guyane.fr\/choisir-sa-formation\/ufr-sante\/du-thrapeutiques-anti-infectieuses-en-antilles-guyane\/","name":"DU Th\u00e9rapeutiques anti-infectieuses\u00a0 en Antilles Guyane &#8212; Universit\u00e9 de Guyane","isPartOf":{"@id":"https:\/\/www.univ-guyane.fr\/#website"},"primaryImageOfPage":{"@id":"https:\/\/www.univ-guyane.fr\/choisir-sa-formation\/ufr-sante\/du-thrapeutiques-anti-infectieuses-en-antilles-guyane\/#primaryimage"},"image":{"@id":"https:\/\/www.univ-guyane.fr\/choisir-sa-formation\/ufr-sante\/du-thrapeutiques-anti-infectieuses-en-antilles-guyane\/#primaryimage"},"thumbnailUrl":"https:\/\/www.univ-guyane.fr\/wp-content\/uploads\/formations-dfr-sante-universite-de-guyane-min-thumb.svg","datePublished":"2026-01-21T17:10:52+00:00","dateModified":"2026-01-21T18:16:21+00:00","description":"Enseigner les bases de la M\u00e9decine Intensive R\u00e9animation \u00e0 des soignants (IDE). Il vise \u00e0 apporter les bases th\u00e9oriques et techniques n\u00e9cessaires \u00e0 la prise en charge d\u2019un patient en R\u00e9animation","breadcrumb":{"@id":"https:\/\/www.univ-guyane.fr\/choisir-sa-formation\/ufr-sante\/du-thrapeutiques-anti-infectieuses-en-antilles-guyane\/#breadcrumb"},"inLanguage":"nl-NL","potentialAction":[{"@type":"ReadAction","target":["https:\/\/www.univ-guyane.fr\/choisir-sa-formation\/ufr-sante\/du-thrapeutiques-anti-infectieuses-en-antilles-guyane\/"]}]},{"@type":"ImageObject","inLanguage":"nl-NL","@id":"https:\/\/www.univ-guyane.fr\/choisir-sa-formation\/ufr-sante\/du-thrapeutiques-anti-infectieuses-en-antilles-guyane\/#primaryimage","url":"https:\/\/www.univ-guyane.fr\/wp-content\/uploads\/formations-dfr-sante-universite-de-guyane-min-thumb.svg","contentUrl":"https:\/\/www.univ-guyane.fr\/wp-content\/uploads\/formations-dfr-sante-universite-de-guyane-min-thumb.svg","caption":"couleur sant\u00e9"},{"@type":"BreadcrumbList","@id":"https:\/\/www.univ-guyane.fr\/choisir-sa-formation\/ufr-sante\/du-thrapeutiques-anti-infectieuses-en-antilles-guyane\/#breadcrumb","itemListElement":[{"@type":"ListItem","position":1,"name":"Accueil","item":"https:\/\/www.univ-guyane.fr\/"},{"@type":"ListItem","position":2,"name":"Choisir sa formation","item":"https:\/\/www.univ-guyane.fr\/choisir-sa-formation\/"},{"@type":"ListItem","position":3,"name":"Sant\u00e9","item":"https:\/\/www.univ-guyane.fr\/choisir-sa-formation\/ufr-sante\/"},{"@type":"ListItem","position":4,"name":"DU Th\u00e9rapeutiques anti-infectieuses\u00a0 en Antilles Guyane"}]},{"@type":"WebSite","@id":"https:\/\/www.univ-guyane.fr\/#website","url":"https:\/\/www.univ-guyane.fr\/","name":"Universiteit van Guyana","description":"In het hart van Amazonia","publisher":{"@id":"https:\/\/www.univ-guyane.fr\/#organization"},"alternateName":"UG","potentialAction":[{"@type":"SearchAction","target":{"@type":"EntryPoint","urlTemplate":"https:\/\/www.univ-guyane.fr\/?s={search_term_string}"},"query-input":{"@type":"PropertyValueSpecification","valueRequired":true,"valueName":"search_term_string"}}],"inLanguage":"nl-NL"},{"@type":"Organization","@id":"https:\/\/www.univ-guyane.fr\/#organization","name":"Universiteit van Guyana","alternateName":"UG","url":"https:\/\/www.univ-guyane.fr\/","logo":{"@type":"ImageObject","inLanguage":"nl-NL","@id":"https:\/\/www.univ-guyane.fr\/#\/schema\/logo\/image\/","url":"https:\/\/www.univ-guyane.fr\/wp-content\/uploads\/2024\/05\/f.png","contentUrl":"https:\/\/www.univ-guyane.fr\/wp-content\/uploads\/2024\/05\/f.png","width":1024,"height":1024,"caption":"Universit\u00e9 de Guyane"},"image":{"@id":"https:\/\/www.univ-guyane.fr\/#\/schema\/logo\/image\/"},"sameAs":["https:\/\/www.facebook.com\/univguyane","https:\/\/x.com\/univguyane","https:\/\/gf.linkedin.com\/school\/universite-de-guyane\/","https:\/\/www.instagram.com\/univ_guyane\/"]}]}},"_links":{"self":[{"href":"https:\/\/www.univ-guyane.fr\/nl\/wp-json\/wp\/v2\/pages\/13939","targetHints":{"allow":["GET"]}}],"collection":[{"href":"https:\/\/www.univ-guyane.fr\/nl\/wp-json\/wp\/v2\/pages"}],"about":[{"href":"https:\/\/www.univ-guyane.fr\/nl\/wp-json\/wp\/v2\/types\/page"}],"author":[{"embeddable":true,"href":"https:\/\/www.univ-guyane.fr\/nl\/wp-json\/wp\/v2\/users\/1"}],"replies":[{"embeddable":true,"href":"https:\/\/www.univ-guyane.fr\/nl\/wp-json\/wp\/v2\/comments?post=13939"}],"version-history":[{"count":5,"href":"https:\/\/www.univ-guyane.fr\/nl\/wp-json\/wp\/v2\/pages\/13939\/revisions"}],"predecessor-version":[{"id":13944,"href":"https:\/\/www.univ-guyane.fr\/nl\/wp-json\/wp\/v2\/pages\/13939\/revisions\/13944"}],"up":[{"embeddable":true,"href":"https:\/\/www.univ-guyane.fr\/nl\/wp-json\/wp\/v2\/pages\/6131"}],"wp:featuredmedia":[{"embeddable":true,"href":"https:\/\/www.univ-guyane.fr\/nl\/wp-json\/wp\/v2\/media\/7757"}],"wp:attachment":[{"href":"https:\/\/www.univ-guyane.fr\/nl\/wp-json\/wp\/v2\/media?parent=13939"}],"wp:term":[{"taxonomy":"category","embeddable":true,"href":"https:\/\/www.univ-guyane.fr\/nl\/wp-json\/wp\/v2\/categories?post=13939"},{"taxonomy":"post_tag","embeddable":true,"href":"https:\/\/www.univ-guyane.fr\/nl\/wp-json\/wp\/v2\/tags?post=13939"}],"curies":[{"name":"wp","href":"https:\/\/api.w.org\/{rel}","templated":true}]}}