{"id":7337,"date":"2024-05-24T12:13:33","date_gmt":"2024-05-24T15:13:33","guid":{"rendered":"https:\/\/www.univ-guyane.fr\/?page_id=7337"},"modified":"2024-05-29T14:54:21","modified_gmt":"2024-05-29T17:54:21","slug":"2eme-annee-du-diplome-de-formation-generale-en-sciences-medicales","status":"publish","type":"page","link":"https:\/\/www.univ-guyane.fr\/nl\/choisir-sa-formation\/ufr-sante\/2eme-annee-du-diplome-de-formation-generale-en-sciences-medicales\/","title":{"rendered":"2e jaar van het Dipl\u00f4me de Formation G\u00e9n\u00e9rale en Sciences M\u00e9dicales (Algemeen Opleidingsdiploma Medische Wetenschappen)"},"content":{"rendered":"\n\t\t<div id=\"fws_69f5b22308c8b\"  data-column-margin=\"default\" data-midnight=\"dark\"  class=\"wpb_row vc_row-fluid vc_row\"  style=\"padding-top: 0px; padding-bottom: 0px; \"><div class=\"row-bg-wrap\" data-bg-animation=\"none\" data-bg-animation-delay=\"\" data-bg-overlay=\"false\"><div class=\"inner-wrap row-bg-layer\" ><div class=\"row-bg viewport-desktop\"  style=\"\"><\/div><\/div><\/div><div class=\"row_col_wrap_12 col span_12 dark left\">\n\t<div  class=\"vc_col-sm-9 wpb_column column_container vc_column_container col no-extra-padding inherit_tablet inherit_phone \"  data-padding-pos=\"all\" data-has-bg-color=\"false\" data-bg-color=\"\" data-bg-opacity=\"1\" data-animation=\"\" data-delay=\"0\" >\n\t\t<div class=\"vc_column-inner\" >\n\t\t\t<div class=\"wpb_wrapper\">\n\t\t\t\t<div class=\"templatera_shortcode\"><\/div>\n<div class=\"wpb_text_column wpb_content_element  vc_custom_1716562362322\" >\n\t<p><strong>Composante :<\/strong> DFR Sant\u00e9<br \/>\n<strong>Domaine :<\/strong> Sant\u00e9<br \/>\n<strong>Mention : <\/strong><span lang=\"FR\">2\u00e8me ann\u00e9e <\/span>Formation G\u00e9n\u00e9rale en Sciences M\u00e9dicales<br \/>\n<strong>Nature :<\/strong> Formation dipl\u00f4mante.<br \/>\n<strong>Niveau de sortie :<\/strong> BAC + 2<br \/>\n<strong>Lieu :<\/strong> Cayenne (Campus Universitaire de Troubiran)<\/p>\n<\/div>\n\n\n\n<div class=\"toggles accordion\" data-br=\"\" data-starting=\"closed\" data-style=\"minimal\"><div class=\"toggle accent-color\" data-inner-wrap=\"true\"><h3 class=\"toggle-title\"><a href=\"#\" role=\"button\" class=\"nectar-inherit-h3 toggle-heading\"><i role=\"presentation\" class=\"fa fa-plus\"><\/i>Objectifs<\/a><\/h3><div><div class=\"inner-toggle-wrap\">\n<div class=\"wpb_text_column wpb_content_element \" >\n\t<p>Acquisition des connaissances fondamentales dans le domaine de la m\u00e9decine couvrant les champs suivants\u00a0: embryologie , histologie, anatomo-pathologie, imagerie, physiologie, s\u00e9m\u00e9iologie, pharmacologie et couvrant les domaines de la cardiologie, pneumologie, gastro-ent\u00e9rologie, uro-n\u00e9phrologie, orthop\u00e9die-traumatologie, horminolie-appareil reproducteur, nutrition, dermatologie, maladies infectieuses, immunologie, neuro-psychiatrie.<\/p>\n<\/div>\n\n\n\n<\/div><\/div><\/div><div class=\"toggle accent-color\" data-inner-wrap=\"true\"><h3 class=\"toggle-title\"><a href=\"#\" role=\"button\" class=\"nectar-inherit-h3 toggle-heading\"><i role=\"presentation\" class=\"fa fa-plus\"><\/i>Comp\u00e9tences vis\u00e9es<\/a><\/h3><div><div class=\"inner-toggle-wrap\">\n<div class=\"wpb_text_column wpb_content_element \" >\n\t<p style=\"font-weight: 400\">Savoir connaitre le fonctionnement normal des organes du corps humain et les signes pathologiques associ\u00e9s aux maladies. Savoir r\u00e9aliser un examen clinique, proposer des hypoth\u00e8ses diagnostiques et proposer des examens compl\u00e9mentaires adapt\u00e9s aux situations.<\/p>\n<\/div>\n\n\n\n<\/div><\/div><\/div><div class=\"toggle accent-color\" data-inner-wrap=\"true\"><h3 class=\"toggle-title\"><a href=\"#\" role=\"button\" class=\"nectar-inherit-h3 toggle-heading\"><i role=\"presentation\" class=\"fa fa-plus\"><\/i>Admission<\/a><\/h3><div><div class=\"inner-toggle-wrap\">\n<div class=\"wpb_text_column wpb_content_element \" >\n\t<p><strong>Niveau de recrutement :<\/strong> Bac+1<em><br \/>\n<\/em><strong>Accessible en : <\/strong>Formation initiale.<br \/>\n<strong>Formation requise :<\/strong><span lang=\"FR\">PASS ou LAS valid\u00e9e<br \/>\n<\/span><strong>C<\/strong><strong>onditions <\/strong><strong>d\u2019admission : <\/strong><span lang=\"FR\">\u00c0 l\u2019issue des examens \u00e9crits et\/ou oraux les \u00e9tudiants de PASS et de LAS doivent \u00eatre admis au classement de la fili\u00e8re m\u00e9decine.<br \/>\n<\/span><strong><span lang=\"FR\">Inscription : <\/span><\/strong>En ligne uniquement sur le site de l\u2019universit\u00e9, au mois de juillet.<\/p>\n<\/div>\n\n\n\n<\/div><\/div><\/div><div class=\"toggle accent-color\" data-inner-wrap=\"true\"><h3 class=\"toggle-title\"><a href=\"#\" role=\"button\" class=\"nectar-inherit-h3 toggle-heading\"><i role=\"presentation\" class=\"fa fa-plus\"><\/i>Programme<\/a><\/h3><div><div class=\"inner-toggle-wrap\"><div id=\"fws_69f5b2230b9f0\" data-midnight=\"\" data-column-margin=\"default\" class=\"wpb_row vc_row-fluid vc_row inner_row\"  style=\"\"><div class=\"row-bg-wrap\"> <div class=\"row-bg\" ><\/div> <\/div><div class=\"row_col_wrap_12_inner col span_12  left\">\n\t<div  class=\"vc_col-sm-6 wpb_column column_container vc_column_container col child_column no-extra-padding inherit_tablet inherit_phone \"   data-padding-pos=\"all\" data-has-bg-color=\"false\" data-bg-color=\"\" data-bg-opacity=\"1\" data-animation=\"\" data-delay=\"0\" >\n\t\t<div class=\"vc_column-inner\" >\n\t\t<div class=\"wpb_wrapper\">\n\t\t\t\n<div class=\"wpb_text_column wpb_content_element \" >\n\t<p><strong>Semestre 1<\/strong><\/p>\n<p style=\"font-weight: 400\"><strong>Unit\u00e9s d\u2019enseignements th\u00e9matiques<\/strong><\/p>\n<p style=\"font-weight: 400\">UE1 DFGSM2 et 3 Sant\u00e9 Soci\u00e9t\u00e9 Humanit\u00e9<br \/>\nCoordonnateur Antilles : Pr Moustapha DRAME, UA<br \/>\nCoordonnateurs Guyane : Pr Maylis DOUINE, Mme Colline BOUYER et Pr Bertrand DE TOFFOL; Pr Hatem KALLEL; Dr Alexandre TAREAU; Pr F\u00e9lix DJOSSOU<br \/>\nED : 40h30<\/p>\n<p style=\"font-weight: 400\">UE2 Bases mol\u00e9culaires et cellulaires des pathologies<br \/>\nCoordonnateur Antilles : Dr Yohann GARNIER, UA<br \/>\nCoordonnateurs Guyane : Pr Magalie DEMAR, Pr Ghislaine PREVOT<br \/>\nED\u00a0: 20h30<\/p>\n<p style=\"font-weight: 400\">UE3 Biopathologie tissulaire, illustrations et moyens d\u2019exploration<br \/>\nCoordonnateur Antilles : Pr Karim FARD, UA<br \/>\nCoordonnateurs Guyane : Pr Karim FARID, Dr Mohamed Kinan DRAK ALSIBAI &#8211;<br \/>\nED\u00a0: 25h<\/p>\n<p style=\"font-weight: 400\">UE4 Bases mol\u00e9culaires, cellulaires et tissulaires des traitements m\u00e9dicamenteux<br \/>\nCoordonnateur Antilles : Pr Mathieu MOLIMARD, Bordeaux<br \/>\nCoordonnateurs Guyane : Dr Flaubert NKONTCHO<br \/>\nCours &#8211; ED\u00a0: 16h en ligne<\/p>\n<p style=\"font-weight: 400\">UE5 S\u00e9miologie g\u00e9n\u00e9rale<br \/>\nCoordonnateur Antilles : Pr Christophe DELIGNY, UA<br \/>\nCoordonnateurs Guyane : Pr Lo\u00efc EPELBOIN, Pr Narcisse ELENGA<\/p>\n<p style=\"font-weight: 400\">UE12 Nutrition<br \/>\nCoordonnateur Antilles : Dr Marie Laure LALANNE-MISTRIH, UA<br \/>\nCoordonnateurs Guyane : Pr Nadia SABBAH<br \/>\nED : 20h<\/p>\n<p>&nbsp;<\/p>\n<div>\n<p><b><span lang=\"FR\">Unit\u00e9s d\u2019enseignements int\u00e9gr\u00e9s<\/span><\/b><\/p>\n<\/div>\n<div>\n<p><span lang=\"FR\">UE6 appareil digestif<br \/>\n<\/span>Coordonnateur Antilles : Pr Jean ROUDIE, UA<br \/>\nCoordonnateurs Guyane : Dr Hakim AMROUN \/ Dr Dominique LOUVEL ; Pr Benoit TERRIS,\u00a0\u00a0 Dr Mohamed Kinan DRAK ALSIBAI; Pr Mathieu MOLIMARD,\u00a0 Dr Flaubert NKONTCHO; Dr Alolia ABOIKONI<br \/>\nED : 39h<\/p>\n<\/div>\n<div>\n<p><span lang=\"FR\"><br \/>\nUE7 Appareil respiratoire<br \/>\n<\/span>Coordonnateur Antilles : Pr Chantal RAHERISON-SEMJEN, UA<br \/>\nCoordonnateurs Guyane : Pr Hatem KALLEL \/ Dr Houari AISSAOUI; Pr Benoit TERRIS,\u00a0\u00a0 Dr Mohamed Kinan DRAK ALSIBAI; Pr Mathieu MOLIMARD,\u00a0 Dr Flaubert NKONTCHO; Dr Alolia ABOIKONI<br \/>\nED : 31h30<\/p>\n<\/div>\n<div>\n<p><span lang=\"FR\"><br \/>\nUE11 Syst\u00e8me cardiovasculaire<br \/>\n<\/span>Coordonnateur Antilles : Pr Jocelyn INAMO, UA<br \/>\nCoordonnateurs Guyane : Dr Yves-K\u00e9nol FRANCK, Dr Cyrille MATHIEN; Pr Benoit TERRIS, Dr Mohamed Kinan DRAK ALSIBAI; Pr Mathieu MOLIMARD,\u00a0 Dr Flaubert NKONTCHO; Pr Hatem KALLEL<br \/>\nED : 32h<\/p>\n<\/div>\n<div>\n<p><span lang=\"FR\">\u00a0<\/span><\/p>\n<\/div>\n<div>\n<p><b><span lang=\"FR\">Unit\u00e9s d\u2019enseignements librement choisies (1 UE au choix)<\/span><\/b><\/p>\n<\/div>\n<div>\n<p><span lang=\"FR\">UE Enseignement de didactique ouvert aux tuteurs (1\u00e8re partie)<br \/>\n<\/span>Coordonnateurs Guyane : ED : 30h : Dr Guillaume ICHER; Dr Yann LAMBERT &#8211;<\/p>\n<\/div>\n<div>\n<p><span lang=\"FR\">UE Hygi\u00e8ne, Qualit\u00e9, S\u00e9curit\u00e9 des soins<br \/>\n<\/span>Coordonnateur Antilles : Dr Bruno JARRIGE, CHU Guadeloupe<br \/>\nCoordonnateurs Guyane : Pr F\u00e9lix DJOSSOU<br \/>\nED : 20h<\/p>\n<\/div>\n<div>\n<p><span lang=\"FR\"><br \/>\nUE Exercice m\u00e9dical en m\u00e9decine g\u00e9n\u00e9rale<br \/>\n<\/span>Coordonnateur Antilles : Pr Franciane GANE-TROPLENT, Pr associ\u00e9 de m\u00e9decine g\u00e9n\u00e9rale, UA<br \/>\nCoordonnateurs Guyane : Dr Timoth\u00e9e BONIFAY<br \/>\nED : 20h<\/p>\n<\/div>\n<\/div>\n\n\n\n\n\t\t<\/div> \n\t<\/div>\n\t<\/div> \n\n\t<div  class=\"vc_col-sm-6 wpb_column column_container vc_column_container col child_column no-extra-padding inherit_tablet inherit_phone \"   data-padding-pos=\"all\" data-has-bg-color=\"false\" data-bg-color=\"\" data-bg-opacity=\"1\" data-animation=\"\" data-delay=\"0\" >\n\t\t<div class=\"vc_column-inner\" >\n\t\t<div class=\"wpb_wrapper\">\n\t\t\t\n<div class=\"wpb_text_column wpb_content_element \" >\n\t<p><strong>Semestre 2<\/strong><\/p>\n<div>\n<div>\n<p><b><span lang=\"FR\">Unit\u00e9s d\u2019enseignements th\u00e9matiques<\/span><\/b><\/p>\n<\/div>\n<p><span lang=\"FR\">UE1 Langue \u00e9trang\u00e8re : anglais<br \/>\n<\/span>Coordonnateur Antilles : Mr Fred PLUMAIN, UA<br \/>\nCoordonnateurs Guyane : Dr Ahmed MULLA<br \/>\nED : 16h<\/p>\n<\/div>\n<div>\n<p><span lang=\"FR\">\u00a0<\/span><\/p>\n<\/div>\n<div>\n<p><span lang=\"FR\">UE6 DFGSM2 Informatique<br \/>\n<\/span>Coordonnateur Antilles : Mr Harry\u00a0 Kancel, UA<br \/>\nCoordonnateurs Guyane : Dr Fabrice QUET<br \/>\nED : 10h30<\/p>\n<\/div>\n<div>\n<p><span lang=\"FR\">\u00a0<\/span><\/p>\n<\/div>\n<div>\n<p><span lang=\"FR\">UE11 DFGSM2 Rev\u00eatement cutan\u00e9<br \/>\n<\/span>Coordonnateur Antilles et Guyane : Pr Pierre COUPPIE<br \/>\nED : 20h30<\/p>\n<\/div>\n<div>\n<p><span lang=\"FR\">\u00a0<\/span><\/p>\n<\/div>\n<div>\n<p><b><span lang=\"FR\">Unit\u00e9s d\u2019enseignements int\u00e9gr\u00e9s<\/span><\/b><\/p>\n<\/div>\n<div>\n<p>UE8 appareil locomoteur<br \/>\nCoordonnateur Antilles : Pr Andr\u00e9-Pierre Uzel, PU-PH d\u2019orthop\u00e9die, Pr d\u2019anatomie, UA<br \/>\nCoordonnateurs Guyane : Dr G\u00e9rard PY ; Pr Benoit TERRIS, Dr Mohamed Kinan DRAK ALSIBAI; Pr Mathieu MOLIMARD,\u00a0 Dr Flaubert NKONTCHO<br \/>\nED : 30h<\/p>\n<\/div>\n<div>\n<p><span lang=\"FR\">\u00a0<\/span><\/p>\n<\/div>\n<div>\n<p><span lang=\"FR\">UE9 Hormonologie \u2013 reproduction<br \/>\n<\/span>Coordonnateur Antilles : Pr Olivier PARANT, PU-PH de gyn\u00e9cologie-obst\u00e9trique, UA<br \/>\nCoordonnateurs Guyane : Pr Nadia SABBAH; Dr Najeh HCINI; Pr Vincent RAVERY, Pr Benoit TERRIS, Dr Mohamed Kinan DRAK ALSIBAI; Pr Mathieu MOLIMARD,\u00a0 Dr Flaubert NKONTCHO<br \/>\nED : 39h30<\/p>\n<\/div>\n<div>\n<p><span lang=\"FR\">\u00a0<\/span><\/p>\n<\/div>\n<div>\n<p><span lang=\"FR\">UE10 Rein et voies urinaires \u2013 Appareil g\u00e9nital masculin<br \/>\n<\/span>Coordonnateur Antilles : Pr Pascal BLANCHET, UA<br \/>\nCoordonnateurs Guyane : Pr Vincent RAVERY; Dr Tanguy GBAGUIDI ; Pr Benoit TERRIS, Dr Mohamed Kinan DRAK ALSIBAI; Pr Mathieu MOLIMARD,\u00a0 Dr Flaubert NKONTCHO<br \/>\nED : 34h<\/p>\n<\/div>\n<div>\n<p><span lang=\"FR\">\u00a0<\/span><\/p>\n<\/div>\n<div>\n<p><b><span lang=\"FR\">Unit\u00e9s d\u2019enseignements librement choisies (1 UE au choix)<\/span><\/b><\/p>\n<\/div>\n<div>\n<p><span lang=\"FR\">UE Enseignement de didactique ouvert aux tuteurs (2\u00e8me partie)<br \/>\n<\/span>Coordonnateurs Guyane : Dr Guillaume ICHER; Dr St\u00e9phanie WEBER<br \/>\nED : 30h<\/p>\n<\/div>\n<div>\n<p>&nbsp;<\/p>\n<\/div>\n<div>\n<p><span lang=\"FR\">UE Sant\u00e9 communautaire\/M\u00e9diation en sant\u00e9 dans le contexte r\u00e9gional<br \/>\n<\/span>Coordonnateurs : Coordonnateurs Guyane : Pr Maylis DOUINE, Pr Mathieu NACHER<br \/>\nED : 20h<\/p>\n<\/div>\n<div>\n<p><span lang=\"FR\">\u00a0<\/span><\/p>\n<\/div>\n<div>\n<p><span lang=\"FR\">UE Initiation \u00e0 la recherche<br \/>\n<\/span>Coordonnateur Antilles : Dr Fritz-Line VELAYOUDOM, UA<br \/>\nCoordonnateurs Guyane : Pr Antoine ADENIS<br \/>\nED : 20h<\/p>\n<\/div>\n<div>\n<p><span lang=\"FR\">\u00a0<\/span><\/p>\n<\/div>\n<div>\n<p><span lang=\"FR\">UE Les antibiotiques<br \/>\n<\/span>Coordonnateur Antilles : Pr Andr\u00e9 CABIE, PU-PH d\u2019infectiologie, UA<br \/>\nCoordonnateurs Guyane : Pr F\u00e9lix DJOSSOU<br \/>\nCours et Ed : 30h en ligne<\/p>\n<\/div>\n<div>\n<p><span lang=\"FR\">\u00a0<\/span><\/p>\n<\/div>\n<div>\n<p><span lang=\"FR\"><strong>1er et 2\u00e8me semestres<\/strong><br \/>\n<\/span>UE Formation aux gestes de secours et soins d\u2019urgence<br \/>\nCoordonnateur : Pr Jean-Marc PUJO ; Pr Hatem KALLEL<br \/>\nTP : 18h<\/p>\n<\/div>\n<\/div>\n\n\n\n\n\t\t<\/div> \n\t<\/div>\n\t<\/div> \n<\/div><\/div><div id=\"fws_69f5b2230c072\" data-midnight=\"\" data-column-margin=\"default\" class=\"wpb_row vc_row-fluid vc_row inner_row\"  style=\"\"><div class=\"row-bg-wrap\"> <div class=\"row-bg\" ><\/div> <\/div><div class=\"row_col_wrap_12_inner col span_12  left\">\n\t<div  class=\"vc_col-sm-12 wpb_column column_container vc_column_container col child_column no-extra-padding inherit_tablet inherit_phone \"   data-padding-pos=\"all\" data-has-bg-color=\"false\" data-bg-color=\"\" data-bg-opacity=\"1\" data-animation=\"\" data-delay=\"0\" >\n\t\t<div class=\"vc_column-inner\" >\n\t\t<div class=\"wpb_wrapper\">\n\t\t\t\n<div class=\"wpb_text_column wpb_content_element \" >\n\t<p><strong>Stages<\/strong><\/p>\n<p style=\"font-weight: 400\">Volume horaire pour 1 \u00e9tudiant<br \/>\nSept heures\/jour (temps plein), 5 jours\/semaine, durant 7 semaines soit 245 heures.<br \/>\nDurant ces stages \u00e0 temps plein, les \u00e9tudiants doivent \u00eatre pr\u00e9sents dans le terrain de stage durant 7h du lundi au vendredi inclus. Une journ\u00e9e de stage d\u00e9bute entre 8h et 9h du matin, \u00e0 la convenance du chef de service ou du chef de p\u00f4le.<\/p>\n<p style=\"font-weight: 400\"><strong>Organisation\u00a0:<\/strong><\/p>\n<p style=\"font-weight: 400\">Les stages pratiques se d\u00e9roulent durant (\u00e0 titre indicatif)\u00a0:<\/p>\n<ul>\n<li style=\"font-weight: 400\">\u00a0les 2 semaines pr\u00e9c\u00e9dant les vacances de No\u00ebl<\/li>\n<li style=\"font-weight: 400\">les 2 semaines pr\u00e9c\u00e9dant les vacances de Mardi Gras<\/li>\n<li style=\"font-weight: 400\">les 2 semaines pr\u00e9c\u00e9dant les vacances de P\u00e2ques<\/li>\n<li style=\"font-weight: 400\">une semaine en juin<\/li>\n<\/ul>\n<p style=\"font-weight: 400\">Les services d\u2019accueil sont\u00a0:<\/p>\n<ul>\n<li>Anesth\u00e9sie<\/li>\n<li>Chirurgie\n<ul>\n<li>Chirurgie digestive<\/li>\n<li>Orthop\u00e9die-Traumatologie<\/li>\n<\/ul>\n<\/li>\n<li>Gyn\u00e9cologie-obst\u00e9trique<\/li>\n<li>M\u00e9decine\n<ul>\n<li>Cardiologie<\/li>\n<li>Dermatologie<\/li>\n<li>Endocrinologie\/diab\u00e9tologie<\/li>\n<li>H\u00e9pato-gastro-ent\u00e9rologie<\/li>\n<li>Maladies infectieuses et tropicales<\/li>\n<li>M\u00e9decine interne<\/li>\n<li>N\u00e9phrologie<\/li>\n<li>Neurologie<\/li>\n<\/ul>\n<\/li>\n<li>P\u00e9diatrie\n<ul>\n<li>P\u00e9diatrie<\/li>\n<li>Urgences p\u00e9diatriques<\/li>\n<\/ul>\n<\/li>\n<li>Psychiatrie<\/li>\n<li>Urgences, soins intensifs, soins continus, r\u00e9animation\n<ul>\n<li>R\u00e9animation adulte<\/li>\n<li>Urgences adultes<\/li>\n<\/ul>\n<\/li>\n<li>Laboratoire hospitalier (microbiologie\/h\u00e9matologie\/immunologie)<\/li>\n<li>Laboratoire de recherche<\/li>\n<\/ul>\n<p style=\"font-weight: 400\">Les services d\u2019accueil sont situ\u00e9s aux CH de Cayenne. Possibilit\u00e9 de faire un stage au CH de Kourou et de Saint-Laurent-du-Maroni sur demande dans un service ayant un agr\u00e9ment pour les internes.<\/p>\n<p style=\"font-weight: 400\">Au moins un stage en service de \u00abgyn\u00e9cologie-obst\u00e9trique\u00bb, de \u00abm\u00e9decine\u00bb, de \u00abp\u00e9diatrie\u00bb, et \u00aburgences, soins intensifs, soins continus, r\u00e9animation\u00bb est obligatoire durant l\u2019ensemble des deux ann\u00e9es de DFGSM (et de \u00abchirurgie\u00a0\u00bb selon disponibilit\u00e9s). Mais l\u2019\u00e9tudiant ne peut pas r\u00e9aliser plus d\u2019un stage en gyn\u00e9cologie-obst\u00e9trique ni en p\u00e9diatrie.<\/p>\n<\/div>\n\n\n\n\n\t\t<\/div> \n\t<\/div>\n\t<\/div> \n<\/div><\/div><\/div><\/div><\/div><div class=\"toggle accent-color\" data-inner-wrap=\"true\"><h3 class=\"toggle-title\"><a href=\"#\" role=\"button\" class=\"nectar-inherit-h3 toggle-heading\"><i role=\"presentation\" class=\"fa fa-plus\"><\/i>D\u00e9bouch\u00e9s<\/a><\/h3><div><div class=\"inner-toggle-wrap\">\n<div class=\"wpb_text_column wpb_content_element \" >\n\t<ul>\n<li>Acc\u00e8s \u00e0 la 3<sup>\u00e8me<\/sup> ann\u00e9e du Dipl\u00f4me de Formation G\u00e9n\u00e9rale en Sciences M\u00e9dicales \u2013 DFGSM3<\/li>\n<\/ul>\n<p style=\"font-weight: 400\"><strong>Secteurs d\u2019activit\u00e9s<\/strong><\/p>\n<ul>\n<li>M\u00e9decine<\/li>\n<\/ul>\n<\/div>\n\n\n\n<\/div><\/div><\/div><div class=\"toggle accent-color\" data-inner-wrap=\"true\"><h3 class=\"toggle-title\"><a href=\"#\" role=\"button\" class=\"nectar-inherit-h3 toggle-heading\"><i role=\"presentation\" class=\"fa fa-plus\"><\/i>Contact<\/a><\/h3><div><div class=\"inner-toggle-wrap\"><div class=\"templatera_shortcode\">\n\t\t<div id=\"fws_69f5b2230cdff\"  data-column-margin=\"default\" data-midnight=\"dark\"  class=\"wpb_row vc_row-fluid vc_row\"  style=\"padding-top: 0px; padding-bottom: 0px; \"><div class=\"row-bg-wrap\" data-bg-animation=\"none\" data-bg-animation-delay=\"\" data-bg-overlay=\"false\"><div class=\"inner-wrap row-bg-layer\" ><div class=\"row-bg viewport-desktop\"  style=\"\"><\/div><\/div><\/div><div class=\"row_col_wrap_12 col span_12 dark left\">\n\t<div  class=\"vc_col-sm-12 wpb_column column_container vc_column_container col no-extra-padding inherit_tablet inherit_phone \"  data-padding-pos=\"all\" data-has-bg-color=\"false\" data-bg-color=\"\" data-bg-opacity=\"1\" data-animation=\"\" data-delay=\"0\" >\n\t\t<div class=\"vc_column-inner\" >\n\t\t\t<div class=\"wpb_wrapper\">\n\t\t\t\t<div id=\"map_69f5b2230d149\" style=\"height: 520px;\" class=\"nectar-leaflet-map\" data-infowindow-start-open=\"1\" data-dark-color-scheme=\"\" data-marker-style=\"default\" data-nectar-marker-color=\"accent-color\" data-ultra-flat=\"\" data-greyscale=\"\" data-extra-color=\"\" data-enable-animation=\"false\" data-enable-zoom=\"\" data-zoom-level=\"17\" data-center-lat=\"4.932\" data-center-lng=\"-52.301\" data-marker-img=\"\"><\/div><div class=\"map_69f5b2230d149 map-marker-list\"><div class=\"map-marker\" data-marker-image-width=\"50\" data-marker-image-height=\"50\" data-lat=\"4.932\" data-lng=\"-52.301\" data-mapinfo=\"Universit\u00e9 de Guyane\"><\/div><\/div>\n<div class=\"wpb_text_column wpb_content_element \" >\n\t<div class='fluentform ff-inherit-theme-style fluentform_wrapper_6'><form data-form_id=\"6\" id=\"fluentform_6\" class=\"frm-fluent-form fluent_form_6 ff-el-form-top ff_form_instance_6_1 ff-form-loading ffs_inherit_theme\" data-form_instance=\"ff_form_instance_6_1\" method=\"POST\" data-turnstile_key=\"0x4AAAAAAAXVTyiqFRuFu0rs\" ><fieldset  style=\"border: none!important;margin: 0!important;padding: 0!important;background-color: transparent!important;box-shadow: none!important;outline: none!important; min-inline-size: 100%;\">\n                    <legend class=\"ff_screen_reader_title\" style=\"display: block; margin: 0!important;padding: 0!important;height: 0!important;text-indent: -999999px;width: 0!important;overflow:hidden;\">Sant\u00e9-contact<\/legend><input type='hidden' name='__fluent_form_embded_post_id' value='7337' \/><input type=\"hidden\" id=\"_fluentform_6_fluentformnonce\" name=\"_fluentform_6_fluentformnonce\" value=\"775e0b5242\" \/><input type=\"hidden\" name=\"_wp_http_referer\" value=\"\/nl\/wp-json\/wp\/v2\/pages\/7337\" \/><div data-type=\"name-element\" data-name=\"name_0\" class=\" ff-field_container ff-name-field-wrapper\" ><div class='ff-t-container'><div class='ff-t-cell '><div class='ff-el-group  ff-el-form-top'><div class='ff-el-input--content'><input type=\"text\" name=\"name_0[first_name]\" id=\"ff_6_name_0_first_name_\" class=\"ff-el-form-control\" placeholder=\"Pr\u00e9nom\" aria-invalid=\"false\" aria-required=true><\/div><\/div><\/div><div class='ff-t-cell '><div class='ff-el-group  ff-el-form-top'><div class='ff-el-input--content'><input type=\"text\" name=\"name_0[last_name]\" id=\"ff_6_name_0_last_name_\" class=\"ff-el-form-control\" placeholder=\"Nom\" aria-invalid=\"false\" aria-required=true><\/div><\/div><\/div><\/div><\/div><div data-name=\"ff_cn_id_1\"  class='ff-t-container ff-column-container ff_columns_total_2 '><div class='ff-t-cell ff-t-column-1' style='flex-basis: 50%;'><div class='ff-el-group'><div class=\"ff-el-input--label ff-el-is-required asterisk-right\"><label for='ff_6_email_1' id='label_ff_6_email_1' aria-label=\"E-mail\">E-mail<\/label><\/div><div class='ff-el-input--content'><input type=\"email\" name=\"email_1\" class=\"ff-el-form-control\" id=\"ff_6_email_1\" placeholder=\"@\" data-name=\"email_1\"  aria-invalid=\"false\" aria-required=true><\/div><\/div><\/div><div class='ff-t-cell ff-t-column-2' style='flex-basis: 50%;'><div class='ff-el-group'><div class=\"ff-el-input--label asterisk-right\"><label for='ff_6_phone_9' id='label_ff_6_phone_9' aria-label=\"T\u00e9l\u00e9phone\">T\u00e9l\u00e9phone<\/label><\/div><div class='ff-el-input--content'><input name=\"phone_9\" id=\"ff_6_phone_9\" class=\"ff-el-form-control ff-el-phone ff_el_with_extended_validation\" placeholder=\"0694 ...\" type=\"tel\" data-name=\"phone_9\" inputmode=\"tel\"  aria-invalid='false' aria-required=false><\/div><\/div><\/div><\/div><div class='ff-el-group'><div class=\"ff-el-input--label ff-el-is-required asterisk-right\"><label for='ff_6_textarea_2' id='label_ff_6_textarea_2' aria-label=\"Message\">Message<\/label><\/div><div class='ff-el-input--content'><textarea aria-required=\"true\" aria-labelledby=\"label_ff_6_textarea_2\" name=\"textarea_2\" class=\"ff-el-form-control\" id=\"ff_6_textarea_2\" placeholder=\"Votre message ici\" rows=\"10\" cols=\"2\" data-name=\"textarea_2\" ><\/textarea><\/div><\/div><div class='ff-el-group ' ><div class='ff-el-input--content'><div data-fluent_id='6' name='cf-turnstile-response'><div\n\t\tdata-sitekey='0x4AAAAAAAXVTyiqFRuFu0rs'\n\t\tdata-theme='light'\n\t\tid='fluentform-turnstile-6-1'\n\t\tclass='ff-el-turnstile cf-turnstile'\n\t\tdata-appearance='always'><\/div><\/div><\/div><\/div><div class='ff-el-group ff-text-left ff_submit_btn_wrapper'><button type=\"submit\" class=\"ff-btn ff-btn-submit ff-btn-md ff_btn_no_style\"  aria-label=\"Envoyer\">Envoyer<\/button><\/div><\/fieldset><\/form><div id='fluentform_6_errors' class='ff-errors-in-stack ff_form_instance_6_1 ff-form-loading_errors ff_form_instance_6_1_errors'><\/div><\/div>            <script type=\"text\/javascript\">\n                window.fluent_form_ff_form_instance_6_1 = {\"id\":\"6\",\"settings\":{\"layout\":{\"labelPlacement\":\"top\",\"helpMessagePlacement\":\"with_label\",\"errorMessagePlacement\":\"inline\"},\"restrictions\":{\"denyEmptySubmission\":{\"enabled\":false}}},\"form_instance\":\"ff_form_instance_6_1\",\"form_id_selector\":\"fluentform_6\",\"rules\":{\"name_0[first_name]\":{\"required\":{\"value\":true,\"message\":\"Ce champ est obligatoire\",\"global\":false,\"global_message\":\"Ce champ est obligatoire\"}},\"name_0[]\":{\"required\":{\"value\":false,\"message\":\"Ce champ est obligatoire\",\"global\":false,\"global_message\":\"Ce champ est obligatoire\"}},\"name_0[last_name]\":{\"required\":{\"value\":true,\"message\":\"Ce champ est obligatoire\",\"global\":false,\"global_message\":\"Ce champ est obligatoire\"}},\"email_1\":{\"required\":{\"value\":true,\"message\":\"This field is required\",\"global\":false,\"global_message\":\"Ce champ est obligatoire\"},\"email\":{\"value\":1,\"message\":\"This field must contain a valid email\",\"global\":false,\"global_message\":\"Ce champ doit contenir un e-mail valide\"}},\"phone_9\":{\"required\":{\"value\":false,\"message\":\"Ce champ est obligatoire\",\"global\":false,\"global_message\":\"Ce champ est obligatoire\"},\"valid_phone_number\":{\"value\":true,\"message\":\"Le num\\u00e9ro de t\\u00e9l\\u00e9phone est invalide\",\"global\":false,\"global_message\":\"Le num\\u00e9ro de t\\u00e9l\\u00e9phone n'est pas valide\"}},\"textarea_2\":{\"required\":{\"value\":true,\"message\":\"This field is required\",\"global\":false,\"global_message\":\"Ce champ est obligatoire\"}},\"cf-turnstile-response\":[]},\"debounce_time\":300};\n                            <\/script>\n            \n<\/div>\n\n\n\n\n\t\t\t<\/div> \n\t\t<\/div>\n\t<\/div> \n<\/div><\/div><\/div><\/div><\/div><\/div><\/div><div class=\"templatera_shortcode\">\n\t\t<div id=\"fws_69f5b2230f3bc\"  data-column-margin=\"default\" data-midnight=\"dark\"  class=\"wpb_row vc_row-fluid vc_row\"  style=\"padding-top: 0px; padding-bottom: 0px; \"><div class=\"row-bg-wrap\" data-bg-animation=\"none\" data-bg-animation-delay=\"\" data-bg-overlay=\"false\"><div class=\"inner-wrap row-bg-layer\" ><div class=\"row-bg viewport-desktop\"  style=\"\"><\/div><\/div><\/div><div class=\"row_col_wrap_12 col span_12 dark left\">\n\t<div  class=\"vc_col-sm-12 wpb_column column_container vc_column_container col no-extra-padding inherit_tablet inherit_phone \"  data-padding-pos=\"all\" data-has-bg-color=\"false\" data-bg-color=\"\" data-bg-opacity=\"1\" data-animation=\"\" data-delay=\"0\" >\n\t\t<div class=\"vc_column-inner\" >\n\t\t\t<div class=\"wpb_wrapper\">\n\t\t\t\t<div class='nectar-post-grid-wrap text-color-dark spacing-10px' data-el-settings='{\"post_type\":\"custom\",\"pagination\":\"none\",\"image_size\":\"large\",\"parallax_scrolling\":\"\",\"aspect_ratio_image_size\":\"\",\"category_position\":\"default\",\"category_display\":\"default\",\"display_categories\":\"0\",\"display_excerpt\":\"0\",\"excerpt_length\":\"20\",\"content_next_to_image_excerpt_pos\":\"default\",\"display_date\":\"0\",\"display_estimated_reading_time\":\"0\",\"display_author\":\"0\",\"author_functionality\":\"default\",\"author_position\":\"default\",\"color_overlay\":\"\",\"color_overlay_opacity\":\"1\",\"color_overlay_hover_opacity\":\"0.7\",\"card_bg_color\":\"\",\"grid_style\":\"content_overlaid\",\"hover_effect\":\"zoom\",\"post_title_overlay\":\"\",\"heading_tag\":\"default\",\"heading_tag_render\":\"default\",\"enable_gallery_lightbox\":\"0\",\"remove_links\":\"0\",\"category_style\":\"underline\",\"overlay_secondary_project_image\":\"\",\"vertical_list_hover_effect\":\"none\",\"vertical_list_read_more\":\"\",\"vertical_list_read_more_style\":\"text\",\"read_more_button\":\"0\",\"animation\":\"zoom-out-reveal\",\"custom_fields\":\"\",\"custom_fields_location\":\"\",\"display_type\":\"grid\",\"text_content_layout\":\"all_bottom_left\"}' data-style='content_overlaid' data-query='{\"post_type\":\"custom\",\"posts_per_page\":\"-1\",\"order\":\"DESC\",\"orderby\":\"title\",\"offset\":\"0\",\"cpt_name\":\"page\",\"custom_query_tax\":\"159\",\"ignore_sticky_posts\":\"\",\"exclude_current_post\":\"\"}' data-load-more-color='black' data-load-more-text='Load More'><div class=\"nectar-post-grid-filters\" data-active-color=\"default\" data-align=\"default\" data-animation=\"zoom-out-reveal\" data-sortable=\"\"><div><a href=\"#\" class=\"active all-filter\" data-filter=\"159\" data-total-count=\"12\">All<\/a><a href=\"#\" data-filter=\"159\" data-total-count=\"12\">Sant\u00e9<\/a><\/div><\/div><div class=\"nectar-post-grid custom_font_size_20px text-opacity-1 text-opacity-hover-1 category-position-before-title \" data-indicator=\"\" data-indicator-style=\"default\" data-indicator-text-color=\"#fff\" data-indicator-color=\"#000\" data-indicator-text=\"View\" data-columns=\"2\" data-hover-effect=\"zoom\" data-text-style=\"default\" data-border-radius=\"5px\" data-grid-item-height=\"30vh\" data-grid-spacing=\"10px\" data-text-layout=\"all_bottom_left\" data-text-color=\"dark\" data-text-hover-color=\"dark\" data-shadow-hover=\"\" data-animation=\"zoom-out-reveal\" data-animation-stagger=\"90\" data-cat-click=\"default\" style=\"--post-grid-border-radius:5px;\" ><div class=\"nectar-post-grid-item\" data-post-id=\"7331\" data-has-img=\"true\"> <div class=\"inner\"><div class=\"nectar-post-grid-item-bg-wrap\"><div class=\"nectar-post-grid-item-bg-wrap-inner\"><div class=\"nectar-post-grid-item-bg\"><img decoding=\"async\" width=\"600\" height=\"600\" src=\"https:\/\/www.univ-guyane.fr\/wp-content\/uploads\/formations-dfr-sante-universite-de-guyane-min-thumb.svg\" class=\"attachment-large size-large wp-post-image\" alt=\"couleur sant\u00e9\" \/><\/div><\/div><\/div><div class=\"bg-overlay\"  data-opacity=\"1\" data-hover-opacity=\"0.7\"><\/div><div class=\"content\"><a class=\"nectar-post-grid-link\" href=\"https:\/\/www.univ-guyane.fr\/nl\/choisir-sa-formation\/ufr-sante\/parcours-dacces-specifique-sante\/\" ><span class=\"screen-reader-text\">Parcours d\u2019Acc\u00e8s Sp\u00e9cifique Sant\u00e9<\/span><\/a><div class=\"item-main\"><h3 class=\"post-heading\"><div class=\"nectar-split-heading custom-trigger\" data-align=\"default\" data-m-align=\"inherit\" data-text-effect=\"default\" data-animation-type=\"line-reveal-by-space\" data-animation-delay=\"\" data-animation-offset=\"\" data-m-rm-animation=\"\" data-stagger=\"true\"><p>Parcours d\u2019Acc\u00e8s Sp\u00e9cifique Sant\u00e9<\/p><\/div><\/h3><\/div><\/div><\/div><\/div><div class=\"nectar-post-grid-item\" data-post-id=\"13939\" data-has-img=\"true\"> <div class=\"inner\"><div class=\"nectar-post-grid-item-bg-wrap\"><div class=\"nectar-post-grid-item-bg-wrap-inner\"><div class=\"nectar-post-grid-item-bg\"><img decoding=\"async\" width=\"600\" height=\"600\" src=\"https:\/\/www.univ-guyane.fr\/wp-content\/uploads\/formations-dfr-sante-universite-de-guyane-min-thumb.svg\" class=\"attachment-large size-large wp-post-image\" alt=\"couleur sant\u00e9\" \/><\/div><\/div><\/div><div class=\"bg-overlay\"  data-opacity=\"1\" data-hover-opacity=\"0.7\"><\/div><div class=\"content\"><a class=\"nectar-post-grid-link\" href=\"https:\/\/www.univ-guyane.fr\/nl\/choisir-sa-formation\/ufr-sante\/du-thrapeutiques-anti-infectieuses-en-antilles-guyane\/\" ><span class=\"screen-reader-text\">DU Th\u00e9rapeutiques anti-infectieuses\u00a0 en Antilles Guyane<\/span><\/a><div class=\"item-main\"><h3 class=\"post-heading\"><div class=\"nectar-split-heading custom-trigger\" data-align=\"default\" data-m-align=\"inherit\" data-text-effect=\"default\" data-animation-type=\"line-reveal-by-space\" data-animation-delay=\"\" data-animation-offset=\"\" data-m-rm-animation=\"\" data-stagger=\"true\"><p>DU Th\u00e9rapeutiques anti-infectieuses\u00a0 en Antilles Guyane<\/p><\/div><\/h3><\/div><\/div><\/div><\/div><div class=\"nectar-post-grid-item\" data-post-id=\"11096\" data-has-img=\"true\"> <div class=\"inner\"><div class=\"nectar-post-grid-item-bg-wrap\"><div class=\"nectar-post-grid-item-bg-wrap-inner\"><div class=\"nectar-post-grid-item-bg\"><img decoding=\"async\" width=\"600\" height=\"600\" src=\"https:\/\/www.univ-guyane.fr\/wp-content\/uploads\/formations-dfr-sante-universite-de-guyane-min-thumb.svg\" class=\"attachment-large size-large wp-post-image\" alt=\"couleur sant\u00e9\" \/><\/div><\/div><\/div><div class=\"bg-overlay\"  data-opacity=\"1\" data-hover-opacity=\"0.7\"><\/div><div class=\"content\"><a class=\"nectar-post-grid-link\" href=\"https:\/\/www.univ-guyane.fr\/nl\/choisir-sa-formation\/ufr-sante\/du-soins-infirmiers-en-reanimation\/\" ><span class=\"screen-reader-text\">DU Soins Infirmiers en R\u00e9animation (SIR)<\/span><\/a><div class=\"item-main\"><h3 class=\"post-heading\"><div class=\"nectar-split-heading custom-trigger\" data-align=\"default\" data-m-align=\"inherit\" data-text-effect=\"default\" data-animation-type=\"line-reveal-by-space\" data-animation-delay=\"\" data-animation-offset=\"\" data-m-rm-animation=\"\" data-stagger=\"true\"><p>DU Soins Infirmiers en R\u00e9animation (SIR)<\/p><\/div><\/h3><\/div><\/div><\/div><\/div><div class=\"nectar-post-grid-item\" data-post-id=\"7367\" data-has-img=\"true\"> <div class=\"inner\"><div class=\"nectar-post-grid-item-bg-wrap\"><div class=\"nectar-post-grid-item-bg-wrap-inner\"><div class=\"nectar-post-grid-item-bg\"><img decoding=\"async\" width=\"600\" height=\"600\" src=\"https:\/\/www.univ-guyane.fr\/wp-content\/uploads\/formations-dfr-sante-universite-de-guyane-min-thumb.svg\" class=\"attachment-large size-large wp-post-image\" alt=\"couleur sant\u00e9\" \/><\/div><\/div><\/div><div class=\"bg-overlay\"  data-opacity=\"1\" data-hover-opacity=\"0.7\"><\/div><div class=\"content\"><a class=\"nectar-post-grid-link\" href=\"https:\/\/www.univ-guyane.fr\/nl\/choisir-sa-formation\/ufr-sante\/du-prise-en-charge-des-soins-en-medecine-tropicale\/\" ><span class=\"screen-reader-text\">DU Prise en charge des soins en m\u00e9decine tropicale<\/span><\/a><div class=\"item-main\"><h3 class=\"post-heading\"><div class=\"nectar-split-heading custom-trigger\" data-align=\"default\" data-m-align=\"inherit\" data-text-effect=\"default\" data-animation-type=\"line-reveal-by-space\" data-animation-delay=\"\" data-animation-offset=\"\" data-m-rm-animation=\"\" data-stagger=\"true\"><p>DU Prise en charge des soins en m\u00e9decine tropicale<\/p><\/div><\/h3><\/div><\/div><\/div><\/div><div class=\"nectar-post-grid-item\" data-post-id=\"7387\" data-has-img=\"true\"> <div class=\"inner\"><div class=\"nectar-post-grid-item-bg-wrap\"><div class=\"nectar-post-grid-item-bg-wrap-inner\"><div class=\"nectar-post-grid-item-bg\"><img decoding=\"async\" width=\"600\" height=\"600\" src=\"https:\/\/www.univ-guyane.fr\/wp-content\/uploads\/formations-dfr-sante-universite-de-guyane-min-thumb.svg\" class=\"attachment-large size-large wp-post-image\" alt=\"couleur sant\u00e9\" \/><\/div><\/div><\/div><div class=\"bg-overlay\"  data-opacity=\"1\" data-hover-opacity=\"0.7\"><\/div><div class=\"content\"><a class=\"nectar-post-grid-link\" href=\"https:\/\/www.univ-guyane.fr\/nl\/choisir-sa-formation\/ufr-sante\/du-prevention-et-promotion-de-la-sante\/\" ><span class=\"screen-reader-text\">DU Pr\u00e9vention et Promotion de la Sant\u00e9<\/span><\/a><div class=\"item-main\"><h3 class=\"post-heading\"><div class=\"nectar-split-heading custom-trigger\" data-align=\"default\" data-m-align=\"inherit\" data-text-effect=\"default\" data-animation-type=\"line-reveal-by-space\" data-animation-delay=\"\" data-animation-offset=\"\" data-m-rm-animation=\"\" data-stagger=\"true\"><p>DU Pr\u00e9vention et Promotion de la Sant\u00e9<\/p><\/div><\/h3><\/div><\/div><\/div><\/div><div class=\"nectar-post-grid-item\" data-post-id=\"7391\" data-has-img=\"true\"> <div class=\"inner\"><div class=\"nectar-post-grid-item-bg-wrap\"><div class=\"nectar-post-grid-item-bg-wrap-inner\"><div class=\"nectar-post-grid-item-bg\"><img decoding=\"async\" width=\"600\" height=\"600\" src=\"https:\/\/www.univ-guyane.fr\/wp-content\/uploads\/formations-dfr-sante-universite-de-guyane-min-thumb.svg\" class=\"attachment-large size-large wp-post-image\" alt=\"couleur sant\u00e9\" \/><\/div><\/div><\/div><div class=\"bg-overlay\"  data-opacity=\"1\" data-hover-opacity=\"0.7\"><\/div><div class=\"content\"><a class=\"nectar-post-grid-link\" href=\"https:\/\/www.univ-guyane.fr\/nl\/choisir-sa-formation\/ufr-sante\/du-pediatrie-tropicale\/\" ><span class=\"screen-reader-text\">DU P\u00e9diatrie tropicale<\/span><\/a><div class=\"item-main\"><h3 class=\"post-heading\"><div class=\"nectar-split-heading custom-trigger\" data-align=\"default\" data-m-align=\"inherit\" data-text-effect=\"default\" data-animation-type=\"line-reveal-by-space\" data-animation-delay=\"\" data-animation-offset=\"\" data-m-rm-animation=\"\" data-stagger=\"true\"><p>DU P\u00e9diatrie tropicale<\/p><\/div><\/h3><\/div><\/div><\/div><\/div><div class=\"nectar-post-grid-item\" data-post-id=\"7385\" data-has-img=\"true\"> <div class=\"inner\"><div class=\"nectar-post-grid-item-bg-wrap\"><div class=\"nectar-post-grid-item-bg-wrap-inner\"><div class=\"nectar-post-grid-item-bg\"><img decoding=\"async\" width=\"600\" height=\"600\" src=\"https:\/\/www.univ-guyane.fr\/wp-content\/uploads\/formations-dfr-sante-universite-de-guyane-min-thumb.svg\" class=\"attachment-large size-large wp-post-image\" alt=\"couleur sant\u00e9\" \/><\/div><\/div><\/div><div class=\"bg-overlay\"  data-opacity=\"1\" data-hover-opacity=\"0.7\"><\/div><div class=\"content\"><a class=\"nectar-post-grid-link\" href=\"https:\/\/www.univ-guyane.fr\/nl\/choisir-sa-formation\/ufr-sante\/du-mediation-en-sante\/\" ><span class=\"screen-reader-text\">DU M\u00e9diation en Sant\u00e9<\/span><\/a><div class=\"item-main\"><h3 class=\"post-heading\"><div class=\"nectar-split-heading custom-trigger\" data-align=\"default\" data-m-align=\"inherit\" data-text-effect=\"default\" data-animation-type=\"line-reveal-by-space\" data-animation-delay=\"\" data-animation-offset=\"\" data-m-rm-animation=\"\" data-stagger=\"true\"><p>DU M\u00e9diation en Sant\u00e9<\/p><\/div><\/h3><\/div><\/div><\/div><\/div><div class=\"nectar-post-grid-item\" data-post-id=\"7374\" data-has-img=\"true\"> <div class=\"inner\"><div class=\"nectar-post-grid-item-bg-wrap\"><div class=\"nectar-post-grid-item-bg-wrap-inner\"><div class=\"nectar-post-grid-item-bg\"><img decoding=\"async\" width=\"600\" height=\"600\" src=\"https:\/\/www.univ-guyane.fr\/wp-content\/uploads\/formations-dfr-sante-universite-de-guyane-min-thumb.svg\" class=\"attachment-large size-large wp-post-image\" alt=\"couleur sant\u00e9\" \/><\/div><\/div><\/div><div class=\"bg-overlay\"  data-opacity=\"1\" data-hover-opacity=\"0.7\"><\/div><div class=\"content\"><a class=\"nectar-post-grid-link\" href=\"https:\/\/www.univ-guyane.fr\/nl\/choisir-sa-formation\/ufr-sante\/du-medecine-tropicale\/\" ><span class=\"screen-reader-text\">DU M\u00e9decine Tropicale<\/span><\/a><div class=\"item-main\"><h3 class=\"post-heading\"><div class=\"nectar-split-heading custom-trigger\" data-align=\"default\" data-m-align=\"inherit\" data-text-effect=\"default\" data-animation-type=\"line-reveal-by-space\" data-animation-delay=\"\" data-animation-offset=\"\" data-m-rm-animation=\"\" data-stagger=\"true\"><p>DU M\u00e9decine Tropicale<\/p><\/div><\/h3><\/div><\/div><\/div><\/div><div class=\"nectar-post-grid-item\" data-post-id=\"7343\" data-has-img=\"true\"> <div class=\"inner\"><div class=\"nectar-post-grid-item-bg-wrap\"><div class=\"nectar-post-grid-item-bg-wrap-inner\"><div class=\"nectar-post-grid-item-bg\"><img decoding=\"async\" width=\"600\" height=\"600\" src=\"https:\/\/www.univ-guyane.fr\/wp-content\/uploads\/formations-dfr-sante-universite-de-guyane-min-thumb.svg\" class=\"attachment-large size-large wp-post-image\" alt=\"couleur sant\u00e9\" \/><\/div><\/div><\/div><div class=\"bg-overlay\"  data-opacity=\"1\" data-hover-opacity=\"0.7\"><\/div><div class=\"content\"><a class=\"nectar-post-grid-link\" href=\"https:\/\/www.univ-guyane.fr\/nl\/choisir-sa-formation\/ufr-sante\/du-initiation-a-la-medecine-durgence\/\" ><span class=\"screen-reader-text\">DU Initiation \u00e0 la M\u00e9decine d\u2019Urgence<\/span><\/a><div class=\"item-main\"><h3 class=\"post-heading\"><div class=\"nectar-split-heading custom-trigger\" data-align=\"default\" data-m-align=\"inherit\" data-text-effect=\"default\" data-animation-type=\"line-reveal-by-space\" data-animation-delay=\"\" data-animation-offset=\"\" data-m-rm-animation=\"\" data-stagger=\"true\"><p>DU Initiation \u00e0 la M\u00e9decine d\u2019Urgence<\/p><\/div><\/h3><\/div><\/div><\/div><\/div><div class=\"nectar-post-grid-item\" data-post-id=\"7335\" data-has-img=\"true\"> <div class=\"inner\"><div class=\"nectar-post-grid-item-bg-wrap\"><div class=\"nectar-post-grid-item-bg-wrap-inner\"><div class=\"nectar-post-grid-item-bg\"><img decoding=\"async\" width=\"600\" height=\"600\" src=\"https:\/\/www.univ-guyane.fr\/wp-content\/uploads\/formations-dfr-sante-universite-de-guyane-min-thumb.svg\" class=\"attachment-large size-large wp-post-image\" alt=\"couleur sant\u00e9\" \/><\/div><\/div><\/div><div class=\"bg-overlay\"  data-opacity=\"1\" data-hover-opacity=\"0.7\"><\/div><div class=\"content\"><a class=\"nectar-post-grid-link\" href=\"https:\/\/www.univ-guyane.fr\/nl\/choisir-sa-formation\/ufr-sante\/du-dermatologie-tropicale\/\" ><span class=\"screen-reader-text\">DU Dermatologie Tropicale<\/span><\/a><div class=\"item-main\"><h3 class=\"post-heading\"><div class=\"nectar-split-heading custom-trigger\" data-align=\"default\" data-m-align=\"inherit\" data-text-effect=\"default\" data-animation-type=\"line-reveal-by-space\" data-animation-delay=\"\" data-animation-offset=\"\" data-m-rm-animation=\"\" data-stagger=\"true\"><p>DU Dermatologie Tropicale<\/p><\/div><\/h3><\/div><\/div><\/div><\/div><div class=\"nectar-post-grid-item\" data-post-id=\"7357\" data-has-img=\"true\"> <div class=\"inner\"><div class=\"nectar-post-grid-item-bg-wrap\"><div class=\"nectar-post-grid-item-bg-wrap-inner\"><div class=\"nectar-post-grid-item-bg\"><img decoding=\"async\" width=\"600\" height=\"600\" src=\"https:\/\/www.univ-guyane.fr\/wp-content\/uploads\/formations-dfr-sante-universite-de-guyane-min-thumb.svg\" class=\"attachment-large size-large wp-post-image\" alt=\"couleur sant\u00e9\" \/><\/div><\/div><\/div><div class=\"bg-overlay\"  data-opacity=\"1\" data-hover-opacity=\"0.7\"><\/div><div class=\"content\"><a class=\"nectar-post-grid-link\" href=\"https:\/\/www.univ-guyane.fr\/nl\/choisir-sa-formation\/ufr-sante\/3eme-annee-du-diplome-de-formation-generale-en-sciences-medicales\/\" ><span class=\"screen-reader-text\">3\u00e8me ann\u00e9e du Dipl\u00f4me de Formation G\u00e9n\u00e9rale en Sciences M\u00e9dicales<\/span><\/a><div class=\"item-main\"><h3 class=\"post-heading\"><div class=\"nectar-split-heading custom-trigger\" data-align=\"default\" data-m-align=\"inherit\" data-text-effect=\"default\" data-animation-type=\"line-reveal-by-space\" data-animation-delay=\"\" data-animation-offset=\"\" data-m-rm-animation=\"\" data-stagger=\"true\"><p>3\u00e8me ann\u00e9e du Dipl\u00f4me de Formation G\u00e9n\u00e9rale en Sciences M\u00e9dicales<\/p><\/div><\/h3><\/div><\/div><\/div><\/div><div class=\"nectar-post-grid-item\" data-post-id=\"7337\" data-has-img=\"true\"> <div class=\"inner\"><div class=\"nectar-post-grid-item-bg-wrap\"><div class=\"nectar-post-grid-item-bg-wrap-inner\"><div class=\"nectar-post-grid-item-bg\"><img decoding=\"async\" width=\"600\" height=\"600\" src=\"https:\/\/www.univ-guyane.fr\/wp-content\/uploads\/formations-dfr-sante-universite-de-guyane-min-thumb.svg\" class=\"attachment-large size-large wp-post-image\" alt=\"couleur sant\u00e9\" \/><\/div><\/div><\/div><div class=\"bg-overlay\"  data-opacity=\"1\" data-hover-opacity=\"0.7\"><\/div><div class=\"content\"><a class=\"nectar-post-grid-link\" href=\"https:\/\/www.univ-guyane.fr\/nl\/choisir-sa-formation\/ufr-sante\/2eme-annee-du-diplome-de-formation-generale-en-sciences-medicales\/\" ><span class=\"screen-reader-text\">2\u00e8me ann\u00e9e du Dipl\u00f4me de Formation G\u00e9n\u00e9rale en Sciences M\u00e9dicales<\/span><\/a><div class=\"item-main\"><h3 class=\"post-heading\"><div class=\"nectar-split-heading custom-trigger\" data-align=\"default\" data-m-align=\"inherit\" data-text-effect=\"default\" data-animation-type=\"line-reveal-by-space\" data-animation-delay=\"\" data-animation-offset=\"\" data-m-rm-animation=\"\" data-stagger=\"true\"><p>2\u00e8me ann\u00e9e du Dipl\u00f4me de Formation G\u00e9n\u00e9rale en Sciences M\u00e9dicales<\/p><\/div><\/h3><\/div><\/div><\/div><\/div><\/div><\/div>\n\t\t\t<\/div> \n\t\t<\/div>\n\t<\/div> \n<\/div><\/div><\/div>\n\t\t\t<\/div> \n\t\t<\/div>\n\t<\/div> \n\n\t<div  class=\"vc_col-sm-3 wpb_column column_container vc_column_container col no-extra-padding inherit_tablet inherit_phone \"  data-padding-pos=\"all\" data-has-bg-color=\"false\" data-bg-color=\"\" data-bg-opacity=\"1\" data-animation=\"\" data-delay=\"0\" >\n\t\t<div class=\"vc_column-inner\" >\n\t\t\t<div class=\"wpb_wrapper\">\n\t\t\t\t<div class=\"templatera_shortcode\">\n\t\t<div id=\"fws_69f5b22314710\"  data-column-margin=\"default\" data-midnight=\"dark\"  class=\"wpb_row vc_row-fluid vc_row\"  style=\"padding-top: 0px; padding-bottom: 0px; \"><div class=\"row-bg-wrap\" data-bg-animation=\"none\" data-bg-animation-delay=\"\" data-bg-overlay=\"false\"><div class=\"inner-wrap row-bg-layer\" ><div class=\"row-bg viewport-desktop\"  style=\"\"><\/div><\/div><\/div><div class=\"row_col_wrap_12 col span_12 dark left\">\n\t<div  class=\"vc_col-sm-12 infos-structure wpb_column column_container vc_column_container col border_left_desktop_1px border_color_cccccc border_style_solid left_padding_desktop_30px \"  data-padding-pos=\"all\" data-has-bg-color=\"false\" data-bg-color=\"\" data-bg-opacity=\"1\" data-animation=\"\" data-delay=\"0\" >\n\t\t<div class=\"vc_column-inner\" >\n\t\t\t<div class=\"wpb_wrapper\">\n\t\t\t\t\n<div class=\"wpb_text_column wpb_content_element \" >\n\t<h2>Sant\u00e9<\/h2>\n<h3>UFR SMS <span style=\"display: block;font-size: 14px; font-weight: 500;\">Sciences M\u00e9dicales et de la Sant\u00e9<\/span><\/h3>\n<\/div>\n\n\n\n<div class=\"toggles accordion\" data-br=\"\" data-starting=\"closed\" data-style=\"minimal\"><div class=\"toggle accent-color\" data-inner-wrap=\"true\"><h3 class=\"toggle-title\"><a href=\"#\" role=\"button\" class=\"toggle-heading\"><i role=\"presentation\" class=\"fa fa-plus\"><\/i>Direction<\/a><\/h3><div><div class=\"inner-toggle-wrap\">\n<div class=\"wpb_text_column wpb_content_element \" >\n\t<p>Pr. Pierre COUPPIE<br \/>\n<em>Doyen<\/em><\/p>\n<p>Pr. Mathieu NACHER<br \/>\n<em>Vice -Doyen<\/em><\/p>\n<p>Mme Sandrine ADONIS<br \/>\n<em>Responsable Administratif et Financier<\/em><\/p>\n<p>Guillaume ICHER<br \/>\n<em>MCF Associ\u00e9 \u2013 Responsable du tutorat<\/em><\/p>\n<\/div>\n\n\n\n<\/div><\/div><\/div><div class=\"toggle accent-color\" data-inner-wrap=\"true\"><h3 class=\"toggle-title\"><a href=\"#\" role=\"button\" class=\"toggle-heading\"><i role=\"presentation\" class=\"fa fa-plus\"><\/i>Scolarit\u00e9<\/a><\/h3><div><div class=\"inner-toggle-wrap\">\n<div class=\"wpb_text_column wpb_content_element \" >\n\t<p>Mme Romy BAAL-OTHILY <em><br \/>\nCoordinatrice de la scolarit\u00e9<br \/>\n<\/em>T 0594 29 99 64<em><br \/>\n<\/em>\u2014<br \/>\nMme V\u00e9ronique KONOE<br \/>\n<em>Gestionnaire de scolarit\u00e9<br \/>\n<\/em>T 0594 27 27 24<br \/>\n\u2014<br \/>\nMme Victorine MAZONOE<br \/>\n<em>Gestionnaire de scolarit\u00e9<br \/>\n<\/em>T 0594 27 27 23<em><br \/>\n<\/em>\u2014<br \/>\nEndrow PHIBEL<br \/>\n<em>Appariteur<br \/>\n<\/em>T 0594 27 27 25<em><br \/>\n<\/em><\/p>\n<\/div>\n\n\n\n<\/div><\/div><\/div><div class=\"toggle accent-color\" data-inner-wrap=\"true\"><h3 class=\"toggle-title\"><a href=\"#\" role=\"button\" class=\"toggle-heading\"><i role=\"presentation\" class=\"fa fa-plus\"><\/i>R\u00e9ception<\/a><\/h3><div><div class=\"inner-toggle-wrap\">\n<div class=\"wpb_text_column wpb_content_element \" >\n\t<p>Campus de Troubiran<br \/>\nB\u00e2t. N<\/p>\n<\/div>\n\n\n\n<\/div><\/div><\/div><\/div>\n\t\t\t<\/div> \n\t\t<\/div>\n\t<\/div> \n<\/div><\/div><\/div>\n\t\t\t<\/div> \n\t\t<\/div>\n\t<\/div> \n<\/div><\/div>\n","protected":false},"excerpt":{"rendered":"Onderdeel : DFR Sant\u00e9 Vakgebied: Gezondheid Vermeld: 2e jaar Algemene Opleiding...","protected":false},"author":1,"featured_media":7757,"parent":6131,"menu_order":0,"comment_status":"closed","ping_status":"closed","template":"","meta":{"iawp_total_views":1214,"footnotes":""},"categories":[217,159],"tags":[],"class_list":{"0":"post-7337","1":"page","2":"type-page","3":"status-publish","4":"has-post-thumbnail","6":"category-cayenne-formations","7":"category-sante-formations"},"yoast_head":"<!-- This site is optimized with the Yoast SEO plugin v27.5 - https:\/\/yoast.com\/product\/yoast-seo-wordpress\/ -->\n<title>2\u00e8me ann\u00e9e du Dipl\u00f4me de Formation G\u00e9n\u00e9rale en Sciences M\u00e9dicales &#8212; Universit\u00e9 de Guyane<\/title>\n<meta name=\"robots\" content=\"index, follow, max-snippet:-1, max-image-preview:large, max-video-preview:-1\" \/>\n<link rel=\"canonical\" href=\"https:\/\/www.univ-guyane.fr\/nl\/choisir-sa-formation\/ufr-sante\/2eme-annee-du-diplome-de-formation-generale-en-sciences-medicales\/\" \/>\n<meta property=\"og:locale\" content=\"nl_NL\" \/>\n<meta property=\"og:type\" content=\"article\" \/>\n<meta property=\"og:title\" content=\"2\u00e8me ann\u00e9e du Dipl\u00f4me de Formation G\u00e9n\u00e9rale en Sciences M\u00e9dicales &#8212; Universit\u00e9 de Guyane\" \/>\n<meta property=\"og:url\" content=\"https:\/\/www.univ-guyane.fr\/nl\/choisir-sa-formation\/ufr-sante\/2eme-annee-du-diplome-de-formation-generale-en-sciences-medicales\/\" \/>\n<meta property=\"og:site_name\" content=\"Universit\u00e9 de Guyane\" \/>\n<meta property=\"article:publisher\" content=\"https:\/\/www.facebook.com\/univguyane\" \/>\n<meta property=\"article:modified_time\" content=\"2024-05-29T17:54:21+00:00\" \/>\n<meta property=\"og:image\" content=\"https:\/\/www.univ-guyane.fr\/wp-content\/uploads\/www-site-universite-de-guyane.jpg\" \/>\n\t<meta property=\"og:image:width\" content=\"1200\" \/>\n\t<meta property=\"og:image:height\" content=\"653\" \/>\n\t<meta property=\"og:image:type\" content=\"image\/jpeg\" \/>\n<meta name=\"twitter:card\" content=\"summary_large_image\" \/>\n<meta name=\"twitter:site\" content=\"@univguyane\" \/>\n<meta name=\"twitter:label1\" content=\"Geschatte leestijd\" \/>\n\t<meta name=\"twitter:data1\" content=\"7 minuten\" \/>\n<script type=\"application\/ld+json\" class=\"yoast-schema-graph\">{\"@context\":\"https:\\\/\\\/schema.org\",\"@graph\":[{\"@type\":\"WebPage\",\"@id\":\"https:\\\/\\\/www.univ-guyane.fr\\\/choisir-sa-formation\\\/ufr-sante\\\/2eme-annee-du-diplome-de-formation-generale-en-sciences-medicales\\\/\",\"url\":\"https:\\\/\\\/www.univ-guyane.fr\\\/choisir-sa-formation\\\/ufr-sante\\\/2eme-annee-du-diplome-de-formation-generale-en-sciences-medicales\\\/\",\"name\":\"2\u00e8me ann\u00e9e du Dipl\u00f4me de Formation G\u00e9n\u00e9rale en Sciences M\u00e9dicales &#8212; Universit\u00e9 de Guyane\",\"isPartOf\":{\"@id\":\"https:\\\/\\\/www.univ-guyane.fr\\\/#website\"},\"primaryImageOfPage\":{\"@id\":\"https:\\\/\\\/www.univ-guyane.fr\\\/choisir-sa-formation\\\/ufr-sante\\\/2eme-annee-du-diplome-de-formation-generale-en-sciences-medicales\\\/#primaryimage\"},\"image\":{\"@id\":\"https:\\\/\\\/www.univ-guyane.fr\\\/choisir-sa-formation\\\/ufr-sante\\\/2eme-annee-du-diplome-de-formation-generale-en-sciences-medicales\\\/#primaryimage\"},\"thumbnailUrl\":\"https:\\\/\\\/www.univ-guyane.fr\\\/wp-content\\\/uploads\\\/formations-dfr-sante-universite-de-guyane-min-thumb.svg\",\"datePublished\":\"2024-05-24T15:13:33+00:00\",\"dateModified\":\"2024-05-29T17:54:21+00:00\",\"breadcrumb\":{\"@id\":\"https:\\\/\\\/www.univ-guyane.fr\\\/choisir-sa-formation\\\/ufr-sante\\\/2eme-annee-du-diplome-de-formation-generale-en-sciences-medicales\\\/#breadcrumb\"},\"inLanguage\":\"nl-NL\",\"potentialAction\":[{\"@type\":\"ReadAction\",\"target\":[\"https:\\\/\\\/www.univ-guyane.fr\\\/choisir-sa-formation\\\/ufr-sante\\\/2eme-annee-du-diplome-de-formation-generale-en-sciences-medicales\\\/\"]}]},{\"@type\":\"ImageObject\",\"inLanguage\":\"nl-NL\",\"@id\":\"https:\\\/\\\/www.univ-guyane.fr\\\/choisir-sa-formation\\\/ufr-sante\\\/2eme-annee-du-diplome-de-formation-generale-en-sciences-medicales\\\/#primaryimage\",\"url\":\"https:\\\/\\\/www.univ-guyane.fr\\\/wp-content\\\/uploads\\\/formations-dfr-sante-universite-de-guyane-min-thumb.svg\",\"contentUrl\":\"https:\\\/\\\/www.univ-guyane.fr\\\/wp-content\\\/uploads\\\/formations-dfr-sante-universite-de-guyane-min-thumb.svg\",\"caption\":\"couleur sant\u00e9\"},{\"@type\":\"BreadcrumbList\",\"@id\":\"https:\\\/\\\/www.univ-guyane.fr\\\/choisir-sa-formation\\\/ufr-sante\\\/2eme-annee-du-diplome-de-formation-generale-en-sciences-medicales\\\/#breadcrumb\",\"itemListElement\":[{\"@type\":\"ListItem\",\"position\":1,\"name\":\"Accueil\",\"item\":\"https:\\\/\\\/www.univ-guyane.fr\\\/\"},{\"@type\":\"ListItem\",\"position\":2,\"name\":\"Choisir sa formation\",\"item\":\"https:\\\/\\\/www.univ-guyane.fr\\\/choisir-sa-formation\\\/\"},{\"@type\":\"ListItem\",\"position\":3,\"name\":\"Sant\u00e9\",\"item\":\"https:\\\/\\\/www.univ-guyane.fr\\\/choisir-sa-formation\\\/ufr-sante\\\/\"},{\"@type\":\"ListItem\",\"position\":4,\"name\":\"2\u00e8me ann\u00e9e du Dipl\u00f4me de Formation G\u00e9n\u00e9rale en Sciences M\u00e9dicales\"}]},{\"@type\":\"WebSite\",\"@id\":\"https:\\\/\\\/www.univ-guyane.fr\\\/#website\",\"url\":\"https:\\\/\\\/www.univ-guyane.fr\\\/\",\"name\":\"Universit\u00e9 de Guyane\",\"description\":\"Au c\u0153ur de l&#039;amazonie\",\"publisher\":{\"@id\":\"https:\\\/\\\/www.univ-guyane.fr\\\/#organization\"},\"alternateName\":\"UG\",\"potentialAction\":[{\"@type\":\"SearchAction\",\"target\":{\"@type\":\"EntryPoint\",\"urlTemplate\":\"https:\\\/\\\/www.univ-guyane.fr\\\/?s={search_term_string}\"},\"query-input\":{\"@type\":\"PropertyValueSpecification\",\"valueRequired\":true,\"valueName\":\"search_term_string\"}}],\"inLanguage\":\"nl-NL\"},{\"@type\":\"Organization\",\"@id\":\"https:\\\/\\\/www.univ-guyane.fr\\\/#organization\",\"name\":\"Universit\u00e9 de Guyane\",\"alternateName\":\"UG\",\"url\":\"https:\\\/\\\/www.univ-guyane.fr\\\/\",\"logo\":{\"@type\":\"ImageObject\",\"inLanguage\":\"nl-NL\",\"@id\":\"https:\\\/\\\/www.univ-guyane.fr\\\/#\\\/schema\\\/logo\\\/image\\\/\",\"url\":\"https:\\\/\\\/www.univ-guyane.fr\\\/wp-content\\\/uploads\\\/2024\\\/05\\\/f.png\",\"contentUrl\":\"https:\\\/\\\/www.univ-guyane.fr\\\/wp-content\\\/uploads\\\/2024\\\/05\\\/f.png\",\"width\":1024,\"height\":1024,\"caption\":\"Universit\u00e9 de Guyane\"},\"image\":{\"@id\":\"https:\\\/\\\/www.univ-guyane.fr\\\/#\\\/schema\\\/logo\\\/image\\\/\"},\"sameAs\":[\"https:\\\/\\\/www.facebook.com\\\/univguyane\",\"https:\\\/\\\/x.com\\\/univguyane\",\"https:\\\/\\\/gf.linkedin.com\\\/school\\\/universite-de-guyane\\\/\",\"https:\\\/\\\/www.instagram.com\\\/univ_guyane\\\/\"]}]}<\/script>\n<!-- \/ Yoast SEO plugin. -->","yoast_head_json":{"title":"2e jaar van het algemeen opleidingsdiploma medische wetenschappen - Universiteit van Guyana","robots":{"index":"index","follow":"follow","max-snippet":"max-snippet:-1","max-image-preview":"max-image-preview:large","max-video-preview":"max-video-preview:-1"},"canonical":"https:\/\/www.univ-guyane.fr\/nl\/choisir-sa-formation\/ufr-sante\/2eme-annee-du-diplome-de-formation-generale-en-sciences-medicales\/","og_locale":"nl_NL","og_type":"article","og_title":"2\u00e8me ann\u00e9e du Dipl\u00f4me de Formation G\u00e9n\u00e9rale en Sciences M\u00e9dicales &#8212; Universit\u00e9 de Guyane","og_url":"https:\/\/www.univ-guyane.fr\/nl\/choisir-sa-formation\/ufr-sante\/2eme-annee-du-diplome-de-formation-generale-en-sciences-medicales\/","og_site_name":"Universit\u00e9 de Guyane","article_publisher":"https:\/\/www.facebook.com\/univguyane","article_modified_time":"2024-05-29T17:54:21+00:00","og_image":[{"width":1200,"height":653,"url":"https:\/\/www.univ-guyane.fr\/wp-content\/uploads\/www-site-universite-de-guyane.jpg","type":"image\/jpeg"}],"twitter_card":"summary_large_image","twitter_site":"@univguyane","twitter_misc":{"Geschatte leestijd":"7 minuten"},"schema":{"@context":"https:\/\/schema.org","@graph":[{"@type":"WebPage","@id":"https:\/\/www.univ-guyane.fr\/choisir-sa-formation\/ufr-sante\/2eme-annee-du-diplome-de-formation-generale-en-sciences-medicales\/","url":"https:\/\/www.univ-guyane.fr\/choisir-sa-formation\/ufr-sante\/2eme-annee-du-diplome-de-formation-generale-en-sciences-medicales\/","name":"2e jaar van het algemeen opleidingsdiploma medische wetenschappen - Universiteit van Guyana","isPartOf":{"@id":"https:\/\/www.univ-guyane.fr\/#website"},"primaryImageOfPage":{"@id":"https:\/\/www.univ-guyane.fr\/choisir-sa-formation\/ufr-sante\/2eme-annee-du-diplome-de-formation-generale-en-sciences-medicales\/#primaryimage"},"image":{"@id":"https:\/\/www.univ-guyane.fr\/choisir-sa-formation\/ufr-sante\/2eme-annee-du-diplome-de-formation-generale-en-sciences-medicales\/#primaryimage"},"thumbnailUrl":"https:\/\/www.univ-guyane.fr\/wp-content\/uploads\/formations-dfr-sante-universite-de-guyane-min-thumb.svg","datePublished":"2024-05-24T15:13:33+00:00","dateModified":"2024-05-29T17:54:21+00:00","breadcrumb":{"@id":"https:\/\/www.univ-guyane.fr\/choisir-sa-formation\/ufr-sante\/2eme-annee-du-diplome-de-formation-generale-en-sciences-medicales\/#breadcrumb"},"inLanguage":"nl-NL","potentialAction":[{"@type":"ReadAction","target":["https:\/\/www.univ-guyane.fr\/choisir-sa-formation\/ufr-sante\/2eme-annee-du-diplome-de-formation-generale-en-sciences-medicales\/"]}]},{"@type":"ImageObject","inLanguage":"nl-NL","@id":"https:\/\/www.univ-guyane.fr\/choisir-sa-formation\/ufr-sante\/2eme-annee-du-diplome-de-formation-generale-en-sciences-medicales\/#primaryimage","url":"https:\/\/www.univ-guyane.fr\/wp-content\/uploads\/formations-dfr-sante-universite-de-guyane-min-thumb.svg","contentUrl":"https:\/\/www.univ-guyane.fr\/wp-content\/uploads\/formations-dfr-sante-universite-de-guyane-min-thumb.svg","caption":"couleur sant\u00e9"},{"@type":"BreadcrumbList","@id":"https:\/\/www.univ-guyane.fr\/choisir-sa-formation\/ufr-sante\/2eme-annee-du-diplome-de-formation-generale-en-sciences-medicales\/#breadcrumb","itemListElement":[{"@type":"ListItem","position":1,"name":"Accueil","item":"https:\/\/www.univ-guyane.fr\/"},{"@type":"ListItem","position":2,"name":"Choisir sa formation","item":"https:\/\/www.univ-guyane.fr\/choisir-sa-formation\/"},{"@type":"ListItem","position":3,"name":"Sant\u00e9","item":"https:\/\/www.univ-guyane.fr\/choisir-sa-formation\/ufr-sante\/"},{"@type":"ListItem","position":4,"name":"2\u00e8me ann\u00e9e du Dipl\u00f4me de Formation G\u00e9n\u00e9rale en Sciences M\u00e9dicales"}]},{"@type":"WebSite","@id":"https:\/\/www.univ-guyane.fr\/#website","url":"https:\/\/www.univ-guyane.fr\/","name":"Universiteit van Guyana","description":"In het hart van Amazonia","publisher":{"@id":"https:\/\/www.univ-guyane.fr\/#organization"},"alternateName":"UG","potentialAction":[{"@type":"SearchAction","target":{"@type":"EntryPoint","urlTemplate":"https:\/\/www.univ-guyane.fr\/?s={search_term_string}"},"query-input":{"@type":"PropertyValueSpecification","valueRequired":true,"valueName":"search_term_string"}}],"inLanguage":"nl-NL"},{"@type":"Organization","@id":"https:\/\/www.univ-guyane.fr\/#organization","name":"Universiteit van Guyana","alternateName":"UG","url":"https:\/\/www.univ-guyane.fr\/","logo":{"@type":"ImageObject","inLanguage":"nl-NL","@id":"https:\/\/www.univ-guyane.fr\/#\/schema\/logo\/image\/","url":"https:\/\/www.univ-guyane.fr\/wp-content\/uploads\/2024\/05\/f.png","contentUrl":"https:\/\/www.univ-guyane.fr\/wp-content\/uploads\/2024\/05\/f.png","width":1024,"height":1024,"caption":"Universit\u00e9 de Guyane"},"image":{"@id":"https:\/\/www.univ-guyane.fr\/#\/schema\/logo\/image\/"},"sameAs":["https:\/\/www.facebook.com\/univguyane","https:\/\/x.com\/univguyane","https:\/\/gf.linkedin.com\/school\/universite-de-guyane\/","https:\/\/www.instagram.com\/univ_guyane\/"]}]}},"_links":{"self":[{"href":"https:\/\/www.univ-guyane.fr\/nl\/wp-json\/wp\/v2\/pages\/7337","targetHints":{"allow":["GET"]}}],"collection":[{"href":"https:\/\/www.univ-guyane.fr\/nl\/wp-json\/wp\/v2\/pages"}],"about":[{"href":"https:\/\/www.univ-guyane.fr\/nl\/wp-json\/wp\/v2\/types\/page"}],"author":[{"embeddable":true,"href":"https:\/\/www.univ-guyane.fr\/nl\/wp-json\/wp\/v2\/users\/1"}],"replies":[{"embeddable":true,"href":"https:\/\/www.univ-guyane.fr\/nl\/wp-json\/wp\/v2\/comments?post=7337"}],"version-history":[{"count":7,"href":"https:\/\/www.univ-guyane.fr\/nl\/wp-json\/wp\/v2\/pages\/7337\/revisions"}],"predecessor-version":[{"id":7384,"href":"https:\/\/www.univ-guyane.fr\/nl\/wp-json\/wp\/v2\/pages\/7337\/revisions\/7384"}],"up":[{"embeddable":true,"href":"https:\/\/www.univ-guyane.fr\/nl\/wp-json\/wp\/v2\/pages\/6131"}],"wp:featuredmedia":[{"embeddable":true,"href":"https:\/\/www.univ-guyane.fr\/nl\/wp-json\/wp\/v2\/media\/7757"}],"wp:attachment":[{"href":"https:\/\/www.univ-guyane.fr\/nl\/wp-json\/wp\/v2\/media?parent=7337"}],"wp:term":[{"taxonomy":"category","embeddable":true,"href":"https:\/\/www.univ-guyane.fr\/nl\/wp-json\/wp\/v2\/categories?post=7337"},{"taxonomy":"post_tag","embeddable":true,"href":"https:\/\/www.univ-guyane.fr\/nl\/wp-json\/wp\/v2\/tags?post=7337"}],"curies":[{"name":"wp","href":"https:\/\/api.w.org\/{rel}","templated":true}]}}