{"id":13116,"date":"2025-07-24T08:52:35","date_gmt":"2025-07-24T11:52:35","guid":{"rendered":"https:\/\/www.univ-guyane.fr\/?page_id=13116"},"modified":"2025-08-09T22:41:56","modified_gmt":"2025-08-10T01:41:56","slug":"du-professorat-des-ecoles","status":"publish","type":"page","link":"https:\/\/www.univ-guyane.fr\/pt\/choisir-sa-formation\/formation-continue\/du-professorat-des-ecoles\/","title":{"rendered":"Ensino de DU nas escolas"},"content":{"rendered":"\n\t\t<div id=\"fws_69f3013a413a1\"  data-column-margin=\"default\" data-midnight=\"dark\"  class=\"wpb_row vc_row-fluid vc_row\"  style=\"padding-top: 0px; padding-bottom: 0px; \"><div class=\"row-bg-wrap\" data-bg-animation=\"none\" data-bg-animation-delay=\"\" data-bg-overlay=\"false\"><div class=\"inner-wrap row-bg-layer\" ><div class=\"row-bg viewport-desktop\"  style=\"\"><\/div><\/div><\/div><div class=\"row_col_wrap_12 col span_12 dark left\">\n\t<div  class=\"vc_col-sm-9 wpb_column column_container vc_column_container col no-extra-padding inherit_tablet inherit_phone \"  data-padding-pos=\"all\" data-has-bg-color=\"false\" data-bg-color=\"\" data-bg-opacity=\"1\" data-animation=\"\" data-delay=\"0\" >\n\t\t<div class=\"vc_column-inner\" >\n\t\t\t<div class=\"wpb_wrapper\">\n\t\t\t\t<div class=\"templatera_shortcode\"><style type=\"text\/css\" data-type=\"vc_shortcodes-custom-css\">.vc_custom_1715531519075{margin-top: 20px !important;margin-bottom: 20px !important;padding-top: 30px !important;padding-right: 30px !important;padding-bottom: 30px !important;padding-left: 30px !important;background-color: #ffe9ac !important;}<\/style><\/div>\n<div class=\"wpb_text_column wpb_content_element  vc_custom_1753357572893\" >\n\t<p><strong>Composante :<\/strong> Sciences de l&rsquo;\u00c9ducation et du Professorat<br \/>\n<strong>Domaine :<\/strong> Professorat des \u00e9coles<br \/>\n<strong>Sp\u00e9cialit\u00e9 :<\/strong> Enseignement<br \/>\n<strong>Nature :<\/strong> Dipl\u00f4me universitaire<br \/>\n<strong>Lieu :<\/strong> Cayenne (Campus Universitaire de Troubiran)<\/p>\n<\/div>\n\n\n\n<div class=\"toggles accordion\" data-br=\"\" data-starting=\"closed\" data-style=\"minimal\"><div class=\"toggle accent-color\" data-inner-wrap=\"true\"><h3 class=\"toggle-title\"><a href=\"#\" role=\"button\" class=\"nectar-inherit-h3 toggle-heading\"><i role=\"presentation\" class=\"fa fa-plus\"><\/i>Objectifs<\/a><\/h3><div><div class=\"inner-toggle-wrap\">\n<div class=\"wpb_text_column wpb_content_element \" >\n\t<h3>Objectifs<\/h3>\n<ul>\n<li>\u00a0Pr\u00e9parer le Concours de recrutement des Professeurs des \u00e9coles de fin de L3 ;<\/li>\n<li>\u00a0Renforcer la pr\u00e9paration des candidats au Concours de recrutement des Professeurs des \u00e9coles, en particulier ceux inscrits en Licence (L3) ou titulaires d\u2019un bac+3, en leur apportant un accompagnement sp\u00e9cifique et structur\u00e9 sur les \u00e9preuves \u00e9crites et orales du concours ;<\/li>\n<li>Proposer une formation compl\u00e9mentaire et professionnalisante, ax\u00e9e \u00e0 la fois sur la ma\u00eetrise disciplinaire, la didactique et la compr\u00e9hension du syst\u00e8me \u00e9ducatif, dans l\u2019esprit du Concours de recrutement des Professeurs des \u00e9coles de fin de L3 session 2026 ;<\/li>\n<li>\u00a0R\u00e9pondre aux besoins sp\u00e9cifiques de la Guyane, au recul du nombre d\u2019admis au Concours de recrutement des Professeurs des \u00e9coles et \u00e0 la n\u00e9cessit\u00e9 d\u2019un accompagnement de qualit\u00e9 pour les candidats \u00e0 bac+3.<\/li>\n<\/ul>\n<\/div>\n\n\n\n<\/div><\/div><\/div><div class=\"toggle accent-color\" data-inner-wrap=\"true\"><h3 class=\"toggle-title\"><a href=\"#\" role=\"button\" class=\"nectar-inherit-h3 toggle-heading\"><i role=\"presentation\" class=\"fa fa-plus\"><\/i>Comp\u00e9tences vis\u00e9es<\/a><\/h3><div><div class=\"inner-toggle-wrap\">\n<div class=\"wpb_text_column wpb_content_element \" >\n\t<h3>Comp\u00e9tences vis\u00e9es<\/h3>\n<p>Le Dipl\u00f4me Universitaire Professorat des \u00e9coles a pour ambition de permettre \u00e0 chaque candidat :<br \/>\n\u2022 De ma\u00eetriser les attendus des \u00e9preuves \u00e9crites et orales du Concours de recrutement des Professeurs des \u00e9coles 2026 ;<br \/>\n\u2022 De mieux comprendre les exigences du m\u00e9tier de professeur des \u00e9coles, dans le cadre sp\u00e9cifique du syst\u00e8me \u00e9ducatif fran\u00e7ais et du territoire guyanais ;<br \/>\n\u2022 De ma\u00eetriser des comp\u00e9tences requises dans les disciplines du Concours de recrutement des Professeurs des \u00e9coles de fin de L3 dans le cadre de la r\u00e9forme de la formation des enseignants ;<br \/>\n\u2022 D\u2019acqu\u00e9rir une solide ma\u00eetrise des savoirs fondamentaux dans toutes les disciplines enseign\u00e9es \u00e0 l\u2019\u00e9cole primaire, notamment le fran\u00e7ais et les math\u00e9matiques ;<br \/>\n\u2022 De s\u2019initier aux comp\u00e9tences didactiques et p\u00e9dagogiques adapt\u00e9es aux diff\u00e9rents cycles de l\u2019\u00e9cole primaire ;<br \/>\n\u2022 D\u2019appr\u00e9hender les valeurs r\u00e9publicaines et le fonctionnement du syst\u00e8me \u00e9ducatif fran\u00e7ais.<\/p>\n<p>&nbsp;<\/p>\n<h3>Comp\u00e9tences transversales<\/h3>\n<p>Le Dipl\u00f4me Universitaire Professorat des \u00e9coles d\u00e9veloppe \u00e9galement des comp\u00e9tences transversales, utiles au-del\u00e0 du concours :<br \/>\n\u2022 Capacit\u00e9 \u00e0 travailler en autonomie et \u00e0 s\u2019auto\u00e9valuer ;<br \/>\n\u2022 Mise en \u0153uvre d\u2019une p\u00e9dagogie active : simulation, r\u00e9flexion critique, appropriation des feedbacks ;<br \/>\n\u2022 Communication orale claire et structur\u00e9e, en particulier dans les mises en situation d\u2019enseignement ;<br \/>\n\u2022 Capacit\u00e9 \u00e0 collaborer dans un cadre professionnel : travail en groupe, partage de ressources, forum d&rsquo;entraide ;<br \/>\n\u2022 Appropriation des valeurs de la r\u00e9publique et des missions de l\u2019\u00e9cole.<br \/>\nComp\u00e9tences Scientifiques et Techniques<br \/>\nAu travers des UE en sciences, math\u00e9matiques, technologie et arts, les \u00e9tudiants d\u00e9veloppent :<br \/>\n\u2022 Une compr\u00e9hension approfondie des concepts scientifiques et techniques au programme de l\u2019\u00e9cole primaire ;<br \/>\n\u2022 Des savoir-faire pour concevoir et justifier des activit\u00e9s p\u00e9dagogiques fond\u00e9es sur l\u2019observation, la manipulation ou l\u2019analyse ;<br \/>\n\u2022 Une rigueur m\u00e9thodologique dans la r\u00e9solution de probl\u00e8mes et l\u2019argumentation scientifique ;<br \/>\n\u2022 Une familiarit\u00e9 avec les d\u00e9marches de cr\u00e9ation artistique et d\u2019analyse d\u2019\u0153uvres, contribuant \u00e0 une \u00e9ducation compl\u00e8te des \u00e9l\u00e8ves.<\/p>\n<h3>Comp\u00e9tences disciplinaires sp\u00e9cifiques<\/h3>\n<p>Chaque UE vise \u00e0 renforcer les comp\u00e9tences propres aux disciplines scolaires :<br \/>\n\u2022 Fran\u00e7ais : ma\u00eetrise de la grammaire, de l\u2019orthographe, de la lecture analytique, des \u00e9crits norm\u00e9s (dict\u00e9es comment\u00e9es, justifications) ;<br \/>\n\u2022 Math\u00e9matiques : r\u00e9solution de probl\u00e8mes, raisonnement structur\u00e9, manipulation des grandeurs, g\u00e9om\u00e9trie, donn\u00e9es ;<br \/>\n\u2022 Histoire-G\u00e9ographie-EMC : rep\u00e8res chronologiques, analyse de documents, articulation entre savoirs et pratiques p\u00e9dagogiques ;<br \/>\n\u2022 Sciences et technologie : \u00e9laboration de raisonnements scientifiques simples, exp\u00e9rimentation, sch\u00e9matisation ;<br \/>\n\u2022 Arts : culture artistique, analyse d\u2019\u0153uvres, pratiques plastiques ou musicales ;<br \/>\n\u2022 Langue vivante \u00e9trang\u00e8re : compr\u00e9hension orale, prise de parole continue, interaction simple ;<br \/>\n\u2022 \u00c9preuves orales : construction de s\u00e9quences p\u00e9dagogiques, analyse didactique, pr\u00e9sentation de dossier professionnel, connaissance du syst\u00e8me \u00e9ducatif.<\/p>\n<\/div>\n\n\n\n<\/div><\/div><\/div><div class=\"toggle accent-color\" data-inner-wrap=\"true\"><h3 class=\"toggle-title\"><a href=\"#\" role=\"button\" class=\"nectar-inherit-h3 toggle-heading\"><i role=\"presentation\" class=\"fa fa-plus\"><\/i>Admission<\/a><\/h3><div><div class=\"inner-toggle-wrap\">\n<div class=\"wpb_text_column wpb_content_element \" >\n\t<h3>\u00a0Public cible<\/h3>\n<p>\u2022 \u00c9tudiants inscrits en L3 ;<br \/>\n\u2022 Dipl\u00f4m\u00e9s niveau bac+3 souhaitant pr\u00e9parer le CRPE ;<br \/>\n\u2022 \u00c9tudiants en reprise d\u2019\u00e9tude titulaires d\u2019un bac+3 ;<br \/>\n\u2022 Personnels contractuels ou assistants d\u2019\u00e9ducation pr\u00e9parant le concours en candidat libre ;<br \/>\n\u2022 Toute personne ayant les pr\u00e9requis administratifs pour pr\u00e9senter sa candidature au Concours de recrutement des professeurs des \u00e9coles de fin de L3 session 2026.<\/p>\n<h3>Candidature<\/h3>\n<p>e-candidat (<a href=\"https:\/\/ecandidat.univ-guyane.fr\/ecandidat\/\">https:\/\/ecandidat.univ-guyane.fr\/ecandidat\/<\/a>)<\/p>\n<h3>Inscription<\/h3>\n<p>Administrative et p\u00e9dagogique aupr\u00e8s de l\u2019INSPE de Guyane (\u00e9tudiants de l\u2019UG) ou de la DFPU (inscription uniquement en DU).<\/p>\n<\/div>\n\n\n\n<\/div><\/div><\/div><div class=\"toggle accent-color\" data-inner-wrap=\"true\"><h3 class=\"toggle-title\"><a href=\"#\" role=\"button\" class=\"nectar-inherit-h3 toggle-heading\"><i role=\"presentation\" class=\"fa fa-plus\"><\/i>Programme<\/a><\/h3><div><div class=\"inner-toggle-wrap\"><div id=\"fws_69f3013a430c1\" data-midnight=\"\" data-column-margin=\"default\" class=\"wpb_row vc_row-fluid vc_row inner_row\"  style=\"\"><div class=\"row-bg-wrap\"> <div class=\"row-bg\" ><\/div> <\/div><div class=\"row_col_wrap_12_inner col span_12  left\">\n\t<div  class=\"vc_col-sm-6 wpb_column column_container vc_column_container col child_column no-extra-padding inherit_tablet inherit_phone \"   data-padding-pos=\"all\" data-has-bg-color=\"false\" data-bg-color=\"\" data-bg-opacity=\"1\" data-animation=\"\" data-delay=\"0\" >\n\t\t<div class=\"vc_column-inner\" >\n\t\t<div class=\"wpb_wrapper\">\n\t\t\t\n<div class=\"wpb_text_column wpb_content_element \" >\n\t<ul>\n<li>UE1 \u2013 Fran\u00e7ais (22h)\u00a0:\n<ul>\n<li>Ma\u00eetriser la grammaire, orthographe, conjugaison du programme<\/li>\n<li>Analyser un texte litt\u00e9raire ou documentaire<\/li>\n<li>Construire une dict\u00e9e comment\u00e9e<\/li>\n<li>Identifier les attendus des exercices du concours \u00e9crit<\/li>\n<\/ul>\n<\/li>\n<li>UE2 \u2013 Math\u00e9matiques (22h)\n<ul>\n<li>Consolider les notions fondamentales du programme (nombres, g\u00e9om\u00e9trie, grandeurs et mesures, organisation et gestion de donn\u00e9es)<\/li>\n<li>Ma\u00eetriser la r\u00e9solution de probl\u00e8mes<\/li>\n<li>Justifier un raisonnement de mani\u00e8re claire et rigoureuse<\/li>\n<\/ul>\n<\/li>\n<li>UE3 \u2013 Histoire-G\u00e9ographie-EMC (12h)\n<ul>\n<li>Conna\u00eetre les rep\u00e8res fondamentaux et th\u00e9matiques du programme<\/li>\n<li>Mobiliser des documents historiques ou g\u00e9ographiques<\/li>\n<li>Relier contenu disciplinaire et mise en \u0153uvre p\u00e9dagogique<\/li>\n<\/ul>\n<\/li>\n<li>UE4 \u2013 Sciences et technologie (12h)\n<ul>\n<li>Conna\u00eetre les notions scientifiques essentielles du programme<\/li>\n<li>\u00c9laborer un raisonnement scientifique simple<\/li>\n<li>Relier une notion \u00e0 une activit\u00e9 exp\u00e9rimentale ou d\u2019observation<\/li>\n<\/ul>\n<\/li>\n<li>UE5 \u2013 Arts (12h)\n<ul>\n<li>D\u00e9velopper une culture artistique en arts visuels et \u00e9ducation musicale<\/li>\n<li>Analyser une \u0153uvre ou une production d\u2019\u00e9l\u00e8ve<\/li>\n<li>Comprendre la place des arts dans la formation des \u00e9l\u00e8ves<\/li>\n<\/ul>\n<\/li>\n<li>UE6 \u2013 Langue vivante (anglais) (12h)\n<ul>\n<li>Comprendre un document sonore<\/li>\n<li>S\u2019exprimer de mani\u00e8re fluide \u00e0 l\u2019oral (pr\u00e9sentation d\u2019un document, description, argumentation)<\/li>\n<li>R\u00e9agir \u00e0 un \u00e9change ou r\u00e9pondre \u00e0 un questionnement en anglais<\/li>\n<\/ul>\n<\/li>\n<li>UE7 \u2013 Pr\u00e9pa oral 1\u00a0: le\u00e7on et analyse de dossier (20h)\n<ul>\n<li>Construire une s\u00e9quence p\u00e9dagogique compl\u00e8te<\/li>\n<li>Expliquer les choix didactiques et disciplinaires<\/li>\n<li>S\u2019exercer \u00e0 l\u2019oral sur la base de supports CRPE<\/li>\n<\/ul>\n<\/li>\n<li>UE8 \u2013 Pr\u00e9pa oral 2\u00a0: entretien (20h)\n<ul>\n<li>Pr\u00e9senter un parcours professionnel et un dossier<\/li>\n<li>R\u00e9pondre de mani\u00e8re construite aux questions du jury<\/li>\n<li>Conna\u00eetre les politiques \u00e9ducatives, les missions du PE et les principes de la la\u00efcit\u00e9<\/li>\n<\/ul>\n<\/li>\n<\/ul>\n<\/div>\n\n\n\n\n\t\t<\/div> \n\t<\/div>\n\t<\/div> \n\n\t<div  class=\"vc_col-sm-6 wpb_column column_container vc_column_container col child_column no-extra-padding inherit_tablet inherit_phone \"   data-padding-pos=\"all\" data-has-bg-color=\"false\" data-bg-color=\"\" data-bg-opacity=\"1\" data-animation=\"\" data-delay=\"0\" >\n\t\t<div class=\"vc_column-inner\" >\n\t\t<div class=\"wpb_wrapper\">\n\t\t\t\n\t\t<\/div> \n\t<\/div>\n\t<\/div> \n<\/div><\/div><\/div><\/div><\/div><div class=\"toggle accent-color\" data-inner-wrap=\"true\"><h3 class=\"toggle-title\"><a href=\"#\" role=\"button\" class=\"nectar-inherit-h3 toggle-heading\"><i role=\"presentation\" class=\"fa fa-plus\"><\/i>Contact<\/a><\/h3><div><div class=\"inner-toggle-wrap\"><div class=\"templatera_shortcode\">\n\t\t<div id=\"fws_69f3013a43c3c\"  data-column-margin=\"default\" data-midnight=\"dark\"  class=\"wpb_row vc_row-fluid vc_row\"  style=\"padding-top: 0px; padding-bottom: 0px; \"><div class=\"row-bg-wrap\" data-bg-animation=\"none\" data-bg-animation-delay=\"\" data-bg-overlay=\"false\"><div class=\"inner-wrap row-bg-layer\" ><div class=\"row-bg viewport-desktop\"  style=\"\"><\/div><\/div><\/div><div class=\"row_col_wrap_12 col span_12 dark left\">\n\t<div  class=\"vc_col-sm-12 wpb_column column_container vc_column_container col no-extra-padding inherit_tablet inherit_phone \"  data-padding-pos=\"all\" data-has-bg-color=\"false\" data-bg-color=\"\" data-bg-opacity=\"1\" data-animation=\"\" data-delay=\"0\" >\n\t\t<div class=\"vc_column-inner\" >\n\t\t\t<div class=\"wpb_wrapper\">\n\t\t\t\t<div id=\"map_69f3013a43f3d\" style=\"height: 520px;\" class=\"nectar-leaflet-map\" data-infowindow-start-open=\"1\" data-dark-color-scheme=\"\" data-marker-style=\"default\" data-nectar-marker-color=\"accent-color\" data-ultra-flat=\"\" data-greyscale=\"\" data-extra-color=\"\" data-enable-animation=\"false\" data-enable-zoom=\"\" data-zoom-level=\"17\" data-center-lat=\"4.932\" data-center-lng=\"-52.301\" data-marker-img=\"\"><\/div><div class=\"map_69f3013a43f3d map-marker-list\"><div class=\"map-marker\" data-marker-image-width=\"50\" data-marker-image-height=\"50\" data-lat=\"4.932\" data-lng=\"-52.301\" data-mapinfo=\"Universit\u00e9 de Guyane\"><\/div><\/div>\n<div class=\"wpb_text_column wpb_content_element \" >\n\t<div class='fluentform ff-inherit-theme-style fluentform_wrapper_9'><form data-form_id=\"9\" id=\"fluentform_9\" class=\"frm-fluent-form fluent_form_9 ff-el-form-top ff_form_instance_9_1 ff-form-loading ffs_inherit_theme\" data-form_instance=\"ff_form_instance_9_1\" method=\"POST\" data-turnstile_key=\"0x4AAAAAAAXVTyiqFRuFu0rs\" ><fieldset  style=\"border: none!important;margin: 0!important;padding: 0!important;background-color: transparent!important;box-shadow: none!important;outline: none!important; min-inline-size: 100%;\">\n                    <legend class=\"ff_screen_reader_title\" style=\"display: block; margin: 0!important;padding: 0!important;height: 0!important;text-indent: -999999px;width: 0!important;overflow:hidden;\">DFPU-contact<\/legend><input type='hidden' name='__fluent_form_embded_post_id' value='13116' \/><input type=\"hidden\" id=\"_fluentform_9_fluentformnonce\" name=\"_fluentform_9_fluentformnonce\" value=\"03bf0c5ecc\" \/><input type=\"hidden\" name=\"_wp_http_referer\" value=\"\/pt\/wp-json\/wp\/v2\/pages\/13116\" \/><div data-type=\"name-element\" data-name=\"name_0\" class=\" ff-field_container ff-name-field-wrapper\" ><div class='ff-t-container'><div class='ff-t-cell '><div class='ff-el-group  ff-el-form-top'><div class=\"ff-el-input--label ff-el-is-required asterisk-right\"><label for='ff_9_name_0_first_name_' id='label_ff_9_name_0_first_name_' >Pr\u00e9nom<\/label><\/div><div class='ff-el-input--content'><input type=\"text\" name=\"name_0[first_name]\" id=\"ff_9_name_0_first_name_\" class=\"ff-el-form-control\" placeholder=\"ex. Pierre\" aria-invalid=\"false\" aria-required=true><\/div><\/div><\/div><div class='ff-t-cell '><div class='ff-el-group  ff-el-form-top'><div class=\"ff-el-input--label ff-el-is-required asterisk-right\"><label for='ff_9_name_0_last_name_' id='label_ff_9_name_0_last_name_' >Nom<\/label><\/div><div class='ff-el-input--content'><input type=\"text\" name=\"name_0[last_name]\" id=\"ff_9_name_0_last_name_\" class=\"ff-el-form-control\" placeholder=\"ex. PIROGUI\" aria-invalid=\"false\" aria-required=true><\/div><\/div><\/div><\/div><\/div><div data-name=\"ff_cn_id_1\"  class='ff-t-container ff-column-container ff_columns_total_2 '><div class='ff-t-cell ff-t-column-1' style='flex-basis: 50%;'><div class='ff-el-group'><div class=\"ff-el-input--label ff-el-is-required asterisk-right\"><label for='ff_9_email_1' id='label_ff_9_email_1' aria-label=\"E-mail\">E-mail<\/label><\/div><div class='ff-el-input--content'><input type=\"email\" name=\"email_1\" class=\"ff-el-form-control\" id=\"ff_9_email_1\" placeholder=\"@\" data-name=\"email_1\"  aria-invalid=\"false\" aria-required=true><\/div><\/div><\/div><div class='ff-t-cell ff-t-column-2' style='flex-basis: 50%;'><div class='ff-el-group'><div class=\"ff-el-input--label asterisk-right\"><label for='ff_9_phone_9' id='label_ff_9_phone_9' aria-label=\"T\u00e9l\u00e9phone\">T\u00e9l\u00e9phone<\/label><\/div><div class='ff-el-input--content'><input name=\"phone_9\" id=\"ff_9_phone_9\" class=\"ff-el-form-control ff-el-phone ff_el_with_extended_validation\" placeholder=\"0694 ...\" type=\"tel\" data-name=\"phone_9\" inputmode=\"tel\"  aria-invalid='false' aria-required=false><\/div><\/div><\/div><\/div><div class='ff-el-group'><div class=\"ff-el-input--label ff-el-is-required asterisk-right\"><label for='ff_9_input_text' id='label_ff_9_input_text' aria-label=\"Intitul\u00e9 de la formation\">Intitul\u00e9 de la formation<\/label><\/div><div class='ff-el-input--content'><input type=\"text\" name=\"input_text\" class=\"ff-el-form-control\" data-name=\"input_text\" id=\"ff_9_input_text\"  aria-invalid=\"false\" aria-required=true><\/div><\/div><div class='ff-el-group'><div class=\"ff-el-input--label ff-el-is-required asterisk-right\"><label for='ff_9_textarea_2' id='label_ff_9_textarea_2' aria-label=\"Message\">Message<\/label><\/div><div class='ff-el-input--content'><textarea aria-required=\"true\" aria-labelledby=\"label_ff_9_textarea_2\" name=\"textarea_2\" class=\"ff-el-form-control\" id=\"ff_9_textarea_2\" placeholder=\"Votre message ici\" rows=\"10\" cols=\"2\" data-name=\"textarea_2\" ><\/textarea><\/div><\/div><div class='ff-el-group ' ><div class='ff-el-input--content'><div data-fluent_id='9' name='cf-turnstile-response'><div\n\t\tdata-sitekey='0x4AAAAAAAXVTyiqFRuFu0rs'\n\t\tdata-theme='light'\n\t\tid='fluentform-turnstile-9-1'\n\t\tclass='ff-el-turnstile cf-turnstile'\n\t\tdata-appearance='always'><\/div><\/div><\/div><\/div><div class='ff-el-group ff-text-left ff_submit_btn_wrapper'><button type=\"submit\" class=\"ff-btn ff-btn-submit ff-btn-md ff_btn_no_style\"  aria-label=\"Envoyer\">Envoyer<\/button><\/div><\/fieldset><\/form><div id='fluentform_9_errors' class='ff-errors-in-stack ff_form_instance_9_1 ff-form-loading_errors ff_form_instance_9_1_errors'><\/div><\/div>            <script type=\"text\/javascript\">\n                window.fluent_form_ff_form_instance_9_1 = {\"id\":\"9\",\"settings\":{\"layout\":{\"labelPlacement\":\"top\",\"helpMessagePlacement\":\"with_label\",\"errorMessagePlacement\":\"inline\"},\"restrictions\":{\"denyEmptySubmission\":{\"enabled\":false}}},\"form_instance\":\"ff_form_instance_9_1\",\"form_id_selector\":\"fluentform_9\",\"rules\":{\"name_0[first_name]\":{\"required\":{\"value\":true,\"message\":\"Ce champ est obligatoire\",\"global\":false,\"global_message\":\"Ce champ est obligatoire\"}},\"name_0[]\":{\"required\":{\"value\":false,\"message\":\"Ce champ est obligatoire\",\"global\":false,\"global_message\":\"Ce champ est obligatoire\"}},\"name_0[last_name]\":{\"required\":{\"value\":true,\"message\":\"Ce champ est obligatoire\",\"global\":false,\"global_message\":\"Ce champ est obligatoire\"}},\"email_1\":{\"required\":{\"value\":true,\"message\":\"This field is required\",\"global\":false,\"global_message\":\"Ce champ est obligatoire\"},\"email\":{\"value\":1,\"message\":\"This field must contain a valid email\",\"global\":false,\"global_message\":\"Ce champ doit contenir un e-mail valide\"}},\"phone_9\":{\"required\":{\"value\":false,\"message\":\"Ce champ est obligatoire\",\"global\":false,\"global_message\":\"Ce champ est obligatoire\"},\"valid_phone_number\":{\"value\":true,\"message\":\"Le num\\u00e9ro de t\\u00e9l\\u00e9phone est invalide\",\"global\":false,\"global_message\":\"Le num\\u00e9ro de t\\u00e9l\\u00e9phone n'est pas valide\"}},\"input_text\":{\"required\":{\"value\":true,\"message\":\"Ce champ est obligatoire\",\"global_message\":\"Ce champ est obligatoire\",\"global\":true}},\"textarea_2\":{\"required\":{\"value\":true,\"message\":\"This field is required\",\"global\":false,\"global_message\":\"Ce champ est obligatoire\"}},\"cf-turnstile-response\":[]},\"debounce_time\":300};\n                            <\/script>\n            \n<\/div>\n\n\n\n\n\t\t\t<\/div> \n\t\t<\/div>\n\t<\/div> \n<\/div><\/div><\/div><\/div><\/div><\/div><\/div><div class=\"templatera_shortcode\">\n\t\t<div id=\"fws_69f3013a469ce\"  data-column-margin=\"default\" data-midnight=\"dark\"  class=\"wpb_row vc_row-fluid vc_row\"  style=\"padding-top: 0px; padding-bottom: 0px; \"><div class=\"row-bg-wrap\" data-bg-animation=\"none\" data-bg-animation-delay=\"\" data-bg-overlay=\"false\"><div class=\"inner-wrap row-bg-layer\" ><div class=\"row-bg viewport-desktop\"  style=\"\"><\/div><\/div><\/div><div class=\"row_col_wrap_12 col span_12 dark left\">\n\t<div  class=\"vc_col-sm-12 wpb_column column_container vc_column_container col no-extra-padding inherit_tablet inherit_phone \"  data-padding-pos=\"all\" data-has-bg-color=\"false\" data-bg-color=\"\" data-bg-opacity=\"1\" data-animation=\"\" data-delay=\"0\" >\n\t\t<div class=\"vc_column-inner\" >\n\t\t\t<div class=\"wpb_wrapper\">\n\t\t\t\t<div class='nectar-post-grid-wrap inspe-font-color text-color-dark spacing-10px' data-el-settings='{\"post_type\":\"custom\",\"pagination\":\"none\",\"image_size\":\"large\",\"parallax_scrolling\":\"\",\"aspect_ratio_image_size\":\"\",\"category_position\":\"default\",\"category_display\":\"default\",\"display_categories\":\"0\",\"display_excerpt\":\"0\",\"excerpt_length\":\"20\",\"content_next_to_image_excerpt_pos\":\"default\",\"display_date\":\"0\",\"display_estimated_reading_time\":\"0\",\"display_author\":\"0\",\"author_functionality\":\"default\",\"author_position\":\"default\",\"color_overlay\":\"\",\"color_overlay_opacity\":\"1\",\"color_overlay_hover_opacity\":\"0.7\",\"card_bg_color\":\"\",\"grid_style\":\"content_overlaid\",\"hover_effect\":\"zoom\",\"post_title_overlay\":\"\",\"heading_tag\":\"default\",\"heading_tag_render\":\"default\",\"enable_gallery_lightbox\":\"0\",\"remove_links\":\"0\",\"category_style\":\"underline\",\"overlay_secondary_project_image\":\"\",\"vertical_list_hover_effect\":\"none\",\"vertical_list_read_more\":\"\",\"vertical_list_read_more_style\":\"text\",\"read_more_button\":\"0\",\"animation\":\"zoom-out-reveal\",\"custom_fields\":\"\",\"custom_fields_location\":\"\",\"display_type\":\"grid\",\"text_content_layout\":\"all_bottom_left\"}' data-style='content_overlaid' data-query='{\"post_type\":\"custom\",\"posts_per_page\":\"-1\",\"order\":\"DESC\",\"orderby\":\"title\",\"offset\":\"0\",\"cpt_name\":\"page\",\"custom_query_tax\":\"160\",\"ignore_sticky_posts\":\"\",\"exclude_current_post\":\"\"}' data-load-more-color='black' data-load-more-text='Load More'><div class=\"nectar-post-grid-filters\" data-active-color=\"default\" data-align=\"default\" data-animation=\"zoom-out-reveal\" data-sortable=\"\"><div><a href=\"#\" class=\"active all-filter\" data-filter=\"160\" data-total-count=\"10\">All<\/a><a href=\"#\" data-filter=\"160\" data-total-count=\"10\">INSPE<\/a><\/div><\/div><div class=\"nectar-post-grid custom_font_size_20px text-opacity-1 text-opacity-hover-1 category-position-before-title \" data-indicator=\"\" data-indicator-style=\"default\" data-indicator-text-color=\"#fff\" data-indicator-color=\"#000\" data-indicator-text=\"View\" data-columns=\"2\" data-hover-effect=\"zoom\" data-text-style=\"default\" data-border-radius=\"5px\" data-grid-item-height=\"30vh\" data-grid-spacing=\"10px\" data-text-layout=\"all_bottom_left\" data-text-color=\"dark\" data-text-hover-color=\"dark\" data-shadow-hover=\"\" data-animation=\"zoom-out-reveal\" data-animation-stagger=\"90\" data-cat-click=\"default\" style=\"--post-grid-border-radius:5px;\" ><div class=\"nectar-post-grid-item\" data-post-id=\"7605\" data-has-img=\"true\"> <div class=\"inner\"><div class=\"nectar-post-grid-item-bg-wrap\"><div class=\"nectar-post-grid-item-bg-wrap-inner\"><div class=\"nectar-post-grid-item-bg\"><img decoding=\"async\" width=\"600\" height=\"600\" src=\"https:\/\/www.univ-guyane.fr\/wp-content\/uploads\/formations-inspe-universite-de-guyane-min-thumb.svg\" class=\"attachment-large size-large wp-post-image\" alt=\"couleur INSPE\" \/><\/div><\/div><\/div><div class=\"bg-overlay\"  data-opacity=\"1\" data-hover-opacity=\"0.7\"><\/div><div class=\"content\"><a class=\"nectar-post-grid-link\" href=\"https:\/\/www.univ-guyane.fr\/pt\/choisir-sa-formation\/inspe\/master-meef-professeurs-des-ecoles\/\" ><span class=\"screen-reader-text\">Master MEEF Professeurs des \u00e9coles<\/span><\/a><div class=\"item-main\"><h3 class=\"post-heading\"><div class=\"nectar-split-heading custom-trigger\" data-align=\"default\" data-m-align=\"inherit\" data-text-effect=\"default\" data-animation-type=\"line-reveal-by-space\" data-animation-delay=\"\" data-animation-offset=\"\" data-m-rm-animation=\"\" data-stagger=\"true\"><p>Master MEEF Professeurs des \u00e9coles<\/p><\/div><\/h3><\/div><\/div><\/div><\/div><div class=\"nectar-post-grid-item\" data-post-id=\"7641\" data-has-img=\"true\"> <div class=\"inner\"><div class=\"nectar-post-grid-item-bg-wrap\"><div class=\"nectar-post-grid-item-bg-wrap-inner\"><div class=\"nectar-post-grid-item-bg\"><img decoding=\"async\" width=\"600\" height=\"600\" src=\"https:\/\/www.univ-guyane.fr\/wp-content\/uploads\/formations-inspe-universite-de-guyane-min-thumb.svg\" class=\"attachment-large size-large wp-post-image\" alt=\"couleur INSPE\" \/><\/div><\/div><\/div><div class=\"bg-overlay\"  data-opacity=\"1\" data-hover-opacity=\"0.7\"><\/div><div class=\"content\"><a class=\"nectar-post-grid-link\" href=\"https:\/\/www.univ-guyane.fr\/pt\/choisir-sa-formation\/inspe\/master-meef-professeur-de-lycees-et-colleges-mathematiques\/\" ><span class=\"screen-reader-text\">Master MEEF Professeur de Lyc\u00e9es et Coll\u00e8ges Math\u00e9matiques<\/span><\/a><div class=\"item-main\"><h3 class=\"post-heading\"><div class=\"nectar-split-heading custom-trigger\" data-align=\"default\" data-m-align=\"inherit\" data-text-effect=\"default\" data-animation-type=\"line-reveal-by-space\" data-animation-delay=\"\" data-animation-offset=\"\" data-m-rm-animation=\"\" data-stagger=\"true\"><p>Master MEEF Professeur de Lyc\u00e9es et Coll\u00e8ges Math\u00e9matiques<\/p><\/div><\/h3><\/div><\/div><\/div><\/div><div class=\"nectar-post-grid-item\" data-post-id=\"7637\" data-has-img=\"true\"> <div class=\"inner\"><div class=\"nectar-post-grid-item-bg-wrap\"><div class=\"nectar-post-grid-item-bg-wrap-inner\"><div class=\"nectar-post-grid-item-bg\"><img decoding=\"async\" width=\"600\" height=\"600\" src=\"https:\/\/www.univ-guyane.fr\/wp-content\/uploads\/formations-inspe-universite-de-guyane-min-thumb.svg\" class=\"attachment-large size-large wp-post-image\" alt=\"couleur INSPE\" \/><\/div><\/div><\/div><div class=\"bg-overlay\"  data-opacity=\"1\" data-hover-opacity=\"0.7\"><\/div><div class=\"content\"><a class=\"nectar-post-grid-link\" href=\"https:\/\/www.univ-guyane.fr\/pt\/choisir-sa-formation\/inspe\/master-meef-professeur-de-lycees-et-colleges-lettres-modernes\/\" ><span class=\"screen-reader-text\">Master MEEF Professeur de Lyc\u00e9es et Coll\u00e8ges Lettres Modernes<\/span><\/a><div class=\"item-main\"><h3 class=\"post-heading\"><div class=\"nectar-split-heading custom-trigger\" data-align=\"default\" data-m-align=\"inherit\" data-text-effect=\"default\" data-animation-type=\"line-reveal-by-space\" data-animation-delay=\"\" data-animation-offset=\"\" data-m-rm-animation=\"\" data-stagger=\"true\"><p>Master MEEF Professeur de Lyc\u00e9es et Coll\u00e8ges Lettres Modernes<\/p><\/div><\/h3><\/div><\/div><\/div><\/div><div class=\"nectar-post-grid-item\" data-post-id=\"7634\" data-has-img=\"true\"> <div class=\"inner\"><div class=\"nectar-post-grid-item-bg-wrap\"><div class=\"nectar-post-grid-item-bg-wrap-inner\"><div class=\"nectar-post-grid-item-bg\"><img decoding=\"async\" width=\"600\" height=\"600\" src=\"https:\/\/www.univ-guyane.fr\/wp-content\/uploads\/formations-inspe-universite-de-guyane-min-thumb.svg\" class=\"attachment-large size-large wp-post-image\" alt=\"couleur INSPE\" \/><\/div><\/div><\/div><div class=\"bg-overlay\"  data-opacity=\"1\" data-hover-opacity=\"0.7\"><\/div><div class=\"content\"><a class=\"nectar-post-grid-link\" href=\"https:\/\/www.univ-guyane.fr\/pt\/choisir-sa-formation\/inspe\/master-meef-professeur-de-lycees-et-colleges-anglais\/\" ><span class=\"screen-reader-text\">Master MEEF Professeur de Lyc\u00e9es et Coll\u00e8ges Anglais<\/span><\/a><div class=\"item-main\"><h3 class=\"post-heading\"><div class=\"nectar-split-heading custom-trigger\" data-align=\"default\" data-m-align=\"inherit\" data-text-effect=\"default\" data-animation-type=\"line-reveal-by-space\" data-animation-delay=\"\" data-animation-offset=\"\" data-m-rm-animation=\"\" data-stagger=\"true\"><p>Master MEEF Professeur de Lyc\u00e9es et Coll\u00e8ges Anglais<\/p><\/div><\/h3><\/div><\/div><\/div><\/div><div class=\"nectar-post-grid-item\" data-post-id=\"7618\" data-has-img=\"true\"> <div class=\"inner\"><div class=\"nectar-post-grid-item-bg-wrap\"><div class=\"nectar-post-grid-item-bg-wrap-inner\"><div class=\"nectar-post-grid-item-bg\"><img decoding=\"async\" width=\"600\" height=\"600\" src=\"https:\/\/www.univ-guyane.fr\/wp-content\/uploads\/formations-inspe-universite-de-guyane-min-thumb.svg\" class=\"attachment-large size-large wp-post-image\" alt=\"couleur INSPE\" \/><\/div><\/div><\/div><div class=\"bg-overlay\"  data-opacity=\"1\" data-hover-opacity=\"0.7\"><\/div><div class=\"content\"><a class=\"nectar-post-grid-link\" href=\"https:\/\/www.univ-guyane.fr\/pt\/choisir-sa-formation\/inspe\/master-meef-pratique-et-ingenierie-de-leducation-du-travail-et-de-laction-social\/\" ><span class=\"screen-reader-text\">Master MEEF Pratique et Ing\u00e9nierie de l\u2019\u00c9ducation, du Travail et de l\u2019Action Social<\/span><\/a><div class=\"item-main\"><h3 class=\"post-heading\"><div class=\"nectar-split-heading custom-trigger\" data-align=\"default\" data-m-align=\"inherit\" data-text-effect=\"default\" data-animation-type=\"line-reveal-by-space\" data-animation-delay=\"\" data-animation-offset=\"\" data-m-rm-animation=\"\" data-stagger=\"true\"><p>Master MEEF Pratique et Ing\u00e9nierie de l\u2019\u00c9ducation, du Travail et de l\u2019Action Social<\/p><\/div><\/h3><\/div><\/div><\/div><\/div><div class=\"nectar-post-grid-item\" data-post-id=\"7632\" data-has-img=\"true\"> <div class=\"inner\"><div class=\"nectar-post-grid-item-bg-wrap\"><div class=\"nectar-post-grid-item-bg-wrap-inner\"><div class=\"nectar-post-grid-item-bg\"><img decoding=\"async\" width=\"600\" height=\"600\" src=\"https:\/\/www.univ-guyane.fr\/wp-content\/uploads\/formations-inspe-universite-de-guyane-min-thumb.svg\" class=\"attachment-large size-large wp-post-image\" alt=\"couleur INSPE\" \/><\/div><\/div><\/div><div class=\"bg-overlay\"  data-opacity=\"1\" data-hover-opacity=\"0.7\"><\/div><div class=\"content\"><a class=\"nectar-post-grid-link\" href=\"https:\/\/www.univ-guyane.fr\/pt\/choisir-sa-formation\/inspe\/master-meef-ingenierie-de-la-communication-et-de-la-mediation-scientifique\/\" ><span class=\"screen-reader-text\">Master MEEF Ing\u00e9nierie de la Communication et de la M\u00e9diation Scientifique<\/span><\/a><div class=\"item-main\"><h3 class=\"post-heading\"><div class=\"nectar-split-heading custom-trigger\" data-align=\"default\" data-m-align=\"inherit\" data-text-effect=\"default\" data-animation-type=\"line-reveal-by-space\" data-animation-delay=\"\" data-animation-offset=\"\" data-m-rm-animation=\"\" data-stagger=\"true\"><p>Master MEEF Ing\u00e9nierie de la Communication et de la M\u00e9diation Scientifique<\/p><\/div><\/h3><\/div><\/div><\/div><\/div><div class=\"nectar-post-grid-item\" data-post-id=\"7612\" data-has-img=\"true\"> <div class=\"inner\"><div class=\"nectar-post-grid-item-bg-wrap\"><div class=\"nectar-post-grid-item-bg-wrap-inner\"><div class=\"nectar-post-grid-item-bg\"><img decoding=\"async\" width=\"600\" height=\"600\" src=\"https:\/\/www.univ-guyane.fr\/wp-content\/uploads\/formations-inspe-universite-de-guyane-min-thumb.svg\" class=\"attachment-large size-large wp-post-image\" alt=\"couleur INSPE\" \/><\/div><\/div><\/div><div class=\"bg-overlay\"  data-opacity=\"1\" data-hover-opacity=\"0.7\"><\/div><div class=\"content\"><a class=\"nectar-post-grid-link\" href=\"https:\/\/www.univ-guyane.fr\/pt\/choisir-sa-formation\/inspe\/master-meef-histoire-geographie\/\" ><span class=\"screen-reader-text\">Master MEEF Histoire-g\u00e9ographie<\/span><\/a><div class=\"item-main\"><h3 class=\"post-heading\"><div class=\"nectar-split-heading custom-trigger\" data-align=\"default\" data-m-align=\"inherit\" data-text-effect=\"default\" data-animation-type=\"line-reveal-by-space\" data-animation-delay=\"\" data-animation-offset=\"\" data-m-rm-animation=\"\" data-stagger=\"true\"><p>Master MEEF Histoire-g\u00e9ographie<\/p><\/div><\/h3><\/div><\/div><\/div><\/div><div class=\"nectar-post-grid-item\" data-post-id=\"7629\" data-has-img=\"true\"> <div class=\"inner\"><div class=\"nectar-post-grid-item-bg-wrap\"><div class=\"nectar-post-grid-item-bg-wrap-inner\"><div class=\"nectar-post-grid-item-bg\"><img decoding=\"async\" width=\"600\" height=\"600\" src=\"https:\/\/www.univ-guyane.fr\/wp-content\/uploads\/formations-inspe-universite-de-guyane-min-thumb.svg\" class=\"attachment-large size-large wp-post-image\" alt=\"couleur INSPE\" \/><\/div><\/div><\/div><div class=\"bg-overlay\"  data-opacity=\"1\" data-hover-opacity=\"0.7\"><\/div><div class=\"content\"><a class=\"nectar-post-grid-link\" href=\"https:\/\/www.univ-guyane.fr\/pt\/choisir-sa-formation\/inspe\/master-meef-conseiller-principal-deducation\/\" ><span class=\"screen-reader-text\">Master MEEF Conseiller principal d&rsquo;\u00e9ducation<\/span><\/a><div class=\"item-main\"><h3 class=\"post-heading\"><div class=\"nectar-split-heading custom-trigger\" data-align=\"default\" data-m-align=\"inherit\" data-text-effect=\"default\" data-animation-type=\"line-reveal-by-space\" data-animation-delay=\"\" data-animation-offset=\"\" data-m-rm-animation=\"\" data-stagger=\"true\"><p>Master MEEF Conseiller principal d&rsquo;\u00e9ducation<\/p><\/div><\/h3><\/div><\/div><\/div><\/div><div class=\"nectar-post-grid-item\" data-post-id=\"13116\" data-has-img=\"true\"> <div class=\"inner\"><div class=\"nectar-post-grid-item-bg-wrap\"><div class=\"nectar-post-grid-item-bg-wrap-inner\"><div class=\"nectar-post-grid-item-bg\"><img decoding=\"async\" width=\"600\" height=\"600\" src=\"https:\/\/www.univ-guyane.fr\/wp-content\/uploads\/formations-inspe-universite-de-guyane-min-thumb.svg\" class=\"attachment-large size-large wp-post-image\" alt=\"couleur INSPE\" \/><\/div><\/div><\/div><div class=\"bg-overlay\"  data-opacity=\"1\" data-hover-opacity=\"0.7\"><\/div><div class=\"content\"><a class=\"nectar-post-grid-link\" href=\"https:\/\/www.univ-guyane.fr\/pt\/choisir-sa-formation\/formation-continue\/du-professorat-des-ecoles\/\" ><span class=\"screen-reader-text\">DU Professorat des \u00c9coles<\/span><\/a><div class=\"item-main\"><h3 class=\"post-heading\"><div class=\"nectar-split-heading custom-trigger\" data-align=\"default\" data-m-align=\"inherit\" data-text-effect=\"default\" data-animation-type=\"line-reveal-by-space\" data-animation-delay=\"\" data-animation-offset=\"\" data-m-rm-animation=\"\" data-stagger=\"true\"><p>DU Professorat des \u00c9coles<\/p><\/div><\/h3><\/div><\/div><\/div><\/div><div class=\"nectar-post-grid-item\" data-post-id=\"13112\" data-has-img=\"true\"> <div class=\"inner\"><div class=\"nectar-post-grid-item-bg-wrap\"><div class=\"nectar-post-grid-item-bg-wrap-inner\"><div class=\"nectar-post-grid-item-bg\"><img decoding=\"async\" width=\"600\" height=\"600\" src=\"https:\/\/www.univ-guyane.fr\/wp-content\/uploads\/formations-inspe-universite-de-guyane-min-thumb.svg\" class=\"attachment-large size-large wp-post-image\" alt=\"couleur INSPE\" \/><\/div><\/div><\/div><div class=\"bg-overlay\"  data-opacity=\"1\" data-hover-opacity=\"0.7\"><\/div><div class=\"content\"><a class=\"nectar-post-grid-link\" href=\"https:\/\/www.univ-guyane.fr\/pt\/choisir-sa-formation\/formation-continue\/du-conseiller-principal-deducation\/\" ><span class=\"screen-reader-text\">DU Conseiller Principal d\u2019\u00c9ducation<\/span><\/a><div class=\"item-main\"><h3 class=\"post-heading\"><div class=\"nectar-split-heading custom-trigger\" data-align=\"default\" data-m-align=\"inherit\" data-text-effect=\"default\" data-animation-type=\"line-reveal-by-space\" data-animation-delay=\"\" data-animation-offset=\"\" data-m-rm-animation=\"\" data-stagger=\"true\"><p>DU Conseiller Principal d\u2019\u00c9ducation<\/p><\/div><\/h3><\/div><\/div><\/div><\/div><\/div><\/div>\n\t\t\t<\/div> \n\t\t<\/div>\n\t<\/div> \n<\/div><\/div><\/div>\n\t\t\t<\/div> \n\t\t<\/div>\n\t<\/div> \n\n\t<div  class=\"vc_col-sm-3 wpb_column column_container vc_column_container col no-extra-padding inherit_tablet inherit_phone \"  data-padding-pos=\"all\" data-has-bg-color=\"false\" data-bg-color=\"\" data-bg-opacity=\"1\" data-animation=\"\" data-delay=\"0\" >\n\t\t<div class=\"vc_column-inner\" >\n\t\t\t<div class=\"wpb_wrapper\">\n\t\t\t\t<div class=\"templatera_shortcode\">\n\t\t<div id=\"fws_69f3013a4b57c\"  data-column-margin=\"default\" data-midnight=\"dark\"  class=\"wpb_row vc_row-fluid vc_row\"  style=\"padding-top: 0px; padding-bottom: 0px; \"><div class=\"row-bg-wrap\" data-bg-animation=\"none\" data-bg-animation-delay=\"\" data-bg-overlay=\"false\"><div class=\"inner-wrap row-bg-layer\" ><div class=\"row-bg viewport-desktop\"  style=\"\"><\/div><\/div><\/div><div class=\"row_col_wrap_12 col span_12 dark left\">\n\t<div  class=\"vc_col-sm-12 infos-structure wpb_column column_container vc_column_container col border_left_desktop_1px border_color_cccccc border_style_solid left_padding_desktop_30px \"  data-padding-pos=\"all\" data-has-bg-color=\"false\" data-bg-color=\"\" data-bg-opacity=\"1\" data-animation=\"\" data-delay=\"0\" >\n\t\t<div class=\"vc_column-inner\" >\n\t\t\t<div class=\"wpb_wrapper\">\n\t\t\t\t\n<div class=\"wpb_text_column wpb_content_element \" >\n\t<h2>INSP\u00c9<\/h2>\n<h3>Institut National Sup\u00e9rieur du Professorat et de l\u2019\u00c9ducation<\/h3>\n<\/div>\n\n\n\n<div class=\"toggles accordion\" data-br=\"\" data-starting=\"closed\" data-style=\"minimal\"><div class=\"toggle accent-color\" data-inner-wrap=\"true\"><h3 class=\"toggle-title\"><a href=\"#\" role=\"button\" class=\"toggle-heading\"><i role=\"presentation\" class=\"fa fa-plus\"><\/i>Direction<\/a><\/h3><div><div class=\"inner-toggle-wrap\">\n<div class=\"wpb_text_column wpb_content_element \" >\n\t<p>Ren\u00e9-Serge de NEEF<br \/>\n<em>Directeur <\/em><br \/>\n\u2014<br \/>\nMme Marie-Felide FAFARD<br \/>\n<em>Directrice adjointe<\/em><br \/>\n\u2014<br \/>\nTh\u00e9ophile M\u00c9HINTO<br \/>\n<em>Directeur adjoint<\/em><br \/>\n\u2014<br \/>\nMme Isabel TRAVECEDO<br \/>\nAssistante de direction<\/p>\n<\/div>\n\n\n\n<\/div><\/div><\/div><div class=\"toggle accent-color\" data-inner-wrap=\"true\"><h3 class=\"toggle-title\"><a href=\"#\" role=\"button\" class=\"toggle-heading\"><i role=\"presentation\" class=\"fa fa-plus\"><\/i>Scolarit\u00e9<\/a><\/h3><div><div class=\"inner-toggle-wrap\">\n<div class=\"wpb_text_column wpb_content_element \" >\n\t<p>Mme Mathilde SABAYO<br \/>\n<em>Responsable P\u00f4le scolarit\u00e9 et examens<\/em><br \/>\n\u2014<br \/>\nMme Loriane BISWANE<br \/>\n<em>Secr\u00e9taire p\u00e9dagogique<\/em><br \/>\n\u2014<br \/>\nMme Elodie FAUBERT<br \/>\n<em>Secr\u00e9taire p\u00e9dagogique<\/em><\/p>\n<\/div>\n\n\n\n<\/div><\/div><\/div><div class=\"toggle accent-color\" data-inner-wrap=\"true\"><h3 class=\"toggle-title\"><a href=\"#\" role=\"button\" class=\"toggle-heading\"><i role=\"presentation\" class=\"fa fa-plus\"><\/i>Administration<\/a><\/h3><div><div class=\"inner-toggle-wrap\">\n<div class=\"wpb_text_column wpb_content_element \" >\n\t<p>Mme Louisiane PERREIRA<br \/>\n<em>Responsable P\u00f4le EDT\/Gestion des heures\/RH<\/em><br \/>\n\u2014<br \/>\nMme Stella LEONARD<br \/>\n<em>Adjointe administrative polyvalente<\/em><br \/>\n\u2014<br \/>\nMme Isabelle BOUDOT-SABATIER<br \/>\n<em>Gestionnaire p\u00f4le transversal : comptable, financi\u00e8re et logistique<\/em><br \/>\n\u2014<br \/>\nMme H\u00e9rina DORMILUS<br \/>\n<em>Agente polyvalente SLM<\/em><\/p>\n<\/div>\n\n\n\n<\/div><\/div><\/div><div class=\"toggle accent-color\" data-inner-wrap=\"true\"><h3 class=\"toggle-title\"><a href=\"#\" role=\"button\" class=\"toggle-heading\"><i role=\"presentation\" class=\"fa fa-plus\"><\/i>Fili\u00e8res<\/a><\/h3><div><div class=\"inner-toggle-wrap\">\n<div class=\"wpb_text_column wpb_content_element \" >\n\t<p>Mme Roc\u00edo MUNGUIA AGUILAR<br \/>\n<em>Responsable de la mention 1er degr\u00e9<\/em><br \/>\n\u2014<br \/>\nM. Lo\u00efc MARIE-MAGDELEINE<br \/>\n<em>Responsable de parcours MEEF anglais 2nd degr\u00e9<\/em><br \/>\n\u2014<br \/>\nM. Jean MOOMOU<br \/>\n<em>Responsable de parcours MEEF histoire-g\u00e9ographie 2nd degr\u00e9<\/em><br \/>\n\u2014<br \/>\nMme Am\u00e9lie GUIANVARC\u2019H<br \/>\n\u2014<br \/>\nMme Martine BUFFET<br \/>\n<em>Responsables de parcours MEEF lettres modernes 2nd degr\u00e9<\/em><\/p>\n<p>M. William DIMBOUR<br \/>\n<em>Responsable de parcours MEEF math\u00e9matiques 2nd degr\u00e9<\/em><br \/>\n\u2014<br \/>\nMme Isabelle HIDAIR-KRIVSKY<br \/>\n<em>Responsable de parcours MEEF PIETAS - Pratique et ing\u00e9nierie de l\u2019\u00e9ducation, du travail et de l\u2019action social <\/em><br \/>\n\u2014<br \/>\nMme Jeannine HO-A-SIM<br \/>\n<em>Responsable de parcours MEEF Conseiller principal d\u2019\u00e9ducation<\/em><br \/>\n\u2014<br \/>\nM. Th\u00e9ophile M\u00c9HINTO<br \/>\n<em>Responsable de parcours MEEF ICMS \u2013 Ing\u00e9nierie de la communication et de la m\u00e9diation social<\/em><\/p>\n<\/div>\n\n\n\n<\/div><\/div><\/div><div class=\"toggle accent-color\" data-inner-wrap=\"true\"><h3 class=\"toggle-title\"><a href=\"#\" role=\"button\" class=\"toggle-heading\"><i role=\"presentation\" class=\"fa fa-plus\"><\/i>R\u00e9ception<\/a><\/h3><div><div class=\"inner-toggle-wrap\">\n<div class=\"wpb_text_column wpb_content_element \" >\n\t<p>B\u00e2timent A<br \/>\nCampus de Troubiran<br \/>\n97300 Cayenne<\/p>\n<\/div>\n\n\n\n<\/div><\/div><\/div><\/div>\n\t\t\t<\/div> \n\t\t<\/div>\n\t<\/div> \n<\/div><\/div><\/div>\n\t\t\t<\/div> \n\t\t<\/div>\n\t<\/div> \n<\/div><\/div>\n","protected":false},"excerpt":{"rendered":"Componente : Ci\u00eancias da Educa\u00e7\u00e3o \u00c1rea: Conselheiro Principal de Educa\u00e7\u00e3o (CPE) Especialidade: Educa\u00e7\u00e3o Natureza...","protected":false},"author":1,"featured_media":7759,"parent":6121,"menu_order":0,"comment_status":"closed","ping_status":"closed","template":"","meta":{"iawp_total_views":3956,"footnotes":""},"categories":[217,158,88,118,160],"tags":[],"class_list":{"0":"post-13116","1":"page","2":"type-page","3":"status-publish","4":"has-post-thumbnail","6":"category-cayenne-formations","7":"category-dfpu-formations","8":"category-du","9":"category-enseignement-et-formation","10":"category-inspe-formations"},"yoast_head":"<!-- This site is optimized with the Yoast SEO plugin v27.5 - https:\/\/yoast.com\/product\/yoast-seo-wordpress\/ -->\n<title>DU Professorat des \u00c9coles &#8212; Universit\u00e9 de Guyane<\/title>\n<meta name=\"robots\" content=\"index, follow, max-snippet:-1, max-image-preview:large, max-video-preview:-1\" \/>\n<link rel=\"canonical\" href=\"https:\/\/www.univ-guyane.fr\/pt\/choisir-sa-formation\/formation-continue\/du-professorat-des-ecoles\/\" \/>\n<meta property=\"og:locale\" content=\"pt_BR\" \/>\n<meta property=\"og:type\" content=\"article\" \/>\n<meta property=\"og:title\" content=\"DU Professorat des \u00c9coles &#8212; Universit\u00e9 de Guyane\" \/>\n<meta property=\"og:url\" content=\"https:\/\/www.univ-guyane.fr\/pt\/choisir-sa-formation\/formation-continue\/du-professorat-des-ecoles\/\" \/>\n<meta property=\"og:site_name\" content=\"Universit\u00e9 de Guyane\" \/>\n<meta property=\"article:publisher\" content=\"https:\/\/www.facebook.com\/univguyane\" \/>\n<meta property=\"article:modified_time\" content=\"2025-08-10T01:41:56+00:00\" \/>\n<meta property=\"og:image\" content=\"https:\/\/www.univ-guyane.fr\/wp-content\/uploads\/www-site-universite-de-guyane.jpg\" \/>\n\t<meta property=\"og:image:width\" content=\"1200\" \/>\n\t<meta property=\"og:image:height\" content=\"653\" \/>\n\t<meta property=\"og:image:type\" content=\"image\/jpeg\" \/>\n<meta name=\"twitter:card\" content=\"summary_large_image\" \/>\n<meta name=\"twitter:site\" content=\"@univguyane\" \/>\n<meta name=\"twitter:label1\" content=\"Est. tempo de leitura\" \/>\n\t<meta name=\"twitter:data1\" content=\"5 minutos\" \/>\n<script type=\"application\/ld+json\" class=\"yoast-schema-graph\">{\"@context\":\"https:\\\/\\\/schema.org\",\"@graph\":[{\"@type\":\"WebPage\",\"@id\":\"https:\\\/\\\/www.univ-guyane.fr\\\/choisir-sa-formation\\\/formation-continue\\\/du-professorat-des-ecoles\\\/\",\"url\":\"https:\\\/\\\/www.univ-guyane.fr\\\/choisir-sa-formation\\\/formation-continue\\\/du-professorat-des-ecoles\\\/\",\"name\":\"DU Professorat des \u00c9coles &#8212; Universit\u00e9 de Guyane\",\"isPartOf\":{\"@id\":\"https:\\\/\\\/www.univ-guyane.fr\\\/#website\"},\"primaryImageOfPage\":{\"@id\":\"https:\\\/\\\/www.univ-guyane.fr\\\/choisir-sa-formation\\\/formation-continue\\\/du-professorat-des-ecoles\\\/#primaryimage\"},\"image\":{\"@id\":\"https:\\\/\\\/www.univ-guyane.fr\\\/choisir-sa-formation\\\/formation-continue\\\/du-professorat-des-ecoles\\\/#primaryimage\"},\"thumbnailUrl\":\"https:\\\/\\\/www.univ-guyane.fr\\\/wp-content\\\/uploads\\\/formations-inspe-universite-de-guyane-min-thumb.svg\",\"datePublished\":\"2025-07-24T11:52:35+00:00\",\"dateModified\":\"2025-08-10T01:41:56+00:00\",\"breadcrumb\":{\"@id\":\"https:\\\/\\\/www.univ-guyane.fr\\\/choisir-sa-formation\\\/formation-continue\\\/du-professorat-des-ecoles\\\/#breadcrumb\"},\"inLanguage\":\"pt-BR\",\"potentialAction\":[{\"@type\":\"ReadAction\",\"target\":[\"https:\\\/\\\/www.univ-guyane.fr\\\/choisir-sa-formation\\\/formation-continue\\\/du-professorat-des-ecoles\\\/\"]}]},{\"@type\":\"ImageObject\",\"inLanguage\":\"pt-BR\",\"@id\":\"https:\\\/\\\/www.univ-guyane.fr\\\/choisir-sa-formation\\\/formation-continue\\\/du-professorat-des-ecoles\\\/#primaryimage\",\"url\":\"https:\\\/\\\/www.univ-guyane.fr\\\/wp-content\\\/uploads\\\/formations-inspe-universite-de-guyane-min-thumb.svg\",\"contentUrl\":\"https:\\\/\\\/www.univ-guyane.fr\\\/wp-content\\\/uploads\\\/formations-inspe-universite-de-guyane-min-thumb.svg\",\"caption\":\"couleur INSPE\"},{\"@type\":\"BreadcrumbList\",\"@id\":\"https:\\\/\\\/www.univ-guyane.fr\\\/choisir-sa-formation\\\/formation-continue\\\/du-professorat-des-ecoles\\\/#breadcrumb\",\"itemListElement\":[{\"@type\":\"ListItem\",\"position\":1,\"name\":\"Accueil\",\"item\":\"https:\\\/\\\/www.univ-guyane.fr\\\/\"},{\"@type\":\"ListItem\",\"position\":2,\"name\":\"Choisir sa formation\",\"item\":\"https:\\\/\\\/www.univ-guyane.fr\\\/choisir-sa-formation\\\/\"},{\"@type\":\"ListItem\",\"position\":3,\"name\":\"Formation Continue\",\"item\":\"https:\\\/\\\/www.univ-guyane.fr\\\/choisir-sa-formation\\\/formation-continue\\\/\"},{\"@type\":\"ListItem\",\"position\":4,\"name\":\"DU Professorat des \u00c9coles\"}]},{\"@type\":\"WebSite\",\"@id\":\"https:\\\/\\\/www.univ-guyane.fr\\\/#website\",\"url\":\"https:\\\/\\\/www.univ-guyane.fr\\\/\",\"name\":\"Universit\u00e9 de Guyane\",\"description\":\"Au c\u0153ur de l&#039;amazonie\",\"publisher\":{\"@id\":\"https:\\\/\\\/www.univ-guyane.fr\\\/#organization\"},\"alternateName\":\"UG\",\"potentialAction\":[{\"@type\":\"SearchAction\",\"target\":{\"@type\":\"EntryPoint\",\"urlTemplate\":\"https:\\\/\\\/www.univ-guyane.fr\\\/?s={search_term_string}\"},\"query-input\":{\"@type\":\"PropertyValueSpecification\",\"valueRequired\":true,\"valueName\":\"search_term_string\"}}],\"inLanguage\":\"pt-BR\"},{\"@type\":\"Organization\",\"@id\":\"https:\\\/\\\/www.univ-guyane.fr\\\/#organization\",\"name\":\"Universit\u00e9 de Guyane\",\"alternateName\":\"UG\",\"url\":\"https:\\\/\\\/www.univ-guyane.fr\\\/\",\"logo\":{\"@type\":\"ImageObject\",\"inLanguage\":\"pt-BR\",\"@id\":\"https:\\\/\\\/www.univ-guyane.fr\\\/#\\\/schema\\\/logo\\\/image\\\/\",\"url\":\"https:\\\/\\\/www.univ-guyane.fr\\\/wp-content\\\/uploads\\\/2024\\\/05\\\/f.png\",\"contentUrl\":\"https:\\\/\\\/www.univ-guyane.fr\\\/wp-content\\\/uploads\\\/2024\\\/05\\\/f.png\",\"width\":1024,\"height\":1024,\"caption\":\"Universit\u00e9 de Guyane\"},\"image\":{\"@id\":\"https:\\\/\\\/www.univ-guyane.fr\\\/#\\\/schema\\\/logo\\\/image\\\/\"},\"sameAs\":[\"https:\\\/\\\/www.facebook.com\\\/univguyane\",\"https:\\\/\\\/x.com\\\/univguyane\",\"https:\\\/\\\/gf.linkedin.com\\\/school\\\/universite-de-guyane\\\/\",\"https:\\\/\\\/www.instagram.com\\\/univ_guyane\\\/\"]}]}<\/script>\n<!-- \/ Yoast SEO plugin. -->","yoast_head_json":{"title":"DU Professorat des \u00c9coles &#8212; Universit\u00e9 de Guyane","robots":{"index":"index","follow":"follow","max-snippet":"max-snippet:-1","max-image-preview":"max-image-preview:large","max-video-preview":"max-video-preview:-1"},"canonical":"https:\/\/www.univ-guyane.fr\/pt\/choisir-sa-formation\/formation-continue\/du-professorat-des-ecoles\/","og_locale":"pt_BR","og_type":"article","og_title":"DU Professorat des \u00c9coles &#8212; Universit\u00e9 de Guyane","og_url":"https:\/\/www.univ-guyane.fr\/pt\/choisir-sa-formation\/formation-continue\/du-professorat-des-ecoles\/","og_site_name":"Universit\u00e9 de Guyane","article_publisher":"https:\/\/www.facebook.com\/univguyane","article_modified_time":"2025-08-10T01:41:56+00:00","og_image":[{"width":1200,"height":653,"url":"https:\/\/www.univ-guyane.fr\/wp-content\/uploads\/www-site-universite-de-guyane.jpg","type":"image\/jpeg"}],"twitter_card":"summary_large_image","twitter_site":"@univguyane","twitter_misc":{"Est. tempo de leitura":"5 minutos"},"schema":{"@context":"https:\/\/schema.org","@graph":[{"@type":"WebPage","@id":"https:\/\/www.univ-guyane.fr\/choisir-sa-formation\/formation-continue\/du-professorat-des-ecoles\/","url":"https:\/\/www.univ-guyane.fr\/choisir-sa-formation\/formation-continue\/du-professorat-des-ecoles\/","name":"DU Professorat des \u00c9coles &#8212; Universit\u00e9 de Guyane","isPartOf":{"@id":"https:\/\/www.univ-guyane.fr\/#website"},"primaryImageOfPage":{"@id":"https:\/\/www.univ-guyane.fr\/choisir-sa-formation\/formation-continue\/du-professorat-des-ecoles\/#primaryimage"},"image":{"@id":"https:\/\/www.univ-guyane.fr\/choisir-sa-formation\/formation-continue\/du-professorat-des-ecoles\/#primaryimage"},"thumbnailUrl":"https:\/\/www.univ-guyane.fr\/wp-content\/uploads\/formations-inspe-universite-de-guyane-min-thumb.svg","datePublished":"2025-07-24T11:52:35+00:00","dateModified":"2025-08-10T01:41:56+00:00","breadcrumb":{"@id":"https:\/\/www.univ-guyane.fr\/choisir-sa-formation\/formation-continue\/du-professorat-des-ecoles\/#breadcrumb"},"inLanguage":"pt-BR","potentialAction":[{"@type":"ReadAction","target":["https:\/\/www.univ-guyane.fr\/choisir-sa-formation\/formation-continue\/du-professorat-des-ecoles\/"]}]},{"@type":"ImageObject","inLanguage":"pt-BR","@id":"https:\/\/www.univ-guyane.fr\/choisir-sa-formation\/formation-continue\/du-professorat-des-ecoles\/#primaryimage","url":"https:\/\/www.univ-guyane.fr\/wp-content\/uploads\/formations-inspe-universite-de-guyane-min-thumb.svg","contentUrl":"https:\/\/www.univ-guyane.fr\/wp-content\/uploads\/formations-inspe-universite-de-guyane-min-thumb.svg","caption":"couleur INSPE"},{"@type":"BreadcrumbList","@id":"https:\/\/www.univ-guyane.fr\/choisir-sa-formation\/formation-continue\/du-professorat-des-ecoles\/#breadcrumb","itemListElement":[{"@type":"ListItem","position":1,"name":"Accueil","item":"https:\/\/www.univ-guyane.fr\/"},{"@type":"ListItem","position":2,"name":"Choisir sa formation","item":"https:\/\/www.univ-guyane.fr\/choisir-sa-formation\/"},{"@type":"ListItem","position":3,"name":"Formation Continue","item":"https:\/\/www.univ-guyane.fr\/choisir-sa-formation\/formation-continue\/"},{"@type":"ListItem","position":4,"name":"DU Professorat des \u00c9coles"}]},{"@type":"WebSite","@id":"https:\/\/www.univ-guyane.fr\/#website","url":"https:\/\/www.univ-guyane.fr\/","name":"Universidade da Guiana","description":"No cora\u00e7\u00e3o da Amaz\u00f4nia","publisher":{"@id":"https:\/\/www.univ-guyane.fr\/#organization"},"alternateName":"UG","potentialAction":[{"@type":"SearchAction","target":{"@type":"EntryPoint","urlTemplate":"https:\/\/www.univ-guyane.fr\/?s={search_term_string}"},"query-input":{"@type":"PropertyValueSpecification","valueRequired":true,"valueName":"search_term_string"}}],"inLanguage":"pt-BR"},{"@type":"Organization","@id":"https:\/\/www.univ-guyane.fr\/#organization","name":"Universidade da Guiana","alternateName":"UG","url":"https:\/\/www.univ-guyane.fr\/","logo":{"@type":"ImageObject","inLanguage":"pt-BR","@id":"https:\/\/www.univ-guyane.fr\/#\/schema\/logo\/image\/","url":"https:\/\/www.univ-guyane.fr\/wp-content\/uploads\/2024\/05\/f.png","contentUrl":"https:\/\/www.univ-guyane.fr\/wp-content\/uploads\/2024\/05\/f.png","width":1024,"height":1024,"caption":"Universit\u00e9 de Guyane"},"image":{"@id":"https:\/\/www.univ-guyane.fr\/#\/schema\/logo\/image\/"},"sameAs":["https:\/\/www.facebook.com\/univguyane","https:\/\/x.com\/univguyane","https:\/\/gf.linkedin.com\/school\/universite-de-guyane\/","https:\/\/www.instagram.com\/univ_guyane\/"]}]}},"_links":{"self":[{"href":"https:\/\/www.univ-guyane.fr\/pt\/wp-json\/wp\/v2\/pages\/13116","targetHints":{"allow":["GET"]}}],"collection":[{"href":"https:\/\/www.univ-guyane.fr\/pt\/wp-json\/wp\/v2\/pages"}],"about":[{"href":"https:\/\/www.univ-guyane.fr\/pt\/wp-json\/wp\/v2\/types\/page"}],"author":[{"embeddable":true,"href":"https:\/\/www.univ-guyane.fr\/pt\/wp-json\/wp\/v2\/users\/1"}],"replies":[{"embeddable":true,"href":"https:\/\/www.univ-guyane.fr\/pt\/wp-json\/wp\/v2\/comments?post=13116"}],"version-history":[{"count":1,"href":"https:\/\/www.univ-guyane.fr\/pt\/wp-json\/wp\/v2\/pages\/13116\/revisions"}],"predecessor-version":[{"id":13117,"href":"https:\/\/www.univ-guyane.fr\/pt\/wp-json\/wp\/v2\/pages\/13116\/revisions\/13117"}],"up":[{"embeddable":true,"href":"https:\/\/www.univ-guyane.fr\/pt\/wp-json\/wp\/v2\/pages\/6121"}],"wp:featuredmedia":[{"embeddable":true,"href":"https:\/\/www.univ-guyane.fr\/pt\/wp-json\/wp\/v2\/media\/7759"}],"wp:attachment":[{"href":"https:\/\/www.univ-guyane.fr\/pt\/wp-json\/wp\/v2\/media?parent=13116"}],"wp:term":[{"taxonomy":"category","embeddable":true,"href":"https:\/\/www.univ-guyane.fr\/pt\/wp-json\/wp\/v2\/categories?post=13116"},{"taxonomy":"post_tag","embeddable":true,"href":"https:\/\/www.univ-guyane.fr\/pt\/wp-json\/wp\/v2\/tags?post=13116"}],"curies":[{"name":"wp","href":"https:\/\/api.w.org\/{rel}","templated":true}]}}