{"id":7385,"date":"2024-05-24T13:04:08","date_gmt":"2024-05-24T16:04:08","guid":{"rendered":"https:\/\/www.univ-guyane.fr\/?page_id=7385"},"modified":"2025-09-12T08:57:26","modified_gmt":"2025-09-12T11:57:26","slug":"du-mediation-en-sante","status":"publish","type":"page","link":"https:\/\/www.univ-guyane.fr\/pt\/choisir-sa-formation\/ufr-sante\/du-mediation-en-sante\/","title":{"rendered":"Media\u00e7\u00e3o de DU em sa\u00fade"},"content":{"rendered":"\n\t\t<div id=\"fws_69f4b6990ac00\"  data-column-margin=\"default\" data-midnight=\"dark\"  class=\"wpb_row vc_row-fluid vc_row\"  style=\"padding-top: 0px; padding-bottom: 0px; \"><div class=\"row-bg-wrap\" data-bg-animation=\"none\" data-bg-animation-delay=\"\" data-bg-overlay=\"false\"><div class=\"inner-wrap row-bg-layer\" ><div class=\"row-bg viewport-desktop\"  style=\"\"><\/div><\/div><\/div><div class=\"row_col_wrap_12 col span_12 dark left\">\n\t<div  class=\"vc_col-sm-9 wpb_column column_container vc_column_container col no-extra-padding inherit_tablet inherit_phone \"  data-padding-pos=\"all\" data-has-bg-color=\"false\" data-bg-color=\"\" data-bg-opacity=\"1\" data-animation=\"\" data-delay=\"0\" >\n\t\t<div class=\"vc_column-inner\" >\n\t\t\t<div class=\"wpb_wrapper\">\n\t\t\t\t<div class=\"templatera_shortcode\"><\/div>\n<div class=\"wpb_text_column wpb_content_element  vc_custom_1716566003376\" >\n\t<div class=\"wpb_text_column wpb_content_element vc_custom_1669084876923\">\n<div class=\"wpb_wrapper\">\n<p><strong>Composante\u00a0:\u00a0<\/strong>DFR Sant\u00e9<br \/>\n<strong>Domaine :\u00a0<\/strong>Sant\u00e9<br \/>\n<strong>Nature\u00a0:\u00a0<\/strong>\u00a0Formation dipl\u00f4mante.<br \/>\n<strong>Lieu\u00a0:<\/strong> Cayenne<\/p>\n<\/div>\n<\/div>\n<\/div>\n\n\n\n\n<div class=\"wpb_text_column wpb_content_element  vc_custom_1757678241855\" >\n\t<div class=\"page\" title=\"Page 1\">\n<div class=\"layoutArea\">\n<div class=\"column\">\n<ul style=\"font-weight: 400;\">\n<li><strong>D\u00e9p\u00f4t des candidatures<\/strong> : du 15\/08\/2025 au 26\/09\/2025<\/li>\n<li><strong>S\u00e9lection des candidats<\/strong> : du 01\/10\/2025 au 17\/10\/2025<\/li>\n<li><strong>Inscription administrative et paiements<\/strong> : du 21\/10\/2025 au 20\/12\/2025<\/li>\n<li><strong>D\u00e9but des cours<\/strong> : 12\/01\/2026<\/li>\n<li><strong>Fin des cours<\/strong> : 22\/05\/2026<\/li>\n<\/ul>\n<\/div>\n<\/div>\n<\/div>\n<\/div>\n\n\n\n<div class=\"toggles accordion\" data-br=\"\" data-starting=\"closed\" data-style=\"minimal\"><div class=\"toggle accent-color\" data-inner-wrap=\"true\"><h3 class=\"toggle-title\"><a href=\"#\" role=\"button\" class=\"nectar-inherit-h3 toggle-heading\"><i role=\"presentation\" class=\"fa fa-plus\"><\/i>Objectifs<\/a><\/h3><div><div class=\"inner-toggle-wrap\">\n<div class=\"wpb_text_column wpb_content_element \" >\n\t<p>Permettre aux m\u00e9diateurs en sant\u00e9 de jouer efficacement leur r\u00f4le d\u2019interface en leur proposant une formation en mati\u00e8re de pathologies chroniques, de sant\u00e9 publique, d\u2019organisation du syst\u00e8me sanitaire, social et m\u00e9dico-social, d\u2019anthropologie sociale et culturelle, de droit.<\/p>\n<p>Cette formation th\u00e9orique sera compl\u00e9t\u00e9e par une formation pratique (rencontres d\u2019acteurs de terrain, d\u00e9bats, stages) sur le processus de m\u00e9diation, la communication et la valorisation de l\u2019activit\u00e9. Une place importante est r\u00e9serv\u00e9e \u00e0 l\u2019apprentissage interactif (ateliers).<\/p>\n<p>Ce Dipl\u00f4me universitaire sera une opportunit\u00e9 de densifier le r\u00e9seau de m\u00e9diateurs et de professionnels de sant\u00e9 dans une optique de plus grande fluidit\u00e9 des \u00e9changes gr\u00e2ce aux travaux pratiques et mises en situation.<\/p>\n<\/div>\n\n\n\n<\/div><\/div><\/div><div class=\"toggle accent-color\" data-inner-wrap=\"true\"><h3 class=\"toggle-title\"><a href=\"#\" role=\"button\" class=\"nectar-inherit-h3 toggle-heading\"><i role=\"presentation\" class=\"fa fa-plus\"><\/i>Comp\u00e9tences vis\u00e9es<\/a><\/h3><div><div class=\"inner-toggle-wrap\">\n<div class=\"wpb_text_column wpb_content_element \" >\n\t<p>Cette formation permettra aux \u00e9tudiants d\u2019acqu\u00e9rir des comp\u00e9tences, un savoir \u00eatre et un savoir-faire n\u00e9cessaires \u00e0 la conduite d\u2019un projet de m\u00e9diation en sant\u00e9.<\/p>\n<\/div>\n\n\n\n<\/div><\/div><\/div><div class=\"toggle accent-color\" data-inner-wrap=\"true\"><h3 class=\"toggle-title\"><a href=\"#\" role=\"button\" class=\"nectar-inherit-h3 toggle-heading\"><i role=\"presentation\" class=\"fa fa-plus\"><\/i>Admission<\/a><\/h3><div><div class=\"inner-toggle-wrap\">\n<div class=\"wpb_text_column wpb_content_element \" >\n\t<p><strong>Acc\u00e8s au DU :<\/strong><\/p>\n<ul>\n<li>Cette formation s\u2019adresse aux :<\/li>\n<li>M\u00e9diateurs en sant\u00e9 d\u00e9j\u00e0 en fonction dans le champ de la sant\u00e9 ou dans le domaine socio-sanitaire<\/li>\n<li>Intervenants associatifs dans le domaine m\u00e9dico-social<\/li>\n<li>Personnels cadres et administratifs des secteurs m\u00e9dico-sociaux<\/li>\n<li>Etudiants dans les fili\u00e8res socio-sanitaires<\/li>\n<li>Tout professionnel de sant\u00e9 int\u00e9ress\u00e9 par la m\u00e9diation en sant\u00e9<\/li>\n<li>Tout professionnel du domaine social<\/li>\n<li>VAE avec exp\u00e9rience dans le domaine social ou de la sant\u00e9.<\/li>\n<\/ul>\n<p>Les candidats ayant une exp\u00e9rience professionnelle dans le domaine de la m\u00e9diation devront poss\u00e9der des connaissances sur les dispositifs de soins et de sant\u00e9 mentale.<\/p>\n<p><strong>Conditions d&rsquo;admission<br \/>\n<\/strong>Les admissions se font sur dossier et entretien.<\/p>\n<p><strong>Inscription<\/strong><br \/>\nLes inscriptions se font uniquement en ligne sur le site internet de l\u2019Universit\u00e9 de Guyane.<\/p>\n<\/div>\n\n\n\n<\/div><\/div><\/div><div class=\"toggle accent-color\" data-inner-wrap=\"true\"><h3 class=\"toggle-title\"><a href=\"#\" role=\"button\" class=\"nectar-inherit-h3 toggle-heading\"><i role=\"presentation\" class=\"fa fa-plus\"><\/i>Programme<\/a><\/h3><div><div class=\"inner-toggle-wrap\"><div id=\"fws_69f4b6990c7ff\" data-midnight=\"\" data-column-margin=\"default\" class=\"wpb_row vc_row-fluid vc_row inner_row\"  style=\"\"><div class=\"row-bg-wrap\"> <div class=\"row-bg\" ><\/div> <\/div><div class=\"row_col_wrap_12_inner col span_12  left\">\n\t<div  class=\"vc_col-sm-6 wpb_column column_container vc_column_container col child_column no-extra-padding inherit_tablet inherit_phone \"   data-padding-pos=\"all\" data-has-bg-color=\"false\" data-bg-color=\"\" data-bg-opacity=\"1\" data-animation=\"\" data-delay=\"0\" >\n\t\t<div class=\"vc_column-inner\" >\n\t\t<div class=\"wpb_wrapper\">\n\t\t\t\n<div class=\"wpb_text_column wpb_content_element \" >\n\t<p>5 semaines de cours \u00e0 temps plein r\u00e9parties sur l\u2019ann\u00e9e universitaire<\/p>\n<p><strong>UE 1 M\u00e9diation en sant\u00e9\u00a0: approche interculturelle\u00a0:<\/strong><\/p>\n<ul>\n<li>UE 1.1 Promotion et d\u00e9terminants de la sant\u00e9<\/li>\n<li>UE 1.2 Rapport \u00e0 l\u2019autre, cultures et repr\u00e9sentations<\/li>\n<li>UE 1.3 Diversit\u00e9 culturelle de Guyane\/sp\u00e9cificit\u00e9s territoriales<\/li>\n<li>UE 1.4 Analyse de l\u2019exp\u00e9rience interculturelle<\/li>\n<\/ul>\n<p><strong>UE 2 M\u00e9diation en sant\u00e9\u00a0:<\/strong><\/p>\n<ul>\n<li>UE 2.1 Rappel historique, le concept de m\u00e9diation<\/li>\n<li>UE 2.2 Fonctions, missions du m\u00e9diateur : posture, pratiques et \u00a0\u00a0 principes<\/li>\n<li>UE 2.3 Outils de communication<\/li>\n<li>UE 2.4 M\u00e9diation interculturelle passerelle entre plusieurs cultures<\/li>\n<li>UE 2.5 Analyse de l\u2019exp\u00e9rience de la m\u00e9diation<\/li>\n<\/ul>\n<p><strong>UE 3 Connaissances m\u00e9dicales\u00a0:<\/strong><\/p>\n<ul>\n<li>UE 3.1 Bases des connaissances m\u00e9dicales<\/li>\n<li>UE 3.2 G\u00e9n\u00e9ralit\u00e9s sur les m\u00e9dicaments<\/li>\n<li>UE 3.3 Sant\u00e9 sexuelle et reproductive<\/li>\n<li>UE 3.4 Sant\u00e9 maternelle, infantile, p\u00e9rinatalit\u00e9<\/li>\n<li>UE 3.5 La sant\u00e9 publique en Guyane<\/li>\n<li>UE 3.6 Exemples de pathologies importantes en Guyane<\/li>\n<\/ul>\n<p><strong>UE 4 Syst\u00e8me sanitaire et social en France\u00a0:<\/strong><\/p>\n<ul>\n<li>UE 4.1 Gouvernance du syst\u00e8me de sant\u00e9 fran\u00e7ais et comparaison dans son environnement d\u2019Am\u00e9rique du Sud<\/li>\n<li>UE 4.2 Protection sociale \u2013 dont focus protection maladie<\/li>\n<li>UE 4.3 L\u2019asile en Guyane et le droit au s\u00e9jour pour les \u00e9trangers malades<\/li>\n<li>UE 4.4 Accompagner les parcours de sant\u00e9 des usagers<\/li>\n<\/ul>\n<\/div>\n\n\n\n\n\t\t<\/div> \n\t<\/div>\n\t<\/div> \n\n\t<div  class=\"vc_col-sm-6 wpb_column column_container vc_column_container col child_column no-extra-padding inherit_tablet inherit_phone \"   data-padding-pos=\"all\" data-has-bg-color=\"false\" data-bg-color=\"\" data-bg-opacity=\"1\" data-animation=\"\" data-delay=\"0\" >\n\t\t<div class=\"vc_column-inner\" >\n\t\t<div class=\"wpb_wrapper\">\n\t\t\t\n<div class=\"wpb_text_column wpb_content_element \" >\n\t<p><strong>UE 5 Gestion de projet en sant\u00e9 et savoir rendre compte de son activit\u00e9\u00a0:<\/strong><\/p>\n<ul>\n<li>UE 5.1 Evaluation des besoins, les hi\u00e9rarchiser, d\u00e9gager les priorit\u00e9s d\u2019action<\/li>\n<li>UE 5.2 Planification et pilotage de projet<\/li>\n<li>UE 5.3 Appr\u00e9cier et faire valoir des r\u00e9sultats des activit\u00e9s<\/li>\n<\/ul>\n<p><strong>UE6 Sant\u00e9 publique et culture en milieu amazonien :<\/strong><\/p>\n<ul>\n<li>UE 6.1 Culture et sant\u00e9 publique<\/li>\n<li>UE 6.2 Culture, sant\u00e9 &amp; migrations<\/li>\n<li>UE 6.3 Culture, sant\u00e9 &amp; autochtone<\/li>\n<li>UE 6.4 M\u00e9canismes de renoncement aux soins<\/li>\n<li>UE 6.5 Discrimination et sant\u00e9<\/li>\n<li>UE 6.6 \u2013 Etudes de cas<\/li>\n<\/ul>\n<p><strong>UE 7 Droit et m\u00e9diation\u00a0:<\/strong><\/p>\n<ul>\n<li>UE 7.1 Droits des usagers<\/li>\n<li>UE 7.2 D\u00e9ontologie et, \u00e9thique<\/li>\n<\/ul>\n<p><strong>UE 8 Actions communautaires avec les usagers\u00a0:<\/strong><\/p>\n<ul>\n<li>UE 8.1 \u2013 Valeurs qui sous-tendent l\u2019action communautaire<\/li>\n<li>UE 8.2- Pistes sur la place des professionnels de sant\u00e9 dans l\u2019action communautaire<\/li>\n<\/ul>\n<\/div>\n\n\n\n\n\t\t<\/div> \n\t<\/div>\n\t<\/div> \n<\/div><\/div><div id=\"fws_69f4b6990cc8f\" data-midnight=\"\" data-column-margin=\"default\" class=\"wpb_row vc_row-fluid vc_row inner_row\"  style=\"\"><div class=\"row-bg-wrap\"> <div class=\"row-bg\" ><\/div> <\/div><div class=\"row_col_wrap_12_inner col span_12  left\">\n\t<div  class=\"vc_col-sm-12 wpb_column column_container vc_column_container col child_column no-extra-padding inherit_tablet inherit_phone \"   data-padding-pos=\"all\" data-has-bg-color=\"false\" data-bg-color=\"\" data-bg-opacity=\"1\" data-animation=\"\" data-delay=\"0\" >\n\t\t<div class=\"vc_column-inner\" >\n\t\t<div class=\"wpb_wrapper\">\n\t\t\t\n<div class=\"wpb_text_column wpb_content_element \" >\n\t<p><strong>Stages<\/strong><\/p>\n<p>UE 9 Pr\u00e9paration du stage\u00a0:<\/p>\n<ul>\n<li>UE 9.1 \u2013 Pr\u00e9paration pour la pr\u00e9sentation orale \u2013 retour de stage<\/li>\n<li>UE 9.2- Pour conclure, savoir d\u00e9finir son m\u00e9tier<\/li>\n<\/ul>\n<p>Stage obligatoire (70h).<\/p>\n<\/div>\n\n\n\n\n\t\t<\/div> \n\t<\/div>\n\t<\/div> \n<\/div><\/div><\/div><\/div><\/div><div class=\"toggle accent-color\" data-inner-wrap=\"true\"><h3 class=\"toggle-title\"><a href=\"#\" role=\"button\" class=\"nectar-inherit-h3 toggle-heading\"><i role=\"presentation\" class=\"fa fa-plus\"><\/i>D\u00e9bouch\u00e9s<\/a><\/h3><div><div class=\"inner-toggle-wrap\">\n<div class=\"wpb_text_column wpb_content_element \" >\n\t<p><strong>Secteurs d&rsquo;activit\u00e9s<\/strong><\/p>\n<ul>\n<li>M\u00e9tiers li\u00e9s \u00e0 la m\u00e9diation en sant\u00e9.<\/li>\n<\/ul>\n<\/div>\n\n\n\n<\/div><\/div><\/div><div class=\"toggle accent-color\" data-inner-wrap=\"true\"><h3 class=\"toggle-title\"><a href=\"#\" role=\"button\" class=\"nectar-inherit-h3 toggle-heading\"><i role=\"presentation\" class=\"fa fa-plus\"><\/i>Contact<\/a><\/h3><div><div class=\"inner-toggle-wrap\"><div class=\"templatera_shortcode\">\n\t\t<div id=\"fws_69f4b6990d6e2\"  data-column-margin=\"default\" data-midnight=\"dark\"  class=\"wpb_row vc_row-fluid vc_row\"  style=\"padding-top: 0px; padding-bottom: 0px; \"><div class=\"row-bg-wrap\" data-bg-animation=\"none\" data-bg-animation-delay=\"\" data-bg-overlay=\"false\"><div class=\"inner-wrap row-bg-layer\" ><div class=\"row-bg viewport-desktop\"  style=\"\"><\/div><\/div><\/div><div class=\"row_col_wrap_12 col span_12 dark left\">\n\t<div  class=\"vc_col-sm-12 wpb_column column_container vc_column_container col no-extra-padding inherit_tablet inherit_phone \"  data-padding-pos=\"all\" data-has-bg-color=\"false\" data-bg-color=\"\" data-bg-opacity=\"1\" data-animation=\"\" data-delay=\"0\" >\n\t\t<div class=\"vc_column-inner\" >\n\t\t\t<div class=\"wpb_wrapper\">\n\t\t\t\t<div id=\"map_69f4b6990d907\" style=\"height: 520px;\" class=\"nectar-leaflet-map\" data-infowindow-start-open=\"1\" data-dark-color-scheme=\"\" data-marker-style=\"default\" data-nectar-marker-color=\"accent-color\" data-ultra-flat=\"\" data-greyscale=\"\" data-extra-color=\"\" data-enable-animation=\"false\" data-enable-zoom=\"\" data-zoom-level=\"17\" data-center-lat=\"4.932\" data-center-lng=\"-52.301\" data-marker-img=\"\"><\/div><div class=\"map_69f4b6990d907 map-marker-list\"><div class=\"map-marker\" data-marker-image-width=\"50\" data-marker-image-height=\"50\" data-lat=\"4.932\" data-lng=\"-52.301\" data-mapinfo=\"Universit\u00e9 de Guyane\"><\/div><\/div>\n<div class=\"wpb_text_column wpb_content_element \" >\n\t<div class='fluentform ff-inherit-theme-style fluentform_wrapper_6'><form data-form_id=\"6\" id=\"fluentform_6\" class=\"frm-fluent-form fluent_form_6 ff-el-form-top ff_form_instance_6_1 ff-form-loading ffs_inherit_theme\" data-form_instance=\"ff_form_instance_6_1\" method=\"POST\" data-turnstile_key=\"0x4AAAAAAAXVTyiqFRuFu0rs\" ><fieldset  style=\"border: none!important;margin: 0!important;padding: 0!important;background-color: transparent!important;box-shadow: none!important;outline: none!important; min-inline-size: 100%;\">\n                    <legend class=\"ff_screen_reader_title\" style=\"display: block; margin: 0!important;padding: 0!important;height: 0!important;text-indent: -999999px;width: 0!important;overflow:hidden;\">Sant\u00e9-contact<\/legend><input type='hidden' name='__fluent_form_embded_post_id' value='7385' \/><input type=\"hidden\" id=\"_fluentform_6_fluentformnonce\" name=\"_fluentform_6_fluentformnonce\" value=\"89d3aef6d9\" \/><input type=\"hidden\" name=\"_wp_http_referer\" value=\"\/pt\/wp-json\/wp\/v2\/pages\/7385\" \/><div data-type=\"name-element\" data-name=\"name_0\" class=\" ff-field_container ff-name-field-wrapper\" ><div class='ff-t-container'><div class='ff-t-cell '><div class='ff-el-group  ff-el-form-top'><div class='ff-el-input--content'><input type=\"text\" name=\"name_0[first_name]\" id=\"ff_6_name_0_first_name_\" class=\"ff-el-form-control\" placeholder=\"Pr\u00e9nom\" aria-invalid=\"false\" aria-required=true><\/div><\/div><\/div><div class='ff-t-cell '><div class='ff-el-group  ff-el-form-top'><div class='ff-el-input--content'><input type=\"text\" name=\"name_0[last_name]\" id=\"ff_6_name_0_last_name_\" class=\"ff-el-form-control\" placeholder=\"Nom\" aria-invalid=\"false\" aria-required=true><\/div><\/div><\/div><\/div><\/div><div data-name=\"ff_cn_id_1\"  class='ff-t-container ff-column-container ff_columns_total_2 '><div class='ff-t-cell ff-t-column-1' style='flex-basis: 50%;'><div class='ff-el-group'><div class=\"ff-el-input--label ff-el-is-required asterisk-right\"><label for='ff_6_email_1' id='label_ff_6_email_1' aria-label=\"E-mail\">E-mail<\/label><\/div><div class='ff-el-input--content'><input type=\"email\" name=\"email_1\" class=\"ff-el-form-control\" id=\"ff_6_email_1\" placeholder=\"@\" data-name=\"email_1\"  aria-invalid=\"false\" aria-required=true><\/div><\/div><\/div><div class='ff-t-cell ff-t-column-2' style='flex-basis: 50%;'><div class='ff-el-group'><div class=\"ff-el-input--label asterisk-right\"><label for='ff_6_phone_9' id='label_ff_6_phone_9' aria-label=\"T\u00e9l\u00e9phone\">T\u00e9l\u00e9phone<\/label><\/div><div class='ff-el-input--content'><input name=\"phone_9\" id=\"ff_6_phone_9\" class=\"ff-el-form-control ff-el-phone ff_el_with_extended_validation\" placeholder=\"0694 ...\" type=\"tel\" data-name=\"phone_9\" inputmode=\"tel\"  aria-invalid='false' aria-required=false><\/div><\/div><\/div><\/div><div class='ff-el-group'><div class=\"ff-el-input--label ff-el-is-required asterisk-right\"><label for='ff_6_textarea_2' id='label_ff_6_textarea_2' aria-label=\"Message\">Message<\/label><\/div><div class='ff-el-input--content'><textarea aria-required=\"true\" aria-labelledby=\"label_ff_6_textarea_2\" name=\"textarea_2\" class=\"ff-el-form-control\" id=\"ff_6_textarea_2\" placeholder=\"Votre message ici\" rows=\"10\" cols=\"2\" data-name=\"textarea_2\" ><\/textarea><\/div><\/div><div class='ff-el-group ' ><div class='ff-el-input--content'><div data-fluent_id='6' name='cf-turnstile-response'><div\n\t\tdata-sitekey='0x4AAAAAAAXVTyiqFRuFu0rs'\n\t\tdata-theme='light'\n\t\tid='fluentform-turnstile-6-1'\n\t\tclass='ff-el-turnstile cf-turnstile'\n\t\tdata-appearance='always'><\/div><\/div><\/div><\/div><div class='ff-el-group ff-text-left ff_submit_btn_wrapper'><button type=\"submit\" class=\"ff-btn ff-btn-submit ff-btn-md ff_btn_no_style\"  aria-label=\"Envoyer\">Envoyer<\/button><\/div><\/fieldset><\/form><div id='fluentform_6_errors' class='ff-errors-in-stack ff_form_instance_6_1 ff-form-loading_errors ff_form_instance_6_1_errors'><\/div><\/div>            <script type=\"text\/javascript\">\n                window.fluent_form_ff_form_instance_6_1 = {\"id\":\"6\",\"settings\":{\"layout\":{\"labelPlacement\":\"top\",\"helpMessagePlacement\":\"with_label\",\"errorMessagePlacement\":\"inline\"},\"restrictions\":{\"denyEmptySubmission\":{\"enabled\":false}}},\"form_instance\":\"ff_form_instance_6_1\",\"form_id_selector\":\"fluentform_6\",\"rules\":{\"name_0[first_name]\":{\"required\":{\"value\":true,\"message\":\"Ce champ est obligatoire\",\"global\":false,\"global_message\":\"Ce champ est obligatoire\"}},\"name_0[]\":{\"required\":{\"value\":false,\"message\":\"Ce champ est obligatoire\",\"global\":false,\"global_message\":\"Ce champ est obligatoire\"}},\"name_0[last_name]\":{\"required\":{\"value\":true,\"message\":\"Ce champ est obligatoire\",\"global\":false,\"global_message\":\"Ce champ est obligatoire\"}},\"email_1\":{\"required\":{\"value\":true,\"message\":\"This field is required\",\"global\":false,\"global_message\":\"Ce champ est obligatoire\"},\"email\":{\"value\":1,\"message\":\"This field must contain a valid email\",\"global\":false,\"global_message\":\"Ce champ doit contenir un e-mail valide\"}},\"phone_9\":{\"required\":{\"value\":false,\"message\":\"Ce champ est obligatoire\",\"global\":false,\"global_message\":\"Ce champ est obligatoire\"},\"valid_phone_number\":{\"value\":true,\"message\":\"Le num\\u00e9ro de t\\u00e9l\\u00e9phone est invalide\",\"global\":false,\"global_message\":\"Le num\\u00e9ro de t\\u00e9l\\u00e9phone n'est pas valide\"}},\"textarea_2\":{\"required\":{\"value\":true,\"message\":\"This field is required\",\"global\":false,\"global_message\":\"Ce champ est obligatoire\"}},\"cf-turnstile-response\":[]},\"debounce_time\":300};\n                            <\/script>\n            \n<\/div>\n\n\n\n\n\t\t\t<\/div> \n\t\t<\/div>\n\t<\/div> \n<\/div><\/div><\/div><\/div><\/div><\/div><\/div><div class=\"templatera_shortcode\">\n\t\t<div id=\"fws_69f4b6990f64d\"  data-column-margin=\"default\" data-midnight=\"dark\"  class=\"wpb_row vc_row-fluid vc_row\"  style=\"padding-top: 0px; padding-bottom: 0px; \"><div class=\"row-bg-wrap\" data-bg-animation=\"none\" data-bg-animation-delay=\"\" data-bg-overlay=\"false\"><div class=\"inner-wrap row-bg-layer\" ><div class=\"row-bg viewport-desktop\"  style=\"\"><\/div><\/div><\/div><div class=\"row_col_wrap_12 col span_12 dark left\">\n\t<div  class=\"vc_col-sm-12 wpb_column column_container vc_column_container col no-extra-padding inherit_tablet inherit_phone \"  data-padding-pos=\"all\" data-has-bg-color=\"false\" data-bg-color=\"\" data-bg-opacity=\"1\" data-animation=\"\" data-delay=\"0\" >\n\t\t<div class=\"vc_column-inner\" >\n\t\t\t<div class=\"wpb_wrapper\">\n\t\t\t\t<div class='nectar-post-grid-wrap text-color-dark spacing-10px' data-el-settings='{\"post_type\":\"custom\",\"pagination\":\"none\",\"image_size\":\"large\",\"parallax_scrolling\":\"\",\"aspect_ratio_image_size\":\"\",\"category_position\":\"default\",\"category_display\":\"default\",\"display_categories\":\"0\",\"display_excerpt\":\"0\",\"excerpt_length\":\"20\",\"content_next_to_image_excerpt_pos\":\"default\",\"display_date\":\"0\",\"display_estimated_reading_time\":\"0\",\"display_author\":\"0\",\"author_functionality\":\"default\",\"author_position\":\"default\",\"color_overlay\":\"\",\"color_overlay_opacity\":\"1\",\"color_overlay_hover_opacity\":\"0.7\",\"card_bg_color\":\"\",\"grid_style\":\"content_overlaid\",\"hover_effect\":\"zoom\",\"post_title_overlay\":\"\",\"heading_tag\":\"default\",\"heading_tag_render\":\"default\",\"enable_gallery_lightbox\":\"0\",\"remove_links\":\"0\",\"category_style\":\"underline\",\"overlay_secondary_project_image\":\"\",\"vertical_list_hover_effect\":\"none\",\"vertical_list_read_more\":\"\",\"vertical_list_read_more_style\":\"text\",\"read_more_button\":\"0\",\"animation\":\"zoom-out-reveal\",\"custom_fields\":\"\",\"custom_fields_location\":\"\",\"display_type\":\"grid\",\"text_content_layout\":\"all_bottom_left\"}' data-style='content_overlaid' data-query='{\"post_type\":\"custom\",\"posts_per_page\":\"-1\",\"order\":\"DESC\",\"orderby\":\"title\",\"offset\":\"0\",\"cpt_name\":\"page\",\"custom_query_tax\":\"159\",\"ignore_sticky_posts\":\"\",\"exclude_current_post\":\"\"}' data-load-more-color='black' data-load-more-text='Load More'><div class=\"nectar-post-grid-filters\" data-active-color=\"default\" data-align=\"default\" data-animation=\"zoom-out-reveal\" data-sortable=\"\"><div><a href=\"#\" class=\"active all-filter\" data-filter=\"159\" data-total-count=\"12\">All<\/a><a href=\"#\" data-filter=\"159\" data-total-count=\"12\">Sant\u00e9<\/a><\/div><\/div><div class=\"nectar-post-grid custom_font_size_20px text-opacity-1 text-opacity-hover-1 category-position-before-title \" data-indicator=\"\" data-indicator-style=\"default\" data-indicator-text-color=\"#fff\" data-indicator-color=\"#000\" data-indicator-text=\"View\" data-columns=\"2\" data-hover-effect=\"zoom\" data-text-style=\"default\" data-border-radius=\"5px\" data-grid-item-height=\"30vh\" data-grid-spacing=\"10px\" data-text-layout=\"all_bottom_left\" data-text-color=\"dark\" data-text-hover-color=\"dark\" data-shadow-hover=\"\" data-animation=\"zoom-out-reveal\" data-animation-stagger=\"90\" data-cat-click=\"default\" style=\"--post-grid-border-radius:5px;\" ><div class=\"nectar-post-grid-item\" data-post-id=\"7331\" data-has-img=\"true\"> <div class=\"inner\"><div class=\"nectar-post-grid-item-bg-wrap\"><div class=\"nectar-post-grid-item-bg-wrap-inner\"><div class=\"nectar-post-grid-item-bg\"><img decoding=\"async\" width=\"600\" height=\"600\" src=\"https:\/\/www.univ-guyane.fr\/wp-content\/uploads\/formations-dfr-sante-universite-de-guyane-min-thumb.svg\" class=\"attachment-large size-large wp-post-image\" alt=\"couleur sant\u00e9\" \/><\/div><\/div><\/div><div class=\"bg-overlay\"  data-opacity=\"1\" data-hover-opacity=\"0.7\"><\/div><div class=\"content\"><a class=\"nectar-post-grid-link\" href=\"https:\/\/www.univ-guyane.fr\/pt\/choisir-sa-formation\/ufr-sante\/parcours-dacces-specifique-sante\/\" ><span class=\"screen-reader-text\">Parcours d\u2019Acc\u00e8s Sp\u00e9cifique Sant\u00e9<\/span><\/a><div class=\"item-main\"><h3 class=\"post-heading\"><div class=\"nectar-split-heading custom-trigger\" data-align=\"default\" data-m-align=\"inherit\" data-text-effect=\"default\" data-animation-type=\"line-reveal-by-space\" data-animation-delay=\"\" data-animation-offset=\"\" data-m-rm-animation=\"\" data-stagger=\"true\"><p>Parcours d\u2019Acc\u00e8s Sp\u00e9cifique Sant\u00e9<\/p><\/div><\/h3><\/div><\/div><\/div><\/div><div class=\"nectar-post-grid-item\" data-post-id=\"13939\" data-has-img=\"true\"> <div class=\"inner\"><div class=\"nectar-post-grid-item-bg-wrap\"><div class=\"nectar-post-grid-item-bg-wrap-inner\"><div class=\"nectar-post-grid-item-bg\"><img decoding=\"async\" width=\"600\" height=\"600\" src=\"https:\/\/www.univ-guyane.fr\/wp-content\/uploads\/formations-dfr-sante-universite-de-guyane-min-thumb.svg\" class=\"attachment-large size-large wp-post-image\" alt=\"couleur sant\u00e9\" \/><\/div><\/div><\/div><div class=\"bg-overlay\"  data-opacity=\"1\" data-hover-opacity=\"0.7\"><\/div><div class=\"content\"><a class=\"nectar-post-grid-link\" href=\"https:\/\/www.univ-guyane.fr\/pt\/choisir-sa-formation\/ufr-sante\/du-thrapeutiques-anti-infectieuses-en-antilles-guyane\/\" ><span class=\"screen-reader-text\">DU Th\u00e9rapeutiques anti-infectieuses\u00a0 en Antilles Guyane<\/span><\/a><div class=\"item-main\"><h3 class=\"post-heading\"><div class=\"nectar-split-heading custom-trigger\" data-align=\"default\" data-m-align=\"inherit\" data-text-effect=\"default\" data-animation-type=\"line-reveal-by-space\" data-animation-delay=\"\" data-animation-offset=\"\" data-m-rm-animation=\"\" data-stagger=\"true\"><p>DU Th\u00e9rapeutiques anti-infectieuses\u00a0 en Antilles Guyane<\/p><\/div><\/h3><\/div><\/div><\/div><\/div><div class=\"nectar-post-grid-item\" data-post-id=\"11096\" data-has-img=\"true\"> <div class=\"inner\"><div class=\"nectar-post-grid-item-bg-wrap\"><div class=\"nectar-post-grid-item-bg-wrap-inner\"><div class=\"nectar-post-grid-item-bg\"><img decoding=\"async\" width=\"600\" height=\"600\" src=\"https:\/\/www.univ-guyane.fr\/wp-content\/uploads\/formations-dfr-sante-universite-de-guyane-min-thumb.svg\" class=\"attachment-large size-large wp-post-image\" alt=\"couleur sant\u00e9\" \/><\/div><\/div><\/div><div class=\"bg-overlay\"  data-opacity=\"1\" data-hover-opacity=\"0.7\"><\/div><div class=\"content\"><a class=\"nectar-post-grid-link\" href=\"https:\/\/www.univ-guyane.fr\/pt\/choisir-sa-formation\/ufr-sante\/du-soins-infirmiers-en-reanimation\/\" ><span class=\"screen-reader-text\">DU Soins Infirmiers en R\u00e9animation (SIR)<\/span><\/a><div class=\"item-main\"><h3 class=\"post-heading\"><div class=\"nectar-split-heading custom-trigger\" data-align=\"default\" data-m-align=\"inherit\" data-text-effect=\"default\" data-animation-type=\"line-reveal-by-space\" data-animation-delay=\"\" data-animation-offset=\"\" data-m-rm-animation=\"\" data-stagger=\"true\"><p>DU Soins Infirmiers en R\u00e9animation (SIR)<\/p><\/div><\/h3><\/div><\/div><\/div><\/div><div class=\"nectar-post-grid-item\" data-post-id=\"7367\" data-has-img=\"true\"> <div class=\"inner\"><div class=\"nectar-post-grid-item-bg-wrap\"><div class=\"nectar-post-grid-item-bg-wrap-inner\"><div class=\"nectar-post-grid-item-bg\"><img decoding=\"async\" width=\"600\" height=\"600\" src=\"https:\/\/www.univ-guyane.fr\/wp-content\/uploads\/formations-dfr-sante-universite-de-guyane-min-thumb.svg\" class=\"attachment-large size-large wp-post-image\" alt=\"couleur sant\u00e9\" \/><\/div><\/div><\/div><div class=\"bg-overlay\"  data-opacity=\"1\" data-hover-opacity=\"0.7\"><\/div><div class=\"content\"><a class=\"nectar-post-grid-link\" href=\"https:\/\/www.univ-guyane.fr\/pt\/choisir-sa-formation\/ufr-sante\/du-prise-en-charge-des-soins-en-medecine-tropicale\/\" ><span class=\"screen-reader-text\">DU Prise en charge des soins en m\u00e9decine tropicale<\/span><\/a><div class=\"item-main\"><h3 class=\"post-heading\"><div class=\"nectar-split-heading custom-trigger\" data-align=\"default\" data-m-align=\"inherit\" data-text-effect=\"default\" data-animation-type=\"line-reveal-by-space\" data-animation-delay=\"\" data-animation-offset=\"\" data-m-rm-animation=\"\" data-stagger=\"true\"><p>DU Prise en charge des soins en m\u00e9decine tropicale<\/p><\/div><\/h3><\/div><\/div><\/div><\/div><div class=\"nectar-post-grid-item\" data-post-id=\"7387\" data-has-img=\"true\"> <div class=\"inner\"><div class=\"nectar-post-grid-item-bg-wrap\"><div class=\"nectar-post-grid-item-bg-wrap-inner\"><div class=\"nectar-post-grid-item-bg\"><img decoding=\"async\" width=\"600\" height=\"600\" src=\"https:\/\/www.univ-guyane.fr\/wp-content\/uploads\/formations-dfr-sante-universite-de-guyane-min-thumb.svg\" class=\"attachment-large size-large wp-post-image\" alt=\"couleur sant\u00e9\" \/><\/div><\/div><\/div><div class=\"bg-overlay\"  data-opacity=\"1\" data-hover-opacity=\"0.7\"><\/div><div class=\"content\"><a class=\"nectar-post-grid-link\" href=\"https:\/\/www.univ-guyane.fr\/pt\/choisir-sa-formation\/ufr-sante\/du-prevention-et-promotion-de-la-sante\/\" ><span class=\"screen-reader-text\">DU Pr\u00e9vention et Promotion de la Sant\u00e9<\/span><\/a><div class=\"item-main\"><h3 class=\"post-heading\"><div class=\"nectar-split-heading custom-trigger\" data-align=\"default\" data-m-align=\"inherit\" data-text-effect=\"default\" data-animation-type=\"line-reveal-by-space\" data-animation-delay=\"\" data-animation-offset=\"\" data-m-rm-animation=\"\" data-stagger=\"true\"><p>DU Pr\u00e9vention et Promotion de la Sant\u00e9<\/p><\/div><\/h3><\/div><\/div><\/div><\/div><div class=\"nectar-post-grid-item\" data-post-id=\"7391\" data-has-img=\"true\"> <div class=\"inner\"><div class=\"nectar-post-grid-item-bg-wrap\"><div class=\"nectar-post-grid-item-bg-wrap-inner\"><div class=\"nectar-post-grid-item-bg\"><img decoding=\"async\" width=\"600\" height=\"600\" src=\"https:\/\/www.univ-guyane.fr\/wp-content\/uploads\/formations-dfr-sante-universite-de-guyane-min-thumb.svg\" class=\"attachment-large size-large wp-post-image\" alt=\"couleur sant\u00e9\" \/><\/div><\/div><\/div><div class=\"bg-overlay\"  data-opacity=\"1\" data-hover-opacity=\"0.7\"><\/div><div class=\"content\"><a class=\"nectar-post-grid-link\" href=\"https:\/\/www.univ-guyane.fr\/pt\/choisir-sa-formation\/ufr-sante\/du-pediatrie-tropicale\/\" ><span class=\"screen-reader-text\">DU P\u00e9diatrie tropicale<\/span><\/a><div class=\"item-main\"><h3 class=\"post-heading\"><div class=\"nectar-split-heading custom-trigger\" data-align=\"default\" data-m-align=\"inherit\" data-text-effect=\"default\" data-animation-type=\"line-reveal-by-space\" data-animation-delay=\"\" data-animation-offset=\"\" data-m-rm-animation=\"\" data-stagger=\"true\"><p>DU P\u00e9diatrie tropicale<\/p><\/div><\/h3><\/div><\/div><\/div><\/div><div class=\"nectar-post-grid-item\" data-post-id=\"7385\" data-has-img=\"true\"> <div class=\"inner\"><div class=\"nectar-post-grid-item-bg-wrap\"><div class=\"nectar-post-grid-item-bg-wrap-inner\"><div class=\"nectar-post-grid-item-bg\"><img decoding=\"async\" width=\"600\" height=\"600\" src=\"https:\/\/www.univ-guyane.fr\/wp-content\/uploads\/formations-dfr-sante-universite-de-guyane-min-thumb.svg\" class=\"attachment-large size-large wp-post-image\" alt=\"couleur sant\u00e9\" \/><\/div><\/div><\/div><div class=\"bg-overlay\"  data-opacity=\"1\" data-hover-opacity=\"0.7\"><\/div><div class=\"content\"><a class=\"nectar-post-grid-link\" href=\"https:\/\/www.univ-guyane.fr\/pt\/choisir-sa-formation\/ufr-sante\/du-mediation-en-sante\/\" ><span class=\"screen-reader-text\">DU M\u00e9diation en Sant\u00e9<\/span><\/a><div class=\"item-main\"><h3 class=\"post-heading\"><div class=\"nectar-split-heading custom-trigger\" data-align=\"default\" data-m-align=\"inherit\" data-text-effect=\"default\" data-animation-type=\"line-reveal-by-space\" data-animation-delay=\"\" data-animation-offset=\"\" data-m-rm-animation=\"\" data-stagger=\"true\"><p>DU M\u00e9diation en Sant\u00e9<\/p><\/div><\/h3><\/div><\/div><\/div><\/div><div class=\"nectar-post-grid-item\" data-post-id=\"7374\" data-has-img=\"true\"> <div class=\"inner\"><div class=\"nectar-post-grid-item-bg-wrap\"><div class=\"nectar-post-grid-item-bg-wrap-inner\"><div class=\"nectar-post-grid-item-bg\"><img decoding=\"async\" width=\"600\" height=\"600\" src=\"https:\/\/www.univ-guyane.fr\/wp-content\/uploads\/formations-dfr-sante-universite-de-guyane-min-thumb.svg\" class=\"attachment-large size-large wp-post-image\" alt=\"couleur sant\u00e9\" \/><\/div><\/div><\/div><div class=\"bg-overlay\"  data-opacity=\"1\" data-hover-opacity=\"0.7\"><\/div><div class=\"content\"><a class=\"nectar-post-grid-link\" href=\"https:\/\/www.univ-guyane.fr\/pt\/choisir-sa-formation\/ufr-sante\/du-medecine-tropicale\/\" ><span class=\"screen-reader-text\">DU M\u00e9decine Tropicale<\/span><\/a><div class=\"item-main\"><h3 class=\"post-heading\"><div class=\"nectar-split-heading custom-trigger\" data-align=\"default\" data-m-align=\"inherit\" data-text-effect=\"default\" data-animation-type=\"line-reveal-by-space\" data-animation-delay=\"\" data-animation-offset=\"\" data-m-rm-animation=\"\" data-stagger=\"true\"><p>DU M\u00e9decine Tropicale<\/p><\/div><\/h3><\/div><\/div><\/div><\/div><div class=\"nectar-post-grid-item\" data-post-id=\"7343\" data-has-img=\"true\"> <div class=\"inner\"><div class=\"nectar-post-grid-item-bg-wrap\"><div class=\"nectar-post-grid-item-bg-wrap-inner\"><div class=\"nectar-post-grid-item-bg\"><img decoding=\"async\" width=\"600\" height=\"600\" src=\"https:\/\/www.univ-guyane.fr\/wp-content\/uploads\/formations-dfr-sante-universite-de-guyane-min-thumb.svg\" class=\"attachment-large size-large wp-post-image\" alt=\"couleur sant\u00e9\" \/><\/div><\/div><\/div><div class=\"bg-overlay\"  data-opacity=\"1\" data-hover-opacity=\"0.7\"><\/div><div class=\"content\"><a class=\"nectar-post-grid-link\" href=\"https:\/\/www.univ-guyane.fr\/pt\/choisir-sa-formation\/ufr-sante\/du-initiation-a-la-medecine-durgence\/\" ><span class=\"screen-reader-text\">DU Initiation \u00e0 la M\u00e9decine d\u2019Urgence<\/span><\/a><div class=\"item-main\"><h3 class=\"post-heading\"><div class=\"nectar-split-heading custom-trigger\" data-align=\"default\" data-m-align=\"inherit\" data-text-effect=\"default\" data-animation-type=\"line-reveal-by-space\" data-animation-delay=\"\" data-animation-offset=\"\" data-m-rm-animation=\"\" data-stagger=\"true\"><p>DU Initiation \u00e0 la M\u00e9decine d\u2019Urgence<\/p><\/div><\/h3><\/div><\/div><\/div><\/div><div class=\"nectar-post-grid-item\" data-post-id=\"7335\" data-has-img=\"true\"> <div class=\"inner\"><div class=\"nectar-post-grid-item-bg-wrap\"><div class=\"nectar-post-grid-item-bg-wrap-inner\"><div class=\"nectar-post-grid-item-bg\"><img decoding=\"async\" width=\"600\" height=\"600\" src=\"https:\/\/www.univ-guyane.fr\/wp-content\/uploads\/formations-dfr-sante-universite-de-guyane-min-thumb.svg\" class=\"attachment-large size-large wp-post-image\" alt=\"couleur sant\u00e9\" \/><\/div><\/div><\/div><div class=\"bg-overlay\"  data-opacity=\"1\" data-hover-opacity=\"0.7\"><\/div><div class=\"content\"><a class=\"nectar-post-grid-link\" href=\"https:\/\/www.univ-guyane.fr\/pt\/choisir-sa-formation\/ufr-sante\/du-dermatologie-tropicale\/\" ><span class=\"screen-reader-text\">DU Dermatologie Tropicale<\/span><\/a><div class=\"item-main\"><h3 class=\"post-heading\"><div class=\"nectar-split-heading custom-trigger\" data-align=\"default\" data-m-align=\"inherit\" data-text-effect=\"default\" data-animation-type=\"line-reveal-by-space\" data-animation-delay=\"\" data-animation-offset=\"\" data-m-rm-animation=\"\" data-stagger=\"true\"><p>DU Dermatologie Tropicale<\/p><\/div><\/h3><\/div><\/div><\/div><\/div><div class=\"nectar-post-grid-item\" data-post-id=\"7357\" data-has-img=\"true\"> <div class=\"inner\"><div class=\"nectar-post-grid-item-bg-wrap\"><div class=\"nectar-post-grid-item-bg-wrap-inner\"><div class=\"nectar-post-grid-item-bg\"><img decoding=\"async\" width=\"600\" height=\"600\" src=\"https:\/\/www.univ-guyane.fr\/wp-content\/uploads\/formations-dfr-sante-universite-de-guyane-min-thumb.svg\" class=\"attachment-large size-large wp-post-image\" alt=\"couleur sant\u00e9\" \/><\/div><\/div><\/div><div class=\"bg-overlay\"  data-opacity=\"1\" data-hover-opacity=\"0.7\"><\/div><div class=\"content\"><a class=\"nectar-post-grid-link\" href=\"https:\/\/www.univ-guyane.fr\/pt\/choisir-sa-formation\/ufr-sante\/3eme-annee-du-diplome-de-formation-generale-en-sciences-medicales\/\" ><span class=\"screen-reader-text\">3\u00e8me ann\u00e9e du Dipl\u00f4me de Formation G\u00e9n\u00e9rale en Sciences M\u00e9dicales<\/span><\/a><div class=\"item-main\"><h3 class=\"post-heading\"><div class=\"nectar-split-heading custom-trigger\" data-align=\"default\" data-m-align=\"inherit\" data-text-effect=\"default\" data-animation-type=\"line-reveal-by-space\" data-animation-delay=\"\" data-animation-offset=\"\" data-m-rm-animation=\"\" data-stagger=\"true\"><p>3\u00e8me ann\u00e9e du Dipl\u00f4me de Formation G\u00e9n\u00e9rale en Sciences M\u00e9dicales<\/p><\/div><\/h3><\/div><\/div><\/div><\/div><div class=\"nectar-post-grid-item\" data-post-id=\"7337\" data-has-img=\"true\"> <div class=\"inner\"><div class=\"nectar-post-grid-item-bg-wrap\"><div class=\"nectar-post-grid-item-bg-wrap-inner\"><div class=\"nectar-post-grid-item-bg\"><img decoding=\"async\" width=\"600\" height=\"600\" src=\"https:\/\/www.univ-guyane.fr\/wp-content\/uploads\/formations-dfr-sante-universite-de-guyane-min-thumb.svg\" class=\"attachment-large size-large wp-post-image\" alt=\"couleur sant\u00e9\" \/><\/div><\/div><\/div><div class=\"bg-overlay\"  data-opacity=\"1\" data-hover-opacity=\"0.7\"><\/div><div class=\"content\"><a class=\"nectar-post-grid-link\" href=\"https:\/\/www.univ-guyane.fr\/pt\/choisir-sa-formation\/ufr-sante\/2eme-annee-du-diplome-de-formation-generale-en-sciences-medicales\/\" ><span class=\"screen-reader-text\">2\u00e8me ann\u00e9e du Dipl\u00f4me de Formation G\u00e9n\u00e9rale en Sciences M\u00e9dicales<\/span><\/a><div class=\"item-main\"><h3 class=\"post-heading\"><div class=\"nectar-split-heading custom-trigger\" data-align=\"default\" data-m-align=\"inherit\" data-text-effect=\"default\" data-animation-type=\"line-reveal-by-space\" data-animation-delay=\"\" data-animation-offset=\"\" data-m-rm-animation=\"\" data-stagger=\"true\"><p>2\u00e8me ann\u00e9e du Dipl\u00f4me de Formation G\u00e9n\u00e9rale en Sciences M\u00e9dicales<\/p><\/div><\/h3><\/div><\/div><\/div><\/div><\/div><\/div>\n\t\t\t<\/div> \n\t\t<\/div>\n\t<\/div> \n<\/div><\/div><\/div>\n\t\t\t<\/div> \n\t\t<\/div>\n\t<\/div> \n\n\t<div  class=\"vc_col-sm-3 wpb_column column_container vc_column_container col no-extra-padding inherit_tablet inherit_phone \"  data-padding-pos=\"all\" data-has-bg-color=\"false\" data-bg-color=\"\" data-bg-opacity=\"1\" data-animation=\"\" data-delay=\"0\" >\n\t\t<div class=\"vc_column-inner\" >\n\t\t\t<div class=\"wpb_wrapper\">\n\t\t\t\t<div class=\"templatera_shortcode\">\n\t\t<div id=\"fws_69f4b69914a1f\"  data-column-margin=\"default\" data-midnight=\"dark\"  class=\"wpb_row vc_row-fluid vc_row\"  style=\"padding-top: 0px; padding-bottom: 0px; \"><div class=\"row-bg-wrap\" data-bg-animation=\"none\" data-bg-animation-delay=\"\" data-bg-overlay=\"false\"><div class=\"inner-wrap row-bg-layer\" ><div class=\"row-bg viewport-desktop\"  style=\"\"><\/div><\/div><\/div><div class=\"row_col_wrap_12 col span_12 dark left\">\n\t<div  class=\"vc_col-sm-12 infos-structure wpb_column column_container vc_column_container col border_left_desktop_1px border_color_cccccc border_style_solid left_padding_desktop_30px \"  data-padding-pos=\"all\" data-has-bg-color=\"false\" data-bg-color=\"\" data-bg-opacity=\"1\" data-animation=\"\" data-delay=\"0\" >\n\t\t<div class=\"vc_column-inner\" >\n\t\t\t<div class=\"wpb_wrapper\">\n\t\t\t\t\n<div class=\"wpb_text_column wpb_content_element \" >\n\t<h2>Sant\u00e9<\/h2>\n<h3>UFR SMS <span style=\"display: block;font-size: 14px; font-weight: 500;\">Sciences M\u00e9dicales et de la Sant\u00e9<\/span><\/h3>\n<\/div>\n\n\n\n<div class=\"toggles accordion\" data-br=\"\" data-starting=\"closed\" data-style=\"minimal\"><div class=\"toggle accent-color\" data-inner-wrap=\"true\"><h3 class=\"toggle-title\"><a href=\"#\" role=\"button\" class=\"toggle-heading\"><i role=\"presentation\" class=\"fa fa-plus\"><\/i>Direction<\/a><\/h3><div><div class=\"inner-toggle-wrap\">\n<div class=\"wpb_text_column wpb_content_element \" >\n\t<p>Pr. Pierre COUPPIE<br \/>\n<em>Doyen<\/em><\/p>\n<p>Pr. Mathieu NACHER<br \/>\n<em>Vice -Doyen<\/em><\/p>\n<p>Mme Sandrine ADONIS<br \/>\n<em>Responsable Administratif et Financier<\/em><\/p>\n<p>Guillaume ICHER<br \/>\n<em>MCF Associ\u00e9 \u2013 Responsable du tutorat<\/em><\/p>\n<\/div>\n\n\n\n<\/div><\/div><\/div><div class=\"toggle accent-color\" data-inner-wrap=\"true\"><h3 class=\"toggle-title\"><a href=\"#\" role=\"button\" class=\"toggle-heading\"><i role=\"presentation\" class=\"fa fa-plus\"><\/i>Scolarit\u00e9<\/a><\/h3><div><div class=\"inner-toggle-wrap\">\n<div class=\"wpb_text_column wpb_content_element \" >\n\t<p>Mme Romy BAAL-OTHILY <em><br \/>\nCoordinatrice de la scolarit\u00e9<br \/>\n<\/em>T 0594 29 99 64<em><br \/>\n<\/em>\u2014<br \/>\nMme V\u00e9ronique KONOE<br \/>\n<em>Gestionnaire de scolarit\u00e9<br \/>\n<\/em>T 0594 27 27 24<br \/>\n\u2014<br \/>\nMme Victorine MAZONOE<br \/>\n<em>Gestionnaire de scolarit\u00e9<br \/>\n<\/em>T 0594 27 27 23<em><br \/>\n<\/em>\u2014<br \/>\nEndrow PHIBEL<br \/>\n<em>Appariteur<br \/>\n<\/em>T 0594 27 27 25<em><br \/>\n<\/em><\/p>\n<\/div>\n\n\n\n<\/div><\/div><\/div><div class=\"toggle accent-color\" data-inner-wrap=\"true\"><h3 class=\"toggle-title\"><a href=\"#\" role=\"button\" class=\"toggle-heading\"><i role=\"presentation\" class=\"fa fa-plus\"><\/i>R\u00e9ception<\/a><\/h3><div><div class=\"inner-toggle-wrap\">\n<div class=\"wpb_text_column wpb_content_element \" >\n\t<p>Campus de Troubiran<br \/>\nB\u00e2t. N<\/p>\n<\/div>\n\n\n\n<\/div><\/div><\/div><\/div>\n\t\t\t<\/div> \n\t\t<\/div>\n\t<\/div> \n<\/div><\/div><\/div>\n\t\t\t<\/div> \n\t\t<\/div>\n\t<\/div> \n<\/div><\/div>\n","protected":false},"excerpt":{"rendered":"Componente : DFR Sant\u00e9 Campo: Sa\u00fade Men\u00e7\u00e3o: 2\u00ba ano de Treinamento Geral em Ci\u00eancias...","protected":false},"author":1,"featured_media":7757,"parent":6131,"menu_order":0,"comment_status":"closed","ping_status":"closed","template":"","meta":{"iawp_total_views":2683,"footnotes":""},"categories":[217,88,215,159],"tags":[],"class_list":{"0":"post-7385","1":"page","2":"type-page","3":"status-publish","4":"has-post-thumbnail","6":"category-cayenne-formations","7":"category-du","8":"category-medical","9":"category-sante-formations"},"yoast_head":"<!-- This site is optimized with the Yoast SEO plugin v27.5 - https:\/\/yoast.com\/product\/yoast-seo-wordpress\/ -->\n<title>DU M\u00e9diation en Sant\u00e9 &#8212; Universit\u00e9 de Guyane<\/title>\n<meta name=\"description\" content=\"Cette formation permettra aux \u00e9tudiants d\u2019acqu\u00e9rir des comp\u00e9tences, n\u00e9cessaires \u00e0 la conduite d\u2019un projet de m\u00e9diation en sant\u00e9.\" \/>\n<meta name=\"robots\" content=\"index, follow, max-snippet:-1, max-image-preview:large, max-video-preview:-1\" \/>\n<link rel=\"canonical\" href=\"https:\/\/www.univ-guyane.fr\/pt\/choisir-sa-formation\/ufr-sante\/du-mediation-en-sante\/\" \/>\n<meta property=\"og:locale\" content=\"pt_BR\" \/>\n<meta property=\"og:type\" content=\"article\" \/>\n<meta property=\"og:title\" content=\"DU M\u00e9diation en Sant\u00e9 &#8212; Universit\u00e9 de Guyane\" \/>\n<meta property=\"og:description\" content=\"Cette formation permettra aux \u00e9tudiants d\u2019acqu\u00e9rir des comp\u00e9tences, n\u00e9cessaires \u00e0 la conduite d\u2019un projet de m\u00e9diation en sant\u00e9.\" \/>\n<meta property=\"og:url\" content=\"https:\/\/www.univ-guyane.fr\/pt\/choisir-sa-formation\/ufr-sante\/du-mediation-en-sante\/\" \/>\n<meta property=\"og:site_name\" content=\"Universit\u00e9 de Guyane\" \/>\n<meta property=\"article:publisher\" content=\"https:\/\/www.facebook.com\/univguyane\" \/>\n<meta property=\"article:modified_time\" content=\"2025-09-12T11:57:26+00:00\" \/>\n<meta property=\"og:image\" content=\"https:\/\/www.univ-guyane.fr\/wp-content\/uploads\/www-site-universite-de-guyane.jpg\" \/>\n\t<meta property=\"og:image:width\" content=\"1200\" \/>\n\t<meta property=\"og:image:height\" content=\"653\" \/>\n\t<meta property=\"og:image:type\" content=\"image\/jpeg\" \/>\n<meta name=\"twitter:card\" content=\"summary_large_image\" \/>\n<meta name=\"twitter:site\" content=\"@univguyane\" \/>\n<meta name=\"twitter:label1\" content=\"Est. tempo de leitura\" \/>\n\t<meta name=\"twitter:data1\" content=\"4 minutos\" \/>\n<script type=\"application\/ld+json\" class=\"yoast-schema-graph\">{\"@context\":\"https:\\\/\\\/schema.org\",\"@graph\":[{\"@type\":\"WebPage\",\"@id\":\"https:\\\/\\\/www.univ-guyane.fr\\\/choisir-sa-formation\\\/ufr-sante\\\/du-mediation-en-sante\\\/\",\"url\":\"https:\\\/\\\/www.univ-guyane.fr\\\/choisir-sa-formation\\\/ufr-sante\\\/du-mediation-en-sante\\\/\",\"name\":\"DU M\u00e9diation en Sant\u00e9 &#8212; Universit\u00e9 de Guyane\",\"isPartOf\":{\"@id\":\"https:\\\/\\\/www.univ-guyane.fr\\\/#website\"},\"primaryImageOfPage\":{\"@id\":\"https:\\\/\\\/www.univ-guyane.fr\\\/choisir-sa-formation\\\/ufr-sante\\\/du-mediation-en-sante\\\/#primaryimage\"},\"image\":{\"@id\":\"https:\\\/\\\/www.univ-guyane.fr\\\/choisir-sa-formation\\\/ufr-sante\\\/du-mediation-en-sante\\\/#primaryimage\"},\"thumbnailUrl\":\"https:\\\/\\\/www.univ-guyane.fr\\\/wp-content\\\/uploads\\\/formations-dfr-sante-universite-de-guyane-min-thumb.svg\",\"datePublished\":\"2024-05-24T16:04:08+00:00\",\"dateModified\":\"2025-09-12T11:57:26+00:00\",\"description\":\"Cette formation permettra aux \u00e9tudiants d\u2019acqu\u00e9rir des comp\u00e9tences, n\u00e9cessaires \u00e0 la conduite d\u2019un projet de m\u00e9diation en sant\u00e9.\",\"breadcrumb\":{\"@id\":\"https:\\\/\\\/www.univ-guyane.fr\\\/choisir-sa-formation\\\/ufr-sante\\\/du-mediation-en-sante\\\/#breadcrumb\"},\"inLanguage\":\"pt-BR\",\"potentialAction\":[{\"@type\":\"ReadAction\",\"target\":[\"https:\\\/\\\/www.univ-guyane.fr\\\/choisir-sa-formation\\\/ufr-sante\\\/du-mediation-en-sante\\\/\"]}]},{\"@type\":\"ImageObject\",\"inLanguage\":\"pt-BR\",\"@id\":\"https:\\\/\\\/www.univ-guyane.fr\\\/choisir-sa-formation\\\/ufr-sante\\\/du-mediation-en-sante\\\/#primaryimage\",\"url\":\"https:\\\/\\\/www.univ-guyane.fr\\\/wp-content\\\/uploads\\\/formations-dfr-sante-universite-de-guyane-min-thumb.svg\",\"contentUrl\":\"https:\\\/\\\/www.univ-guyane.fr\\\/wp-content\\\/uploads\\\/formations-dfr-sante-universite-de-guyane-min-thumb.svg\",\"caption\":\"couleur sant\u00e9\"},{\"@type\":\"BreadcrumbList\",\"@id\":\"https:\\\/\\\/www.univ-guyane.fr\\\/choisir-sa-formation\\\/ufr-sante\\\/du-mediation-en-sante\\\/#breadcrumb\",\"itemListElement\":[{\"@type\":\"ListItem\",\"position\":1,\"name\":\"Accueil\",\"item\":\"https:\\\/\\\/www.univ-guyane.fr\\\/\"},{\"@type\":\"ListItem\",\"position\":2,\"name\":\"Choisir sa formation\",\"item\":\"https:\\\/\\\/www.univ-guyane.fr\\\/choisir-sa-formation\\\/\"},{\"@type\":\"ListItem\",\"position\":3,\"name\":\"Sant\u00e9\",\"item\":\"https:\\\/\\\/www.univ-guyane.fr\\\/choisir-sa-formation\\\/ufr-sante\\\/\"},{\"@type\":\"ListItem\",\"position\":4,\"name\":\"DU M\u00e9diation en Sant\u00e9\"}]},{\"@type\":\"WebSite\",\"@id\":\"https:\\\/\\\/www.univ-guyane.fr\\\/#website\",\"url\":\"https:\\\/\\\/www.univ-guyane.fr\\\/\",\"name\":\"Universit\u00e9 de Guyane\",\"description\":\"Au c\u0153ur de l&#039;amazonie\",\"publisher\":{\"@id\":\"https:\\\/\\\/www.univ-guyane.fr\\\/#organization\"},\"alternateName\":\"UG\",\"potentialAction\":[{\"@type\":\"SearchAction\",\"target\":{\"@type\":\"EntryPoint\",\"urlTemplate\":\"https:\\\/\\\/www.univ-guyane.fr\\\/?s={search_term_string}\"},\"query-input\":{\"@type\":\"PropertyValueSpecification\",\"valueRequired\":true,\"valueName\":\"search_term_string\"}}],\"inLanguage\":\"pt-BR\"},{\"@type\":\"Organization\",\"@id\":\"https:\\\/\\\/www.univ-guyane.fr\\\/#organization\",\"name\":\"Universit\u00e9 de Guyane\",\"alternateName\":\"UG\",\"url\":\"https:\\\/\\\/www.univ-guyane.fr\\\/\",\"logo\":{\"@type\":\"ImageObject\",\"inLanguage\":\"pt-BR\",\"@id\":\"https:\\\/\\\/www.univ-guyane.fr\\\/#\\\/schema\\\/logo\\\/image\\\/\",\"url\":\"https:\\\/\\\/www.univ-guyane.fr\\\/wp-content\\\/uploads\\\/2024\\\/05\\\/f.png\",\"contentUrl\":\"https:\\\/\\\/www.univ-guyane.fr\\\/wp-content\\\/uploads\\\/2024\\\/05\\\/f.png\",\"width\":1024,\"height\":1024,\"caption\":\"Universit\u00e9 de Guyane\"},\"image\":{\"@id\":\"https:\\\/\\\/www.univ-guyane.fr\\\/#\\\/schema\\\/logo\\\/image\\\/\"},\"sameAs\":[\"https:\\\/\\\/www.facebook.com\\\/univguyane\",\"https:\\\/\\\/x.com\\\/univguyane\",\"https:\\\/\\\/gf.linkedin.com\\\/school\\\/universite-de-guyane\\\/\",\"https:\\\/\\\/www.instagram.com\\\/univ_guyane\\\/\"]}]}<\/script>\n<!-- \/ Yoast SEO plugin. -->","yoast_head_json":{"title":"DU Media\u00e7\u00e3o em Sa\u00fade - Universidade da Guiana","description":"Este curso permitir\u00e1 que os alunos adquiram as habilidades necess\u00e1rias para executar um projeto de media\u00e7\u00e3o na \u00e1rea da sa\u00fade.","robots":{"index":"index","follow":"follow","max-snippet":"max-snippet:-1","max-image-preview":"max-image-preview:large","max-video-preview":"max-video-preview:-1"},"canonical":"https:\/\/www.univ-guyane.fr\/pt\/choisir-sa-formation\/ufr-sante\/du-mediation-en-sante\/","og_locale":"pt_BR","og_type":"article","og_title":"DU M\u00e9diation en Sant\u00e9 &#8212; Universit\u00e9 de Guyane","og_description":"Cette formation permettra aux \u00e9tudiants d\u2019acqu\u00e9rir des comp\u00e9tences, n\u00e9cessaires \u00e0 la conduite d\u2019un projet de m\u00e9diation en sant\u00e9.","og_url":"https:\/\/www.univ-guyane.fr\/pt\/choisir-sa-formation\/ufr-sante\/du-mediation-en-sante\/","og_site_name":"Universit\u00e9 de Guyane","article_publisher":"https:\/\/www.facebook.com\/univguyane","article_modified_time":"2025-09-12T11:57:26+00:00","og_image":[{"width":1200,"height":653,"url":"https:\/\/www.univ-guyane.fr\/wp-content\/uploads\/www-site-universite-de-guyane.jpg","type":"image\/jpeg"}],"twitter_card":"summary_large_image","twitter_site":"@univguyane","twitter_misc":{"Est. tempo de leitura":"4 minutos"},"schema":{"@context":"https:\/\/schema.org","@graph":[{"@type":"WebPage","@id":"https:\/\/www.univ-guyane.fr\/choisir-sa-formation\/ufr-sante\/du-mediation-en-sante\/","url":"https:\/\/www.univ-guyane.fr\/choisir-sa-formation\/ufr-sante\/du-mediation-en-sante\/","name":"DU Media\u00e7\u00e3o em Sa\u00fade - Universidade da Guiana","isPartOf":{"@id":"https:\/\/www.univ-guyane.fr\/#website"},"primaryImageOfPage":{"@id":"https:\/\/www.univ-guyane.fr\/choisir-sa-formation\/ufr-sante\/du-mediation-en-sante\/#primaryimage"},"image":{"@id":"https:\/\/www.univ-guyane.fr\/choisir-sa-formation\/ufr-sante\/du-mediation-en-sante\/#primaryimage"},"thumbnailUrl":"https:\/\/www.univ-guyane.fr\/wp-content\/uploads\/formations-dfr-sante-universite-de-guyane-min-thumb.svg","datePublished":"2024-05-24T16:04:08+00:00","dateModified":"2025-09-12T11:57:26+00:00","description":"Este curso permitir\u00e1 que os alunos adquiram as habilidades necess\u00e1rias para executar um projeto de media\u00e7\u00e3o na \u00e1rea da sa\u00fade.","breadcrumb":{"@id":"https:\/\/www.univ-guyane.fr\/choisir-sa-formation\/ufr-sante\/du-mediation-en-sante\/#breadcrumb"},"inLanguage":"pt-BR","potentialAction":[{"@type":"ReadAction","target":["https:\/\/www.univ-guyane.fr\/choisir-sa-formation\/ufr-sante\/du-mediation-en-sante\/"]}]},{"@type":"ImageObject","inLanguage":"pt-BR","@id":"https:\/\/www.univ-guyane.fr\/choisir-sa-formation\/ufr-sante\/du-mediation-en-sante\/#primaryimage","url":"https:\/\/www.univ-guyane.fr\/wp-content\/uploads\/formations-dfr-sante-universite-de-guyane-min-thumb.svg","contentUrl":"https:\/\/www.univ-guyane.fr\/wp-content\/uploads\/formations-dfr-sante-universite-de-guyane-min-thumb.svg","caption":"couleur sant\u00e9"},{"@type":"BreadcrumbList","@id":"https:\/\/www.univ-guyane.fr\/choisir-sa-formation\/ufr-sante\/du-mediation-en-sante\/#breadcrumb","itemListElement":[{"@type":"ListItem","position":1,"name":"Accueil","item":"https:\/\/www.univ-guyane.fr\/"},{"@type":"ListItem","position":2,"name":"Choisir sa formation","item":"https:\/\/www.univ-guyane.fr\/choisir-sa-formation\/"},{"@type":"ListItem","position":3,"name":"Sant\u00e9","item":"https:\/\/www.univ-guyane.fr\/choisir-sa-formation\/ufr-sante\/"},{"@type":"ListItem","position":4,"name":"DU M\u00e9diation en Sant\u00e9"}]},{"@type":"WebSite","@id":"https:\/\/www.univ-guyane.fr\/#website","url":"https:\/\/www.univ-guyane.fr\/","name":"Universidade da Guiana","description":"No cora\u00e7\u00e3o da Amaz\u00f4nia","publisher":{"@id":"https:\/\/www.univ-guyane.fr\/#organization"},"alternateName":"UG","potentialAction":[{"@type":"SearchAction","target":{"@type":"EntryPoint","urlTemplate":"https:\/\/www.univ-guyane.fr\/?s={search_term_string}"},"query-input":{"@type":"PropertyValueSpecification","valueRequired":true,"valueName":"search_term_string"}}],"inLanguage":"pt-BR"},{"@type":"Organization","@id":"https:\/\/www.univ-guyane.fr\/#organization","name":"Universidade da Guiana","alternateName":"UG","url":"https:\/\/www.univ-guyane.fr\/","logo":{"@type":"ImageObject","inLanguage":"pt-BR","@id":"https:\/\/www.univ-guyane.fr\/#\/schema\/logo\/image\/","url":"https:\/\/www.univ-guyane.fr\/wp-content\/uploads\/2024\/05\/f.png","contentUrl":"https:\/\/www.univ-guyane.fr\/wp-content\/uploads\/2024\/05\/f.png","width":1024,"height":1024,"caption":"Universit\u00e9 de Guyane"},"image":{"@id":"https:\/\/www.univ-guyane.fr\/#\/schema\/logo\/image\/"},"sameAs":["https:\/\/www.facebook.com\/univguyane","https:\/\/x.com\/univguyane","https:\/\/gf.linkedin.com\/school\/universite-de-guyane\/","https:\/\/www.instagram.com\/univ_guyane\/"]}]}},"_links":{"self":[{"href":"https:\/\/www.univ-guyane.fr\/pt\/wp-json\/wp\/v2\/pages\/7385","targetHints":{"allow":["GET"]}}],"collection":[{"href":"https:\/\/www.univ-guyane.fr\/pt\/wp-json\/wp\/v2\/pages"}],"about":[{"href":"https:\/\/www.univ-guyane.fr\/pt\/wp-json\/wp\/v2\/types\/page"}],"author":[{"embeddable":true,"href":"https:\/\/www.univ-guyane.fr\/pt\/wp-json\/wp\/v2\/users\/1"}],"replies":[{"embeddable":true,"href":"https:\/\/www.univ-guyane.fr\/pt\/wp-json\/wp\/v2\/comments?post=7385"}],"version-history":[{"count":7,"href":"https:\/\/www.univ-guyane.fr\/pt\/wp-json\/wp\/v2\/pages\/7385\/revisions"}],"predecessor-version":[{"id":13237,"href":"https:\/\/www.univ-guyane.fr\/pt\/wp-json\/wp\/v2\/pages\/7385\/revisions\/13237"}],"up":[{"embeddable":true,"href":"https:\/\/www.univ-guyane.fr\/pt\/wp-json\/wp\/v2\/pages\/6131"}],"wp:featuredmedia":[{"embeddable":true,"href":"https:\/\/www.univ-guyane.fr\/pt\/wp-json\/wp\/v2\/media\/7757"}],"wp:attachment":[{"href":"https:\/\/www.univ-guyane.fr\/pt\/wp-json\/wp\/v2\/media?parent=7385"}],"wp:term":[{"taxonomy":"category","embeddable":true,"href":"https:\/\/www.univ-guyane.fr\/pt\/wp-json\/wp\/v2\/categories?post=7385"},{"taxonomy":"post_tag","embeddable":true,"href":"https:\/\/www.univ-guyane.fr\/pt\/wp-json\/wp\/v2\/tags?post=7385"}],"curies":[{"name":"wp","href":"https:\/\/api.w.org\/{rel}","templated":true}]}}